{"id":916,"date":"2018-01-29T16:41:54","date_gmt":"2018-01-29T15:41:54","guid":{"rendered":"https:\/\/biblioteca.blanes.cat\/salajove\/?page_id=916"},"modified":"2018-08-22T08:14:09","modified_gmt":"2018-08-22T07:14:09","slug":"servei-comunitari","status":"publish","type":"page","link":"https:\/\/biblioteca.blanes.cat\/salajove\/servei-comunitari\/","title":{"rendered":"HOMEWORK"},"content":{"rendered":"<h2 style=\"text-align: center;\">Servei Comunitari d&#8217;acompanyament i<\/h2>\n<h2 style=\"text-align: center;\">suport a l&#8217;escolaritzaci\u00f3.<\/h2>\n<p style=\"text-align: justify;\">Aquest \u00e9s un projecte pilot que comen\u00e7a el novembre de 2017 en col\u00b7laboraci\u00f3 amb els instituts de Blanes. \u00c9s un servei on joves de 3r i 4t d\u2019 ESO ajuden a fer els deures als nens i nenes de prim\u00e0ria que ho sol\u00b7licitin a la Sala Infantil de la Biblioteca Comarcal de Blanes.<\/p>\n<p>El servei es realitza de dilluns a divendres de 17:30h a 19:30h.<\/p>\n<p><strong><u>Objectius<\/u><\/strong><\/p>\n<ul>\n<li>Inversi\u00f3 del temps no lectiu dels alumnes de secund\u00e0ria en serveis a la comunitat.<\/li>\n<li>Compartir el coneixement adquirit al llarg de la seva vida acad\u00e8mica mitjan\u00e7ant estrat\u00e8gies i eines pedag\u00f2giques al seu abast.<\/li>\n<li>Ampliaci\u00f3 del\u00a0 coneixement de la Biblioteca i de les eines formatives i informatives de qu\u00e8 disposa.<\/li>\n<li>Apropament\u00a0 del p\u00fablic jove a la biblioteca.<\/li>\n<li>Millora de\u00a0 l\u2019h\u00e0bit de treball dels alumnes de prim\u00e0ria pel que fa als deures d\u2019escola.<\/li>\n<\/ul>\n<p style=\"text-align: center;\">\u00a0<\/p>\n<p style=\"text-align: center;\"><a href=\"https:\/\/biblioteca.blanes.cat\/salajove\/wp-content\/uploads\/sites\/3\/2018\/01\/BiblioBlanes_AjudaalHomework_Victoria1.jpg\" target=\"_blank\" rel=\"noopener\"><img fetchpriority=\"high\" decoding=\"async\" class=\"alignnone wp-image-922 size-medium\" src=\"https:\/\/biblioteca.blanes.cat\/salajove\/wp-content\/uploads\/sites\/3\/2018\/01\/BiblioBlanes_AjudaalHomework_Victoria1-300x180.jpg\" alt=\"Servei Comunitari\" width=\"300\" height=\"180\" srcset=\"https:\/\/biblioteca.blanes.cat\/salajove\/wp-content\/uploads\/sites\/3\/2018\/01\/BiblioBlanes_AjudaalHomework_Victoria1-300x180.jpg 300w, https:\/\/biblioteca.blanes.cat\/salajove\/wp-content\/uploads\/sites\/3\/2018\/01\/BiblioBlanes_AjudaalHomework_Victoria1-768x461.jpg 768w, https:\/\/biblioteca.blanes.cat\/salajove\/wp-content\/uploads\/sites\/3\/2018\/01\/BiblioBlanes_AjudaalHomework_Victoria1-1024x614.jpg 1024w\" sizes=\"(max-width: 300px) 100vw, 300px\" \/><\/a> <a href=\"https:\/\/biblioteca.blanes.cat\/salajove\/wp-content\/uploads\/sites\/3\/2018\/01\/Jaume.jpg\" target=\"_blank\" rel=\"noopener\"><img decoding=\"async\" class=\"alignnone wp-image-923 size-medium\" src=\"https:\/\/biblioteca.blanes.cat\/salajove\/wp-content\/uploads\/sites\/3\/2018\/01\/Jaume-300x180.jpg\" alt=\"Servei Comunitari\" width=\"300\" height=\"180\" srcset=\"https:\/\/biblioteca.blanes.cat\/salajove\/wp-content\/uploads\/sites\/3\/2018\/01\/Jaume-300x180.jpg 300w, https:\/\/biblioteca.blanes.cat\/salajove\/wp-content\/uploads\/sites\/3\/2018\/01\/Jaume-768x461.jpg 768w, https:\/\/biblioteca.blanes.cat\/salajove\/wp-content\/uploads\/sites\/3\/2018\/01\/Jaume-1024x614.jpg 1024w\" sizes=\"(max-width: 300px) 100vw, 300px\" \/><\/a><\/p>\n<p style=\"text-align: center;\">\u00a0<\/p>\n<p>&nbsp;<\/p>\n<p>&nbsp;<\/p>\n","protected":false},"excerpt":{"rendered":"<p>Servei Comunitari d&#8217;acompanyament i suport a l&#8217;escolaritzaci\u00f3. Aquest \u00e9s un projecte pilot que comen\u00e7a el novembre de 2017 en col\u00b7laboraci\u00f3 amb els instituts de Blanes. \u00c9s un servei on joves de 3r i 4t d\u2019 ESO ajuden a fer els<\/p>\n","protected":false},"author":4,"featured_media":0,"parent":0,"menu_order":0,"comment_status":"closed","ping_status":"closed","template":"","meta":{"sfsi_plus_gutenberg_text_before_share":"","sfsi_plus_gutenberg_show_text_before_share":"","sfsi_plus_gutenberg_icon_type":"","sfsi_plus_gutenberg_icon_alignemt":"","sfsi_plus_gutenburg_max_per_row":"","footnotes":""},"class_list":["post-916","page","type-page","status-publish","hentry"],"yoast_head":"<!-- This site is optimized with the Yoast SEO plugin v27.5 - https:\/\/yoast.com\/product\/yoast-seo-wordpress\/ -->\n<title>Servei Comunitari d&#039;acompanyament i suport a l&#039;escolaritzaci\u00f3.<\/title>\n<meta name=\"description\" content=\"Servei Comunitari d&#039;ajuda &quot;Homework&quot;: \u00c9s un servei on joves de 3r i 4t d\u2019 ESO ajuden a fer els deures als nens i nenes de prim\u00e0ria.\" \/>\n<meta name=\"robots\" content=\"index, follow, max-snippet:-1, max-image-preview:large, max-video-preview:-1\" \/>\n<link rel=\"canonical\" href=\"https:\/\/biblioteca.blanes.cat\/salajove\/servei-comunitari\/\" \/>\n<meta property=\"og:locale\" content=\"ca_ES\" \/>\n<meta property=\"og:type\" content=\"article\" \/>\n<meta property=\"og:title\" content=\"Servei Comunitari d&#039;acompanyament i suport a l&#039;escolaritzaci\u00f3.\" \/>\n<meta property=\"og:description\" content=\"Servei Comunitari d&#039;ajuda &quot;Homework&quot;: \u00c9s un servei on joves de 3r i 4t d\u2019 ESO ajuden a fer els deures als nens i nenes de prim\u00e0ria.\" \/>\n<meta property=\"og:url\" content=\"https:\/\/biblioteca.blanes.cat\/salajove\/servei-comunitari\/\" \/>\n<meta property=\"og:site_name\" content=\"Sala Jove\" \/>\n<meta property=\"article:publisher\" content=\"https:\/\/www.facebook.com\/BilbiotecaComarcaldeBlanes\/\" \/>\n<meta property=\"article:modified_time\" content=\"2018-08-22T07:14:09+00:00\" \/>\n<meta property=\"og:image\" content=\"https:\/\/biblioteca.blanes.cat\/salajove\/wp-content\/uploads\/sites\/3\/2018\/01\/BiblioBlanes_AjudaalHomework_Victoria1-300x180.jpg\" \/>\n<meta name=\"twitter:card\" content=\"summary_large_image\" \/>\n<meta name=\"twitter:site\" content=\"@BiblioBlanes\" \/>\n<meta name=\"twitter:label1\" content=\"Temps estimat de lectura\" \/>\n\t<meta name=\"twitter:data1\" content=\"1 minut\" \/>\n<script type=\"application\/ld+json\" class=\"yoast-schema-graph\">{\"@context\":\"https:\\\/\\\/schema.org\",\"@graph\":[{\"@type\":\"WebPage\",\"@id\":\"https:\\\/\\\/biblioteca.blanes.cat\\\/salajove\\\/servei-comunitari\\\/\",\"url\":\"https:\\\/\\\/biblioteca.blanes.cat\\\/salajove\\\/servei-comunitari\\\/\",\"name\":\"Servei Comunitari d'acompanyament i suport a l'escolaritzaci\u00f3.\",\"isPartOf\":{\"@id\":\"https:\\\/\\\/biblioteca.blanes.cat\\\/salajove\\\/#website\"},\"primaryImageOfPage\":{\"@id\":\"https:\\\/\\\/biblioteca.blanes.cat\\\/salajove\\\/servei-comunitari\\\/#primaryimage\"},\"image\":{\"@id\":\"https:\\\/\\\/biblioteca.blanes.cat\\\/salajove\\\/servei-comunitari\\\/#primaryimage\"},\"thumbnailUrl\":\"https:\\\/\\\/biblioteca.blanes.cat\\\/salajove\\\/wp-content\\\/uploads\\\/sites\\\/3\\\/2018\\\/01\\\/BiblioBlanes_AjudaalHomework_Victoria1-300x180.jpg\",\"datePublished\":\"2018-01-29T15:41:54+00:00\",\"dateModified\":\"2018-08-22T07:14:09+00:00\",\"description\":\"Servei Comunitari d'ajuda \\\"Homework\\\": \u00c9s un servei on joves de 3r i 4t d\u2019 ESO ajuden a fer els deures als nens i nenes de prim\u00e0ria.\",\"breadcrumb\":{\"@id\":\"https:\\\/\\\/biblioteca.blanes.cat\\\/salajove\\\/servei-comunitari\\\/#breadcrumb\"},\"inLanguage\":\"ca\",\"potentialAction\":[{\"@type\":\"ReadAction\",\"target\":[\"https:\\\/\\\/biblioteca.blanes.cat\\\/salajove\\\/servei-comunitari\\\/\"]}]},{\"@type\":\"ImageObject\",\"inLanguage\":\"ca\",\"@id\":\"https:\\\/\\\/biblioteca.blanes.cat\\\/salajove\\\/servei-comunitari\\\/#primaryimage\",\"url\":\"https:\\\/\\\/biblioteca.blanes.cat\\\/salajove\\\/wp-content\\\/uploads\\\/sites\\\/3\\\/2018\\\/01\\\/BiblioBlanes_AjudaalHomework_Victoria1.jpg\",\"contentUrl\":\"https:\\\/\\\/biblioteca.blanes.cat\\\/salajove\\\/wp-content\\\/uploads\\\/sites\\\/3\\\/2018\\\/01\\\/BiblioBlanes_AjudaalHomework_Victoria1.jpg\",\"width\":2560,\"height\":1536},{\"@type\":\"BreadcrumbList\",\"@id\":\"https:\\\/\\\/biblioteca.blanes.cat\\\/salajove\\\/servei-comunitari\\\/#breadcrumb\",\"itemListElement\":[{\"@type\":\"ListItem\",\"position\":1,\"name\":\"Inici\",\"item\":\"https:\\\/\\\/biblioteca.blanes.cat\\\/salajove\\\/\"},{\"@type\":\"ListItem\",\"position\":2,\"name\":\"HOMEWORK\"}]},{\"@type\":\"WebSite\",\"@id\":\"https:\\\/\\\/biblioteca.blanes.cat\\\/salajove\\\/#website\",\"url\":\"https:\\\/\\\/biblioteca.blanes.cat\\\/salajove\\\/\",\"name\":\"Sala Jove\",\"description\":\"Biblioteca Comarcal de Blanes\",\"publisher\":{\"@id\":\"https:\\\/\\\/biblioteca.blanes.cat\\\/salajove\\\/#organization\"},\"potentialAction\":[{\"@type\":\"SearchAction\",\"target\":{\"@type\":\"EntryPoint\",\"urlTemplate\":\"https:\\\/\\\/biblioteca.blanes.cat\\\/salajove\\\/?s={search_term_string}\"},\"query-input\":{\"@type\":\"PropertyValueSpecification\",\"valueRequired\":true,\"valueName\":\"search_term_string\"}}],\"inLanguage\":\"ca\"},{\"@type\":\"Organization\",\"@id\":\"https:\\\/\\\/biblioteca.blanes.cat\\\/salajove\\\/#organization\",\"name\":\"Biblioteca Comarcal de Blanes\",\"url\":\"https:\\\/\\\/biblioteca.blanes.cat\\\/salajove\\\/\",\"logo\":{\"@type\":\"ImageObject\",\"inLanguage\":\"ca\",\"@id\":\"https:\\\/\\\/biblioteca.blanes.cat\\\/salajove\\\/#\\\/schema\\\/logo\\\/image\\\/\",\"url\":\"https:\\\/\\\/biblioteca.blanes.cat\\\/salajove\\\/wp-content\\\/uploads\\\/sites\\\/3\\\/2017\\\/09\\\/cropped-Bib-blau-e1518869380535.png\",\"contentUrl\":\"https:\\\/\\\/biblioteca.blanes.cat\\\/salajove\\\/wp-content\\\/uploads\\\/sites\\\/3\\\/2017\\\/09\\\/cropped-Bib-blau-e1518869380535.png\",\"width\":166,\"height\":166,\"caption\":\"Biblioteca Comarcal de Blanes\"},\"image\":{\"@id\":\"https:\\\/\\\/biblioteca.blanes.cat\\\/salajove\\\/#\\\/schema\\\/logo\\\/image\\\/\"},\"sameAs\":[\"https:\\\/\\\/www.facebook.com\\\/BilbiotecaComarcaldeBlanes\\\/\",\"https:\\\/\\\/x.com\\\/BiblioBlanes\",\"https:\\\/\\\/www.instagram.com\\\/biblioblanes\\\/\",\"https:\\\/\\\/www.pinterest.es\\\/bblanes\\\/\",\"https:\\\/\\\/www.youtube.com\\\/c\\\/BibliotecaComarcalBlanes\"]}]}<\/script>\n<!-- \/ Yoast SEO plugin. -->","yoast_head_json":{"title":"Servei Comunitari d'acompanyament i suport a l'escolaritzaci\u00f3.","description":"Servei Comunitari d'ajuda \"Homework\": \u00c9s un servei on joves de 3r i 4t d\u2019 ESO ajuden a fer els deures als nens i nenes de prim\u00e0ria.","robots":{"index":"index","follow":"follow","max-snippet":"max-snippet:-1","max-image-preview":"max-image-preview:large","max-video-preview":"max-video-preview:-1"},"canonical":"https:\/\/biblioteca.blanes.cat\/salajove\/servei-comunitari\/","og_locale":"ca_ES","og_type":"article","og_title":"Servei Comunitari d'acompanyament i suport a l'escolaritzaci\u00f3.","og_description":"Servei Comunitari d'ajuda \"Homework\": \u00c9s un servei on joves de 3r i 4t d\u2019 ESO ajuden a fer els deures als nens i nenes de prim\u00e0ria.","og_url":"https:\/\/biblioteca.blanes.cat\/salajove\/servei-comunitari\/","og_site_name":"Sala Jove","article_publisher":"https:\/\/www.facebook.com\/BilbiotecaComarcaldeBlanes\/","article_modified_time":"2018-08-22T07:14:09+00:00","og_image":[{"url":"https:\/\/biblioteca.blanes.cat\/salajove\/wp-content\/uploads\/sites\/3\/2018\/01\/BiblioBlanes_AjudaalHomework_Victoria1-300x180.jpg","type":"","width":"","height":""}],"twitter_card":"summary_large_image","twitter_site":"@BiblioBlanes","twitter_misc":{"Temps estimat de lectura":"1 minut"},"schema":{"@context":"https:\/\/schema.org","@graph":[{"@type":"WebPage","@id":"https:\/\/biblioteca.blanes.cat\/salajove\/servei-comunitari\/","url":"https:\/\/biblioteca.blanes.cat\/salajove\/servei-comunitari\/","name":"Servei Comunitari d'acompanyament i suport a l'escolaritzaci\u00f3.","isPartOf":{"@id":"https:\/\/biblioteca.blanes.cat\/salajove\/#website"},"primaryImageOfPage":{"@id":"https:\/\/biblioteca.blanes.cat\/salajove\/servei-comunitari\/#primaryimage"},"image":{"@id":"https:\/\/biblioteca.blanes.cat\/salajove\/servei-comunitari\/#primaryimage"},"thumbnailUrl":"https:\/\/biblioteca.blanes.cat\/salajove\/wp-content\/uploads\/sites\/3\/2018\/01\/BiblioBlanes_AjudaalHomework_Victoria1-300x180.jpg","datePublished":"2018-01-29T15:41:54+00:00","dateModified":"2018-08-22T07:14:09+00:00","description":"Servei Comunitari d'ajuda \"Homework\": \u00c9s un servei on joves de 3r i 4t d\u2019 ESO ajuden a fer els deures als nens i nenes de prim\u00e0ria.","breadcrumb":{"@id":"https:\/\/biblioteca.blanes.cat\/salajove\/servei-comunitari\/#breadcrumb"},"inLanguage":"ca","potentialAction":[{"@type":"ReadAction","target":["https:\/\/biblioteca.blanes.cat\/salajove\/servei-comunitari\/"]}]},{"@type":"ImageObject","inLanguage":"ca","@id":"https:\/\/biblioteca.blanes.cat\/salajove\/servei-comunitari\/#primaryimage","url":"https:\/\/biblioteca.blanes.cat\/salajove\/wp-content\/uploads\/sites\/3\/2018\/01\/BiblioBlanes_AjudaalHomework_Victoria1.jpg","contentUrl":"https:\/\/biblioteca.blanes.cat\/salajove\/wp-content\/uploads\/sites\/3\/2018\/01\/BiblioBlanes_AjudaalHomework_Victoria1.jpg","width":2560,"height":1536},{"@type":"BreadcrumbList","@id":"https:\/\/biblioteca.blanes.cat\/salajove\/servei-comunitari\/#breadcrumb","itemListElement":[{"@type":"ListItem","position":1,"name":"Inici","item":"https:\/\/biblioteca.blanes.cat\/salajove\/"},{"@type":"ListItem","position":2,"name":"HOMEWORK"}]},{"@type":"WebSite","@id":"https:\/\/biblioteca.blanes.cat\/salajove\/#website","url":"https:\/\/biblioteca.blanes.cat\/salajove\/","name":"Sala Jove","description":"Biblioteca Comarcal de Blanes","publisher":{"@id":"https:\/\/biblioteca.blanes.cat\/salajove\/#organization"},"potentialAction":[{"@type":"SearchAction","target":{"@type":"EntryPoint","urlTemplate":"https:\/\/biblioteca.blanes.cat\/salajove\/?s={search_term_string}"},"query-input":{"@type":"PropertyValueSpecification","valueRequired":true,"valueName":"search_term_string"}}],"inLanguage":"ca"},{"@type":"Organization","@id":"https:\/\/biblioteca.blanes.cat\/salajove\/#organization","name":"Biblioteca Comarcal de Blanes","url":"https:\/\/biblioteca.blanes.cat\/salajove\/","logo":{"@type":"ImageObject","inLanguage":"ca","@id":"https:\/\/biblioteca.blanes.cat\/salajove\/#\/schema\/logo\/image\/","url":"https:\/\/biblioteca.blanes.cat\/salajove\/wp-content\/uploads\/sites\/3\/2017\/09\/cropped-Bib-blau-e1518869380535.png","contentUrl":"https:\/\/biblioteca.blanes.cat\/salajove\/wp-content\/uploads\/sites\/3\/2017\/09\/cropped-Bib-blau-e1518869380535.png","width":166,"height":166,"caption":"Biblioteca Comarcal de Blanes"},"image":{"@id":"https:\/\/biblioteca.blanes.cat\/salajove\/#\/schema\/logo\/image\/"},"sameAs":["https:\/\/www.facebook.com\/BilbiotecaComarcaldeBlanes\/","https:\/\/x.com\/BiblioBlanes","https:\/\/www.instagram.com\/biblioblanes\/","https:\/\/www.pinterest.es\/bblanes\/","https:\/\/www.youtube.com\/c\/BibliotecaComarcalBlanes"]}]}},"_links":{"self":[{"href":"https:\/\/biblioteca.blanes.cat\/salajove\/wp-json\/wp\/v2\/pages\/916","targetHints":{"allow":["GET"]}}],"collection":[{"href":"https:\/\/biblioteca.blanes.cat\/salajove\/wp-json\/wp\/v2\/pages"}],"about":[{"href":"https:\/\/biblioteca.blanes.cat\/salajove\/wp-json\/wp\/v2\/types\/page"}],"author":[{"embeddable":true,"href":"https:\/\/biblioteca.blanes.cat\/salajove\/wp-json\/wp\/v2\/users\/4"}],"replies":[{"embeddable":true,"href":"https:\/\/biblioteca.blanes.cat\/salajove\/wp-json\/wp\/v2\/comments?post=916"}],"version-history":[{"count":8,"href":"https:\/\/biblioteca.blanes.cat\/salajove\/wp-json\/wp\/v2\/pages\/916\/revisions"}],"predecessor-version":[{"id":929,"href":"https:\/\/biblioteca.blanes.cat\/salajove\/wp-json\/wp\/v2\/pages\/916\/revisions\/929"}],"wp:attachment":[{"href":"https:\/\/biblioteca.blanes.cat\/salajove\/wp-json\/wp\/v2\/media?parent=916"}],"curies":[{"name":"wp","href":"https:\/\/api.w.org\/{rel}","templated":true}]}}