{"id":8383,"date":"2024-02-02T15:47:51","date_gmt":"2024-02-02T14:47:51","guid":{"rendered":"https:\/\/biblioteca.blanes.cat\/salajove\/?page_id=8383"},"modified":"2024-02-06T09:38:11","modified_gmt":"2024-02-06T08:38:11","slug":"10e-aniversari-biblioteca-jove","status":"publish","type":"page","link":"https:\/\/biblioteca.blanes.cat\/salajove\/10e-aniversari-biblioteca-jove\/","title":{"rendered":"10\u00e8 ANIVERSARI BIBLIOTECA JOVE"},"content":{"rendered":"\n\n\n\n\n<p>La <strong>Biblioteca Jove<\/strong> va n\u00e9ixer el 24 de gener de 2014, tot i que ja feia dies que es gestava a la biblioteca la inquietud per donar resposta a aquestes persones massa grans per anar a la sala infantil i massa infantils per anar a la sala d\u2019adults.<\/p>\n<p><img fetchpriority=\"high\" decoding=\"async\" class=\"size-medium wp-image-8487 alignleft\" src=\"https:\/\/biblioteca.blanes.cat\/salajove\/wp-content\/uploads\/sites\/3\/2024\/02\/sala-jove-7-300x224.jpg\" alt=\"\" width=\"300\" height=\"224\" srcset=\"https:\/\/biblioteca.blanes.cat\/salajove\/wp-content\/uploads\/sites\/3\/2024\/02\/sala-jove-7-300x224.jpg 300w, https:\/\/biblioteca.blanes.cat\/salajove\/wp-content\/uploads\/sites\/3\/2024\/02\/sala-jove-7-1024x766.jpg 1024w, https:\/\/biblioteca.blanes.cat\/salajove\/wp-content\/uploads\/sites\/3\/2024\/02\/sala-jove-7-768x574.jpg 768w, https:\/\/biblioteca.blanes.cat\/salajove\/wp-content\/uploads\/sites\/3\/2024\/02\/sala-jove-7-1536x1149.jpg 1536w, https:\/\/biblioteca.blanes.cat\/salajove\/wp-content\/uploads\/sites\/3\/2024\/02\/sala-jove-7-2048x1532.jpg 2048w\" sizes=\"(max-width: 300px) 100vw, 300px\" \/><\/p>\n<p><img decoding=\"async\" class=\"size-medium wp-image-8489 alignleft\" src=\"https:\/\/biblioteca.blanes.cat\/salajove\/wp-content\/uploads\/sites\/3\/2024\/02\/sala-jove-5-300x224.jpg\" alt=\"\" width=\"300\" height=\"224\" srcset=\"https:\/\/biblioteca.blanes.cat\/salajove\/wp-content\/uploads\/sites\/3\/2024\/02\/sala-jove-5-300x224.jpg 300w, https:\/\/biblioteca.blanes.cat\/salajove\/wp-content\/uploads\/sites\/3\/2024\/02\/sala-jove-5-1024x766.jpg 1024w, https:\/\/biblioteca.blanes.cat\/salajove\/wp-content\/uploads\/sites\/3\/2024\/02\/sala-jove-5-768x574.jpg 768w, https:\/\/biblioteca.blanes.cat\/salajove\/wp-content\/uploads\/sites\/3\/2024\/02\/sala-jove-5-1536x1149.jpg 1536w, https:\/\/biblioteca.blanes.cat\/salajove\/wp-content\/uploads\/sites\/3\/2024\/02\/sala-jove-5-2048x1532.jpg 2048w\" sizes=\"(max-width: 300px) 100vw, 300px\" \/><\/p>\n<p>\u00a0<\/p>\n<p>\u00a0<\/p>\n<p>\u00a0<\/p>\n<p>\u00a0<\/p>\n<p>\u00a0<\/p>\n<p>\u00a0<\/p>\n<p>\u00a0<\/p>\n<p>Va sorgir com una prova pilot en qu\u00e8 pos\u00e0vem a disposici\u00f3 dels joves d\u2019edats compreses entre els 12 i els 18 anys tres sales de lectura o treball, amb la premissa que totes les activitats que s\u2019hi duguessin a terme estiguessin relacionades amb l\u2019<strong>estudi<\/strong>, la <strong>formaci\u00f3<\/strong>, l\u2019<strong>art<\/strong> o l\u2019<strong>esperit cr\u00edtic<\/strong>.<\/p>\n<p>Vam crear una <strong>col\u00b7lecci\u00f3 juvenil<\/strong> que no existia i vam rescatar dels prestatges del magatzem alguns cl\u00e0ssics que pens\u00e0vem que havien d\u2019estar a l\u2019abast de les mans dels nostres joves. I ens van visitar autors com Vicen\u00e7 Pag\u00e8s (que es va reconciliar amb el m\u00f3n a la nostra Biblioteca Jove), Salvador Macip, que ens va fer passar estones incre\u00efbles de ci\u00e8ncia i imaginaci\u00f3, o Josep Pedrals, que ens va fer viure el Joc del Penjat tot fent poesia.<\/p>\n<p><img decoding=\"async\" class=\"size-medium wp-image-8494 alignleft\" src=\"https:\/\/biblioteca.blanes.cat\/salajove\/wp-content\/uploads\/sites\/3\/2024\/02\/sala-jove-4-300x224.jpg\" alt=\"\" width=\"300\" height=\"224\" srcset=\"https:\/\/biblioteca.blanes.cat\/salajove\/wp-content\/uploads\/sites\/3\/2024\/02\/sala-jove-4-300x224.jpg 300w, https:\/\/biblioteca.blanes.cat\/salajove\/wp-content\/uploads\/sites\/3\/2024\/02\/sala-jove-4-1024x766.jpg 1024w, https:\/\/biblioteca.blanes.cat\/salajove\/wp-content\/uploads\/sites\/3\/2024\/02\/sala-jove-4-768x574.jpg 768w, https:\/\/biblioteca.blanes.cat\/salajove\/wp-content\/uploads\/sites\/3\/2024\/02\/sala-jove-4-1536x1149.jpg 1536w, https:\/\/biblioteca.blanes.cat\/salajove\/wp-content\/uploads\/sites\/3\/2024\/02\/sala-jove-4-2048x1532.jpg 2048w\" sizes=\"(max-width: 300px) 100vw, 300px\" \/><\/p>\n<p><img loading=\"lazy\" decoding=\"async\" class=\"size-medium wp-image-8488 alignleft\" src=\"https:\/\/biblioteca.blanes.cat\/salajove\/wp-content\/uploads\/sites\/3\/2024\/02\/sala-jove-3-300x224.jpg\" alt=\"\" width=\"300\" height=\"224\" srcset=\"https:\/\/biblioteca.blanes.cat\/salajove\/wp-content\/uploads\/sites\/3\/2024\/02\/sala-jove-3-300x224.jpg 300w, https:\/\/biblioteca.blanes.cat\/salajove\/wp-content\/uploads\/sites\/3\/2024\/02\/sala-jove-3-1024x766.jpg 1024w, https:\/\/biblioteca.blanes.cat\/salajove\/wp-content\/uploads\/sites\/3\/2024\/02\/sala-jove-3-768x574.jpg 768w, https:\/\/biblioteca.blanes.cat\/salajove\/wp-content\/uploads\/sites\/3\/2024\/02\/sala-jove-3-1536x1149.jpg 1536w, https:\/\/biblioteca.blanes.cat\/salajove\/wp-content\/uploads\/sites\/3\/2024\/02\/sala-jove-3-2048x1532.jpg 2048w\" sizes=\"(max-width: 300px) 100vw, 300px\" \/><\/p>\n<p>\u00a0<\/p>\n<p>\u00a0<\/p>\n<p>\u00a0<\/p>\n<p>\u00a0<\/p>\n<p>\u00a0<\/p>\n<p>\u00a0<\/p>\n<p>\u00a0<\/p>\n<p>I aix\u00ed van anar sorgint iniciatives que, tot i que han passat a la nostra hist\u00f2ria, avui recordem gratament: l\u2019\u00c0gora Jove (espai de filosofia), els tallers STEAM, els tallers d\u2019Art-ter\u00e0pia, el RESET (t\u00e8cniques sonores per a la millora del rendiment en l\u2019estudi), els Bibliomakers, els Booktubers, Tallers de v\u00eddeos amb el m\u00f2bil\u2026<\/p>\n<p>D\u2019altres van venir per quedar-se. Un exemple s\u00f3n el <a href=\"https:\/\/biblioteca.blanes.cat\/salajove\/club-lectura-jove\/\">Club de Lectura Juvenil<\/a> o el concurs <a href=\"https:\/\/biblioteca.blanes.cat\/salajove\/bollere-2\/\">Boller\u00e9<\/a> de narrativa breu per a joves, que estan m\u00e9s vius que mai. I darrerament s\u2019han incorporat el <a href=\"https:\/\/biblioteca.blanes.cat\/salajove\/fes-me-pensar\/\">Fes-me pensar<\/a> (fotografia filos\u00f2fica), els <a href=\"https:\/\/biblioteca.blanes.cat\/salajove\/albums-rapejats\/\">\u00c0lbums rapejats<\/a> (tallers de rap i literatura) i el Taller d\u2019escriptura jove, que tots gaudeixen de molt bona salut.<\/p>\n<p>De la m\u00e0 d\u2019un simp\u00e0tic autob\u00fas que ens convidava a pujar-hi va n\u00e9ixer el Blog Jove. Avui l\u2019autob\u00fas ja \u00e9s hist\u00f2ria tamb\u00e9 per\u00f2 el blog est\u00e0 ben ple de not\u00edcies i sempre tindreu la sala jove a la vostra disposici\u00f3, ja sabeu: sense bibliotecaris, per\u00f2 amb la MobyDick.<\/p>\n<p>\u00a0<\/p>\n<p>Fotos dels actes de celebraci\u00f3 del des\u00e8 aniversari:\u00a0<\/p>\n<p style=\"text-align: left;\"><strong>PREMIS BOLLER\u00c9<\/strong><\/p>\n<p><img loading=\"lazy\" decoding=\"async\" class=\"size-medium wp-image-8336 alignleft\" src=\"https:\/\/biblioteca.blanes.cat\/salajove\/wp-content\/uploads\/sites\/3\/2024\/01\/bollere-guanyadors-300x225.jpg\" alt=\"\" width=\"300\" height=\"225\" srcset=\"https:\/\/biblioteca.blanes.cat\/salajove\/wp-content\/uploads\/sites\/3\/2024\/01\/bollere-guanyadors-300x225.jpg 300w, https:\/\/biblioteca.blanes.cat\/salajove\/wp-content\/uploads\/sites\/3\/2024\/01\/bollere-guanyadors-1024x768.jpg 1024w, https:\/\/biblioteca.blanes.cat\/salajove\/wp-content\/uploads\/sites\/3\/2024\/01\/bollere-guanyadors-768x576.jpg 768w, https:\/\/biblioteca.blanes.cat\/salajove\/wp-content\/uploads\/sites\/3\/2024\/01\/bollere-guanyadors-1536x1152.jpg 1536w, https:\/\/biblioteca.blanes.cat\/salajove\/wp-content\/uploads\/sites\/3\/2024\/01\/bollere-guanyadors-2048x1536.jpg 2048w\" sizes=\"(max-width: 300px) 100vw, 300px\" \/><\/p>\n<p><img loading=\"lazy\" decoding=\"async\" class=\"size-medium wp-image-8337 alignleft\" src=\"https:\/\/biblioteca.blanes.cat\/salajove\/wp-content\/uploads\/sites\/3\/2024\/01\/jurat-2-300x225.jpg\" alt=\"\" width=\"300\" height=\"225\" srcset=\"https:\/\/biblioteca.blanes.cat\/salajove\/wp-content\/uploads\/sites\/3\/2024\/01\/jurat-2-300x225.jpg 300w, https:\/\/biblioteca.blanes.cat\/salajove\/wp-content\/uploads\/sites\/3\/2024\/01\/jurat-2-1024x768.jpg 1024w, https:\/\/biblioteca.blanes.cat\/salajove\/wp-content\/uploads\/sites\/3\/2024\/01\/jurat-2-768x576.jpg 768w, https:\/\/biblioteca.blanes.cat\/salajove\/wp-content\/uploads\/sites\/3\/2024\/01\/jurat-2-1536x1152.jpg 1536w, https:\/\/biblioteca.blanes.cat\/salajove\/wp-content\/uploads\/sites\/3\/2024\/01\/jurat-2-2048x1536.jpg 2048w\" sizes=\"(max-width: 300px) 100vw, 300px\" \/><\/p>\n<p><img loading=\"lazy\" decoding=\"async\" class=\"size-medium wp-image-8405 alignleft\" src=\"https:\/\/biblioteca.blanes.cat\/salajove\/wp-content\/uploads\/sites\/3\/2024\/02\/BiblioBlanes_Bollere2023_24012024-2-300x225.jpeg\" alt=\"\" width=\"300\" height=\"225\" srcset=\"https:\/\/biblioteca.blanes.cat\/salajove\/wp-content\/uploads\/sites\/3\/2024\/02\/BiblioBlanes_Bollere2023_24012024-2-300x225.jpeg 300w, https:\/\/biblioteca.blanes.cat\/salajove\/wp-content\/uploads\/sites\/3\/2024\/02\/BiblioBlanes_Bollere2023_24012024-2-1024x768.jpeg 1024w, https:\/\/biblioteca.blanes.cat\/salajove\/wp-content\/uploads\/sites\/3\/2024\/02\/BiblioBlanes_Bollere2023_24012024-2-768x576.jpeg 768w, https:\/\/biblioteca.blanes.cat\/salajove\/wp-content\/uploads\/sites\/3\/2024\/02\/BiblioBlanes_Bollere2023_24012024-2-1536x1152.jpeg 1536w, https:\/\/biblioteca.blanes.cat\/salajove\/wp-content\/uploads\/sites\/3\/2024\/02\/BiblioBlanes_Bollere2023_24012024-2.jpeg 2048w\" sizes=\"(max-width: 300px) 100vw, 300px\" \/><\/p>\n<p><img loading=\"lazy\" decoding=\"async\" class=\"size-medium wp-image-8420 alignleft\" src=\"https:\/\/biblioteca.blanes.cat\/salajove\/wp-content\/uploads\/sites\/3\/2024\/02\/BiblioBlanes_Bollere2023_24012024-13-300x225.jpeg\" alt=\"\" width=\"300\" height=\"225\" srcset=\"https:\/\/biblioteca.blanes.cat\/salajove\/wp-content\/uploads\/sites\/3\/2024\/02\/BiblioBlanes_Bollere2023_24012024-13-300x225.jpeg 300w, https:\/\/biblioteca.blanes.cat\/salajove\/wp-content\/uploads\/sites\/3\/2024\/02\/BiblioBlanes_Bollere2023_24012024-13-1024x768.jpeg 1024w, https:\/\/biblioteca.blanes.cat\/salajove\/wp-content\/uploads\/sites\/3\/2024\/02\/BiblioBlanes_Bollere2023_24012024-13-768x576.jpeg 768w, https:\/\/biblioteca.blanes.cat\/salajove\/wp-content\/uploads\/sites\/3\/2024\/02\/BiblioBlanes_Bollere2023_24012024-13-1536x1152.jpeg 1536w, https:\/\/biblioteca.blanes.cat\/salajove\/wp-content\/uploads\/sites\/3\/2024\/02\/BiblioBlanes_Bollere2023_24012024-13.jpeg 2048w\" sizes=\"(max-width: 300px) 100vw, 300px\" \/><\/p>\n<p>\u00a0<\/p>\n<p>\u00a0<\/p>\n<p>\u00a0<\/p>\n<p>\u00a0<\/p>\n<p>\u00a0<\/p>\n<p>\u00a0<\/p>\n<p>\u00a0<\/p>\n<p>\u00a0<\/p>\n<p>\u00a0<\/p>\n<p>\u00a0<\/p>\n<p>\u00a0<\/p>\n<p>\u00a0<\/p>\n<p>\u00a0<\/p>\n<p style=\"text-align: left;\"><strong>\u00c0LBUMS RAPEJATS<\/strong><\/p>\n<p><img loading=\"lazy\" decoding=\"async\" class=\" wp-image-8349 alignleft\" src=\"https:\/\/biblioteca.blanes.cat\/salajove\/wp-content\/uploads\/sites\/3\/2024\/01\/1706710438307-300x212.jpg\" alt=\"\" width=\"311\" height=\"220\" srcset=\"https:\/\/biblioteca.blanes.cat\/salajove\/wp-content\/uploads\/sites\/3\/2024\/01\/1706710438307-300x212.jpg 300w, https:\/\/biblioteca.blanes.cat\/salajove\/wp-content\/uploads\/sites\/3\/2024\/01\/1706710438307-768x542.jpg 768w, https:\/\/biblioteca.blanes.cat\/salajove\/wp-content\/uploads\/sites\/3\/2024\/01\/1706710438307.jpg 1024w\" sizes=\"(max-width: 311px) 100vw, 311px\" \/><\/p>\n<p><img loading=\"lazy\" decoding=\"async\" class=\"size-medium wp-image-8351 alignleft\" src=\"https:\/\/biblioteca.blanes.cat\/salajove\/wp-content\/uploads\/sites\/3\/2024\/01\/1706710438286-300x225.jpg\" alt=\"\" width=\"300\" height=\"225\" srcset=\"https:\/\/biblioteca.blanes.cat\/salajove\/wp-content\/uploads\/sites\/3\/2024\/01\/1706710438286-300x225.jpg 300w, https:\/\/biblioteca.blanes.cat\/salajove\/wp-content\/uploads\/sites\/3\/2024\/01\/1706710438286-768x576.jpg 768w, https:\/\/biblioteca.blanes.cat\/salajove\/wp-content\/uploads\/sites\/3\/2024\/01\/1706710438286.jpg 1024w\" sizes=\"(max-width: 300px) 100vw, 300px\" \/><\/p>\n<p><img loading=\"lazy\" decoding=\"async\" class=\"size-medium wp-image-8407 alignleft\" src=\"https:\/\/biblioteca.blanes.cat\/salajove\/wp-content\/uploads\/sites\/3\/2024\/02\/BiblioBlanes_AlbumsRapejats_video_24012024-3-300x225.jpeg\" alt=\"\" width=\"300\" height=\"225\" srcset=\"https:\/\/biblioteca.blanes.cat\/salajove\/wp-content\/uploads\/sites\/3\/2024\/02\/BiblioBlanes_AlbumsRapejats_video_24012024-3-300x225.jpeg 300w, https:\/\/biblioteca.blanes.cat\/salajove\/wp-content\/uploads\/sites\/3\/2024\/02\/BiblioBlanes_AlbumsRapejats_video_24012024-3-1024x768.jpeg 1024w, https:\/\/biblioteca.blanes.cat\/salajove\/wp-content\/uploads\/sites\/3\/2024\/02\/BiblioBlanes_AlbumsRapejats_video_24012024-3-768x576.jpeg 768w, https:\/\/biblioteca.blanes.cat\/salajove\/wp-content\/uploads\/sites\/3\/2024\/02\/BiblioBlanes_AlbumsRapejats_video_24012024-3-1536x1152.jpeg 1536w, https:\/\/biblioteca.blanes.cat\/salajove\/wp-content\/uploads\/sites\/3\/2024\/02\/BiblioBlanes_AlbumsRapejats_video_24012024-3.jpeg 2048w\" sizes=\"(max-width: 300px) 100vw, 300px\" \/><\/p>\n<p>\u00a0<\/p>\n<p>\u00a0<\/p>\n<p>\u00a0<\/p>\n<p><img loading=\"lazy\" decoding=\"async\" class=\"size-medium wp-image-8422 alignleft\" src=\"https:\/\/biblioteca.blanes.cat\/salajove\/wp-content\/uploads\/sites\/3\/2024\/02\/BiblioBlanes_AlbumsRapejats_video_24012024-1-300x225.jpeg\" alt=\"\" width=\"300\" height=\"225\" srcset=\"https:\/\/biblioteca.blanes.cat\/salajove\/wp-content\/uploads\/sites\/3\/2024\/02\/BiblioBlanes_AlbumsRapejats_video_24012024-1-300x225.jpeg 300w, https:\/\/biblioteca.blanes.cat\/salajove\/wp-content\/uploads\/sites\/3\/2024\/02\/BiblioBlanes_AlbumsRapejats_video_24012024-1-1024x768.jpeg 1024w, https:\/\/biblioteca.blanes.cat\/salajove\/wp-content\/uploads\/sites\/3\/2024\/02\/BiblioBlanes_AlbumsRapejats_video_24012024-1-768x576.jpeg 768w, https:\/\/biblioteca.blanes.cat\/salajove\/wp-content\/uploads\/sites\/3\/2024\/02\/BiblioBlanes_AlbumsRapejats_video_24012024-1-1536x1152.jpeg 1536w, https:\/\/biblioteca.blanes.cat\/salajove\/wp-content\/uploads\/sites\/3\/2024\/02\/BiblioBlanes_AlbumsRapejats_video_24012024-1.jpeg 2048w\" sizes=\"(max-width: 300px) 100vw, 300px\" \/><\/p>\n<p>\u00a0<\/p>\n<p>\u00a0<\/p>\n<p>\u00a0<\/p>\n<p>\u00a0<\/p>\n<p>\u00a0<\/p>\n<p>\u00a0<\/p>\n<p>\u00a0<\/p>\n<p>\u00a0<\/p>\n<p>\u00a0<\/p>\n<p>\u00a0<\/p>\n<p style=\"text-align: left;\"><strong>FES-ME PENSAR<\/strong><\/p>\n<p><img loading=\"lazy\" decoding=\"async\" class=\"size-medium wp-image-8410 alignleft\" src=\"https:\/\/biblioteca.blanes.cat\/salajove\/wp-content\/uploads\/sites\/3\/2024\/02\/BiblioBlanes_Fesmespensar_fasefinal_24012024-27-300x225.jpeg\" alt=\"\" width=\"300\" height=\"225\" srcset=\"https:\/\/biblioteca.blanes.cat\/salajove\/wp-content\/uploads\/sites\/3\/2024\/02\/BiblioBlanes_Fesmespensar_fasefinal_24012024-27-300x225.jpeg 300w, https:\/\/biblioteca.blanes.cat\/salajove\/wp-content\/uploads\/sites\/3\/2024\/02\/BiblioBlanes_Fesmespensar_fasefinal_24012024-27-1024x768.jpeg 1024w, https:\/\/biblioteca.blanes.cat\/salajove\/wp-content\/uploads\/sites\/3\/2024\/02\/BiblioBlanes_Fesmespensar_fasefinal_24012024-27-768x576.jpeg 768w, https:\/\/biblioteca.blanes.cat\/salajove\/wp-content\/uploads\/sites\/3\/2024\/02\/BiblioBlanes_Fesmespensar_fasefinal_24012024-27-1536x1152.jpeg 1536w, https:\/\/biblioteca.blanes.cat\/salajove\/wp-content\/uploads\/sites\/3\/2024\/02\/BiblioBlanes_Fesmespensar_fasefinal_24012024-27.jpeg 2048w\" sizes=\"(max-width: 300px) 100vw, 300px\" \/><img loading=\"lazy\" decoding=\"async\" class=\"size-medium wp-image-8411 alignnone\" src=\"https:\/\/biblioteca.blanes.cat\/salajove\/wp-content\/uploads\/sites\/3\/2024\/02\/BiblioBlanes_Fesmespensar_fasefinal_24012024-28-300x225.jpeg\" alt=\"\" width=\"300\" height=\"225\" srcset=\"https:\/\/biblioteca.blanes.cat\/salajove\/wp-content\/uploads\/sites\/3\/2024\/02\/BiblioBlanes_Fesmespensar_fasefinal_24012024-28-300x225.jpeg 300w, https:\/\/biblioteca.blanes.cat\/salajove\/wp-content\/uploads\/sites\/3\/2024\/02\/BiblioBlanes_Fesmespensar_fasefinal_24012024-28-1024x768.jpeg 1024w, https:\/\/biblioteca.blanes.cat\/salajove\/wp-content\/uploads\/sites\/3\/2024\/02\/BiblioBlanes_Fesmespensar_fasefinal_24012024-28-768x576.jpeg 768w, https:\/\/biblioteca.blanes.cat\/salajove\/wp-content\/uploads\/sites\/3\/2024\/02\/BiblioBlanes_Fesmespensar_fasefinal_24012024-28-1536x1152.jpeg 1536w, https:\/\/biblioteca.blanes.cat\/salajove\/wp-content\/uploads\/sites\/3\/2024\/02\/BiblioBlanes_Fesmespensar_fasefinal_24012024-28.jpeg 2048w\" sizes=\"(max-width: 300px) 100vw, 300px\" \/><\/p>\n<p><img loading=\"lazy\" decoding=\"async\" class=\"size-medium wp-image-8404 alignnone\" src=\"https:\/\/biblioteca.blanes.cat\/salajove\/wp-content\/uploads\/sites\/3\/2024\/02\/BiblioBlanes_Fesmespensar_fasefinal_24012024-36-300x225.jpeg\" alt=\"\" width=\"300\" height=\"225\" srcset=\"https:\/\/biblioteca.blanes.cat\/salajove\/wp-content\/uploads\/sites\/3\/2024\/02\/BiblioBlanes_Fesmespensar_fasefinal_24012024-36-300x225.jpeg 300w, https:\/\/biblioteca.blanes.cat\/salajove\/wp-content\/uploads\/sites\/3\/2024\/02\/BiblioBlanes_Fesmespensar_fasefinal_24012024-36-1024x768.jpeg 1024w, https:\/\/biblioteca.blanes.cat\/salajove\/wp-content\/uploads\/sites\/3\/2024\/02\/BiblioBlanes_Fesmespensar_fasefinal_24012024-36-768x576.jpeg 768w, https:\/\/biblioteca.blanes.cat\/salajove\/wp-content\/uploads\/sites\/3\/2024\/02\/BiblioBlanes_Fesmespensar_fasefinal_24012024-36-1536x1152.jpeg 1536w, https:\/\/biblioteca.blanes.cat\/salajove\/wp-content\/uploads\/sites\/3\/2024\/02\/BiblioBlanes_Fesmespensar_fasefinal_24012024-36.jpeg 2048w\" sizes=\"(max-width: 300px) 100vw, 300px\" \/> <img loading=\"lazy\" decoding=\"async\" class=\"size-medium wp-image-8423 alignleft\" src=\"https:\/\/biblioteca.blanes.cat\/salajove\/wp-content\/uploads\/sites\/3\/2024\/02\/BiblioBlanes_Fesmespensar_fasefinal_24012024-1-300x225.jpeg\" alt=\"\" width=\"300\" height=\"225\" srcset=\"https:\/\/biblioteca.blanes.cat\/salajove\/wp-content\/uploads\/sites\/3\/2024\/02\/BiblioBlanes_Fesmespensar_fasefinal_24012024-1-300x225.jpeg 300w, https:\/\/biblioteca.blanes.cat\/salajove\/wp-content\/uploads\/sites\/3\/2024\/02\/BiblioBlanes_Fesmespensar_fasefinal_24012024-1-1024x768.jpeg 1024w, https:\/\/biblioteca.blanes.cat\/salajove\/wp-content\/uploads\/sites\/3\/2024\/02\/BiblioBlanes_Fesmespensar_fasefinal_24012024-1-768x576.jpeg 768w, https:\/\/biblioteca.blanes.cat\/salajove\/wp-content\/uploads\/sites\/3\/2024\/02\/BiblioBlanes_Fesmespensar_fasefinal_24012024-1-1536x1152.jpeg 1536w, https:\/\/biblioteca.blanes.cat\/salajove\/wp-content\/uploads\/sites\/3\/2024\/02\/BiblioBlanes_Fesmespensar_fasefinal_24012024-1.jpeg 2048w\" sizes=\"(max-width: 300px) 100vw, 300px\" \/><\/p>\n<p>\u00a0<\/p>\n<p>\u00a0<\/p>\n","protected":false},"excerpt":{"rendered":"<p>La Biblioteca Jove va n\u00e9ixer el 24 de gener de 2014, tot i que ja feia dies que es gestava a la biblioteca la inquietud per donar resposta a aquestes persones massa grans per anar a la sala infantil i<\/p>\n","protected":false},"author":4,"featured_media":0,"parent":0,"menu_order":0,"comment_status":"closed","ping_status":"closed","template":"","meta":{"sfsi_plus_gutenberg_text_before_share":"","sfsi_plus_gutenberg_show_text_before_share":"","sfsi_plus_gutenberg_icon_type":"","sfsi_plus_gutenberg_icon_alignemt":"","sfsi_plus_gutenburg_max_per_row":"","footnotes":""},"class_list":["post-8383","page","type-page","status-publish","hentry"],"yoast_head":"<!-- This site is optimized with the Yoast SEO plugin v27.5 - https:\/\/yoast.com\/product\/yoast-seo-wordpress\/ -->\n<title>10\u00e8 ANIVERSARI BIBLIOTECA JOVE - Sala Jove<\/title>\n<meta name=\"robots\" content=\"index, follow, max-snippet:-1, max-image-preview:large, max-video-preview:-1\" \/>\n<link rel=\"canonical\" href=\"https:\/\/biblioteca.blanes.cat\/salajove\/10e-aniversari-biblioteca-jove\/\" \/>\n<meta property=\"og:locale\" content=\"ca_ES\" \/>\n<meta property=\"og:type\" content=\"article\" \/>\n<meta property=\"og:title\" content=\"10\u00e8 ANIVERSARI BIBLIOTECA JOVE - Sala Jove\" \/>\n<meta property=\"og:description\" content=\"La Biblioteca Jove va n\u00e9ixer el 24 de gener de 2014, tot i que ja feia dies que es gestava a la biblioteca la inquietud per donar resposta a aquestes persones massa grans per anar a la sala infantil i\" \/>\n<meta property=\"og:url\" content=\"https:\/\/biblioteca.blanes.cat\/salajove\/10e-aniversari-biblioteca-jove\/\" \/>\n<meta property=\"og:site_name\" content=\"Sala Jove\" \/>\n<meta property=\"article:publisher\" content=\"https:\/\/www.facebook.com\/BilbiotecaComarcaldeBlanes\/\" \/>\n<meta property=\"article:modified_time\" content=\"2024-02-06T08:38:11+00:00\" \/>\n<meta property=\"og:image\" content=\"https:\/\/biblioteca.blanes.cat\/salajove\/wp-content\/uploads\/sites\/3\/2024\/02\/sala-jove-7-300x224.jpg\" \/>\n<meta name=\"twitter:card\" content=\"summary_large_image\" \/>\n<meta name=\"twitter:site\" content=\"@BiblioBlanes\" \/>\n<meta name=\"twitter:label1\" content=\"Temps estimat de lectura\" \/>\n\t<meta name=\"twitter:data1\" content=\"6 minuts\" \/>\n<script type=\"application\/ld+json\" class=\"yoast-schema-graph\">{\"@context\":\"https:\\\/\\\/schema.org\",\"@graph\":[{\"@type\":\"WebPage\",\"@id\":\"https:\\\/\\\/biblioteca.blanes.cat\\\/salajove\\\/10e-aniversari-biblioteca-jove\\\/\",\"url\":\"https:\\\/\\\/biblioteca.blanes.cat\\\/salajove\\\/10e-aniversari-biblioteca-jove\\\/\",\"name\":\"10\u00e8 ANIVERSARI BIBLIOTECA JOVE - Sala Jove\",\"isPartOf\":{\"@id\":\"https:\\\/\\\/biblioteca.blanes.cat\\\/salajove\\\/#website\"},\"primaryImageOfPage\":{\"@id\":\"https:\\\/\\\/biblioteca.blanes.cat\\\/salajove\\\/10e-aniversari-biblioteca-jove\\\/#primaryimage\"},\"image\":{\"@id\":\"https:\\\/\\\/biblioteca.blanes.cat\\\/salajove\\\/10e-aniversari-biblioteca-jove\\\/#primaryimage\"},\"thumbnailUrl\":\"https:\\\/\\\/biblioteca.blanes.cat\\\/salajove\\\/wp-content\\\/uploads\\\/sites\\\/3\\\/2024\\\/02\\\/sala-jove-7-300x224.jpg\",\"datePublished\":\"2024-02-02T14:47:51+00:00\",\"dateModified\":\"2024-02-06T08:38:11+00:00\",\"breadcrumb\":{\"@id\":\"https:\\\/\\\/biblioteca.blanes.cat\\\/salajove\\\/10e-aniversari-biblioteca-jove\\\/#breadcrumb\"},\"inLanguage\":\"ca\",\"potentialAction\":[{\"@type\":\"ReadAction\",\"target\":[\"https:\\\/\\\/biblioteca.blanes.cat\\\/salajove\\\/10e-aniversari-biblioteca-jove\\\/\"]}]},{\"@type\":\"ImageObject\",\"inLanguage\":\"ca\",\"@id\":\"https:\\\/\\\/biblioteca.blanes.cat\\\/salajove\\\/10e-aniversari-biblioteca-jove\\\/#primaryimage\",\"url\":\"https:\\\/\\\/biblioteca.blanes.cat\\\/salajove\\\/wp-content\\\/uploads\\\/sites\\\/3\\\/2024\\\/02\\\/sala-jove-7-scaled.jpg\",\"contentUrl\":\"https:\\\/\\\/biblioteca.blanes.cat\\\/salajove\\\/wp-content\\\/uploads\\\/sites\\\/3\\\/2024\\\/02\\\/sala-jove-7-scaled.jpg\",\"width\":2560,\"height\":1915},{\"@type\":\"BreadcrumbList\",\"@id\":\"https:\\\/\\\/biblioteca.blanes.cat\\\/salajove\\\/10e-aniversari-biblioteca-jove\\\/#breadcrumb\",\"itemListElement\":[{\"@type\":\"ListItem\",\"position\":1,\"name\":\"Inici\",\"item\":\"https:\\\/\\\/biblioteca.blanes.cat\\\/salajove\\\/\"},{\"@type\":\"ListItem\",\"position\":2,\"name\":\"10\u00e8 ANIVERSARI BIBLIOTECA JOVE\"}]},{\"@type\":\"WebSite\",\"@id\":\"https:\\\/\\\/biblioteca.blanes.cat\\\/salajove\\\/#website\",\"url\":\"https:\\\/\\\/biblioteca.blanes.cat\\\/salajove\\\/\",\"name\":\"Sala Jove\",\"description\":\"Biblioteca Comarcal de Blanes\",\"publisher\":{\"@id\":\"https:\\\/\\\/biblioteca.blanes.cat\\\/salajove\\\/#organization\"},\"potentialAction\":[{\"@type\":\"SearchAction\",\"target\":{\"@type\":\"EntryPoint\",\"urlTemplate\":\"https:\\\/\\\/biblioteca.blanes.cat\\\/salajove\\\/?s={search_term_string}\"},\"query-input\":{\"@type\":\"PropertyValueSpecification\",\"valueRequired\":true,\"valueName\":\"search_term_string\"}}],\"inLanguage\":\"ca\"},{\"@type\":\"Organization\",\"@id\":\"https:\\\/\\\/biblioteca.blanes.cat\\\/salajove\\\/#organization\",\"name\":\"Biblioteca Comarcal de Blanes\",\"url\":\"https:\\\/\\\/biblioteca.blanes.cat\\\/salajove\\\/\",\"logo\":{\"@type\":\"ImageObject\",\"inLanguage\":\"ca\",\"@id\":\"https:\\\/\\\/biblioteca.blanes.cat\\\/salajove\\\/#\\\/schema\\\/logo\\\/image\\\/\",\"url\":\"https:\\\/\\\/biblioteca.blanes.cat\\\/salajove\\\/wp-content\\\/uploads\\\/sites\\\/3\\\/2017\\\/09\\\/cropped-Bib-blau-e1518869380535.png\",\"contentUrl\":\"https:\\\/\\\/biblioteca.blanes.cat\\\/salajove\\\/wp-content\\\/uploads\\\/sites\\\/3\\\/2017\\\/09\\\/cropped-Bib-blau-e1518869380535.png\",\"width\":166,\"height\":166,\"caption\":\"Biblioteca Comarcal de Blanes\"},\"image\":{\"@id\":\"https:\\\/\\\/biblioteca.blanes.cat\\\/salajove\\\/#\\\/schema\\\/logo\\\/image\\\/\"},\"sameAs\":[\"https:\\\/\\\/www.facebook.com\\\/BilbiotecaComarcaldeBlanes\\\/\",\"https:\\\/\\\/x.com\\\/BiblioBlanes\",\"https:\\\/\\\/www.instagram.com\\\/biblioblanes\\\/\",\"https:\\\/\\\/www.pinterest.es\\\/bblanes\\\/\",\"https:\\\/\\\/www.youtube.com\\\/c\\\/BibliotecaComarcalBlanes\"]}]}<\/script>\n<!-- \/ Yoast SEO plugin. -->","yoast_head_json":{"title":"10\u00e8 ANIVERSARI BIBLIOTECA JOVE - Sala Jove","robots":{"index":"index","follow":"follow","max-snippet":"max-snippet:-1","max-image-preview":"max-image-preview:large","max-video-preview":"max-video-preview:-1"},"canonical":"https:\/\/biblioteca.blanes.cat\/salajove\/10e-aniversari-biblioteca-jove\/","og_locale":"ca_ES","og_type":"article","og_title":"10\u00e8 ANIVERSARI BIBLIOTECA JOVE - Sala Jove","og_description":"La Biblioteca Jove va n\u00e9ixer el 24 de gener de 2014, tot i que ja feia dies que es gestava a la biblioteca la inquietud per donar resposta a aquestes persones massa grans per anar a la sala infantil i","og_url":"https:\/\/biblioteca.blanes.cat\/salajove\/10e-aniversari-biblioteca-jove\/","og_site_name":"Sala Jove","article_publisher":"https:\/\/www.facebook.com\/BilbiotecaComarcaldeBlanes\/","article_modified_time":"2024-02-06T08:38:11+00:00","og_image":[{"url":"https:\/\/biblioteca.blanes.cat\/salajove\/wp-content\/uploads\/sites\/3\/2024\/02\/sala-jove-7-300x224.jpg","type":"","width":"","height":""}],"twitter_card":"summary_large_image","twitter_site":"@BiblioBlanes","twitter_misc":{"Temps estimat de lectura":"6 minuts"},"schema":{"@context":"https:\/\/schema.org","@graph":[{"@type":"WebPage","@id":"https:\/\/biblioteca.blanes.cat\/salajove\/10e-aniversari-biblioteca-jove\/","url":"https:\/\/biblioteca.blanes.cat\/salajove\/10e-aniversari-biblioteca-jove\/","name":"10\u00e8 ANIVERSARI BIBLIOTECA JOVE - Sala Jove","isPartOf":{"@id":"https:\/\/biblioteca.blanes.cat\/salajove\/#website"},"primaryImageOfPage":{"@id":"https:\/\/biblioteca.blanes.cat\/salajove\/10e-aniversari-biblioteca-jove\/#primaryimage"},"image":{"@id":"https:\/\/biblioteca.blanes.cat\/salajove\/10e-aniversari-biblioteca-jove\/#primaryimage"},"thumbnailUrl":"https:\/\/biblioteca.blanes.cat\/salajove\/wp-content\/uploads\/sites\/3\/2024\/02\/sala-jove-7-300x224.jpg","datePublished":"2024-02-02T14:47:51+00:00","dateModified":"2024-02-06T08:38:11+00:00","breadcrumb":{"@id":"https:\/\/biblioteca.blanes.cat\/salajove\/10e-aniversari-biblioteca-jove\/#breadcrumb"},"inLanguage":"ca","potentialAction":[{"@type":"ReadAction","target":["https:\/\/biblioteca.blanes.cat\/salajove\/10e-aniversari-biblioteca-jove\/"]}]},{"@type":"ImageObject","inLanguage":"ca","@id":"https:\/\/biblioteca.blanes.cat\/salajove\/10e-aniversari-biblioteca-jove\/#primaryimage","url":"https:\/\/biblioteca.blanes.cat\/salajove\/wp-content\/uploads\/sites\/3\/2024\/02\/sala-jove-7-scaled.jpg","contentUrl":"https:\/\/biblioteca.blanes.cat\/salajove\/wp-content\/uploads\/sites\/3\/2024\/02\/sala-jove-7-scaled.jpg","width":2560,"height":1915},{"@type":"BreadcrumbList","@id":"https:\/\/biblioteca.blanes.cat\/salajove\/10e-aniversari-biblioteca-jove\/#breadcrumb","itemListElement":[{"@type":"ListItem","position":1,"name":"Inici","item":"https:\/\/biblioteca.blanes.cat\/salajove\/"},{"@type":"ListItem","position":2,"name":"10\u00e8 ANIVERSARI BIBLIOTECA JOVE"}]},{"@type":"WebSite","@id":"https:\/\/biblioteca.blanes.cat\/salajove\/#website","url":"https:\/\/biblioteca.blanes.cat\/salajove\/","name":"Sala Jove","description":"Biblioteca Comarcal de Blanes","publisher":{"@id":"https:\/\/biblioteca.blanes.cat\/salajove\/#organization"},"potentialAction":[{"@type":"SearchAction","target":{"@type":"EntryPoint","urlTemplate":"https:\/\/biblioteca.blanes.cat\/salajove\/?s={search_term_string}"},"query-input":{"@type":"PropertyValueSpecification","valueRequired":true,"valueName":"search_term_string"}}],"inLanguage":"ca"},{"@type":"Organization","@id":"https:\/\/biblioteca.blanes.cat\/salajove\/#organization","name":"Biblioteca Comarcal de Blanes","url":"https:\/\/biblioteca.blanes.cat\/salajove\/","logo":{"@type":"ImageObject","inLanguage":"ca","@id":"https:\/\/biblioteca.blanes.cat\/salajove\/#\/schema\/logo\/image\/","url":"https:\/\/biblioteca.blanes.cat\/salajove\/wp-content\/uploads\/sites\/3\/2017\/09\/cropped-Bib-blau-e1518869380535.png","contentUrl":"https:\/\/biblioteca.blanes.cat\/salajove\/wp-content\/uploads\/sites\/3\/2017\/09\/cropped-Bib-blau-e1518869380535.png","width":166,"height":166,"caption":"Biblioteca Comarcal de Blanes"},"image":{"@id":"https:\/\/biblioteca.blanes.cat\/salajove\/#\/schema\/logo\/image\/"},"sameAs":["https:\/\/www.facebook.com\/BilbiotecaComarcaldeBlanes\/","https:\/\/x.com\/BiblioBlanes","https:\/\/www.instagram.com\/biblioblanes\/","https:\/\/www.pinterest.es\/bblanes\/","https:\/\/www.youtube.com\/c\/BibliotecaComarcalBlanes"]}]}},"_links":{"self":[{"href":"https:\/\/biblioteca.blanes.cat\/salajove\/wp-json\/wp\/v2\/pages\/8383","targetHints":{"allow":["GET"]}}],"collection":[{"href":"https:\/\/biblioteca.blanes.cat\/salajove\/wp-json\/wp\/v2\/pages"}],"about":[{"href":"https:\/\/biblioteca.blanes.cat\/salajove\/wp-json\/wp\/v2\/types\/page"}],"author":[{"embeddable":true,"href":"https:\/\/biblioteca.blanes.cat\/salajove\/wp-json\/wp\/v2\/users\/4"}],"replies":[{"embeddable":true,"href":"https:\/\/biblioteca.blanes.cat\/salajove\/wp-json\/wp\/v2\/comments?post=8383"}],"version-history":[{"count":27,"href":"https:\/\/biblioteca.blanes.cat\/salajove\/wp-json\/wp\/v2\/pages\/8383\/revisions"}],"predecessor-version":[{"id":8507,"href":"https:\/\/biblioteca.blanes.cat\/salajove\/wp-json\/wp\/v2\/pages\/8383\/revisions\/8507"}],"wp:attachment":[{"href":"https:\/\/biblioteca.blanes.cat\/salajove\/wp-json\/wp\/v2\/media?parent=8383"}],"curies":[{"name":"wp","href":"https:\/\/api.w.org\/{rel}","templated":true}]}}