{"id":8370,"date":"2024-01-31T18:39:24","date_gmt":"2024-01-31T17:39:24","guid":{"rendered":"https:\/\/biblioteca.blanes.cat\/salajove\/?page_id=8370"},"modified":"2026-04-27T17:06:18","modified_gmt":"2026-04-27T16:06:18","slug":"fes-me-pensar","status":"publish","type":"page","link":"https:\/\/biblioteca.blanes.cat\/salajove\/fes-me-pensar\/","title":{"rendered":"FES-ME PENSAR"},"content":{"rendered":"\n\n\n<h1 style=\"text-align: center;\"><strong><img fetchpriority=\"high\" decoding=\"async\" class=\"wp-image-8216 alignright\" src=\"https:\/\/biblioteca.blanes.cat\/salajove\/wp-content\/uploads\/sites\/3\/2023\/11\/Fes-me-pensar2023-212x300.jpg\" alt=\"\" width=\"317\" height=\"448\" srcset=\"https:\/\/biblioteca.blanes.cat\/salajove\/wp-content\/uploads\/sites\/3\/2023\/11\/Fes-me-pensar2023-212x300.jpg 212w, https:\/\/biblioteca.blanes.cat\/salajove\/wp-content\/uploads\/sites\/3\/2023\/11\/Fes-me-pensar2023-724x1024.jpg 724w, https:\/\/biblioteca.blanes.cat\/salajove\/wp-content\/uploads\/sites\/3\/2023\/11\/Fes-me-pensar2023-768x1086.jpg 768w, https:\/\/biblioteca.blanes.cat\/salajove\/wp-content\/uploads\/sites\/3\/2023\/11\/Fes-me-pensar2023-1086x1536.jpg 1086w, https:\/\/biblioteca.blanes.cat\/salajove\/wp-content\/uploads\/sites\/3\/2023\/11\/Fes-me-pensar2023-1448x2048.jpg 1448w, https:\/\/biblioteca.blanes.cat\/salajove\/wp-content\/uploads\/sites\/3\/2023\/11\/Fes-me-pensar2023.jpg 1587w\" sizes=\"(max-width: 317px) 100vw, 317px\" \/>CONCURS DE FOTOGRAFIA FILOS\u00d2FICA<\/strong><\/h1>\n<p><strong>Fes-me pensar!<\/strong> \u00e9s un <strong>concurs de fotografia filos\u00f2fica<\/strong> impulsat pels tres instituts de Blanes, S&#8217;Agulla, Serrallarga i Sa Palomera. Inspirats en l\u2019Olimp\u00edada de Filosofia de Catalunya, proposa a l\u2019alumnat un repte filos\u00f2fic de caire fotogr\u00e0fic. L\u2019objectiu del projecte \u00e9s fomentar el desenvolupament del pensament aut\u00f2nom, cr\u00edtic i creatiu a partir d\u2019una q\u00fcesti\u00f3 filos\u00f2fica amb un enfocament contemporani.<\/p>\n<p>La proposta va dirigida a alumnes de 4t d\u2019ESO i batxillerat i consisteix a presentar una fotografia que ha d\u2019incloure una pregunta de car\u00e0cter filos\u00f2fic que estigui relacionada i interactu\u00ef amb la imatge. El repte \u00e9s de tem\u00e0tica oberta i vinculada al curr\u00edculum de cada etapa educativa. No obstant aix\u00f2, hi ha un \u00fanic condicionant pels treballs: <strong>la fotografia ha de connectar inequ\u00edvocament amb Blanes<\/strong>, ja sigui a trav\u00e9s de la imatge, de la pregunta o d\u2019ambdues.<\/p>\n<p>Un jurat determinar\u00e0 les deu fotografies seleccionades finalistes per a l\u2019exposici\u00f3 p\u00fablica a la Biblioteca Roberto Bola\u00f1o de Blanes. Finalment, el concurs clour\u00e0 amb un esdeveniment on els autors i les autores de les diferents composicions faran una defensa oral del seu treball. Posteriorment, s\u2019escollir\u00e0 la fotografia filos\u00f2fica guanyadora.<\/p>\n<div class=\"mceTemp\">\u00a0<\/div>\n<h2 style=\"text-align: center;\"><a href=\"https:\/\/biblioteca.blanes.cat\/salajove\/fes-me-pensar-historic\/\"><strong>HIST\u00d2RIC<\/strong><\/a><\/h2>\n<blockquote>\n<p style=\"text-align: center;\">Fes un cop d&#8217;ull a totes les fotografies guanyadores i finalistes de totes les edicions del concurs de fotografia filos\u00f2fica.<\/p>\n<\/blockquote>\n<p>\u00a0<\/p>\n\n\n","protected":false},"excerpt":{"rendered":"<p>CONCURS DE FOTOGRAFIA FILOS\u00d2FICA Fes-me pensar! \u00e9s un concurs de fotografia filos\u00f2fica impulsat pels tres instituts de Blanes, S&#8217;Agulla, Serrallarga i Sa Palomera. Inspirats en l\u2019Olimp\u00edada de Filosofia de Catalunya, proposa a l\u2019alumnat un repte filos\u00f2fic de caire fotogr\u00e0fic. L\u2019objectiu<\/p>\n","protected":false},"author":4,"featured_media":0,"parent":0,"menu_order":0,"comment_status":"closed","ping_status":"closed","template":"","meta":{"sfsi_plus_gutenberg_text_before_share":"","sfsi_plus_gutenberg_show_text_before_share":"","sfsi_plus_gutenberg_icon_type":"","sfsi_plus_gutenberg_icon_alignemt":"","sfsi_plus_gutenburg_max_per_row":"","footnotes":""},"class_list":["post-8370","page","type-page","status-publish","hentry"],"yoast_head":"<!-- This site is optimized with the Yoast SEO plugin v27.5 - https:\/\/yoast.com\/product\/yoast-seo-wordpress\/ -->\n<title>FES-ME PENSAR - Sala Jove<\/title>\n<meta name=\"robots\" content=\"index, follow, max-snippet:-1, max-image-preview:large, max-video-preview:-1\" \/>\n<link rel=\"canonical\" href=\"https:\/\/biblioteca.blanes.cat\/salajove\/fes-me-pensar\/\" \/>\n<meta property=\"og:locale\" content=\"ca_ES\" \/>\n<meta property=\"og:type\" content=\"article\" \/>\n<meta property=\"og:title\" content=\"FES-ME PENSAR - Sala Jove\" \/>\n<meta property=\"og:description\" content=\"CONCURS DE FOTOGRAFIA FILOS\u00d2FICA Fes-me pensar! \u00e9s un concurs de fotografia filos\u00f2fica impulsat pels tres instituts de Blanes, S&#8217;Agulla, Serrallarga i Sa Palomera. Inspirats en l\u2019Olimp\u00edada de Filosofia de Catalunya, proposa a l\u2019alumnat un repte filos\u00f2fic de caire fotogr\u00e0fic. L\u2019objectiu\" \/>\n<meta property=\"og:url\" content=\"https:\/\/biblioteca.blanes.cat\/salajove\/fes-me-pensar\/\" \/>\n<meta property=\"og:site_name\" content=\"Sala Jove\" \/>\n<meta property=\"article:publisher\" content=\"https:\/\/www.facebook.com\/BilbiotecaComarcaldeBlanes\/\" \/>\n<meta property=\"article:modified_time\" content=\"2026-04-27T16:06:18+00:00\" \/>\n<meta property=\"og:image\" content=\"https:\/\/biblioteca.blanes.cat\/salajove\/wp-content\/uploads\/sites\/3\/2023\/11\/Fes-me-pensar2023-212x300.jpg\" \/>\n<meta name=\"twitter:card\" content=\"summary_large_image\" \/>\n<meta name=\"twitter:site\" content=\"@BiblioBlanes\" \/>\n<meta name=\"twitter:label1\" content=\"Temps estimat de lectura\" \/>\n\t<meta name=\"twitter:data1\" content=\"2 minuts\" \/>\n<script type=\"application\/ld+json\" class=\"yoast-schema-graph\">{\"@context\":\"https:\\\/\\\/schema.org\",\"@graph\":[{\"@type\":\"WebPage\",\"@id\":\"https:\\\/\\\/biblioteca.blanes.cat\\\/salajove\\\/fes-me-pensar\\\/\",\"url\":\"https:\\\/\\\/biblioteca.blanes.cat\\\/salajove\\\/fes-me-pensar\\\/\",\"name\":\"FES-ME PENSAR - Sala Jove\",\"isPartOf\":{\"@id\":\"https:\\\/\\\/biblioteca.blanes.cat\\\/salajove\\\/#website\"},\"primaryImageOfPage\":{\"@id\":\"https:\\\/\\\/biblioteca.blanes.cat\\\/salajove\\\/fes-me-pensar\\\/#primaryimage\"},\"image\":{\"@id\":\"https:\\\/\\\/biblioteca.blanes.cat\\\/salajove\\\/fes-me-pensar\\\/#primaryimage\"},\"thumbnailUrl\":\"https:\\\/\\\/biblioteca.blanes.cat\\\/salajove\\\/wp-content\\\/uploads\\\/sites\\\/3\\\/2023\\\/11\\\/Fes-me-pensar2023-212x300.jpg\",\"datePublished\":\"2024-01-31T17:39:24+00:00\",\"dateModified\":\"2026-04-27T16:06:18+00:00\",\"breadcrumb\":{\"@id\":\"https:\\\/\\\/biblioteca.blanes.cat\\\/salajove\\\/fes-me-pensar\\\/#breadcrumb\"},\"inLanguage\":\"ca\",\"potentialAction\":[{\"@type\":\"ReadAction\",\"target\":[\"https:\\\/\\\/biblioteca.blanes.cat\\\/salajove\\\/fes-me-pensar\\\/\"]}]},{\"@type\":\"ImageObject\",\"inLanguage\":\"ca\",\"@id\":\"https:\\\/\\\/biblioteca.blanes.cat\\\/salajove\\\/fes-me-pensar\\\/#primaryimage\",\"url\":\"https:\\\/\\\/biblioteca.blanes.cat\\\/salajove\\\/wp-content\\\/uploads\\\/sites\\\/3\\\/2023\\\/11\\\/Fes-me-pensar2023.jpg\",\"contentUrl\":\"https:\\\/\\\/biblioteca.blanes.cat\\\/salajove\\\/wp-content\\\/uploads\\\/sites\\\/3\\\/2023\\\/11\\\/Fes-me-pensar2023.jpg\",\"width\":1587,\"height\":2245},{\"@type\":\"BreadcrumbList\",\"@id\":\"https:\\\/\\\/biblioteca.blanes.cat\\\/salajove\\\/fes-me-pensar\\\/#breadcrumb\",\"itemListElement\":[{\"@type\":\"ListItem\",\"position\":1,\"name\":\"Inici\",\"item\":\"https:\\\/\\\/biblioteca.blanes.cat\\\/salajove\\\/\"},{\"@type\":\"ListItem\",\"position\":2,\"name\":\"FES-ME PENSAR\"}]},{\"@type\":\"WebSite\",\"@id\":\"https:\\\/\\\/biblioteca.blanes.cat\\\/salajove\\\/#website\",\"url\":\"https:\\\/\\\/biblioteca.blanes.cat\\\/salajove\\\/\",\"name\":\"Sala Jove\",\"description\":\"Biblioteca Comarcal de Blanes\",\"publisher\":{\"@id\":\"https:\\\/\\\/biblioteca.blanes.cat\\\/salajove\\\/#organization\"},\"potentialAction\":[{\"@type\":\"SearchAction\",\"target\":{\"@type\":\"EntryPoint\",\"urlTemplate\":\"https:\\\/\\\/biblioteca.blanes.cat\\\/salajove\\\/?s={search_term_string}\"},\"query-input\":{\"@type\":\"PropertyValueSpecification\",\"valueRequired\":true,\"valueName\":\"search_term_string\"}}],\"inLanguage\":\"ca\"},{\"@type\":\"Organization\",\"@id\":\"https:\\\/\\\/biblioteca.blanes.cat\\\/salajove\\\/#organization\",\"name\":\"Biblioteca Comarcal de Blanes\",\"url\":\"https:\\\/\\\/biblioteca.blanes.cat\\\/salajove\\\/\",\"logo\":{\"@type\":\"ImageObject\",\"inLanguage\":\"ca\",\"@id\":\"https:\\\/\\\/biblioteca.blanes.cat\\\/salajove\\\/#\\\/schema\\\/logo\\\/image\\\/\",\"url\":\"https:\\\/\\\/biblioteca.blanes.cat\\\/salajove\\\/wp-content\\\/uploads\\\/sites\\\/3\\\/2017\\\/09\\\/cropped-Bib-blau-e1518869380535.png\",\"contentUrl\":\"https:\\\/\\\/biblioteca.blanes.cat\\\/salajove\\\/wp-content\\\/uploads\\\/sites\\\/3\\\/2017\\\/09\\\/cropped-Bib-blau-e1518869380535.png\",\"width\":166,\"height\":166,\"caption\":\"Biblioteca Comarcal de Blanes\"},\"image\":{\"@id\":\"https:\\\/\\\/biblioteca.blanes.cat\\\/salajove\\\/#\\\/schema\\\/logo\\\/image\\\/\"},\"sameAs\":[\"https:\\\/\\\/www.facebook.com\\\/BilbiotecaComarcaldeBlanes\\\/\",\"https:\\\/\\\/x.com\\\/BiblioBlanes\",\"https:\\\/\\\/www.instagram.com\\\/biblioblanes\\\/\",\"https:\\\/\\\/www.pinterest.es\\\/bblanes\\\/\",\"https:\\\/\\\/www.youtube.com\\\/c\\\/BibliotecaComarcalBlanes\"]}]}<\/script>\n<!-- \/ Yoast SEO plugin. -->","yoast_head_json":{"title":"FES-ME PENSAR - Sala Jove","robots":{"index":"index","follow":"follow","max-snippet":"max-snippet:-1","max-image-preview":"max-image-preview:large","max-video-preview":"max-video-preview:-1"},"canonical":"https:\/\/biblioteca.blanes.cat\/salajove\/fes-me-pensar\/","og_locale":"ca_ES","og_type":"article","og_title":"FES-ME PENSAR - Sala Jove","og_description":"CONCURS DE FOTOGRAFIA FILOS\u00d2FICA Fes-me pensar! \u00e9s un concurs de fotografia filos\u00f2fica impulsat pels tres instituts de Blanes, S&#8217;Agulla, Serrallarga i Sa Palomera. Inspirats en l\u2019Olimp\u00edada de Filosofia de Catalunya, proposa a l\u2019alumnat un repte filos\u00f2fic de caire fotogr\u00e0fic. L\u2019objectiu","og_url":"https:\/\/biblioteca.blanes.cat\/salajove\/fes-me-pensar\/","og_site_name":"Sala Jove","article_publisher":"https:\/\/www.facebook.com\/BilbiotecaComarcaldeBlanes\/","article_modified_time":"2026-04-27T16:06:18+00:00","og_image":[{"url":"https:\/\/biblioteca.blanes.cat\/salajove\/wp-content\/uploads\/sites\/3\/2023\/11\/Fes-me-pensar2023-212x300.jpg","type":"","width":"","height":""}],"twitter_card":"summary_large_image","twitter_site":"@BiblioBlanes","twitter_misc":{"Temps estimat de lectura":"2 minuts"},"schema":{"@context":"https:\/\/schema.org","@graph":[{"@type":"WebPage","@id":"https:\/\/biblioteca.blanes.cat\/salajove\/fes-me-pensar\/","url":"https:\/\/biblioteca.blanes.cat\/salajove\/fes-me-pensar\/","name":"FES-ME PENSAR - Sala Jove","isPartOf":{"@id":"https:\/\/biblioteca.blanes.cat\/salajove\/#website"},"primaryImageOfPage":{"@id":"https:\/\/biblioteca.blanes.cat\/salajove\/fes-me-pensar\/#primaryimage"},"image":{"@id":"https:\/\/biblioteca.blanes.cat\/salajove\/fes-me-pensar\/#primaryimage"},"thumbnailUrl":"https:\/\/biblioteca.blanes.cat\/salajove\/wp-content\/uploads\/sites\/3\/2023\/11\/Fes-me-pensar2023-212x300.jpg","datePublished":"2024-01-31T17:39:24+00:00","dateModified":"2026-04-27T16:06:18+00:00","breadcrumb":{"@id":"https:\/\/biblioteca.blanes.cat\/salajove\/fes-me-pensar\/#breadcrumb"},"inLanguage":"ca","potentialAction":[{"@type":"ReadAction","target":["https:\/\/biblioteca.blanes.cat\/salajove\/fes-me-pensar\/"]}]},{"@type":"ImageObject","inLanguage":"ca","@id":"https:\/\/biblioteca.blanes.cat\/salajove\/fes-me-pensar\/#primaryimage","url":"https:\/\/biblioteca.blanes.cat\/salajove\/wp-content\/uploads\/sites\/3\/2023\/11\/Fes-me-pensar2023.jpg","contentUrl":"https:\/\/biblioteca.blanes.cat\/salajove\/wp-content\/uploads\/sites\/3\/2023\/11\/Fes-me-pensar2023.jpg","width":1587,"height":2245},{"@type":"BreadcrumbList","@id":"https:\/\/biblioteca.blanes.cat\/salajove\/fes-me-pensar\/#breadcrumb","itemListElement":[{"@type":"ListItem","position":1,"name":"Inici","item":"https:\/\/biblioteca.blanes.cat\/salajove\/"},{"@type":"ListItem","position":2,"name":"FES-ME PENSAR"}]},{"@type":"WebSite","@id":"https:\/\/biblioteca.blanes.cat\/salajove\/#website","url":"https:\/\/biblioteca.blanes.cat\/salajove\/","name":"Sala Jove","description":"Biblioteca Comarcal de Blanes","publisher":{"@id":"https:\/\/biblioteca.blanes.cat\/salajove\/#organization"},"potentialAction":[{"@type":"SearchAction","target":{"@type":"EntryPoint","urlTemplate":"https:\/\/biblioteca.blanes.cat\/salajove\/?s={search_term_string}"},"query-input":{"@type":"PropertyValueSpecification","valueRequired":true,"valueName":"search_term_string"}}],"inLanguage":"ca"},{"@type":"Organization","@id":"https:\/\/biblioteca.blanes.cat\/salajove\/#organization","name":"Biblioteca Comarcal de Blanes","url":"https:\/\/biblioteca.blanes.cat\/salajove\/","logo":{"@type":"ImageObject","inLanguage":"ca","@id":"https:\/\/biblioteca.blanes.cat\/salajove\/#\/schema\/logo\/image\/","url":"https:\/\/biblioteca.blanes.cat\/salajove\/wp-content\/uploads\/sites\/3\/2017\/09\/cropped-Bib-blau-e1518869380535.png","contentUrl":"https:\/\/biblioteca.blanes.cat\/salajove\/wp-content\/uploads\/sites\/3\/2017\/09\/cropped-Bib-blau-e1518869380535.png","width":166,"height":166,"caption":"Biblioteca Comarcal de Blanes"},"image":{"@id":"https:\/\/biblioteca.blanes.cat\/salajove\/#\/schema\/logo\/image\/"},"sameAs":["https:\/\/www.facebook.com\/BilbiotecaComarcaldeBlanes\/","https:\/\/x.com\/BiblioBlanes","https:\/\/www.instagram.com\/biblioblanes\/","https:\/\/www.pinterest.es\/bblanes\/","https:\/\/www.youtube.com\/c\/BibliotecaComarcalBlanes"]}]}},"_links":{"self":[{"href":"https:\/\/biblioteca.blanes.cat\/salajove\/wp-json\/wp\/v2\/pages\/8370","targetHints":{"allow":["GET"]}}],"collection":[{"href":"https:\/\/biblioteca.blanes.cat\/salajove\/wp-json\/wp\/v2\/pages"}],"about":[{"href":"https:\/\/biblioteca.blanes.cat\/salajove\/wp-json\/wp\/v2\/types\/page"}],"author":[{"embeddable":true,"href":"https:\/\/biblioteca.blanes.cat\/salajove\/wp-json\/wp\/v2\/users\/4"}],"replies":[{"embeddable":true,"href":"https:\/\/biblioteca.blanes.cat\/salajove\/wp-json\/wp\/v2\/comments?post=8370"}],"version-history":[{"count":10,"href":"https:\/\/biblioteca.blanes.cat\/salajove\/wp-json\/wp\/v2\/pages\/8370\/revisions"}],"predecessor-version":[{"id":10609,"href":"https:\/\/biblioteca.blanes.cat\/salajove\/wp-json\/wp\/v2\/pages\/8370\/revisions\/10609"}],"wp:attachment":[{"href":"https:\/\/biblioteca.blanes.cat\/salajove\/wp-json\/wp\/v2\/media?parent=8370"}],"curies":[{"name":"wp","href":"https:\/\/api.w.org\/{rel}","templated":true}]}}