{"id":753,"date":"2018-01-11T15:00:44","date_gmt":"2018-01-11T14:00:44","guid":{"rendered":"https:\/\/biblioteca.blanes.cat\/salajove\/?page_id=753"},"modified":"2024-06-17T12:50:03","modified_gmt":"2024-06-17T11:50:03","slug":"visites","status":"publish","type":"page","link":"https:\/\/biblioteca.blanes.cat\/salajove\/visites\/","title":{"rendered":"VISITES"},"content":{"rendered":"<hr \/>\n<h1 style=\"text-align: center;\">Visites a la Biblioteca<\/h1>\n<p style=\"text-align: center;\">La biblioteca ofereix un servei de formaci\u00f3 d&#8217;usuaris que t\u00e9 com a principals objectius la <strong>informaci\u00f3<span class=\"Apple-converted-space\">\u00a0<\/span><\/strong>sobre els seus recursos, serveis i activitats i la<span class=\"Apple-converted-space\">\u00a0<\/span><strong>instrucci\u00f3, assessorament i orientaci\u00f3<\/strong><span class=\"Apple-converted-space\">\u00a0<\/span>en el seu \u00fas espec\u00edfic i en el seu funcionament i organitzaci\u00f3 general.<\/p>\n<hr \/>\n<hr \/>\n<p style=\"text-align: center;\">Per al <strong>p\u00fablic jove<\/strong> tenim diferents tipus de formaci\u00f3:<\/p>\n<p style=\"text-align: center;\"><span style=\"background-color: #ffffff;\"><strong><span style=\"color: #333399;\">VISITES ESCOLARS:<\/span> <\/strong><strong>adre\u00e7ades al p\u00fablic juvenil escolaritzat.<\/strong><\/span><\/p>\n<p style=\"text-align: center;\">La biblioteca ofereix suport a la tasca pedag\u00f2gica de mestres i professorat, acollint grups d\u2019estudiants en la franja d\u2019horari escolar amb activitats espec\u00edfiques i en l\u2019horari habitual de la biblioteca amb activitats pr\u00f2pies.<\/p>\n<ul style=\"list-style-type: circle;\">\n<li>\n<blockquote><p><em><strong>EDUCACI\u00d3 SECUND\u00c0RIA<\/strong><\/em><\/p><\/blockquote>\n<\/li>\n<\/ul>\n<p><strong><img fetchpriority=\"high\" decoding=\"async\" class=\"alignleft wp-image-6822 size-medium\" src=\"https:\/\/biblioteca.blanes.cat\/salajove\/wp-content\/uploads\/sites\/3\/2022\/03\/1r_Sagulla_031120211-300x225.jpg\" alt=\"\" width=\"300\" height=\"225\" srcset=\"https:\/\/biblioteca.blanes.cat\/salajove\/wp-content\/uploads\/sites\/3\/2022\/03\/1r_Sagulla_031120211-300x225.jpg 300w, https:\/\/biblioteca.blanes.cat\/salajove\/wp-content\/uploads\/sites\/3\/2022\/03\/1r_Sagulla_031120211.jpg 640w\" sizes=\"(max-width: 300px) 100vw, 300px\" \/>1r ESO: Assassinat a la Biblioteca<\/strong><\/p>\n<p>Formareu part d&#8217;una ag\u00e8ncia de detectius. Necessitareu trobar un seguit de pistes per tal d&#8217;esbrinar qui \u00e9s l&#8217;assass\u00ed.<\/p>\n<p><strong>2n ESO: Real vs Virtual<\/strong><\/p>\n<p>Aprendreu a fer servir, de forma amena i divertida, tots els recursos que ofereix la biblioteca, la plataforma BiblioDigital, cercar documents al cat\u00e0leg o localitzar un llibre a la prestatgeria&#8230;<\/p>\n<p><strong>3r ESO: Llums, c\u00e0mera&#8230; Acci\u00f3!<img decoding=\"async\" class=\"wp-image-6824  alignleft\" src=\"https:\/\/biblioteca.blanes.cat\/salajove\/wp-content\/uploads\/sites\/3\/2022\/03\/IMG_8056.jpgOpenElement-300x225.jpg\" alt=\"\" width=\"304\" height=\"228\" srcset=\"https:\/\/biblioteca.blanes.cat\/salajove\/wp-content\/uploads\/sites\/3\/2022\/03\/IMG_8056.jpgOpenElement-300x225.jpg 300w, https:\/\/biblioteca.blanes.cat\/salajove\/wp-content\/uploads\/sites\/3\/2022\/03\/IMG_8056.jpgOpenElement.jpg 640w\" sizes=\"(max-width: 304px) 100vw, 304px\" \/><\/strong><\/p>\n<p>Us convertireu en directors de cinema per un dia, la vostra missi\u00f3: ser\u00e0 gravar una pel\u00b7l\u00edcula a la biblioteca. Ho aconseguireu?<\/p>\n<p><strong>4t ESO: Sigues Influencer<\/strong><\/p>\n<p>Sabeu que existeixen molts tipus d&#8217;influencers? I que alguns d&#8217;ells tenen idees molt interessants? Descobriu que se sent en convertir-se en influencer per un moment.<\/p>\n<ul style=\"list-style-type: circle;\">\n<li>\n<blockquote><p><em><strong>BATXILLERAT<\/strong><\/em><b><b><b><br \/>\n<\/b><\/b><\/b><\/p><\/blockquote>\n<\/li>\n<\/ul>\n<p><strong>Cerquem informaci\u00f3 per al Treball de Recerca <\/strong><\/p>\n<p>El taller de recerca d\u2019informaci\u00f3 est\u00e0 adre\u00e7at a alumnes de 1r curs de batxillerat i t\u00e9 com a objectiu facilitar el recull de la literatura cient\u00edfica i\/o t\u00e8cnica necess\u00e0ria per a l\u2019elaboraci\u00f3 del TdR de l\u2019alumne.<\/p>\n<p>El taller est\u00e0 organitzat en una sessi\u00f3 presencial i consisteix en una visita guiada a la biblioteca on s\u2019explicar\u00e0 als alumnes el funcionament dels serveis generals de la biblioteca, la p\u00e0gina web i l\u2019entorn virtual Moodle, i 5 m\u00f2duls virtuals.<b><\/b><\/p>\n<ul style=\"list-style-type: square;\">\n<li data-tadv-p=\"keep\">M\u00f2dul 1: Selecci\u00f3 de fonts d\u2019informaci\u00f3. Informaci\u00f3 a Internet: creaci\u00f3 i configuraci\u00f3 d\u2019alertes i agregadors, xarxes socials professionals, enciclop\u00e8dies en l\u00ednia i imatges.<\/li>\n<li data-tadv-p=\"keep\">M\u00f2dul 2: Acc\u00e9s al cat\u00e0leg. Revistes i llibres electr\u00f2nics.<\/li>\n<li data-tadv-p=\"keep\">M\u00f2dul 3: Bases de dades i cercadors<\/li>\n<li data-tadv-p=\"keep\">M\u00f2dul 4: Com citar les fonts d\u2019informaci\u00f3<\/li>\n<li data-tadv-p=\"keep\">M\u00f2dul 5: Elaboraci\u00f3 d\u2019una bases de dades bibliogr\u00e0fica pr\u00f2pia. Els gestors de refer\u00e8ncies<\/li>\n<\/ul>\n<p style=\"text-align: center;\"><span style=\"background-color: #ffffff;\"><b><span style=\"color: #333399;\">VISITES GUIADES:<\/span> <\/b><strong>adre\u00e7ades a qualsevol persona interessada a con\u00e8ixer el funcionament de la biblioteca i dels seus serveis.<\/strong><\/span><\/p>\n<hr \/>\n<blockquote>\n<p style=\"text-align: center;\"><strong>SOL\u00b7LICITUDS:<\/strong> durant tot el curs escolar.<\/p>\n<p style=\"text-align: center;\"><strong>M\u00e9s informaci\u00f3:<\/strong><b><br \/>\n<\/b><a href=\"mailto:biblioteca@blanes.cat\">biblioteca@blanes.cat<\/a> o 972 35 80 33\u00a0<b><br \/>\n<\/b><\/p>\n<\/blockquote>\n<p style=\"text-align: center;\"><a href=\"https:\/\/biblioteca.blanes.cat\/salajove\/?page_id=936&amp;preview=true\" target=\"_blank\" rel=\"noopener\"><img decoding=\"async\" class=\"alignnone wp-image-767 size-medium\" src=\"https:\/\/biblioteca.blanes.cat\/salajove\/wp-content\/uploads\/sites\/3\/2018\/01\/Galeria-dimatges-300x65.png\" alt=\"\" width=\"300\" height=\"65\" srcset=\"https:\/\/biblioteca.blanes.cat\/salajove\/wp-content\/uploads\/sites\/3\/2018\/01\/Galeria-dimatges-300x65.png 300w, https:\/\/biblioteca.blanes.cat\/salajove\/wp-content\/uploads\/sites\/3\/2018\/01\/Galeria-dimatges.png 688w\" sizes=\"(max-width: 300px) 100vw, 300px\" \/><\/a><\/p>\n","protected":false},"excerpt":{"rendered":"<p>Visites a la Biblioteca La biblioteca ofereix un servei de formaci\u00f3 d&#8217;usuaris que t\u00e9 com a principals objectius la informaci\u00f3\u00a0sobre els seus recursos, serveis i activitats i la\u00a0instrucci\u00f3, assessorament i orientaci\u00f3\u00a0en el seu \u00fas espec\u00edfic i en el seu funcionament<\/p>\n","protected":false},"author":4,"featured_media":0,"parent":0,"menu_order":0,"comment_status":"closed","ping_status":"closed","template":"","meta":{"sfsi_plus_gutenberg_text_before_share":"","sfsi_plus_gutenberg_show_text_before_share":"","sfsi_plus_gutenberg_icon_type":"","sfsi_plus_gutenberg_icon_alignemt":"","sfsi_plus_gutenburg_max_per_row":"","footnotes":""},"class_list":["post-753","page","type-page","status-publish","hentry"],"yoast_head":"<!-- This site is optimized with the Yoast SEO plugin v27.5 - https:\/\/yoast.com\/product\/yoast-seo-wordpress\/ -->\n<title>visites: La biblioteca ofereix un servei de formaci\u00f3 d&#039;usuaris<\/title>\n<meta name=\"description\" content=\"visites escolars per a Secund\u00e0ria i Batxillerat - Formaci\u00f3 sobre els recursos i serveis de la biblioteca i com utilitzar-los.\" \/>\n<meta name=\"robots\" content=\"index, follow, max-snippet:-1, max-image-preview:large, max-video-preview:-1\" \/>\n<link rel=\"canonical\" href=\"https:\/\/biblioteca.blanes.cat\/salajove\/visites\/\" \/>\n<meta property=\"og:locale\" content=\"ca_ES\" \/>\n<meta property=\"og:type\" content=\"article\" \/>\n<meta property=\"og:title\" content=\"visites: La biblioteca ofereix un servei de formaci\u00f3 d&#039;usuaris\" \/>\n<meta property=\"og:description\" content=\"visites escolars per a Secund\u00e0ria i Batxillerat - Formaci\u00f3 sobre els recursos i serveis de la biblioteca i com utilitzar-los.\" \/>\n<meta property=\"og:url\" content=\"https:\/\/biblioteca.blanes.cat\/salajove\/visites\/\" \/>\n<meta property=\"og:site_name\" content=\"Sala Jove\" \/>\n<meta property=\"article:publisher\" content=\"https:\/\/www.facebook.com\/BilbiotecaComarcaldeBlanes\/\" \/>\n<meta property=\"article:modified_time\" content=\"2024-06-17T11:50:03+00:00\" \/>\n<meta property=\"og:image\" content=\"https:\/\/biblioteca.blanes.cat\/salajove\/wp-content\/uploads\/sites\/3\/2022\/03\/1r_Sagulla_031120211-300x225.jpg\" \/>\n<meta name=\"twitter:card\" content=\"summary_large_image\" \/>\n<meta name=\"twitter:site\" content=\"@BiblioBlanes\" \/>\n<meta name=\"twitter:label1\" content=\"Temps estimat de lectura\" \/>\n\t<meta name=\"twitter:data1\" content=\"3 minuts\" \/>\n<script type=\"application\/ld+json\" class=\"yoast-schema-graph\">{\"@context\":\"https:\\\/\\\/schema.org\",\"@graph\":[{\"@type\":\"WebPage\",\"@id\":\"https:\\\/\\\/biblioteca.blanes.cat\\\/salajove\\\/visites\\\/\",\"url\":\"https:\\\/\\\/biblioteca.blanes.cat\\\/salajove\\\/visites\\\/\",\"name\":\"visites: La biblioteca ofereix un servei de formaci\u00f3 d'usuaris\",\"isPartOf\":{\"@id\":\"https:\\\/\\\/biblioteca.blanes.cat\\\/salajove\\\/#website\"},\"primaryImageOfPage\":{\"@id\":\"https:\\\/\\\/biblioteca.blanes.cat\\\/salajove\\\/visites\\\/#primaryimage\"},\"image\":{\"@id\":\"https:\\\/\\\/biblioteca.blanes.cat\\\/salajove\\\/visites\\\/#primaryimage\"},\"thumbnailUrl\":\"https:\\\/\\\/biblioteca.blanes.cat\\\/salajove\\\/wp-content\\\/uploads\\\/sites\\\/3\\\/2022\\\/03\\\/1r_Sagulla_031120211-300x225.jpg\",\"datePublished\":\"2018-01-11T14:00:44+00:00\",\"dateModified\":\"2024-06-17T11:50:03+00:00\",\"description\":\"visites escolars per a Secund\u00e0ria i Batxillerat - Formaci\u00f3 sobre els recursos i serveis de la biblioteca i com utilitzar-los.\",\"breadcrumb\":{\"@id\":\"https:\\\/\\\/biblioteca.blanes.cat\\\/salajove\\\/visites\\\/#breadcrumb\"},\"inLanguage\":\"ca\",\"potentialAction\":[{\"@type\":\"ReadAction\",\"target\":[\"https:\\\/\\\/biblioteca.blanes.cat\\\/salajove\\\/visites\\\/\"]}]},{\"@type\":\"ImageObject\",\"inLanguage\":\"ca\",\"@id\":\"https:\\\/\\\/biblioteca.blanes.cat\\\/salajove\\\/visites\\\/#primaryimage\",\"url\":\"https:\\\/\\\/biblioteca.blanes.cat\\\/salajove\\\/wp-content\\\/uploads\\\/sites\\\/3\\\/2022\\\/03\\\/1r_Sagulla_031120211.jpg\",\"contentUrl\":\"https:\\\/\\\/biblioteca.blanes.cat\\\/salajove\\\/wp-content\\\/uploads\\\/sites\\\/3\\\/2022\\\/03\\\/1r_Sagulla_031120211.jpg\",\"width\":640,\"height\":480},{\"@type\":\"BreadcrumbList\",\"@id\":\"https:\\\/\\\/biblioteca.blanes.cat\\\/salajove\\\/visites\\\/#breadcrumb\",\"itemListElement\":[{\"@type\":\"ListItem\",\"position\":1,\"name\":\"Inici\",\"item\":\"https:\\\/\\\/biblioteca.blanes.cat\\\/salajove\\\/\"},{\"@type\":\"ListItem\",\"position\":2,\"name\":\"VISITES\"}]},{\"@type\":\"WebSite\",\"@id\":\"https:\\\/\\\/biblioteca.blanes.cat\\\/salajove\\\/#website\",\"url\":\"https:\\\/\\\/biblioteca.blanes.cat\\\/salajove\\\/\",\"name\":\"Sala Jove\",\"description\":\"Biblioteca Comarcal de Blanes\",\"publisher\":{\"@id\":\"https:\\\/\\\/biblioteca.blanes.cat\\\/salajove\\\/#organization\"},\"potentialAction\":[{\"@type\":\"SearchAction\",\"target\":{\"@type\":\"EntryPoint\",\"urlTemplate\":\"https:\\\/\\\/biblioteca.blanes.cat\\\/salajove\\\/?s={search_term_string}\"},\"query-input\":{\"@type\":\"PropertyValueSpecification\",\"valueRequired\":true,\"valueName\":\"search_term_string\"}}],\"inLanguage\":\"ca\"},{\"@type\":\"Organization\",\"@id\":\"https:\\\/\\\/biblioteca.blanes.cat\\\/salajove\\\/#organization\",\"name\":\"Biblioteca Comarcal de Blanes\",\"url\":\"https:\\\/\\\/biblioteca.blanes.cat\\\/salajove\\\/\",\"logo\":{\"@type\":\"ImageObject\",\"inLanguage\":\"ca\",\"@id\":\"https:\\\/\\\/biblioteca.blanes.cat\\\/salajove\\\/#\\\/schema\\\/logo\\\/image\\\/\",\"url\":\"https:\\\/\\\/biblioteca.blanes.cat\\\/salajove\\\/wp-content\\\/uploads\\\/sites\\\/3\\\/2017\\\/09\\\/cropped-Bib-blau-e1518869380535.png\",\"contentUrl\":\"https:\\\/\\\/biblioteca.blanes.cat\\\/salajove\\\/wp-content\\\/uploads\\\/sites\\\/3\\\/2017\\\/09\\\/cropped-Bib-blau-e1518869380535.png\",\"width\":166,\"height\":166,\"caption\":\"Biblioteca Comarcal de Blanes\"},\"image\":{\"@id\":\"https:\\\/\\\/biblioteca.blanes.cat\\\/salajove\\\/#\\\/schema\\\/logo\\\/image\\\/\"},\"sameAs\":[\"https:\\\/\\\/www.facebook.com\\\/BilbiotecaComarcaldeBlanes\\\/\",\"https:\\\/\\\/x.com\\\/BiblioBlanes\",\"https:\\\/\\\/www.instagram.com\\\/biblioblanes\\\/\",\"https:\\\/\\\/www.pinterest.es\\\/bblanes\\\/\",\"https:\\\/\\\/www.youtube.com\\\/c\\\/BibliotecaComarcalBlanes\"]}]}<\/script>\n<!-- \/ Yoast SEO plugin. -->","yoast_head_json":{"title":"visites: La biblioteca ofereix un servei de formaci\u00f3 d'usuaris","description":"visites escolars per a Secund\u00e0ria i Batxillerat - Formaci\u00f3 sobre els recursos i serveis de la biblioteca i com utilitzar-los.","robots":{"index":"index","follow":"follow","max-snippet":"max-snippet:-1","max-image-preview":"max-image-preview:large","max-video-preview":"max-video-preview:-1"},"canonical":"https:\/\/biblioteca.blanes.cat\/salajove\/visites\/","og_locale":"ca_ES","og_type":"article","og_title":"visites: La biblioteca ofereix un servei de formaci\u00f3 d'usuaris","og_description":"visites escolars per a Secund\u00e0ria i Batxillerat - Formaci\u00f3 sobre els recursos i serveis de la biblioteca i com utilitzar-los.","og_url":"https:\/\/biblioteca.blanes.cat\/salajove\/visites\/","og_site_name":"Sala Jove","article_publisher":"https:\/\/www.facebook.com\/BilbiotecaComarcaldeBlanes\/","article_modified_time":"2024-06-17T11:50:03+00:00","og_image":[{"url":"https:\/\/biblioteca.blanes.cat\/salajove\/wp-content\/uploads\/sites\/3\/2022\/03\/1r_Sagulla_031120211-300x225.jpg","type":"","width":"","height":""}],"twitter_card":"summary_large_image","twitter_site":"@BiblioBlanes","twitter_misc":{"Temps estimat de lectura":"3 minuts"},"schema":{"@context":"https:\/\/schema.org","@graph":[{"@type":"WebPage","@id":"https:\/\/biblioteca.blanes.cat\/salajove\/visites\/","url":"https:\/\/biblioteca.blanes.cat\/salajove\/visites\/","name":"visites: La biblioteca ofereix un servei de formaci\u00f3 d'usuaris","isPartOf":{"@id":"https:\/\/biblioteca.blanes.cat\/salajove\/#website"},"primaryImageOfPage":{"@id":"https:\/\/biblioteca.blanes.cat\/salajove\/visites\/#primaryimage"},"image":{"@id":"https:\/\/biblioteca.blanes.cat\/salajove\/visites\/#primaryimage"},"thumbnailUrl":"https:\/\/biblioteca.blanes.cat\/salajove\/wp-content\/uploads\/sites\/3\/2022\/03\/1r_Sagulla_031120211-300x225.jpg","datePublished":"2018-01-11T14:00:44+00:00","dateModified":"2024-06-17T11:50:03+00:00","description":"visites escolars per a Secund\u00e0ria i Batxillerat - Formaci\u00f3 sobre els recursos i serveis de la biblioteca i com utilitzar-los.","breadcrumb":{"@id":"https:\/\/biblioteca.blanes.cat\/salajove\/visites\/#breadcrumb"},"inLanguage":"ca","potentialAction":[{"@type":"ReadAction","target":["https:\/\/biblioteca.blanes.cat\/salajove\/visites\/"]}]},{"@type":"ImageObject","inLanguage":"ca","@id":"https:\/\/biblioteca.blanes.cat\/salajove\/visites\/#primaryimage","url":"https:\/\/biblioteca.blanes.cat\/salajove\/wp-content\/uploads\/sites\/3\/2022\/03\/1r_Sagulla_031120211.jpg","contentUrl":"https:\/\/biblioteca.blanes.cat\/salajove\/wp-content\/uploads\/sites\/3\/2022\/03\/1r_Sagulla_031120211.jpg","width":640,"height":480},{"@type":"BreadcrumbList","@id":"https:\/\/biblioteca.blanes.cat\/salajove\/visites\/#breadcrumb","itemListElement":[{"@type":"ListItem","position":1,"name":"Inici","item":"https:\/\/biblioteca.blanes.cat\/salajove\/"},{"@type":"ListItem","position":2,"name":"VISITES"}]},{"@type":"WebSite","@id":"https:\/\/biblioteca.blanes.cat\/salajove\/#website","url":"https:\/\/biblioteca.blanes.cat\/salajove\/","name":"Sala Jove","description":"Biblioteca Comarcal de Blanes","publisher":{"@id":"https:\/\/biblioteca.blanes.cat\/salajove\/#organization"},"potentialAction":[{"@type":"SearchAction","target":{"@type":"EntryPoint","urlTemplate":"https:\/\/biblioteca.blanes.cat\/salajove\/?s={search_term_string}"},"query-input":{"@type":"PropertyValueSpecification","valueRequired":true,"valueName":"search_term_string"}}],"inLanguage":"ca"},{"@type":"Organization","@id":"https:\/\/biblioteca.blanes.cat\/salajove\/#organization","name":"Biblioteca Comarcal de Blanes","url":"https:\/\/biblioteca.blanes.cat\/salajove\/","logo":{"@type":"ImageObject","inLanguage":"ca","@id":"https:\/\/biblioteca.blanes.cat\/salajove\/#\/schema\/logo\/image\/","url":"https:\/\/biblioteca.blanes.cat\/salajove\/wp-content\/uploads\/sites\/3\/2017\/09\/cropped-Bib-blau-e1518869380535.png","contentUrl":"https:\/\/biblioteca.blanes.cat\/salajove\/wp-content\/uploads\/sites\/3\/2017\/09\/cropped-Bib-blau-e1518869380535.png","width":166,"height":166,"caption":"Biblioteca Comarcal de Blanes"},"image":{"@id":"https:\/\/biblioteca.blanes.cat\/salajove\/#\/schema\/logo\/image\/"},"sameAs":["https:\/\/www.facebook.com\/BilbiotecaComarcaldeBlanes\/","https:\/\/x.com\/BiblioBlanes","https:\/\/www.instagram.com\/biblioblanes\/","https:\/\/www.pinterest.es\/bblanes\/","https:\/\/www.youtube.com\/c\/BibliotecaComarcalBlanes"]}]}},"_links":{"self":[{"href":"https:\/\/biblioteca.blanes.cat\/salajove\/wp-json\/wp\/v2\/pages\/753","targetHints":{"allow":["GET"]}}],"collection":[{"href":"https:\/\/biblioteca.blanes.cat\/salajove\/wp-json\/wp\/v2\/pages"}],"about":[{"href":"https:\/\/biblioteca.blanes.cat\/salajove\/wp-json\/wp\/v2\/types\/page"}],"author":[{"embeddable":true,"href":"https:\/\/biblioteca.blanes.cat\/salajove\/wp-json\/wp\/v2\/users\/4"}],"replies":[{"embeddable":true,"href":"https:\/\/biblioteca.blanes.cat\/salajove\/wp-json\/wp\/v2\/comments?post=753"}],"version-history":[{"count":44,"href":"https:\/\/biblioteca.blanes.cat\/salajove\/wp-json\/wp\/v2\/pages\/753\/revisions"}],"predecessor-version":[{"id":8650,"href":"https:\/\/biblioteca.blanes.cat\/salajove\/wp-json\/wp\/v2\/pages\/753\/revisions\/8650"}],"wp:attachment":[{"href":"https:\/\/biblioteca.blanes.cat\/salajove\/wp-json\/wp\/v2\/media?parent=753"}],"curies":[{"name":"wp","href":"https:\/\/api.w.org\/{rel}","templated":true}]}}