{"id":484,"date":"2018-02-08T11:33:29","date_gmt":"2018-02-08T10:33:29","guid":{"rendered":"https:\/\/biblioteca.blanes.cat\/salajove\/?page_id=484"},"modified":"2026-04-23T14:20:03","modified_gmt":"2026-04-23T13:20:03","slug":"bollere-historic","status":"publish","type":"page","link":"https:\/\/biblioteca.blanes.cat\/salajove\/bollere-historic\/","title":{"rendered":"Boller\u00e9 &#8211; hist\u00f2ric"},"content":{"rendered":"<h2 style=\"text-align: center;\">Aqu\u00ed trobareu els relats digitalitzats que han participat en totes les edicions del concurs de relats breus per a joves Boller\u00e9<\/h2>\n<div id='gallery-1' class='gallery galleryid-484 gallery-columns-4 gallery-size-medium'><figure class='gallery-item'>\n\t\t\t<div class='gallery-icon portrait'>\n\t\t\t\t<img fetchpriority=\"high\" decoding=\"async\" width=\"212\" height=\"300\" src=\"https:\/\/biblioteca.blanes.cat\/salajove\/wp-content\/uploads\/sites\/3\/2026\/04\/Bollere-2026-_-publi-1-212x300.png\" class=\"attachment-medium size-medium\" alt=\"\" aria-describedby=\"gallery-1-10562\" srcset=\"https:\/\/biblioteca.blanes.cat\/salajove\/wp-content\/uploads\/sites\/3\/2026\/04\/Bollere-2026-_-publi-1-212x300.png 212w, https:\/\/biblioteca.blanes.cat\/salajove\/wp-content\/uploads\/sites\/3\/2026\/04\/Bollere-2026-_-publi-1-722x1024.png 722w, https:\/\/biblioteca.blanes.cat\/salajove\/wp-content\/uploads\/sites\/3\/2026\/04\/Bollere-2026-_-publi-1-768x1089.png 768w, https:\/\/biblioteca.blanes.cat\/salajove\/wp-content\/uploads\/sites\/3\/2026\/04\/Bollere-2026-_-publi-1-1083x1536.png 1083w, https:\/\/biblioteca.blanes.cat\/salajove\/wp-content\/uploads\/sites\/3\/2026\/04\/Bollere-2026-_-publi-1.png 1410w\" sizes=\"(max-width: 212px) 100vw, 212px\" \/>\n\t\t\t<\/div>\n\t\t\t\t<figcaption class='wp-caption-text gallery-caption' id='gallery-1-10562'>\n\t\t\t\t<a href=\"https:\/\/online.fliphtml5.com\/ojzto\/BOLLERE2026_definitiu_02\/\"target=\"_blank\">Clica la dissetena edici\u00f3<\/a>\n\t\t\t\t<\/figcaption><\/figure><figure class='gallery-item'>\n\t\t\t<div class='gallery-icon portrait'>\n\t\t\t\t<img decoding=\"async\" width=\"211\" height=\"300\" src=\"https:\/\/biblioteca.blanes.cat\/salajove\/wp-content\/uploads\/sites\/3\/2026\/04\/pagina01-211x300.jpg\" class=\"attachment-medium size-medium\" alt=\"\" aria-describedby=\"gallery-1-10555\" srcset=\"https:\/\/biblioteca.blanes.cat\/salajove\/wp-content\/uploads\/sites\/3\/2026\/04\/pagina01-211x300.jpg 211w, https:\/\/biblioteca.blanes.cat\/salajove\/wp-content\/uploads\/sites\/3\/2026\/04\/pagina01-722x1024.jpg 722w, https:\/\/biblioteca.blanes.cat\/salajove\/wp-content\/uploads\/sites\/3\/2026\/04\/pagina01-768x1090.jpg 768w, https:\/\/biblioteca.blanes.cat\/salajove\/wp-content\/uploads\/sites\/3\/2026\/04\/pagina01-1083x1536.jpg 1083w, https:\/\/biblioteca.blanes.cat\/salajove\/wp-content\/uploads\/sites\/3\/2026\/04\/pagina01-1444x2048.jpg 1444w, https:\/\/biblioteca.blanes.cat\/salajove\/wp-content\/uploads\/sites\/3\/2026\/04\/pagina01.jpg 1748w\" sizes=\"(max-width: 211px) 100vw, 211px\" \/>\n\t\t\t<\/div>\n\t\t\t\t<figcaption class='wp-caption-text gallery-caption' id='gallery-1-10555'>\n\t\t\t\t<a href=\"https:\/\/online.fliphtml5.com\/ojzto\/BOLLERE_20242025_SENCER\/\"target=\"_blank\">Clica la setzena edici\u00f3<\/a>\n\t\t\t\t<\/figcaption><\/figure><figure class='gallery-item'>\n\t\t\t<div class='gallery-icon portrait'>\n\t\t\t\t<img decoding=\"async\" width=\"194\" height=\"300\" src=\"https:\/\/biblioteca.blanes.cat\/salajove\/wp-content\/uploads\/sites\/3\/2026\/04\/Bases_15eBollere_2023-194x300.jpg\" class=\"attachment-medium size-medium\" alt=\"\" aria-describedby=\"gallery-1-10553\" srcset=\"https:\/\/biblioteca.blanes.cat\/salajove\/wp-content\/uploads\/sites\/3\/2026\/04\/Bases_15eBollere_2023-194x300.jpg 194w, https:\/\/biblioteca.blanes.cat\/salajove\/wp-content\/uploads\/sites\/3\/2026\/04\/Bases_15eBollere_2023-663x1024.jpg 663w, https:\/\/biblioteca.blanes.cat\/salajove\/wp-content\/uploads\/sites\/3\/2026\/04\/Bases_15eBollere_2023-768x1187.jpg 768w, https:\/\/biblioteca.blanes.cat\/salajove\/wp-content\/uploads\/sites\/3\/2026\/04\/Bases_15eBollere_2023.jpg 825w\" sizes=\"(max-width: 194px) 100vw, 194px\" \/>\n\t\t\t<\/div>\n\t\t\t\t<figcaption class='wp-caption-text gallery-caption' id='gallery-1-10553'>\n\t\t\t\t<a href=\"https:\/\/online.fliphtml5.com\/ojzto\/itoh\/\"target=\"_blank\">Clica la quinzena edici\u00f3<\/a>\n\t\t\t\t<\/figcaption><\/figure><figure class='gallery-item'>\n\t\t\t<div class='gallery-icon portrait'>\n\t\t\t\t<img loading=\"lazy\" decoding=\"async\" width=\"169\" height=\"300\" src=\"https:\/\/biblioteca.blanes.cat\/salajove\/wp-content\/uploads\/sites\/3\/2023\/01\/BiblioBlanes_Bollere2022_14ConcursLiterariRelatsBreusJoves__-169x300.png\" class=\"attachment-medium size-medium\" alt=\"\" aria-describedby=\"gallery-1-7668\" srcset=\"https:\/\/biblioteca.blanes.cat\/salajove\/wp-content\/uploads\/sites\/3\/2023\/01\/BiblioBlanes_Bollere2022_14ConcursLiterariRelatsBreusJoves__-169x300.png 169w, https:\/\/biblioteca.blanes.cat\/salajove\/wp-content\/uploads\/sites\/3\/2023\/01\/BiblioBlanes_Bollere2022_14ConcursLiterariRelatsBreusJoves__-576x1024.png 576w, https:\/\/biblioteca.blanes.cat\/salajove\/wp-content\/uploads\/sites\/3\/2023\/01\/BiblioBlanes_Bollere2022_14ConcursLiterariRelatsBreusJoves__-768x1365.png 768w, https:\/\/biblioteca.blanes.cat\/salajove\/wp-content\/uploads\/sites\/3\/2023\/01\/BiblioBlanes_Bollere2022_14ConcursLiterariRelatsBreusJoves__-864x1536.png 864w, https:\/\/biblioteca.blanes.cat\/salajove\/wp-content\/uploads\/sites\/3\/2023\/01\/BiblioBlanes_Bollere2022_14ConcursLiterariRelatsBreusJoves__.png 1080w\" sizes=\"(max-width: 169px) 100vw, 169px\" \/>\n\t\t\t<\/div>\n\t\t\t\t<figcaption class='wp-caption-text gallery-caption' id='gallery-1-7668'>\n\t\t\t\t<a href=\"https:\/\/issuu.com\/bibliotecacomarcalblanes\/docs\/digitalitzaci_catorz_concurs_de_relats_breus_per\"target=\"_blank\">Clica la catorzena edici\u00f3<\/a>\n\t\t\t\t<\/figcaption><\/figure><figure class='gallery-item'>\n\t\t\t<div class='gallery-icon portrait'>\n\t\t\t\t<img loading=\"lazy\" decoding=\"async\" width=\"194\" height=\"300\" src=\"https:\/\/biblioteca.blanes.cat\/salajove\/wp-content\/uploads\/sites\/3\/2022\/01\/imatge-bollere-2021-blog-194x300.jpg\" class=\"attachment-medium size-medium\" alt=\"\" aria-describedby=\"gallery-1-6524\" srcset=\"https:\/\/biblioteca.blanes.cat\/salajove\/wp-content\/uploads\/sites\/3\/2022\/01\/imatge-bollere-2021-blog-194x300.jpg 194w, https:\/\/biblioteca.blanes.cat\/salajove\/wp-content\/uploads\/sites\/3\/2022\/01\/imatge-bollere-2021-blog-663x1024.jpg 663w, https:\/\/biblioteca.blanes.cat\/salajove\/wp-content\/uploads\/sites\/3\/2022\/01\/imatge-bollere-2021-blog-768x1187.jpg 768w, https:\/\/biblioteca.blanes.cat\/salajove\/wp-content\/uploads\/sites\/3\/2022\/01\/imatge-bollere-2021-blog.jpg 877w\" sizes=\"(max-width: 194px) 100vw, 194px\" \/>\n\t\t\t<\/div>\n\t\t\t\t<figcaption class='wp-caption-text gallery-caption' id='gallery-1-6524'>\n\t\t\t\t<a href=\"https:\/\/issuu.com\/bibliotecacomarcalblanes\/docs\/digitalitzaci_tretz_concurs_de_relats_breus_per_\"target=\"_blank\">Clica la tretzena edici\u00f3<\/a>\n\t\t\t\t<\/figcaption><\/figure><figure class='gallery-item'>\n\t\t\t<div class='gallery-icon portrait'>\n\t\t\t\t<img loading=\"lazy\" decoding=\"async\" width=\"205\" height=\"300\" src=\"https:\/\/biblioteca.blanes.cat\/salajove\/wp-content\/uploads\/sites\/3\/2021\/01\/bollere-bloc-jove-205x300.jpg\" class=\"attachment-medium size-medium\" alt=\"\" aria-describedby=\"gallery-1-5073\" srcset=\"https:\/\/biblioteca.blanes.cat\/salajove\/wp-content\/uploads\/sites\/3\/2021\/01\/bollere-bloc-jove-205x300.jpg 205w, https:\/\/biblioteca.blanes.cat\/salajove\/wp-content\/uploads\/sites\/3\/2021\/01\/bollere-bloc-jove-698x1024.jpg 698w, https:\/\/biblioteca.blanes.cat\/salajove\/wp-content\/uploads\/sites\/3\/2021\/01\/bollere-bloc-jove-768x1127.jpg 768w, https:\/\/biblioteca.blanes.cat\/salajove\/wp-content\/uploads\/sites\/3\/2021\/01\/bollere-bloc-jove.jpg 934w\" sizes=\"(max-width: 205px) 100vw, 205px\" \/>\n\t\t\t<\/div>\n\t\t\t\t<figcaption class='wp-caption-text gallery-caption' id='gallery-1-5073'>\n\t\t\t\t<a href=\"https:\/\/issuu.com\/bibliotecacomarcalblanes\/docs\/dotz__concurs_boller_\"target=\"_blank\">Clica la dotzena edici\u00f3<\/a>\n\t\t\t\t<\/figcaption><\/figure><figure class='gallery-item'>\n\t\t\t<div class='gallery-icon portrait'>\n\t\t\t\t<img loading=\"lazy\" decoding=\"async\" width=\"194\" height=\"300\" src=\"https:\/\/biblioteca.blanes.cat\/salajove\/wp-content\/uploads\/sites\/3\/2018\/02\/bases2019_bloc-1.jpg\" class=\"attachment-medium size-medium\" alt=\"clica a la onzena edici\u00f3\" aria-describedby=\"gallery-1-3654\" \/>\n\t\t\t<\/div>\n\t\t\t\t<figcaption class='wp-caption-text gallery-caption' id='gallery-1-3654'>\n\t\t\t\t<a href=\"https:\/\/issuu.com\/bibliotecacomarcalblanes\/docs\/digitalitzaci__pdf_f41593ea8caaf7\"target=\"_blank\">Clica la onzena edici\u00f3<\/a>\n\t\t\t\t<\/figcaption><\/figure><figure class='gallery-item'>\n\t\t\t<div class='gallery-icon portrait'>\n\t\t\t\t<img loading=\"lazy\" decoding=\"async\" width=\"212\" height=\"300\" src=\"https:\/\/biblioteca.blanes.cat\/salajove\/wp-content\/uploads\/sites\/3\/2018\/02\/1-212x300.jpg\" class=\"attachment-medium size-medium\" alt=\"\" aria-describedby=\"gallery-1-2508\" srcset=\"https:\/\/biblioteca.blanes.cat\/salajove\/wp-content\/uploads\/sites\/3\/2018\/02\/1-212x300.jpg 212w, https:\/\/biblioteca.blanes.cat\/salajove\/wp-content\/uploads\/sites\/3\/2018\/02\/1-768x1086.jpg 768w, https:\/\/biblioteca.blanes.cat\/salajove\/wp-content\/uploads\/sites\/3\/2018\/02\/1-724x1024.jpg 724w, https:\/\/biblioteca.blanes.cat\/salajove\/wp-content\/uploads\/sites\/3\/2018\/02\/1.jpg 877w\" sizes=\"(max-width: 212px) 100vw, 212px\" \/>\n\t\t\t<\/div>\n\t\t\t\t<figcaption class='wp-caption-text gallery-caption' id='gallery-1-2508'>\n\t\t\t\t<a href=\"https:\/\/issuu.com\/bibliotecacomarcalblanes\/docs\/digitalitzaci__des__concurs_de_rela\"target=\"_blank\">Clica la desena edici\u00f3<\/a>\n\t\t\t\t<\/figcaption><\/figure><figure class='gallery-item'>\n\t\t\t<div class='gallery-icon portrait'>\n\t\t\t\t<img loading=\"lazy\" decoding=\"async\" width=\"215\" height=\"300\" src=\"https:\/\/biblioteca.blanes.cat\/salajove\/wp-content\/uploads\/sites\/3\/2018\/02\/09_nov\u00e8_2017-215x300.png\" class=\"attachment-medium size-medium\" alt=\"boller\u00e9\" aria-describedby=\"gallery-1-982\" srcset=\"https:\/\/biblioteca.blanes.cat\/salajove\/wp-content\/uploads\/sites\/3\/2018\/02\/09_nov\u00e8_2017-215x300.png 215w, https:\/\/biblioteca.blanes.cat\/salajove\/wp-content\/uploads\/sites\/3\/2018\/02\/09_nov\u00e8_2017-768x1074.png 768w, https:\/\/biblioteca.blanes.cat\/salajove\/wp-content\/uploads\/sites\/3\/2018\/02\/09_nov\u00e8_2017-732x1024.png 732w\" sizes=\"(max-width: 215px) 100vw, 215px\" \/>\n\t\t\t<\/div>\n\t\t\t\t<figcaption class='wp-caption-text gallery-caption' id='gallery-1-982'>\n\t\t\t\t<a href=\"https:\/\/issuu.com\/bibliotecacomarcalblanes\/docs\/digitalitzaci___9___concurs_boller_\"target=\"_blank\">Clica la novena edici\u00f3<\/a>\n\t\t\t\t<\/figcaption><\/figure><figure class='gallery-item'>\n\t\t\t<div class='gallery-icon portrait'>\n\t\t\t\t<img loading=\"lazy\" decoding=\"async\" width=\"215\" height=\"300\" src=\"https:\/\/biblioteca.blanes.cat\/salajove\/wp-content\/uploads\/sites\/3\/2018\/02\/08_vuit\u00e8_2014-215x300.png\" class=\"attachment-medium size-medium\" alt=\"boller\u00e9\" aria-describedby=\"gallery-1-981\" srcset=\"https:\/\/biblioteca.blanes.cat\/salajove\/wp-content\/uploads\/sites\/3\/2018\/02\/08_vuit\u00e8_2014-215x300.png 215w, https:\/\/biblioteca.blanes.cat\/salajove\/wp-content\/uploads\/sites\/3\/2018\/02\/08_vuit\u00e8_2014-768x1074.png 768w, https:\/\/biblioteca.blanes.cat\/salajove\/wp-content\/uploads\/sites\/3\/2018\/02\/08_vuit\u00e8_2014-733x1024.png 733w\" sizes=\"(max-width: 215px) 100vw, 215px\" \/>\n\t\t\t<\/div>\n\t\t\t\t<figcaption class='wp-caption-text gallery-caption' id='gallery-1-981'>\n\t\t\t\t<a href=\"https:\/\/issuu.com\/bibliotecacomarcalblanes\/docs\/viii___boller___relats_digitalitzat\/32\"target=\"_blank\">Clica la vuitena edici\u00f3<\/a>\n\t\t\t\t<\/figcaption><\/figure><figure class='gallery-item'>\n\t\t\t<div class='gallery-icon portrait'>\n\t\t\t\t<img loading=\"lazy\" decoding=\"async\" width=\"213\" height=\"300\" src=\"https:\/\/biblioteca.blanes.cat\/salajove\/wp-content\/uploads\/sites\/3\/2018\/02\/07_set\u00e8_2013-213x300.png\" class=\"attachment-medium size-medium\" alt=\"boller\u00e9\" aria-describedby=\"gallery-1-980\" srcset=\"https:\/\/biblioteca.blanes.cat\/salajove\/wp-content\/uploads\/sites\/3\/2018\/02\/07_set\u00e8_2013-213x300.png 213w, https:\/\/biblioteca.blanes.cat\/salajove\/wp-content\/uploads\/sites\/3\/2018\/02\/07_set\u00e8_2013.png 660w\" sizes=\"(max-width: 213px) 100vw, 213px\" \/>\n\t\t\t<\/div>\n\t\t\t\t<figcaption class='wp-caption-text gallery-caption' id='gallery-1-980'>\n\t\t\t\t<a href=\"https:\/\/issuu.com\/ajuntament_blanes\/docs\/bollere7\"target=\"_blank\">Clica la setena edici\u00f3<\/a>\n\t\t\t\t<\/figcaption><\/figure><figure class='gallery-item'>\n\t\t\t<div class='gallery-icon portrait'>\n\t\t\t\t<img loading=\"lazy\" decoding=\"async\" width=\"212\" height=\"300\" src=\"https:\/\/biblioteca.blanes.cat\/salajove\/wp-content\/uploads\/sites\/3\/2018\/02\/06_sis\u00e8_2012-212x300.png\" class=\"attachment-medium size-medium\" alt=\"boller\u00e9\" aria-describedby=\"gallery-1-979\" srcset=\"https:\/\/biblioteca.blanes.cat\/salajove\/wp-content\/uploads\/sites\/3\/2018\/02\/06_sis\u00e8_2012-212x300.png 212w, https:\/\/biblioteca.blanes.cat\/salajove\/wp-content\/uploads\/sites\/3\/2018\/02\/06_sis\u00e8_2012.png 657w\" sizes=\"(max-width: 212px) 100vw, 212px\" \/>\n\t\t\t<\/div>\n\t\t\t\t<figcaption class='wp-caption-text gallery-caption' id='gallery-1-979'>\n\t\t\t\t<a href=\"https:\/\/issuu.com\/ajuntament_blanes\/docs\/bollere\"target=\"_blank\">Clica la sisena edici\u00f3<\/a>\n\t\t\t\t<\/figcaption><\/figure><figure class='gallery-item'>\n\t\t\t<div class='gallery-icon portrait'>\n\t\t\t\t<img loading=\"lazy\" decoding=\"async\" width=\"183\" height=\"300\" src=\"https:\/\/biblioteca.blanes.cat\/salajove\/wp-content\/uploads\/sites\/3\/2018\/02\/05_cinqu\u00e8_2011-183x300.png\" class=\"attachment-medium size-medium\" alt=\"boller\u00e9\" aria-describedby=\"gallery-1-983\" srcset=\"https:\/\/biblioteca.blanes.cat\/salajove\/wp-content\/uploads\/sites\/3\/2018\/02\/05_cinqu\u00e8_2011-183x300.png 183w, https:\/\/biblioteca.blanes.cat\/salajove\/wp-content\/uploads\/sites\/3\/2018\/02\/05_cinqu\u00e8_2011-768x1257.png 768w, https:\/\/biblioteca.blanes.cat\/salajove\/wp-content\/uploads\/sites\/3\/2018\/02\/05_cinqu\u00e8_2011-626x1024.png 626w, https:\/\/biblioteca.blanes.cat\/salajove\/wp-content\/uploads\/sites\/3\/2018\/02\/05_cinqu\u00e8_2011.png 886w\" sizes=\"(max-width: 183px) 100vw, 183px\" \/>\n\t\t\t<\/div>\n\t\t\t\t<figcaption class='wp-caption-text gallery-caption' id='gallery-1-983'>\n\t\t\t\t<a href=\"https:\/\/issuu.com\/bibliotecacomarcalblanes\/docs\/bollere_2011\"target=\"_blank\">Clica la cinquena edici\u00f3<\/a>\n\t\t\t\t<\/figcaption><\/figure><figure class='gallery-item'>\n\t\t\t<div class='gallery-icon portrait'>\n\t\t\t\t<img loading=\"lazy\" decoding=\"async\" width=\"182\" height=\"300\" src=\"https:\/\/biblioteca.blanes.cat\/salajove\/wp-content\/uploads\/sites\/3\/2018\/02\/04_quart_2010-182x300.jpg\" class=\"attachment-medium size-medium\" alt=\"boller\u00e9\" aria-describedby=\"gallery-1-978\" srcset=\"https:\/\/biblioteca.blanes.cat\/salajove\/wp-content\/uploads\/sites\/3\/2018\/02\/04_quart_2010-182x300.jpg 182w, https:\/\/biblioteca.blanes.cat\/salajove\/wp-content\/uploads\/sites\/3\/2018\/02\/04_quart_2010-768x1263.jpg 768w, https:\/\/biblioteca.blanes.cat\/salajove\/wp-content\/uploads\/sites\/3\/2018\/02\/04_quart_2010-623x1024.jpg 623w, https:\/\/biblioteca.blanes.cat\/salajove\/wp-content\/uploads\/sites\/3\/2018\/02\/04_quart_2010.jpg 1552w\" sizes=\"(max-width: 182px) 100vw, 182px\" \/>\n\t\t\t<\/div>\n\t\t\t\t<figcaption class='wp-caption-text gallery-caption' id='gallery-1-978'>\n\t\t\t\t<a href=\"https:\/\/issuu.com\/bibliotecacomarcalblanes\/docs\/boller__2010\"target=\"_blank\">Clica la quarta edici\u00f3<\/a>\n\t\t\t\t<\/figcaption><\/figure><figure class='gallery-item'>\n\t\t\t<div class='gallery-icon portrait'>\n\t\t\t\t<img loading=\"lazy\" decoding=\"async\" width=\"180\" height=\"300\" src=\"https:\/\/biblioteca.blanes.cat\/salajove\/wp-content\/uploads\/sites\/3\/2018\/02\/03_tercer_2009-180x300.jpg\" class=\"attachment-medium size-medium\" alt=\"boller\u00e9\" aria-describedby=\"gallery-1-977\" srcset=\"https:\/\/biblioteca.blanes.cat\/salajove\/wp-content\/uploads\/sites\/3\/2018\/02\/03_tercer_2009-180x300.jpg 180w, https:\/\/biblioteca.blanes.cat\/salajove\/wp-content\/uploads\/sites\/3\/2018\/02\/03_tercer_2009-768x1279.jpg 768w, https:\/\/biblioteca.blanes.cat\/salajove\/wp-content\/uploads\/sites\/3\/2018\/02\/03_tercer_2009-615x1024.jpg 615w, https:\/\/biblioteca.blanes.cat\/salajove\/wp-content\/uploads\/sites\/3\/2018\/02\/03_tercer_2009.jpg 1535w\" sizes=\"(max-width: 180px) 100vw, 180px\" \/>\n\t\t\t<\/div>\n\t\t\t\t<figcaption class='wp-caption-text gallery-caption' id='gallery-1-977'>\n\t\t\t\t<a href=\"https:\/\/issuu.com\/bibliotecacomarcalblanes\/docs\/boller__2009\"target=\"_blank\">Clica la tercera edici\u00f3<\/a>\n\t\t\t\t<\/figcaption><\/figure><figure class='gallery-item'>\n\t\t\t<div class='gallery-icon portrait'>\n\t\t\t\t<img loading=\"lazy\" decoding=\"async\" width=\"180\" height=\"300\" src=\"https:\/\/biblioteca.blanes.cat\/salajove\/wp-content\/uploads\/sites\/3\/2018\/02\/02_segon_2008-180x300.jpg\" class=\"attachment-medium size-medium\" alt=\"boller\u00e9\" aria-describedby=\"gallery-1-976\" srcset=\"https:\/\/biblioteca.blanes.cat\/salajove\/wp-content\/uploads\/sites\/3\/2018\/02\/02_segon_2008-180x300.jpg 180w, https:\/\/biblioteca.blanes.cat\/salajove\/wp-content\/uploads\/sites\/3\/2018\/02\/02_segon_2008-768x1282.jpg 768w, https:\/\/biblioteca.blanes.cat\/salajove\/wp-content\/uploads\/sites\/3\/2018\/02\/02_segon_2008-614x1024.jpg 614w, https:\/\/biblioteca.blanes.cat\/salajove\/wp-content\/uploads\/sites\/3\/2018\/02\/02_segon_2008.jpg 1528w\" sizes=\"(max-width: 180px) 100vw, 180px\" \/>\n\t\t\t<\/div>\n\t\t\t\t<figcaption class='wp-caption-text gallery-caption' id='gallery-1-976'>\n\t\t\t\t<a href=\"https:\/\/issuu.com\/bibliotecacomarcalblanes\/docs\/bollere_2011\"target=\"_blank\">Clica la segona edici\u00f3<\/a>\n\t\t\t\t<\/figcaption><\/figure>\n\t\t<\/div>\n\n\n","protected":false},"excerpt":{"rendered":"<p>Aqu\u00ed trobareu els relats digitalitzats que han participat en totes les edicions del concurs de relats breus per a joves Boller\u00e9<\/p>\n","protected":false},"author":4,"featured_media":0,"parent":0,"menu_order":0,"comment_status":"closed","ping_status":"closed","template":"","meta":{"sfsi_plus_gutenberg_text_before_share":"","sfsi_plus_gutenberg_show_text_before_share":"","sfsi_plus_gutenberg_icon_type":"","sfsi_plus_gutenberg_icon_alignemt":"","sfsi_plus_gutenburg_max_per_row":"","footnotes":""},"class_list":["post-484","page","type-page","status-publish","hentry"],"yoast_head":"<!-- This site is optimized with the Yoast SEO plugin v27.5 - https:\/\/yoast.com\/product\/yoast-seo-wordpress\/ -->\n<title>boller\u00e9 - Hist\u00f2ric \/ relats finalistes i guanyadors de totes les edicions<\/title>\n<meta name=\"description\" content=\"boller\u00e9 - Hist\u00f2ric. Aqu\u00ed trobareu els relats digitalitzats que han participat en totes les edicions del concurs de relats breus per a joves boller\u00e9.\" \/>\n<meta name=\"robots\" content=\"index, follow, max-snippet:-1, max-image-preview:large, max-video-preview:-1\" \/>\n<link rel=\"canonical\" href=\"https:\/\/biblioteca.blanes.cat\/salajove\/bollere-historic\/\" \/>\n<meta property=\"og:locale\" content=\"ca_ES\" \/>\n<meta property=\"og:type\" content=\"article\" \/>\n<meta property=\"og:title\" content=\"boller\u00e9 - Hist\u00f2ric \/ relats finalistes i guanyadors de totes les edicions\" \/>\n<meta property=\"og:description\" content=\"boller\u00e9 - Hist\u00f2ric. Aqu\u00ed trobareu els relats digitalitzats que han participat en totes les edicions del concurs de relats breus per a joves boller\u00e9.\" \/>\n<meta property=\"og:url\" content=\"https:\/\/biblioteca.blanes.cat\/salajove\/bollere-historic\/\" \/>\n<meta property=\"og:site_name\" content=\"Sala Jove\" \/>\n<meta property=\"article:publisher\" content=\"https:\/\/www.facebook.com\/BilbiotecaComarcaldeBlanes\/\" \/>\n<meta property=\"article:modified_time\" content=\"2026-04-23T13:20:03+00:00\" \/>\n<meta property=\"og:image\" content=\"https:\/\/biblioteca.blanes.cat\/salajove\/wp-content\/uploads\/sites\/3\/2026\/04\/Bollere-2026-_-publi-1-212x300.png\" \/>\n<meta name=\"twitter:card\" content=\"summary_large_image\" \/>\n<meta name=\"twitter:site\" content=\"@BiblioBlanes\" \/>\n<meta name=\"twitter:label1\" content=\"Temps estimat de lectura\" \/>\n\t<meta name=\"twitter:data1\" content=\"1 minut\" \/>\n<script type=\"application\/ld+json\" class=\"yoast-schema-graph\">{\"@context\":\"https:\\\/\\\/schema.org\",\"@graph\":[{\"@type\":\"WebPage\",\"@id\":\"https:\\\/\\\/biblioteca.blanes.cat\\\/salajove\\\/bollere-historic\\\/\",\"url\":\"https:\\\/\\\/biblioteca.blanes.cat\\\/salajove\\\/bollere-historic\\\/\",\"name\":\"boller\u00e9 - Hist\u00f2ric \\\/ relats finalistes i guanyadors de totes les edicions\",\"isPartOf\":{\"@id\":\"https:\\\/\\\/biblioteca.blanes.cat\\\/salajove\\\/#website\"},\"datePublished\":\"2018-02-08T10:33:29+00:00\",\"dateModified\":\"2026-04-23T13:20:03+00:00\",\"description\":\"boller\u00e9 - Hist\u00f2ric. Aqu\u00ed trobareu els relats digitalitzats que han participat en totes les edicions del concurs de relats breus per a joves boller\u00e9.\",\"breadcrumb\":{\"@id\":\"https:\\\/\\\/biblioteca.blanes.cat\\\/salajove\\\/bollere-historic\\\/#breadcrumb\"},\"inLanguage\":\"ca\",\"potentialAction\":[{\"@type\":\"ReadAction\",\"target\":[\"https:\\\/\\\/biblioteca.blanes.cat\\\/salajove\\\/bollere-historic\\\/\"]}]},{\"@type\":\"BreadcrumbList\",\"@id\":\"https:\\\/\\\/biblioteca.blanes.cat\\\/salajove\\\/bollere-historic\\\/#breadcrumb\",\"itemListElement\":[{\"@type\":\"ListItem\",\"position\":1,\"name\":\"Inici\",\"item\":\"https:\\\/\\\/biblioteca.blanes.cat\\\/salajove\\\/\"},{\"@type\":\"ListItem\",\"position\":2,\"name\":\"Boller\u00e9 &#8211; hist\u00f2ric\"}]},{\"@type\":\"WebSite\",\"@id\":\"https:\\\/\\\/biblioteca.blanes.cat\\\/salajove\\\/#website\",\"url\":\"https:\\\/\\\/biblioteca.blanes.cat\\\/salajove\\\/\",\"name\":\"Sala Jove\",\"description\":\"Biblioteca Comarcal de Blanes\",\"publisher\":{\"@id\":\"https:\\\/\\\/biblioteca.blanes.cat\\\/salajove\\\/#organization\"},\"potentialAction\":[{\"@type\":\"SearchAction\",\"target\":{\"@type\":\"EntryPoint\",\"urlTemplate\":\"https:\\\/\\\/biblioteca.blanes.cat\\\/salajove\\\/?s={search_term_string}\"},\"query-input\":{\"@type\":\"PropertyValueSpecification\",\"valueRequired\":true,\"valueName\":\"search_term_string\"}}],\"inLanguage\":\"ca\"},{\"@type\":\"Organization\",\"@id\":\"https:\\\/\\\/biblioteca.blanes.cat\\\/salajove\\\/#organization\",\"name\":\"Biblioteca Comarcal de Blanes\",\"url\":\"https:\\\/\\\/biblioteca.blanes.cat\\\/salajove\\\/\",\"logo\":{\"@type\":\"ImageObject\",\"inLanguage\":\"ca\",\"@id\":\"https:\\\/\\\/biblioteca.blanes.cat\\\/salajove\\\/#\\\/schema\\\/logo\\\/image\\\/\",\"url\":\"https:\\\/\\\/biblioteca.blanes.cat\\\/salajove\\\/wp-content\\\/uploads\\\/sites\\\/3\\\/2017\\\/09\\\/cropped-Bib-blau-e1518869380535.png\",\"contentUrl\":\"https:\\\/\\\/biblioteca.blanes.cat\\\/salajove\\\/wp-content\\\/uploads\\\/sites\\\/3\\\/2017\\\/09\\\/cropped-Bib-blau-e1518869380535.png\",\"width\":166,\"height\":166,\"caption\":\"Biblioteca Comarcal de Blanes\"},\"image\":{\"@id\":\"https:\\\/\\\/biblioteca.blanes.cat\\\/salajove\\\/#\\\/schema\\\/logo\\\/image\\\/\"},\"sameAs\":[\"https:\\\/\\\/www.facebook.com\\\/BilbiotecaComarcaldeBlanes\\\/\",\"https:\\\/\\\/x.com\\\/BiblioBlanes\",\"https:\\\/\\\/www.instagram.com\\\/biblioblanes\\\/\",\"https:\\\/\\\/www.pinterest.es\\\/bblanes\\\/\",\"https:\\\/\\\/www.youtube.com\\\/c\\\/BibliotecaComarcalBlanes\"]}]}<\/script>\n<!-- \/ Yoast SEO plugin. -->","yoast_head_json":{"title":"boller\u00e9 - Hist\u00f2ric \/ relats finalistes i guanyadors de totes les edicions","description":"boller\u00e9 - Hist\u00f2ric. Aqu\u00ed trobareu els relats digitalitzats que han participat en totes les edicions del concurs de relats breus per a joves boller\u00e9.","robots":{"index":"index","follow":"follow","max-snippet":"max-snippet:-1","max-image-preview":"max-image-preview:large","max-video-preview":"max-video-preview:-1"},"canonical":"https:\/\/biblioteca.blanes.cat\/salajove\/bollere-historic\/","og_locale":"ca_ES","og_type":"article","og_title":"boller\u00e9 - Hist\u00f2ric \/ relats finalistes i guanyadors de totes les edicions","og_description":"boller\u00e9 - Hist\u00f2ric. Aqu\u00ed trobareu els relats digitalitzats que han participat en totes les edicions del concurs de relats breus per a joves boller\u00e9.","og_url":"https:\/\/biblioteca.blanes.cat\/salajove\/bollere-historic\/","og_site_name":"Sala Jove","article_publisher":"https:\/\/www.facebook.com\/BilbiotecaComarcaldeBlanes\/","article_modified_time":"2026-04-23T13:20:03+00:00","og_image":[{"url":"https:\/\/biblioteca.blanes.cat\/salajove\/wp-content\/uploads\/sites\/3\/2026\/04\/Bollere-2026-_-publi-1-212x300.png","type":"","width":"","height":""}],"twitter_card":"summary_large_image","twitter_site":"@BiblioBlanes","twitter_misc":{"Temps estimat de lectura":"1 minut"},"schema":{"@context":"https:\/\/schema.org","@graph":[{"@type":"WebPage","@id":"https:\/\/biblioteca.blanes.cat\/salajove\/bollere-historic\/","url":"https:\/\/biblioteca.blanes.cat\/salajove\/bollere-historic\/","name":"boller\u00e9 - Hist\u00f2ric \/ relats finalistes i guanyadors de totes les edicions","isPartOf":{"@id":"https:\/\/biblioteca.blanes.cat\/salajove\/#website"},"datePublished":"2018-02-08T10:33:29+00:00","dateModified":"2026-04-23T13:20:03+00:00","description":"boller\u00e9 - Hist\u00f2ric. Aqu\u00ed trobareu els relats digitalitzats que han participat en totes les edicions del concurs de relats breus per a joves boller\u00e9.","breadcrumb":{"@id":"https:\/\/biblioteca.blanes.cat\/salajove\/bollere-historic\/#breadcrumb"},"inLanguage":"ca","potentialAction":[{"@type":"ReadAction","target":["https:\/\/biblioteca.blanes.cat\/salajove\/bollere-historic\/"]}]},{"@type":"BreadcrumbList","@id":"https:\/\/biblioteca.blanes.cat\/salajove\/bollere-historic\/#breadcrumb","itemListElement":[{"@type":"ListItem","position":1,"name":"Inici","item":"https:\/\/biblioteca.blanes.cat\/salajove\/"},{"@type":"ListItem","position":2,"name":"Boller\u00e9 &#8211; hist\u00f2ric"}]},{"@type":"WebSite","@id":"https:\/\/biblioteca.blanes.cat\/salajove\/#website","url":"https:\/\/biblioteca.blanes.cat\/salajove\/","name":"Sala Jove","description":"Biblioteca Comarcal de Blanes","publisher":{"@id":"https:\/\/biblioteca.blanes.cat\/salajove\/#organization"},"potentialAction":[{"@type":"SearchAction","target":{"@type":"EntryPoint","urlTemplate":"https:\/\/biblioteca.blanes.cat\/salajove\/?s={search_term_string}"},"query-input":{"@type":"PropertyValueSpecification","valueRequired":true,"valueName":"search_term_string"}}],"inLanguage":"ca"},{"@type":"Organization","@id":"https:\/\/biblioteca.blanes.cat\/salajove\/#organization","name":"Biblioteca Comarcal de Blanes","url":"https:\/\/biblioteca.blanes.cat\/salajove\/","logo":{"@type":"ImageObject","inLanguage":"ca","@id":"https:\/\/biblioteca.blanes.cat\/salajove\/#\/schema\/logo\/image\/","url":"https:\/\/biblioteca.blanes.cat\/salajove\/wp-content\/uploads\/sites\/3\/2017\/09\/cropped-Bib-blau-e1518869380535.png","contentUrl":"https:\/\/biblioteca.blanes.cat\/salajove\/wp-content\/uploads\/sites\/3\/2017\/09\/cropped-Bib-blau-e1518869380535.png","width":166,"height":166,"caption":"Biblioteca Comarcal de Blanes"},"image":{"@id":"https:\/\/biblioteca.blanes.cat\/salajove\/#\/schema\/logo\/image\/"},"sameAs":["https:\/\/www.facebook.com\/BilbiotecaComarcaldeBlanes\/","https:\/\/x.com\/BiblioBlanes","https:\/\/www.instagram.com\/biblioblanes\/","https:\/\/www.pinterest.es\/bblanes\/","https:\/\/www.youtube.com\/c\/BibliotecaComarcalBlanes"]}]}},"_links":{"self":[{"href":"https:\/\/biblioteca.blanes.cat\/salajove\/wp-json\/wp\/v2\/pages\/484","targetHints":{"allow":["GET"]}}],"collection":[{"href":"https:\/\/biblioteca.blanes.cat\/salajove\/wp-json\/wp\/v2\/pages"}],"about":[{"href":"https:\/\/biblioteca.blanes.cat\/salajove\/wp-json\/wp\/v2\/types\/page"}],"author":[{"embeddable":true,"href":"https:\/\/biblioteca.blanes.cat\/salajove\/wp-json\/wp\/v2\/users\/4"}],"replies":[{"embeddable":true,"href":"https:\/\/biblioteca.blanes.cat\/salajove\/wp-json\/wp\/v2\/comments?post=484"}],"version-history":[{"count":28,"href":"https:\/\/biblioteca.blanes.cat\/salajove\/wp-json\/wp\/v2\/pages\/484\/revisions"}],"predecessor-version":[{"id":10565,"href":"https:\/\/biblioteca.blanes.cat\/salajove\/wp-json\/wp\/v2\/pages\/484\/revisions\/10565"}],"wp:attachment":[{"href":"https:\/\/biblioteca.blanes.cat\/salajove\/wp-json\/wp\/v2\/media?parent=484"}],"curies":[{"name":"wp","href":"https:\/\/api.w.org\/{rel}","templated":true}]}}