{"id":3877,"date":"2020-04-08T17:47:27","date_gmt":"2020-04-08T16:47:27","guid":{"rendered":"https:\/\/biblioteca.blanes.cat\/salajove\/?page_id=3877"},"modified":"2025-10-29T19:48:54","modified_gmt":"2025-10-29T18:48:54","slug":"dansa","status":"publish","type":"page","link":"https:\/\/biblioteca.blanes.cat\/salajove\/fons-juvenil\/dansa\/","title":{"rendered":"DANSA"},"content":{"rendered":"<p style=\"text-align: center;\"><span style=\"font-size: 36px;\"><strong>Dansa<\/strong><\/span><\/p>\n<p style=\"text-align: center;\">La <strong>Biblioteca Roberto Bola\u00f1o de Blanes<\/strong> t\u00e9 com a objectiu especialitzar una part del seu fons a l&#8217;entorn del tema de la <span style=\"color: #ff00ff;\"><strong>dansa<\/strong><\/span>, donat que Blanes \u00e9s un municipi amb una gran inquietud pel que fa a la pr\u00e0ctica d&#8217;aquesta disciplina.<\/p>\n<p style=\"text-align: center;\">A Blanes hi ha escoles de dansa d&#8217;una marcada traject\u00f2ria i s\u00f3n nombroses les entitats que d&#8217;alguna manera estan vinculades amb aquesta tem\u00e0tica.<\/p>\n<p style=\"text-align: center;\">El centre d&#8217;inter\u00e8s DANSA va n\u00e9ixer l&#8217;any 2016 i es va iniciar amb el festival de dansa que es va dur a terme durant la revetlla de Sant Jordi d&#8217;aquell any. Els documents \u00a0per a adults es troben situats a la planta altell i els infantils i juvenils a les sales respectives.<\/p>\n<p style=\"text-align: center;\">Cada mes d&#8217;abril, per commemorar el Dia Mundial de la Dansa, la Biblioteca actualitzar\u00e0 la guia bibliogr\u00e0fica sobre la Dansa.<\/p>\n<h1 style=\"text-align: center;\" data-tadv-p=\"keep\"><em><span style=\"color: #ff00ff;\"><a style=\"color: #ff00ff;\" href=\"https:\/\/biblioteca.blanes.cat\/salajove\/wp-content\/uploads\/sites\/3\/2025\/10\/Guia-Dansa_2025.pdf\" target=\"_blank\" rel=\"noopener\">Guia de Dansa<\/a><\/span><\/em><\/h1>\n<p style=\"text-align: center;\">Feu una ullada a totes les activitats relacionades amb la dansa que la Biblioteca Comarcal de Blanes ofereix als usuaris<\/p>\n<p><a href=\"https:\/\/biblioteca.blanes.cat\/salajove\/category\/dansa\/\"><img fetchpriority=\"high\" decoding=\"async\" class=\"aligncenter wp-image-3894\" src=\"https:\/\/biblioteca.blanes.cat\/salajove\/wp-content\/uploads\/sites\/3\/2020\/04\/DANSA2-1-220x300.png\" alt=\"\" width=\"350\" height=\"477\" \/><\/a><\/p>\n","protected":false},"excerpt":{"rendered":"<p>Dansa La Biblioteca Roberto Bola\u00f1o de Blanes t\u00e9 com a objectiu especialitzar una part del seu fons a l&#8217;entorn del tema de la dansa, donat que Blanes \u00e9s un municipi amb una gran inquietud pel que fa a la pr\u00e0ctica<\/p>\n","protected":false},"author":4,"featured_media":3874,"parent":3883,"menu_order":0,"comment_status":"closed","ping_status":"closed","template":"","meta":{"sfsi_plus_gutenberg_text_before_share":"","sfsi_plus_gutenberg_show_text_before_share":"","sfsi_plus_gutenberg_icon_type":"","sfsi_plus_gutenberg_icon_alignemt":"","sfsi_plus_gutenburg_max_per_row":"","footnotes":""},"class_list":["post-3877","page","type-page","status-publish","has-post-thumbnail","hentry"],"yoast_head":"<!-- This site is optimized with the Yoast SEO plugin v27.5 - https:\/\/yoast.com\/product\/yoast-seo-wordpress\/ -->\n<title>DANSA - Sala Jove<\/title>\n<meta name=\"robots\" content=\"index, follow, max-snippet:-1, max-image-preview:large, max-video-preview:-1\" \/>\n<link rel=\"canonical\" href=\"https:\/\/biblioteca.blanes.cat\/salajove\/fons-juvenil\/dansa\/\" \/>\n<meta property=\"og:locale\" content=\"ca_ES\" \/>\n<meta property=\"og:type\" content=\"article\" \/>\n<meta property=\"og:title\" content=\"DANSA - Sala Jove\" \/>\n<meta property=\"og:description\" content=\"Dansa La Biblioteca Roberto Bola\u00f1o de Blanes t\u00e9 com a objectiu especialitzar una part del seu fons a l&#8217;entorn del tema de la dansa, donat que Blanes \u00e9s un municipi amb una gran inquietud pel que fa a la pr\u00e0ctica\" \/>\n<meta property=\"og:url\" content=\"https:\/\/biblioteca.blanes.cat\/salajove\/fons-juvenil\/dansa\/\" \/>\n<meta property=\"og:site_name\" content=\"Sala Jove\" \/>\n<meta property=\"article:publisher\" content=\"https:\/\/www.facebook.com\/BilbiotecaComarcaldeBlanes\/\" \/>\n<meta property=\"article:modified_time\" content=\"2025-10-29T18:48:54+00:00\" \/>\n<meta property=\"og:image\" content=\"https:\/\/biblioteca.blanes.cat\/salajove\/wp-content\/uploads\/sites\/3\/2020\/04\/DANSA2-220x300-1.png\" \/>\n\t<meta property=\"og:image:width\" content=\"220\" \/>\n\t<meta property=\"og:image:height\" content=\"300\" \/>\n\t<meta property=\"og:image:type\" content=\"image\/png\" \/>\n<meta name=\"twitter:card\" content=\"summary_large_image\" \/>\n<meta name=\"twitter:site\" content=\"@BiblioBlanes\" \/>\n<meta name=\"twitter:label1\" content=\"Temps estimat de lectura\" \/>\n\t<meta name=\"twitter:data1\" content=\"2 minuts\" \/>\n<script type=\"application\/ld+json\" class=\"yoast-schema-graph\">{\"@context\":\"https:\\\/\\\/schema.org\",\"@graph\":[{\"@type\":\"WebPage\",\"@id\":\"https:\\\/\\\/biblioteca.blanes.cat\\\/salajove\\\/fons-juvenil\\\/dansa\\\/\",\"url\":\"https:\\\/\\\/biblioteca.blanes.cat\\\/salajove\\\/fons-juvenil\\\/dansa\\\/\",\"name\":\"DANSA - Sala Jove\",\"isPartOf\":{\"@id\":\"https:\\\/\\\/biblioteca.blanes.cat\\\/salajove\\\/#website\"},\"primaryImageOfPage\":{\"@id\":\"https:\\\/\\\/biblioteca.blanes.cat\\\/salajove\\\/fons-juvenil\\\/dansa\\\/#primaryimage\"},\"image\":{\"@id\":\"https:\\\/\\\/biblioteca.blanes.cat\\\/salajove\\\/fons-juvenil\\\/dansa\\\/#primaryimage\"},\"thumbnailUrl\":\"https:\\\/\\\/biblioteca.blanes.cat\\\/salajove\\\/wp-content\\\/uploads\\\/sites\\\/3\\\/2020\\\/04\\\/DANSA2-220x300-1.png\",\"datePublished\":\"2020-04-08T16:47:27+00:00\",\"dateModified\":\"2025-10-29T18:48:54+00:00\",\"breadcrumb\":{\"@id\":\"https:\\\/\\\/biblioteca.blanes.cat\\\/salajove\\\/fons-juvenil\\\/dansa\\\/#breadcrumb\"},\"inLanguage\":\"ca\",\"potentialAction\":[{\"@type\":\"ReadAction\",\"target\":[\"https:\\\/\\\/biblioteca.blanes.cat\\\/salajove\\\/fons-juvenil\\\/dansa\\\/\"]}]},{\"@type\":\"ImageObject\",\"inLanguage\":\"ca\",\"@id\":\"https:\\\/\\\/biblioteca.blanes.cat\\\/salajove\\\/fons-juvenil\\\/dansa\\\/#primaryimage\",\"url\":\"https:\\\/\\\/biblioteca.blanes.cat\\\/salajove\\\/wp-content\\\/uploads\\\/sites\\\/3\\\/2020\\\/04\\\/DANSA2-220x300-1.png\",\"contentUrl\":\"https:\\\/\\\/biblioteca.blanes.cat\\\/salajove\\\/wp-content\\\/uploads\\\/sites\\\/3\\\/2020\\\/04\\\/DANSA2-220x300-1.png\",\"width\":220,\"height\":300},{\"@type\":\"BreadcrumbList\",\"@id\":\"https:\\\/\\\/biblioteca.blanes.cat\\\/salajove\\\/fons-juvenil\\\/dansa\\\/#breadcrumb\",\"itemListElement\":[{\"@type\":\"ListItem\",\"position\":1,\"name\":\"Inici\",\"item\":\"https:\\\/\\\/biblioteca.blanes.cat\\\/salajove\\\/\"},{\"@type\":\"ListItem\",\"position\":2,\"name\":\"FONS JUVENIL\",\"item\":\"https:\\\/\\\/biblioteca.blanes.cat\\\/salajove\\\/fons-juvenil\\\/\"},{\"@type\":\"ListItem\",\"position\":3,\"name\":\"DANSA\"}]},{\"@type\":\"WebSite\",\"@id\":\"https:\\\/\\\/biblioteca.blanes.cat\\\/salajove\\\/#website\",\"url\":\"https:\\\/\\\/biblioteca.blanes.cat\\\/salajove\\\/\",\"name\":\"Sala Jove\",\"description\":\"Biblioteca Comarcal de Blanes\",\"publisher\":{\"@id\":\"https:\\\/\\\/biblioteca.blanes.cat\\\/salajove\\\/#organization\"},\"potentialAction\":[{\"@type\":\"SearchAction\",\"target\":{\"@type\":\"EntryPoint\",\"urlTemplate\":\"https:\\\/\\\/biblioteca.blanes.cat\\\/salajove\\\/?s={search_term_string}\"},\"query-input\":{\"@type\":\"PropertyValueSpecification\",\"valueRequired\":true,\"valueName\":\"search_term_string\"}}],\"inLanguage\":\"ca\"},{\"@type\":\"Organization\",\"@id\":\"https:\\\/\\\/biblioteca.blanes.cat\\\/salajove\\\/#organization\",\"name\":\"Biblioteca Comarcal de Blanes\",\"url\":\"https:\\\/\\\/biblioteca.blanes.cat\\\/salajove\\\/\",\"logo\":{\"@type\":\"ImageObject\",\"inLanguage\":\"ca\",\"@id\":\"https:\\\/\\\/biblioteca.blanes.cat\\\/salajove\\\/#\\\/schema\\\/logo\\\/image\\\/\",\"url\":\"https:\\\/\\\/biblioteca.blanes.cat\\\/salajove\\\/wp-content\\\/uploads\\\/sites\\\/3\\\/2017\\\/09\\\/cropped-Bib-blau-e1518869380535.png\",\"contentUrl\":\"https:\\\/\\\/biblioteca.blanes.cat\\\/salajove\\\/wp-content\\\/uploads\\\/sites\\\/3\\\/2017\\\/09\\\/cropped-Bib-blau-e1518869380535.png\",\"width\":166,\"height\":166,\"caption\":\"Biblioteca Comarcal de Blanes\"},\"image\":{\"@id\":\"https:\\\/\\\/biblioteca.blanes.cat\\\/salajove\\\/#\\\/schema\\\/logo\\\/image\\\/\"},\"sameAs\":[\"https:\\\/\\\/www.facebook.com\\\/BilbiotecaComarcaldeBlanes\\\/\",\"https:\\\/\\\/x.com\\\/BiblioBlanes\",\"https:\\\/\\\/www.instagram.com\\\/biblioblanes\\\/\",\"https:\\\/\\\/www.pinterest.es\\\/bblanes\\\/\",\"https:\\\/\\\/www.youtube.com\\\/c\\\/BibliotecaComarcalBlanes\"]}]}<\/script>\n<!-- \/ Yoast SEO plugin. -->","yoast_head_json":{"title":"DANSA - Sala Jove","robots":{"index":"index","follow":"follow","max-snippet":"max-snippet:-1","max-image-preview":"max-image-preview:large","max-video-preview":"max-video-preview:-1"},"canonical":"https:\/\/biblioteca.blanes.cat\/salajove\/fons-juvenil\/dansa\/","og_locale":"ca_ES","og_type":"article","og_title":"DANSA - Sala Jove","og_description":"Dansa La Biblioteca Roberto Bola\u00f1o de Blanes t\u00e9 com a objectiu especialitzar una part del seu fons a l&#8217;entorn del tema de la dansa, donat que Blanes \u00e9s un municipi amb una gran inquietud pel que fa a la pr\u00e0ctica","og_url":"https:\/\/biblioteca.blanes.cat\/salajove\/fons-juvenil\/dansa\/","og_site_name":"Sala Jove","article_publisher":"https:\/\/www.facebook.com\/BilbiotecaComarcaldeBlanes\/","article_modified_time":"2025-10-29T18:48:54+00:00","og_image":[{"width":220,"height":300,"url":"https:\/\/biblioteca.blanes.cat\/salajove\/wp-content\/uploads\/sites\/3\/2020\/04\/DANSA2-220x300-1.png","type":"image\/png"}],"twitter_card":"summary_large_image","twitter_site":"@BiblioBlanes","twitter_misc":{"Temps estimat de lectura":"2 minuts"},"schema":{"@context":"https:\/\/schema.org","@graph":[{"@type":"WebPage","@id":"https:\/\/biblioteca.blanes.cat\/salajove\/fons-juvenil\/dansa\/","url":"https:\/\/biblioteca.blanes.cat\/salajove\/fons-juvenil\/dansa\/","name":"DANSA - Sala Jove","isPartOf":{"@id":"https:\/\/biblioteca.blanes.cat\/salajove\/#website"},"primaryImageOfPage":{"@id":"https:\/\/biblioteca.blanes.cat\/salajove\/fons-juvenil\/dansa\/#primaryimage"},"image":{"@id":"https:\/\/biblioteca.blanes.cat\/salajove\/fons-juvenil\/dansa\/#primaryimage"},"thumbnailUrl":"https:\/\/biblioteca.blanes.cat\/salajove\/wp-content\/uploads\/sites\/3\/2020\/04\/DANSA2-220x300-1.png","datePublished":"2020-04-08T16:47:27+00:00","dateModified":"2025-10-29T18:48:54+00:00","breadcrumb":{"@id":"https:\/\/biblioteca.blanes.cat\/salajove\/fons-juvenil\/dansa\/#breadcrumb"},"inLanguage":"ca","potentialAction":[{"@type":"ReadAction","target":["https:\/\/biblioteca.blanes.cat\/salajove\/fons-juvenil\/dansa\/"]}]},{"@type":"ImageObject","inLanguage":"ca","@id":"https:\/\/biblioteca.blanes.cat\/salajove\/fons-juvenil\/dansa\/#primaryimage","url":"https:\/\/biblioteca.blanes.cat\/salajove\/wp-content\/uploads\/sites\/3\/2020\/04\/DANSA2-220x300-1.png","contentUrl":"https:\/\/biblioteca.blanes.cat\/salajove\/wp-content\/uploads\/sites\/3\/2020\/04\/DANSA2-220x300-1.png","width":220,"height":300},{"@type":"BreadcrumbList","@id":"https:\/\/biblioteca.blanes.cat\/salajove\/fons-juvenil\/dansa\/#breadcrumb","itemListElement":[{"@type":"ListItem","position":1,"name":"Inici","item":"https:\/\/biblioteca.blanes.cat\/salajove\/"},{"@type":"ListItem","position":2,"name":"FONS JUVENIL","item":"https:\/\/biblioteca.blanes.cat\/salajove\/fons-juvenil\/"},{"@type":"ListItem","position":3,"name":"DANSA"}]},{"@type":"WebSite","@id":"https:\/\/biblioteca.blanes.cat\/salajove\/#website","url":"https:\/\/biblioteca.blanes.cat\/salajove\/","name":"Sala Jove","description":"Biblioteca Comarcal de Blanes","publisher":{"@id":"https:\/\/biblioteca.blanes.cat\/salajove\/#organization"},"potentialAction":[{"@type":"SearchAction","target":{"@type":"EntryPoint","urlTemplate":"https:\/\/biblioteca.blanes.cat\/salajove\/?s={search_term_string}"},"query-input":{"@type":"PropertyValueSpecification","valueRequired":true,"valueName":"search_term_string"}}],"inLanguage":"ca"},{"@type":"Organization","@id":"https:\/\/biblioteca.blanes.cat\/salajove\/#organization","name":"Biblioteca Comarcal de Blanes","url":"https:\/\/biblioteca.blanes.cat\/salajove\/","logo":{"@type":"ImageObject","inLanguage":"ca","@id":"https:\/\/biblioteca.blanes.cat\/salajove\/#\/schema\/logo\/image\/","url":"https:\/\/biblioteca.blanes.cat\/salajove\/wp-content\/uploads\/sites\/3\/2017\/09\/cropped-Bib-blau-e1518869380535.png","contentUrl":"https:\/\/biblioteca.blanes.cat\/salajove\/wp-content\/uploads\/sites\/3\/2017\/09\/cropped-Bib-blau-e1518869380535.png","width":166,"height":166,"caption":"Biblioteca Comarcal de Blanes"},"image":{"@id":"https:\/\/biblioteca.blanes.cat\/salajove\/#\/schema\/logo\/image\/"},"sameAs":["https:\/\/www.facebook.com\/BilbiotecaComarcaldeBlanes\/","https:\/\/x.com\/BiblioBlanes","https:\/\/www.instagram.com\/biblioblanes\/","https:\/\/www.pinterest.es\/bblanes\/","https:\/\/www.youtube.com\/c\/BibliotecaComarcalBlanes"]}]}},"_links":{"self":[{"href":"https:\/\/biblioteca.blanes.cat\/salajove\/wp-json\/wp\/v2\/pages\/3877","targetHints":{"allow":["GET"]}}],"collection":[{"href":"https:\/\/biblioteca.blanes.cat\/salajove\/wp-json\/wp\/v2\/pages"}],"about":[{"href":"https:\/\/biblioteca.blanes.cat\/salajove\/wp-json\/wp\/v2\/types\/page"}],"author":[{"embeddable":true,"href":"https:\/\/biblioteca.blanes.cat\/salajove\/wp-json\/wp\/v2\/users\/4"}],"replies":[{"embeddable":true,"href":"https:\/\/biblioteca.blanes.cat\/salajove\/wp-json\/wp\/v2\/comments?post=3877"}],"version-history":[{"count":21,"href":"https:\/\/biblioteca.blanes.cat\/salajove\/wp-json\/wp\/v2\/pages\/3877\/revisions"}],"predecessor-version":[{"id":10209,"href":"https:\/\/biblioteca.blanes.cat\/salajove\/wp-json\/wp\/v2\/pages\/3877\/revisions\/10209"}],"up":[{"embeddable":true,"href":"https:\/\/biblioteca.blanes.cat\/salajove\/wp-json\/wp\/v2\/pages\/3883"}],"wp:featuredmedia":[{"embeddable":true,"href":"https:\/\/biblioteca.blanes.cat\/salajove\/wp-json\/wp\/v2\/media\/3874"}],"wp:attachment":[{"href":"https:\/\/biblioteca.blanes.cat\/salajove\/wp-json\/wp\/v2\/media?parent=3877"}],"curies":[{"name":"wp","href":"https:\/\/api.w.org\/{rel}","templated":true}]}}