{"id":35,"date":"2017-09-27T15:19:27","date_gmt":"2017-09-27T14:19:27","guid":{"rendered":"https:\/\/biblioteca.blanes.cat\/salajove\/?page_id=35"},"modified":"2026-03-03T12:08:40","modified_gmt":"2026-03-03T11:08:40","slug":"bollere-2","status":"publish","type":"page","link":"https:\/\/biblioteca.blanes.cat\/salajove\/bollere-2\/","title":{"rendered":"BOLLER\u00c9"},"content":{"rendered":"<h2 style=\"text-align: center;\">Boller\u00e9, concurs de relats breus per a joves<\/h2>\n<p style=\"text-align: justify;\">L\u2019any 2006, es va iniciar el concurs de relats breus Boller\u00e9. Aquest ha estat molt ben rebut entre la poblaci\u00f3 jove amb vocaci\u00f3 liter\u00e0ria,\u00a0 ja que \u00e9s una oportunitat per poder donar a con\u00e8ixer els seus escrits. El certamen deu el seu nom a la marca del paper de fumar que utilitzava la Generaci\u00f3 del 27, que es va caracteritzar per la joventut dels seus membres. En els seus inicis, l&#8217;Ajuntament de Blanes va comen\u00e7ar a convocar aquest concurs a trav\u00e9s del Departament de Joventut. La vuitena edici\u00f3 del certamen es va organitzar conjuntament des del Departament de Joventut i la Biblioteca Comarcal, la qual des d&#8217;aleshores s&#8217;encarrega de les seg\u00fcents edicions.\u00a0<\/p>\n<p style=\"text-align: justify;\">La finalitat del concurs \u00e9s promoure la creaci\u00f3 liter\u00e0ria entre els joves de 17 a 25 anys. A les \u00faltimes edicions s&#8217;ha afegit la franja de joves de 12 a 16 anys. Per aix\u00f2, actualment, el certamen recull dues categories: la <strong>categoria A<\/strong>, per a joves de 17 a 25 anys, i la <strong>categoria B<\/strong>, per a joves de 12 a 16 anys.<\/p>\n<p>Podeu consultar les bases del concurs d&#8217;aquest any 2026 en <span style=\"color: #0000ff;\"><a style=\"color: #0000ff;\" href=\"https:\/\/biblioteca.blanes.cat\/salajove\/2026\/02\/06\/17a-edicio-del-concurs-de-relats-breus-bollere\/\" target=\"_blank\" rel=\"noopener\">aquest enlla\u00e7<\/a><\/span>. L&#8217;acte de lliurament dels premis ser\u00e0 el <strong>22 d&#8217;abril a les 19 h<\/strong> durant la revetlla de Sant Jordi.<\/p>\n<p style=\"text-align: center;\">Aqu\u00ed trobareu les obres guanyadores de totes les edicions:<\/p>\n<p style=\"text-align: center;\"><img fetchpriority=\"high\" decoding=\"async\" class=\"aligncenter wp-image-7380\" src=\"https:\/\/biblioteca.blanes.cat\/salajove\/wp-content\/uploads\/sites\/3\/2022\/08\/BiblioBlanes_Bollere2022_historic-1024x1024.png\" alt=\"\" width=\"329\" height=\"329\" srcset=\"https:\/\/biblioteca.blanes.cat\/salajove\/wp-content\/uploads\/sites\/3\/2022\/08\/BiblioBlanes_Bollere2022_historic-1024x1024.png 1024w, https:\/\/biblioteca.blanes.cat\/salajove\/wp-content\/uploads\/sites\/3\/2022\/08\/BiblioBlanes_Bollere2022_historic-300x300.png 300w, https:\/\/biblioteca.blanes.cat\/salajove\/wp-content\/uploads\/sites\/3\/2022\/08\/BiblioBlanes_Bollere2022_historic-150x150.png 150w, https:\/\/biblioteca.blanes.cat\/salajove\/wp-content\/uploads\/sites\/3\/2022\/08\/BiblioBlanes_Bollere2022_historic-768x768.png 768w, https:\/\/biblioteca.blanes.cat\/salajove\/wp-content\/uploads\/sites\/3\/2022\/08\/BiblioBlanes_Bollere2022_historic-270x270.png 270w, https:\/\/biblioteca.blanes.cat\/salajove\/wp-content\/uploads\/sites\/3\/2022\/08\/BiblioBlanes_Bollere2022_historic-230x230.png 230w, https:\/\/biblioteca.blanes.cat\/salajove\/wp-content\/uploads\/sites\/3\/2022\/08\/BiblioBlanes_Bollere2022_historic.png 1080w\" sizes=\"(max-width: 329px) 100vw, 329px\" \/><\/p>\n<h1 style=\"text-align: center;\"><a href=\"https:\/\/biblioteca.blanes.cat\/salajove\/bollere-historic\/\" target=\"_blank\" rel=\"noopener\"><strong>Hist\u00f2ric<\/strong><\/a><\/h1>\n<p style=\"text-align: center;\"><a href=\"http:\/\/www.bibgirona.cat\/biblioteca\/blanes\" target=\"_blank\" rel=\"noopener noreferrer\">#biblioblanes<\/a>\u00a0\u00a0\u00a0\u00a0\u00a0<a href=\"https:\/\/biblioteca.blanes.cat\/salajove\/category\/bollere\/\" target=\"_blank\" rel=\"noopener noreferrer\">#boller\u00e9<\/a><\/p>\n\n\n<p><\/p>\n","protected":false},"excerpt":{"rendered":"<p>Boller\u00e9, concurs de relats breus per a joves L\u2019any 2006, es va iniciar el concurs de relats breus Boller\u00e9. Aquest ha estat molt ben rebut entre la poblaci\u00f3 jove amb vocaci\u00f3 liter\u00e0ria,\u00a0 ja que \u00e9s una oportunitat per poder donar<\/p>\n","protected":false},"author":4,"featured_media":3662,"parent":0,"menu_order":0,"comment_status":"closed","ping_status":"closed","template":"","meta":{"sfsi_plus_gutenberg_text_before_share":"","sfsi_plus_gutenberg_show_text_before_share":"","sfsi_plus_gutenberg_icon_type":"","sfsi_plus_gutenberg_icon_alignemt":"","sfsi_plus_gutenburg_max_per_row":"","footnotes":""},"class_list":["post-35","page","type-page","status-publish","has-post-thumbnail","hentry"],"yoast_head":"<!-- This site is optimized with the Yoast SEO plugin v27.5 - https:\/\/yoast.com\/product\/yoast-seo-wordpress\/ -->\n<title>Boller\u00e9<\/title>\n<meta name=\"description\" content=\"Desena convocat\u00f2ria del Concurs de relats breus per a joves boller\u00e9 - La finalitat del concurs \u00e9s promoure la creaci\u00f3 liter\u00e0ria entre els joves de ...\" \/>\n<meta name=\"robots\" content=\"index, follow, max-snippet:-1, max-image-preview:large, max-video-preview:-1\" \/>\n<link rel=\"canonical\" href=\"https:\/\/biblioteca.blanes.cat\/salajove\/bollere-2\/\" \/>\n<meta property=\"og:locale\" content=\"ca_ES\" \/>\n<meta property=\"og:type\" content=\"article\" \/>\n<meta property=\"og:title\" content=\"Boller\u00e9\" \/>\n<meta property=\"og:description\" content=\"Desena convocat\u00f2ria del Concurs de relats breus per a joves boller\u00e9 - La finalitat del concurs \u00e9s promoure la creaci\u00f3 liter\u00e0ria entre els joves de ...\" \/>\n<meta property=\"og:url\" content=\"https:\/\/biblioteca.blanes.cat\/salajove\/bollere-2\/\" \/>\n<meta property=\"og:site_name\" content=\"Sala Jove\" \/>\n<meta property=\"article:publisher\" content=\"https:\/\/www.facebook.com\/BilbiotecaComarcaldeBlanes\/\" \/>\n<meta property=\"article:modified_time\" content=\"2026-03-03T11:08:40+00:00\" \/>\n<meta property=\"og:image\" content=\"https:\/\/biblioteca.blanes.cat\/salajove\/wp-content\/uploads\/sites\/3\/2017\/09\/BiblioBlanes_Boller\u00e92019.jpg\" \/>\n\t<meta property=\"og:image:width\" content=\"886\" \/>\n\t<meta property=\"og:image:height\" content=\"886\" \/>\n\t<meta property=\"og:image:type\" content=\"image\/jpeg\" \/>\n<meta name=\"twitter:card\" content=\"summary_large_image\" \/>\n<meta name=\"twitter:site\" content=\"@BiblioBlanes\" \/>\n<meta name=\"twitter:label1\" content=\"Temps estimat de lectura\" \/>\n\t<meta name=\"twitter:data1\" content=\"2 minuts\" \/>\n<script type=\"application\/ld+json\" class=\"yoast-schema-graph\">{\"@context\":\"https:\\\/\\\/schema.org\",\"@graph\":[{\"@type\":\"WebPage\",\"@id\":\"https:\\\/\\\/biblioteca.blanes.cat\\\/salajove\\\/bollere-2\\\/\",\"url\":\"https:\\\/\\\/biblioteca.blanes.cat\\\/salajove\\\/bollere-2\\\/\",\"name\":\"Boller\u00e9\",\"isPartOf\":{\"@id\":\"https:\\\/\\\/biblioteca.blanes.cat\\\/salajove\\\/#website\"},\"primaryImageOfPage\":{\"@id\":\"https:\\\/\\\/biblioteca.blanes.cat\\\/salajove\\\/bollere-2\\\/#primaryimage\"},\"image\":{\"@id\":\"https:\\\/\\\/biblioteca.blanes.cat\\\/salajove\\\/bollere-2\\\/#primaryimage\"},\"thumbnailUrl\":\"https:\\\/\\\/biblioteca.blanes.cat\\\/salajove\\\/wp-content\\\/uploads\\\/sites\\\/3\\\/2017\\\/09\\\/BiblioBlanes_Boller\u00e92019.jpg\",\"datePublished\":\"2017-09-27T14:19:27+00:00\",\"dateModified\":\"2026-03-03T11:08:40+00:00\",\"description\":\"Desena convocat\u00f2ria del Concurs de relats breus per a joves boller\u00e9 - La finalitat del concurs \u00e9s promoure la creaci\u00f3 liter\u00e0ria entre els joves de ...\",\"breadcrumb\":{\"@id\":\"https:\\\/\\\/biblioteca.blanes.cat\\\/salajove\\\/bollere-2\\\/#breadcrumb\"},\"inLanguage\":\"ca\",\"potentialAction\":[{\"@type\":\"ReadAction\",\"target\":[\"https:\\\/\\\/biblioteca.blanes.cat\\\/salajove\\\/bollere-2\\\/\"]}]},{\"@type\":\"ImageObject\",\"inLanguage\":\"ca\",\"@id\":\"https:\\\/\\\/biblioteca.blanes.cat\\\/salajove\\\/bollere-2\\\/#primaryimage\",\"url\":\"https:\\\/\\\/biblioteca.blanes.cat\\\/salajove\\\/wp-content\\\/uploads\\\/sites\\\/3\\\/2017\\\/09\\\/BiblioBlanes_Boller\u00e92019.jpg\",\"contentUrl\":\"https:\\\/\\\/biblioteca.blanes.cat\\\/salajove\\\/wp-content\\\/uploads\\\/sites\\\/3\\\/2017\\\/09\\\/BiblioBlanes_Boller\u00e92019.jpg\",\"width\":886,\"height\":886},{\"@type\":\"BreadcrumbList\",\"@id\":\"https:\\\/\\\/biblioteca.blanes.cat\\\/salajove\\\/bollere-2\\\/#breadcrumb\",\"itemListElement\":[{\"@type\":\"ListItem\",\"position\":1,\"name\":\"Inici\",\"item\":\"https:\\\/\\\/biblioteca.blanes.cat\\\/salajove\\\/\"},{\"@type\":\"ListItem\",\"position\":2,\"name\":\"BOLLER\u00c9\"}]},{\"@type\":\"WebSite\",\"@id\":\"https:\\\/\\\/biblioteca.blanes.cat\\\/salajove\\\/#website\",\"url\":\"https:\\\/\\\/biblioteca.blanes.cat\\\/salajove\\\/\",\"name\":\"Sala Jove\",\"description\":\"Biblioteca Comarcal de Blanes\",\"publisher\":{\"@id\":\"https:\\\/\\\/biblioteca.blanes.cat\\\/salajove\\\/#organization\"},\"potentialAction\":[{\"@type\":\"SearchAction\",\"target\":{\"@type\":\"EntryPoint\",\"urlTemplate\":\"https:\\\/\\\/biblioteca.blanes.cat\\\/salajove\\\/?s={search_term_string}\"},\"query-input\":{\"@type\":\"PropertyValueSpecification\",\"valueRequired\":true,\"valueName\":\"search_term_string\"}}],\"inLanguage\":\"ca\"},{\"@type\":\"Organization\",\"@id\":\"https:\\\/\\\/biblioteca.blanes.cat\\\/salajove\\\/#organization\",\"name\":\"Biblioteca Comarcal de Blanes\",\"url\":\"https:\\\/\\\/biblioteca.blanes.cat\\\/salajove\\\/\",\"logo\":{\"@type\":\"ImageObject\",\"inLanguage\":\"ca\",\"@id\":\"https:\\\/\\\/biblioteca.blanes.cat\\\/salajove\\\/#\\\/schema\\\/logo\\\/image\\\/\",\"url\":\"https:\\\/\\\/biblioteca.blanes.cat\\\/salajove\\\/wp-content\\\/uploads\\\/sites\\\/3\\\/2017\\\/09\\\/cropped-Bib-blau-e1518869380535.png\",\"contentUrl\":\"https:\\\/\\\/biblioteca.blanes.cat\\\/salajove\\\/wp-content\\\/uploads\\\/sites\\\/3\\\/2017\\\/09\\\/cropped-Bib-blau-e1518869380535.png\",\"width\":166,\"height\":166,\"caption\":\"Biblioteca Comarcal de Blanes\"},\"image\":{\"@id\":\"https:\\\/\\\/biblioteca.blanes.cat\\\/salajove\\\/#\\\/schema\\\/logo\\\/image\\\/\"},\"sameAs\":[\"https:\\\/\\\/www.facebook.com\\\/BilbiotecaComarcaldeBlanes\\\/\",\"https:\\\/\\\/x.com\\\/BiblioBlanes\",\"https:\\\/\\\/www.instagram.com\\\/biblioblanes\\\/\",\"https:\\\/\\\/www.pinterest.es\\\/bblanes\\\/\",\"https:\\\/\\\/www.youtube.com\\\/c\\\/BibliotecaComarcalBlanes\"]}]}<\/script>\n<!-- \/ Yoast SEO plugin. -->","yoast_head_json":{"title":"Boller\u00e9","description":"Desena convocat\u00f2ria del Concurs de relats breus per a joves boller\u00e9 - La finalitat del concurs \u00e9s promoure la creaci\u00f3 liter\u00e0ria entre els joves de ...","robots":{"index":"index","follow":"follow","max-snippet":"max-snippet:-1","max-image-preview":"max-image-preview:large","max-video-preview":"max-video-preview:-1"},"canonical":"https:\/\/biblioteca.blanes.cat\/salajove\/bollere-2\/","og_locale":"ca_ES","og_type":"article","og_title":"Boller\u00e9","og_description":"Desena convocat\u00f2ria del Concurs de relats breus per a joves boller\u00e9 - La finalitat del concurs \u00e9s promoure la creaci\u00f3 liter\u00e0ria entre els joves de ...","og_url":"https:\/\/biblioteca.blanes.cat\/salajove\/bollere-2\/","og_site_name":"Sala Jove","article_publisher":"https:\/\/www.facebook.com\/BilbiotecaComarcaldeBlanes\/","article_modified_time":"2026-03-03T11:08:40+00:00","og_image":[{"width":886,"height":886,"url":"https:\/\/biblioteca.blanes.cat\/salajove\/wp-content\/uploads\/sites\/3\/2017\/09\/BiblioBlanes_Boller\u00e92019.jpg","type":"image\/jpeg"}],"twitter_card":"summary_large_image","twitter_site":"@BiblioBlanes","twitter_misc":{"Temps estimat de lectura":"2 minuts"},"schema":{"@context":"https:\/\/schema.org","@graph":[{"@type":"WebPage","@id":"https:\/\/biblioteca.blanes.cat\/salajove\/bollere-2\/","url":"https:\/\/biblioteca.blanes.cat\/salajove\/bollere-2\/","name":"Boller\u00e9","isPartOf":{"@id":"https:\/\/biblioteca.blanes.cat\/salajove\/#website"},"primaryImageOfPage":{"@id":"https:\/\/biblioteca.blanes.cat\/salajove\/bollere-2\/#primaryimage"},"image":{"@id":"https:\/\/biblioteca.blanes.cat\/salajove\/bollere-2\/#primaryimage"},"thumbnailUrl":"https:\/\/biblioteca.blanes.cat\/salajove\/wp-content\/uploads\/sites\/3\/2017\/09\/BiblioBlanes_Boller\u00e92019.jpg","datePublished":"2017-09-27T14:19:27+00:00","dateModified":"2026-03-03T11:08:40+00:00","description":"Desena convocat\u00f2ria del Concurs de relats breus per a joves boller\u00e9 - La finalitat del concurs \u00e9s promoure la creaci\u00f3 liter\u00e0ria entre els joves de ...","breadcrumb":{"@id":"https:\/\/biblioteca.blanes.cat\/salajove\/bollere-2\/#breadcrumb"},"inLanguage":"ca","potentialAction":[{"@type":"ReadAction","target":["https:\/\/biblioteca.blanes.cat\/salajove\/bollere-2\/"]}]},{"@type":"ImageObject","inLanguage":"ca","@id":"https:\/\/biblioteca.blanes.cat\/salajove\/bollere-2\/#primaryimage","url":"https:\/\/biblioteca.blanes.cat\/salajove\/wp-content\/uploads\/sites\/3\/2017\/09\/BiblioBlanes_Boller\u00e92019.jpg","contentUrl":"https:\/\/biblioteca.blanes.cat\/salajove\/wp-content\/uploads\/sites\/3\/2017\/09\/BiblioBlanes_Boller\u00e92019.jpg","width":886,"height":886},{"@type":"BreadcrumbList","@id":"https:\/\/biblioteca.blanes.cat\/salajove\/bollere-2\/#breadcrumb","itemListElement":[{"@type":"ListItem","position":1,"name":"Inici","item":"https:\/\/biblioteca.blanes.cat\/salajove\/"},{"@type":"ListItem","position":2,"name":"BOLLER\u00c9"}]},{"@type":"WebSite","@id":"https:\/\/biblioteca.blanes.cat\/salajove\/#website","url":"https:\/\/biblioteca.blanes.cat\/salajove\/","name":"Sala Jove","description":"Biblioteca Comarcal de Blanes","publisher":{"@id":"https:\/\/biblioteca.blanes.cat\/salajove\/#organization"},"potentialAction":[{"@type":"SearchAction","target":{"@type":"EntryPoint","urlTemplate":"https:\/\/biblioteca.blanes.cat\/salajove\/?s={search_term_string}"},"query-input":{"@type":"PropertyValueSpecification","valueRequired":true,"valueName":"search_term_string"}}],"inLanguage":"ca"},{"@type":"Organization","@id":"https:\/\/biblioteca.blanes.cat\/salajove\/#organization","name":"Biblioteca Comarcal de Blanes","url":"https:\/\/biblioteca.blanes.cat\/salajove\/","logo":{"@type":"ImageObject","inLanguage":"ca","@id":"https:\/\/biblioteca.blanes.cat\/salajove\/#\/schema\/logo\/image\/","url":"https:\/\/biblioteca.blanes.cat\/salajove\/wp-content\/uploads\/sites\/3\/2017\/09\/cropped-Bib-blau-e1518869380535.png","contentUrl":"https:\/\/biblioteca.blanes.cat\/salajove\/wp-content\/uploads\/sites\/3\/2017\/09\/cropped-Bib-blau-e1518869380535.png","width":166,"height":166,"caption":"Biblioteca Comarcal de Blanes"},"image":{"@id":"https:\/\/biblioteca.blanes.cat\/salajove\/#\/schema\/logo\/image\/"},"sameAs":["https:\/\/www.facebook.com\/BilbiotecaComarcaldeBlanes\/","https:\/\/x.com\/BiblioBlanes","https:\/\/www.instagram.com\/biblioblanes\/","https:\/\/www.pinterest.es\/bblanes\/","https:\/\/www.youtube.com\/c\/BibliotecaComarcalBlanes"]}]}},"_links":{"self":[{"href":"https:\/\/biblioteca.blanes.cat\/salajove\/wp-json\/wp\/v2\/pages\/35","targetHints":{"allow":["GET"]}}],"collection":[{"href":"https:\/\/biblioteca.blanes.cat\/salajove\/wp-json\/wp\/v2\/pages"}],"about":[{"href":"https:\/\/biblioteca.blanes.cat\/salajove\/wp-json\/wp\/v2\/types\/page"}],"author":[{"embeddable":true,"href":"https:\/\/biblioteca.blanes.cat\/salajove\/wp-json\/wp\/v2\/users\/4"}],"replies":[{"embeddable":true,"href":"https:\/\/biblioteca.blanes.cat\/salajove\/wp-json\/wp\/v2\/comments?post=35"}],"version-history":[{"count":60,"href":"https:\/\/biblioteca.blanes.cat\/salajove\/wp-json\/wp\/v2\/pages\/35\/revisions"}],"predecessor-version":[{"id":10493,"href":"https:\/\/biblioteca.blanes.cat\/salajove\/wp-json\/wp\/v2\/pages\/35\/revisions\/10493"}],"wp:featuredmedia":[{"embeddable":true,"href":"https:\/\/biblioteca.blanes.cat\/salajove\/wp-json\/wp\/v2\/media\/3662"}],"wp:attachment":[{"href":"https:\/\/biblioteca.blanes.cat\/salajove\/wp-json\/wp\/v2\/media?parent=35"}],"curies":[{"name":"wp","href":"https:\/\/api.w.org\/{rel}","templated":true}]}}