{"id":293,"date":"2017-09-01T14:27:41","date_gmt":"2017-09-01T13:27:41","guid":{"rendered":"https:\/\/biblioteca.blanes.cat\/salajove\/?page_id=293"},"modified":"2024-07-03T11:31:28","modified_gmt":"2024-07-03T10:31:28","slug":"club-lectura-jove","status":"publish","type":"page","link":"https:\/\/biblioteca.blanes.cat\/salajove\/club-lectura-jove\/","title":{"rendered":"CLUB DE LECTURA JOVE"},"content":{"rendered":"<h2 style=\"text-align: center;\">Club de Lectura Jove<\/h2>\n<h2 style=\"text-align: center;\">Llegim, Viatgem, Somiem<\/h2>\n<p style=\"text-align: center;\">El <strong>Club de Lectura Jove<\/strong> \u00e9s un projecte de la <strong>Biblioteca Comarcal de Blanes<\/strong>.<\/p>\n<p style=\"text-align: center;\">El principal objectiu d&#8217;aquest club \u00e9s fomentar l\u2019h\u00e0bit lector dels joves des del plaer de la lectura.<\/p>\n<p style=\"text-align: center;\">Ens trobem un cop al mes per comentar les lectures amb una mirada personal, on totes les opinions hi tenen cabuda. De manera que aquestes trobades son, tamb\u00e9, una excusa per trobar-nos amb els amics, compartir idees i aficions. Som un club integrador, on intentem que tothom se senti acollit. Cada sessi\u00f3 va acompanyada d&#8217;una din\u00e0mica que ens serveix per aprofundir en la tem\u00e0tica de cada llibre.<\/p>\n<p style=\"text-align: center;\">Aquest club est\u00e0 pensat per a <strong>joves entre 12 i 16 anys<\/strong>. Ens trobem un divendres al mes,\u00a0 <strong>de 17.30 a 19 h<\/strong> a la <strong>Sala Jove<\/strong>.<\/p>\n<p style=\"text-align: center;\">Si en voleu m\u00e9s informaci\u00f3 us podeu adre\u00e7ar a nosaltres a la biblioteca, a trav\u00e9s del tel\u00e8fon <strong>972358033<\/strong>, per <a href=\"mailto:vmoreno@blanes.cat\">correu-e<\/a> a <strong>biblioteca@blanes.cat<\/strong> o a trav\u00e9s de les xarxes socials.<\/p>\n<p style=\"text-align: center;\">Els joves teniu molt a dir!<\/p>\n<p style=\"text-align: center;\"><a href=\"https:\/\/biblioteca.blanes.cat\/salajove\/category\/club-de-lectura\/\"><img fetchpriority=\"high\" decoding=\"async\" class=\"wp-image-4280 size-medium alignleft\" title=\"Club Lectura Jove\" src=\"https:\/\/biblioteca.blanes.cat\/salajove\/wp-content\/uploads\/sites\/3\/2020\/07\/logo-club-de-lectura-2020-1-244x300.jpg\" alt=\"\" width=\"244\" height=\"300\" srcset=\"https:\/\/biblioteca.blanes.cat\/salajove\/wp-content\/uploads\/sites\/3\/2020\/07\/logo-club-de-lectura-2020-1-244x300.jpg 244w, https:\/\/biblioteca.blanes.cat\/salajove\/wp-content\/uploads\/sites\/3\/2020\/07\/logo-club-de-lectura-2020-1-832x1024.jpg 832w, https:\/\/biblioteca.blanes.cat\/salajove\/wp-content\/uploads\/sites\/3\/2020\/07\/logo-club-de-lectura-2020-1-768x945.jpg 768w, https:\/\/biblioteca.blanes.cat\/salajove\/wp-content\/uploads\/sites\/3\/2020\/07\/logo-club-de-lectura-2020-1.jpg 1129w\" sizes=\"(max-width: 244px) 100vw, 244px\" \/><\/a><a href=\"https:\/\/biblioteca.blanes.cat\/salajove\/category\/lectures\"><img decoding=\"async\" class=\"alignnone wp-image-4280 size-medium\" title=\"Club Lectura Jove\" src=\"https:\/\/biblioteca.blanes.cat\/salajove\/wp-content\/uploads\/sites\/3\/2020\/07\/logo-club-de-lectura-2020-1-244x300.jpg\" alt=\"\" width=\"244\" height=\"300\" srcset=\"https:\/\/biblioteca.blanes.cat\/salajove\/wp-content\/uploads\/sites\/3\/2020\/07\/logo-club-de-lectura-2020-1-244x300.jpg 244w, https:\/\/biblioteca.blanes.cat\/salajove\/wp-content\/uploads\/sites\/3\/2020\/07\/logo-club-de-lectura-2020-1-832x1024.jpg 832w, https:\/\/biblioteca.blanes.cat\/salajove\/wp-content\/uploads\/sites\/3\/2020\/07\/logo-club-de-lectura-2020-1-768x945.jpg 768w, https:\/\/biblioteca.blanes.cat\/salajove\/wp-content\/uploads\/sites\/3\/2020\/07\/logo-club-de-lectura-2020-1.jpg 1129w\" sizes=\"(max-width: 244px) 100vw, 244px\" \/><\/a><\/p>\n<p>\u00a0\u00a0\u00a0\u00a0\u00a0\u00a0\u00a0\u00a0\u00a0\u00a0\u00a0\u00a0\u00a0\u00a0\u00a0\u00a0\u00a0 <strong>TROBADES\u00a0\u00a0\u00a0\u00a0\u00a0\u00a0\u00a0\u00a0\u00a0\u00a0\u00a0\u00a0\u00a0\u00a0\u00a0\u00a0\u00a0\u00a0\u00a0\u00a0\u00a0\u00a0\u00a0\u00a0\u00a0\u00a0\u00a0\u00a0\u00a0\u00a0\u00a0\u00a0\u00a0\u00a0\u00a0\u00a0\u00a0\u00a0\u00a0\u00a0\u00a0\u00a0\u00a0 \u00a0 \u00a0 \u00a0 \u00a0 \u00a0 \u00a0 \u00a0 \u00a0 \u00a0 \u00a0 \u00a0 \u00a0\u00a0\u00a0\u00a0 LECTURES<\/strong><\/p>\n<h2 style=\"text-align: center;\"><a href=\"https:\/\/biblioteca.blanes.cat\/salajove\/\">Biblioteca Jove \u2013 Biblioteca Comarcal de Blanes<\/a><\/h2>\n<p style=\"text-align: center;\">\u00a0<\/p>\n\n\n<p><\/p>\n","protected":false},"excerpt":{"rendered":"<p>Club de Lectura Jove Llegim, Viatgem, Somiem El Club de Lectura Jove \u00e9s un projecte de la Biblioteca Comarcal de Blanes. El principal objectiu d&#8217;aquest club \u00e9s fomentar l\u2019h\u00e0bit lector dels joves des del plaer de la lectura. Ens trobem<\/p>\n","protected":false},"author":4,"featured_media":4395,"parent":0,"menu_order":0,"comment_status":"closed","ping_status":"closed","template":"","meta":{"sfsi_plus_gutenberg_text_before_share":"","sfsi_plus_gutenberg_show_text_before_share":"","sfsi_plus_gutenberg_icon_type":"","sfsi_plus_gutenberg_icon_alignemt":"","sfsi_plus_gutenburg_max_per_row":"","footnotes":""},"class_list":["post-293","page","type-page","status-publish","has-post-thumbnail","hentry"],"yoast_head":"<!-- This site is optimized with the Yoast SEO plugin v27.5 - https:\/\/yoast.com\/product\/yoast-seo-wordpress\/ -->\n<title>Club Lectura Jove - Biblioteca Jove Blanes - Un projecte engrescador<\/title>\n<meta name=\"description\" content=\"Club Lectura Jove - Aquest club est\u00e0 pensat per a joves entre 12 i 18 anys i ens trobarem un dijous cada mes de 5h. a 6h.\" \/>\n<meta name=\"robots\" content=\"index, follow, max-snippet:-1, max-image-preview:large, max-video-preview:-1\" \/>\n<link rel=\"canonical\" href=\"https:\/\/biblioteca.blanes.cat\/salajove\/club-lectura-jove\/\" \/>\n<meta property=\"og:locale\" content=\"ca_ES\" \/>\n<meta property=\"og:type\" content=\"article\" \/>\n<meta property=\"og:title\" content=\"Club Lectura Jove - Biblioteca Jove Blanes - Un projecte engrescador\" \/>\n<meta property=\"og:description\" content=\"Club Lectura Jove - Aquest club est\u00e0 pensat per a joves entre 12 i 18 anys i ens trobarem un dijous cada mes de 5h. a 6h.\" \/>\n<meta property=\"og:url\" content=\"https:\/\/biblioteca.blanes.cat\/salajove\/club-lectura-jove\/\" \/>\n<meta property=\"og:site_name\" content=\"Sala Jove\" \/>\n<meta property=\"article:publisher\" content=\"https:\/\/www.facebook.com\/BilbiotecaComarcaldeBlanes\/\" \/>\n<meta property=\"article:modified_time\" content=\"2024-07-03T10:31:28+00:00\" \/>\n<meta property=\"og:image\" content=\"https:\/\/biblioteca.blanes.cat\/salajove\/wp-content\/uploads\/sites\/3\/2020\/09\/logo-club-de-lectura-2020-bloc.jpg\" \/>\n\t<meta property=\"og:image:width\" content=\"100\" \/>\n\t<meta property=\"og:image:height\" content=\"123\" \/>\n\t<meta property=\"og:image:type\" content=\"image\/jpeg\" \/>\n<meta name=\"twitter:card\" content=\"summary_large_image\" \/>\n<meta name=\"twitter:site\" content=\"@BiblioBlanes\" \/>\n<meta name=\"twitter:label1\" content=\"Temps estimat de lectura\" \/>\n\t<meta name=\"twitter:data1\" content=\"2 minuts\" \/>\n<script type=\"application\/ld+json\" class=\"yoast-schema-graph\">{\"@context\":\"https:\\\/\\\/schema.org\",\"@graph\":[{\"@type\":\"WebPage\",\"@id\":\"https:\\\/\\\/biblioteca.blanes.cat\\\/salajove\\\/club-lectura-jove\\\/\",\"url\":\"https:\\\/\\\/biblioteca.blanes.cat\\\/salajove\\\/club-lectura-jove\\\/\",\"name\":\"Club Lectura Jove - Biblioteca Jove Blanes - Un projecte engrescador\",\"isPartOf\":{\"@id\":\"https:\\\/\\\/biblioteca.blanes.cat\\\/salajove\\\/#website\"},\"primaryImageOfPage\":{\"@id\":\"https:\\\/\\\/biblioteca.blanes.cat\\\/salajove\\\/club-lectura-jove\\\/#primaryimage\"},\"image\":{\"@id\":\"https:\\\/\\\/biblioteca.blanes.cat\\\/salajove\\\/club-lectura-jove\\\/#primaryimage\"},\"thumbnailUrl\":\"https:\\\/\\\/biblioteca.blanes.cat\\\/salajove\\\/wp-content\\\/uploads\\\/sites\\\/3\\\/2020\\\/09\\\/logo-club-de-lectura-2020-bloc.jpg\",\"datePublished\":\"2017-09-01T13:27:41+00:00\",\"dateModified\":\"2024-07-03T10:31:28+00:00\",\"description\":\"Club Lectura Jove - Aquest club est\u00e0 pensat per a joves entre 12 i 18 anys i ens trobarem un dijous cada mes de 5h. a 6h.\",\"breadcrumb\":{\"@id\":\"https:\\\/\\\/biblioteca.blanes.cat\\\/salajove\\\/club-lectura-jove\\\/#breadcrumb\"},\"inLanguage\":\"ca\",\"potentialAction\":[{\"@type\":\"ReadAction\",\"target\":[\"https:\\\/\\\/biblioteca.blanes.cat\\\/salajove\\\/club-lectura-jove\\\/\"]}]},{\"@type\":\"ImageObject\",\"inLanguage\":\"ca\",\"@id\":\"https:\\\/\\\/biblioteca.blanes.cat\\\/salajove\\\/club-lectura-jove\\\/#primaryimage\",\"url\":\"https:\\\/\\\/biblioteca.blanes.cat\\\/salajove\\\/wp-content\\\/uploads\\\/sites\\\/3\\\/2020\\\/09\\\/logo-club-de-lectura-2020-bloc.jpg\",\"contentUrl\":\"https:\\\/\\\/biblioteca.blanes.cat\\\/salajove\\\/wp-content\\\/uploads\\\/sites\\\/3\\\/2020\\\/09\\\/logo-club-de-lectura-2020-bloc.jpg\",\"width\":100,\"height\":123},{\"@type\":\"BreadcrumbList\",\"@id\":\"https:\\\/\\\/biblioteca.blanes.cat\\\/salajove\\\/club-lectura-jove\\\/#breadcrumb\",\"itemListElement\":[{\"@type\":\"ListItem\",\"position\":1,\"name\":\"Inici\",\"item\":\"https:\\\/\\\/biblioteca.blanes.cat\\\/salajove\\\/\"},{\"@type\":\"ListItem\",\"position\":2,\"name\":\"CLUB DE LECTURA JOVE\"}]},{\"@type\":\"WebSite\",\"@id\":\"https:\\\/\\\/biblioteca.blanes.cat\\\/salajove\\\/#website\",\"url\":\"https:\\\/\\\/biblioteca.blanes.cat\\\/salajove\\\/\",\"name\":\"Sala Jove\",\"description\":\"Biblioteca Comarcal de Blanes\",\"publisher\":{\"@id\":\"https:\\\/\\\/biblioteca.blanes.cat\\\/salajove\\\/#organization\"},\"potentialAction\":[{\"@type\":\"SearchAction\",\"target\":{\"@type\":\"EntryPoint\",\"urlTemplate\":\"https:\\\/\\\/biblioteca.blanes.cat\\\/salajove\\\/?s={search_term_string}\"},\"query-input\":{\"@type\":\"PropertyValueSpecification\",\"valueRequired\":true,\"valueName\":\"search_term_string\"}}],\"inLanguage\":\"ca\"},{\"@type\":\"Organization\",\"@id\":\"https:\\\/\\\/biblioteca.blanes.cat\\\/salajove\\\/#organization\",\"name\":\"Biblioteca Comarcal de Blanes\",\"url\":\"https:\\\/\\\/biblioteca.blanes.cat\\\/salajove\\\/\",\"logo\":{\"@type\":\"ImageObject\",\"inLanguage\":\"ca\",\"@id\":\"https:\\\/\\\/biblioteca.blanes.cat\\\/salajove\\\/#\\\/schema\\\/logo\\\/image\\\/\",\"url\":\"https:\\\/\\\/biblioteca.blanes.cat\\\/salajove\\\/wp-content\\\/uploads\\\/sites\\\/3\\\/2017\\\/09\\\/cropped-Bib-blau-e1518869380535.png\",\"contentUrl\":\"https:\\\/\\\/biblioteca.blanes.cat\\\/salajove\\\/wp-content\\\/uploads\\\/sites\\\/3\\\/2017\\\/09\\\/cropped-Bib-blau-e1518869380535.png\",\"width\":166,\"height\":166,\"caption\":\"Biblioteca Comarcal de Blanes\"},\"image\":{\"@id\":\"https:\\\/\\\/biblioteca.blanes.cat\\\/salajove\\\/#\\\/schema\\\/logo\\\/image\\\/\"},\"sameAs\":[\"https:\\\/\\\/www.facebook.com\\\/BilbiotecaComarcaldeBlanes\\\/\",\"https:\\\/\\\/x.com\\\/BiblioBlanes\",\"https:\\\/\\\/www.instagram.com\\\/biblioblanes\\\/\",\"https:\\\/\\\/www.pinterest.es\\\/bblanes\\\/\",\"https:\\\/\\\/www.youtube.com\\\/c\\\/BibliotecaComarcalBlanes\"]}]}<\/script>\n<!-- \/ Yoast SEO plugin. -->","yoast_head_json":{"title":"Club Lectura Jove - Biblioteca Jove Blanes - Un projecte engrescador","description":"Club Lectura Jove - Aquest club est\u00e0 pensat per a joves entre 12 i 18 anys i ens trobarem un dijous cada mes de 5h. a 6h.","robots":{"index":"index","follow":"follow","max-snippet":"max-snippet:-1","max-image-preview":"max-image-preview:large","max-video-preview":"max-video-preview:-1"},"canonical":"https:\/\/biblioteca.blanes.cat\/salajove\/club-lectura-jove\/","og_locale":"ca_ES","og_type":"article","og_title":"Club Lectura Jove - Biblioteca Jove Blanes - Un projecte engrescador","og_description":"Club Lectura Jove - Aquest club est\u00e0 pensat per a joves entre 12 i 18 anys i ens trobarem un dijous cada mes de 5h. a 6h.","og_url":"https:\/\/biblioteca.blanes.cat\/salajove\/club-lectura-jove\/","og_site_name":"Sala Jove","article_publisher":"https:\/\/www.facebook.com\/BilbiotecaComarcaldeBlanes\/","article_modified_time":"2024-07-03T10:31:28+00:00","og_image":[{"width":100,"height":123,"url":"https:\/\/biblioteca.blanes.cat\/salajove\/wp-content\/uploads\/sites\/3\/2020\/09\/logo-club-de-lectura-2020-bloc.jpg","type":"image\/jpeg"}],"twitter_card":"summary_large_image","twitter_site":"@BiblioBlanes","twitter_misc":{"Temps estimat de lectura":"2 minuts"},"schema":{"@context":"https:\/\/schema.org","@graph":[{"@type":"WebPage","@id":"https:\/\/biblioteca.blanes.cat\/salajove\/club-lectura-jove\/","url":"https:\/\/biblioteca.blanes.cat\/salajove\/club-lectura-jove\/","name":"Club Lectura Jove - Biblioteca Jove Blanes - Un projecte engrescador","isPartOf":{"@id":"https:\/\/biblioteca.blanes.cat\/salajove\/#website"},"primaryImageOfPage":{"@id":"https:\/\/biblioteca.blanes.cat\/salajove\/club-lectura-jove\/#primaryimage"},"image":{"@id":"https:\/\/biblioteca.blanes.cat\/salajove\/club-lectura-jove\/#primaryimage"},"thumbnailUrl":"https:\/\/biblioteca.blanes.cat\/salajove\/wp-content\/uploads\/sites\/3\/2020\/09\/logo-club-de-lectura-2020-bloc.jpg","datePublished":"2017-09-01T13:27:41+00:00","dateModified":"2024-07-03T10:31:28+00:00","description":"Club Lectura Jove - Aquest club est\u00e0 pensat per a joves entre 12 i 18 anys i ens trobarem un dijous cada mes de 5h. a 6h.","breadcrumb":{"@id":"https:\/\/biblioteca.blanes.cat\/salajove\/club-lectura-jove\/#breadcrumb"},"inLanguage":"ca","potentialAction":[{"@type":"ReadAction","target":["https:\/\/biblioteca.blanes.cat\/salajove\/club-lectura-jove\/"]}]},{"@type":"ImageObject","inLanguage":"ca","@id":"https:\/\/biblioteca.blanes.cat\/salajove\/club-lectura-jove\/#primaryimage","url":"https:\/\/biblioteca.blanes.cat\/salajove\/wp-content\/uploads\/sites\/3\/2020\/09\/logo-club-de-lectura-2020-bloc.jpg","contentUrl":"https:\/\/biblioteca.blanes.cat\/salajove\/wp-content\/uploads\/sites\/3\/2020\/09\/logo-club-de-lectura-2020-bloc.jpg","width":100,"height":123},{"@type":"BreadcrumbList","@id":"https:\/\/biblioteca.blanes.cat\/salajove\/club-lectura-jove\/#breadcrumb","itemListElement":[{"@type":"ListItem","position":1,"name":"Inici","item":"https:\/\/biblioteca.blanes.cat\/salajove\/"},{"@type":"ListItem","position":2,"name":"CLUB DE LECTURA JOVE"}]},{"@type":"WebSite","@id":"https:\/\/biblioteca.blanes.cat\/salajove\/#website","url":"https:\/\/biblioteca.blanes.cat\/salajove\/","name":"Sala Jove","description":"Biblioteca Comarcal de Blanes","publisher":{"@id":"https:\/\/biblioteca.blanes.cat\/salajove\/#organization"},"potentialAction":[{"@type":"SearchAction","target":{"@type":"EntryPoint","urlTemplate":"https:\/\/biblioteca.blanes.cat\/salajove\/?s={search_term_string}"},"query-input":{"@type":"PropertyValueSpecification","valueRequired":true,"valueName":"search_term_string"}}],"inLanguage":"ca"},{"@type":"Organization","@id":"https:\/\/biblioteca.blanes.cat\/salajove\/#organization","name":"Biblioteca Comarcal de Blanes","url":"https:\/\/biblioteca.blanes.cat\/salajove\/","logo":{"@type":"ImageObject","inLanguage":"ca","@id":"https:\/\/biblioteca.blanes.cat\/salajove\/#\/schema\/logo\/image\/","url":"https:\/\/biblioteca.blanes.cat\/salajove\/wp-content\/uploads\/sites\/3\/2017\/09\/cropped-Bib-blau-e1518869380535.png","contentUrl":"https:\/\/biblioteca.blanes.cat\/salajove\/wp-content\/uploads\/sites\/3\/2017\/09\/cropped-Bib-blau-e1518869380535.png","width":166,"height":166,"caption":"Biblioteca Comarcal de Blanes"},"image":{"@id":"https:\/\/biblioteca.blanes.cat\/salajove\/#\/schema\/logo\/image\/"},"sameAs":["https:\/\/www.facebook.com\/BilbiotecaComarcaldeBlanes\/","https:\/\/x.com\/BiblioBlanes","https:\/\/www.instagram.com\/biblioblanes\/","https:\/\/www.pinterest.es\/bblanes\/","https:\/\/www.youtube.com\/c\/BibliotecaComarcalBlanes"]}]}},"_links":{"self":[{"href":"https:\/\/biblioteca.blanes.cat\/salajove\/wp-json\/wp\/v2\/pages\/293","targetHints":{"allow":["GET"]}}],"collection":[{"href":"https:\/\/biblioteca.blanes.cat\/salajove\/wp-json\/wp\/v2\/pages"}],"about":[{"href":"https:\/\/biblioteca.blanes.cat\/salajove\/wp-json\/wp\/v2\/types\/page"}],"author":[{"embeddable":true,"href":"https:\/\/biblioteca.blanes.cat\/salajove\/wp-json\/wp\/v2\/users\/4"}],"replies":[{"embeddable":true,"href":"https:\/\/biblioteca.blanes.cat\/salajove\/wp-json\/wp\/v2\/comments?post=293"}],"version-history":[{"count":37,"href":"https:\/\/biblioteca.blanes.cat\/salajove\/wp-json\/wp\/v2\/pages\/293\/revisions"}],"predecessor-version":[{"id":8749,"href":"https:\/\/biblioteca.blanes.cat\/salajove\/wp-json\/wp\/v2\/pages\/293\/revisions\/8749"}],"wp:featuredmedia":[{"embeddable":true,"href":"https:\/\/biblioteca.blanes.cat\/salajove\/wp-json\/wp\/v2\/media\/4395"}],"wp:attachment":[{"href":"https:\/\/biblioteca.blanes.cat\/salajove\/wp-json\/wp\/v2\/media?parent=293"}],"curies":[{"name":"wp","href":"https:\/\/api.w.org\/{rel}","templated":true}]}}