{"id":230,"date":"2017-10-10T14:53:13","date_gmt":"2017-10-10T13:53:13","guid":{"rendered":"https:\/\/biblioteca.blanes.cat\/salajove\/?page_id=230"},"modified":"2025-07-11T15:31:15","modified_gmt":"2025-07-11T14:31:15","slug":"bibliovacances","status":"publish","type":"page","link":"https:\/\/biblioteca.blanes.cat\/salajove\/bibliovacances\/","title":{"rendered":"BIBLIOVACANCES"},"content":{"rendered":"<h2>Bibliovacances \u00e9s una proposta que fem cada estiu per fomentar la lectura durant els mesos de les vacances escolars.<\/h2>\n<p>\u00c9s\u00a0\u00a0una activitat no dirigida que vol fomentar la lectura i la comprensi\u00f3 lectora proposant diferents lectures. Aquestes son novel\u2022les juvenils recomanades per a joves a partir de 12 anys.<\/p>\n<p>Els participants s\u2019han de llegir els llibres proposats, que estan disponibles a la biblioteca\u00a0i posteriorment resoldre les preguntes, activitats o passatemps relacionats amb cada lectura.<\/p>\n<p><img fetchpriority=\"high\" decoding=\"async\" class=\"aligncenter wp-image-231\" src=\"https:\/\/biblioteca.blanes.cat\/salajove\/wp-content\/uploads\/sites\/3\/2017\/10\/pexels-photo-46274-300x200.jpeg\" alt=\"Bibliovacances\" width=\"378\" height=\"252\" srcset=\"https:\/\/biblioteca.blanes.cat\/salajove\/wp-content\/uploads\/sites\/3\/2017\/10\/pexels-photo-46274-300x200.jpeg 300w, https:\/\/biblioteca.blanes.cat\/salajove\/wp-content\/uploads\/sites\/3\/2017\/10\/pexels-photo-46274.jpeg 526w\" sizes=\"(max-width: 378px) 100vw, 378px\" \/><\/p>\n<p><strong>Bases:<\/strong><\/p>\n<ol>\n<li>Les edats compreses per aquesta activitat s\u00f3n dels 12 als 16 anys.<\/li>\n<li>Aquesta activitat es realitzar\u00e0 durant els mesos de juliol i agost sense cap m\u00e9s temporalitat establerta, \u00e9s a dir, els joves podran venir a la biblioteca en horari d\u2019obertura i llegir els llibres en el moment que ells decideixin.<\/li>\n<li>Els participants hauran d\u2019inscriure\u2019s al taulell de la Sala Infantil, on rebran el llibret de comprensi\u00f3 lectora.<\/li>\n<li>Un cop acabada l\u2019activitat hauran d\u2019entregar el llibret amb el dossier a la Sala Infantil.<\/li>\n<li>Si les activitats del dossier s\u00f3n correctes, es donar\u00e0 un premi i es facilitar\u00e0 als participants la seg\u00fcent prova, que els donar\u00e0 l&#8217;opci\u00f3 d&#8217;aconseguir un nou obsequi.<\/li>\n<\/ol>\n<p>Podeu fer l&#8217;activitat de comprensi\u00f3 lectora d&#8217;altres edicions clicant en els seg\u00fcents enlla\u00e7os:<\/p>\n<p><a href=\"https:\/\/biblioteca.blanes.cat\/salajove\/2025\/07\/09\/biblioglacons-lectures-refrescants-2\/\" target=\"_blank\" rel=\"attachment noopener wp-att-9918\"><img decoding=\"async\" class=\"aligncenter wp-image-9918\" src=\"https:\/\/biblioteca.blanes.cat\/salajove\/wp-content\/uploads\/sites\/3\/2025\/07\/logo-BV-glaceres-joves-212x300.png\" alt=\"\" width=\"175\" height=\"248\" srcset=\"https:\/\/biblioteca.blanes.cat\/salajove\/wp-content\/uploads\/sites\/3\/2025\/07\/logo-BV-glaceres-joves-212x300.png 212w, https:\/\/biblioteca.blanes.cat\/salajove\/wp-content\/uploads\/sites\/3\/2025\/07\/logo-BV-glaceres-joves-724x1024.png 724w, https:\/\/biblioteca.blanes.cat\/salajove\/wp-content\/uploads\/sites\/3\/2025\/07\/logo-BV-glaceres-joves-768x1086.png 768w, https:\/\/biblioteca.blanes.cat\/salajove\/wp-content\/uploads\/sites\/3\/2025\/07\/logo-BV-glaceres-joves-1086x1536.png 1086w, https:\/\/biblioteca.blanes.cat\/salajove\/wp-content\/uploads\/sites\/3\/2025\/07\/logo-BV-glaceres-joves.png 1414w\" sizes=\"(max-width: 175px) 100vw, 175px\" \/><\/a><a href=\"https:\/\/biblioteca.blanes.cat\/salajove\/2024\/07\/24\/bibliovacances-olimpic\/\" target=\"_blank\" rel=\"attachment noopener wp-att-9917\" data-wp-editing=\"1\"><img decoding=\"async\" class=\"aligncenter wp-image-9917\" src=\"https:\/\/biblioteca.blanes.cat\/salajove\/wp-content\/uploads\/sites\/3\/2025\/07\/Logo-normal-300x300.png\" alt=\"\" width=\"222\" height=\"222\" srcset=\"https:\/\/biblioteca.blanes.cat\/salajove\/wp-content\/uploads\/sites\/3\/2025\/07\/Logo-normal-300x300.png 300w, https:\/\/biblioteca.blanes.cat\/salajove\/wp-content\/uploads\/sites\/3\/2025\/07\/Logo-normal-150x150.png 150w, https:\/\/biblioteca.blanes.cat\/salajove\/wp-content\/uploads\/sites\/3\/2025\/07\/Logo-normal-270x270.png 270w, https:\/\/biblioteca.blanes.cat\/salajove\/wp-content\/uploads\/sites\/3\/2025\/07\/Logo-normal-230x230.png 230w, https:\/\/biblioteca.blanes.cat\/salajove\/wp-content\/uploads\/sites\/3\/2025\/07\/Logo-normal.png 500w\" sizes=\"(max-width: 222px) 100vw, 222px\" \/><\/a><\/p>\n<p><a href=\"https:\/\/biblioteca.blanes.cat\/salajove\/2023\/07\/10\/bibliovacances-2023-happybookday-estem-daniversari\/\"><img loading=\"lazy\" decoding=\"async\" class=\"aligncenter wp-image-8088\" src=\"https:\/\/biblioteca.blanes.cat\/salajove\/wp-content\/uploads\/sites\/3\/2023\/07\/1-212x300.png\" alt=\"\" width=\"160\" height=\"226\" srcset=\"https:\/\/biblioteca.blanes.cat\/salajove\/wp-content\/uploads\/sites\/3\/2023\/07\/1-212x300.png 212w, https:\/\/biblioteca.blanes.cat\/salajove\/wp-content\/uploads\/sites\/3\/2023\/07\/1-724x1024.png 724w, https:\/\/biblioteca.blanes.cat\/salajove\/wp-content\/uploads\/sites\/3\/2023\/07\/1-768x1086.png 768w, https:\/\/biblioteca.blanes.cat\/salajove\/wp-content\/uploads\/sites\/3\/2023\/07\/1-1086x1536.png 1086w, https:\/\/biblioteca.blanes.cat\/salajove\/wp-content\/uploads\/sites\/3\/2023\/07\/1.png 1414w\" sizes=\"(max-width: 160px) 100vw, 160px\" \/><\/a><\/p>\n<p><a href=\"https:\/\/biblioteca.blanes.cat\/salajove\/2022\/06\/30\/bibliovacances-2022-la-volta-al-mon-en-3658-llibres\/\" target=\"_blank\" rel=\"noopener\"><img loading=\"lazy\" decoding=\"async\" class=\"aligncenter wp-image-7282\" src=\"https:\/\/biblioteca.blanes.cat\/salajove\/wp-content\/uploads\/sites\/3\/2022\/06\/logo-bibliovacances-blog-300x300.jpg\" alt=\"\" width=\"181\" height=\"181\" srcset=\"https:\/\/biblioteca.blanes.cat\/salajove\/wp-content\/uploads\/sites\/3\/2022\/06\/logo-bibliovacances-blog-300x300.jpg 300w, https:\/\/biblioteca.blanes.cat\/salajove\/wp-content\/uploads\/sites\/3\/2022\/06\/logo-bibliovacances-blog-150x150.jpg 150w, https:\/\/biblioteca.blanes.cat\/salajove\/wp-content\/uploads\/sites\/3\/2022\/06\/logo-bibliovacances-blog-270x270.jpg 270w, https:\/\/biblioteca.blanes.cat\/salajove\/wp-content\/uploads\/sites\/3\/2022\/06\/logo-bibliovacances-blog-230x230.jpg 230w, https:\/\/biblioteca.blanes.cat\/salajove\/wp-content\/uploads\/sites\/3\/2022\/06\/logo-bibliovacances-blog.jpg 532w\" sizes=\"(max-width: 181px) 100vw, 181px\" \/><\/a><\/p>\n\n\n<\/a><\/p>\n<figure class=\"wp-block-image aligncenter size-large\"><a href=\"https:\/\/biblioteca.blanes.cat\/salajove\/2021\/06\/30\/bibliovances-2021\/\" target=\"_blank\" rel=\"noopener\"><img loading=\"lazy\" decoding=\"async\" width=\"300\" height=\"169\" class=\"wp-image-5740\" src=\"https:\/\/biblioteca.blanes.cat\/salajove\/wp-content\/uploads\/sites\/3\/2021\/06\/Bibliovacances-300x169-1.png\" alt=\"\" \/><\/a><\/figure>\n<p><a href=\"https:\/\/biblioteca.blanes.cat\/salajove\/2018\/07\/02\/bibliovacances-bibliographic-park\/\" target=\"_blank\" rel=\"noopener noreferrer\">\n\n\n<p><\/a><a href=\"https:\/\/biblioteca.blanes.cat\/salajove\/wp-admin\/post.php?post=4218&amp;action=edit\" target=\"_blank\" rel=\"noopener noreferrer\"><img loading=\"lazy\" decoding=\"async\" class=\"aligncenter wp-image-4226 size-full\" src=\"https:\/\/biblioteca.blanes.cat\/salajove\/wp-content\/uploads\/sites\/3\/2020\/07\/10-anys-bibliovacances.png\" alt=\"\" width=\"151\" height=\"179\" \/><\/a><a href=\"https:\/\/biblioteca.blanes.cat\/salajove\/?p=2994&amp;preview=true\"><img loading=\"lazy\" decoding=\"async\" class=\"wp-image-2990 alignnone aligncenter\" src=\"https:\/\/biblioteca.blanes.cat\/salajove\/wp-content\/uploads\/sites\/3\/2017\/10\/Destacatjove-300x284.png\" alt=\"\" width=\"160\" height=\"151\" srcset=\"https:\/\/biblioteca.blanes.cat\/salajove\/wp-content\/uploads\/sites\/3\/2017\/10\/Destacatjove-300x284.png 300w, https:\/\/biblioteca.blanes.cat\/salajove\/wp-content\/uploads\/sites\/3\/2017\/10\/Destacatjove.png 400w\" sizes=\"(max-width: 160px) 100vw, 160px\" \/><\/a><a href=\"https:\/\/biblioteca.blanes.cat\/salajove\/2018\/07\/02\/bibliovacances-bibliographic-park\/\" target=\"_blank\" rel=\"noopener noreferrer\"><img loading=\"lazy\" decoding=\"async\" class=\"wp-image-1378 aligncenter\" src=\"https:\/\/biblioteca.blanes.cat\/salajove\/wp-content\/uploads\/sites\/3\/2017\/10\/2018-300x284.png\" alt=\"Bibliovacances\" width=\"160\" height=\"151\" srcset=\"https:\/\/biblioteca.blanes.cat\/salajove\/wp-content\/uploads\/sites\/3\/2017\/10\/2018-300x284.png 300w, https:\/\/biblioteca.blanes.cat\/salajove\/wp-content\/uploads\/sites\/3\/2017\/10\/2018.png 400w\" sizes=\"(max-width: 160px) 100vw, 160px\" \/><\/a><\/p>\n<p><a href=\"http:\/\/bibjoves-blanes.blogspot.com.es\/search\/label\/Bibliovacances%202016\" target=\"_blank\" rel=\"noopener noreferrer\"><img loading=\"lazy\" decoding=\"async\" class=\"aligncenter\" src=\"https:\/\/4.bp.blogspot.com\/-6lk7w9SsXX0\/WVTO0oH5nqI\/AAAAAAAALBo\/OkyzWWL7pC0oZeQySxe_gLPyKeo9lbuDACEwYBhgL\/s200\/2016.png\" alt=\"Bibliovacances\" width=\"160\" height=\"151\" \/><\/a><\/p>\n<p><a href=\"http:\/\/bibjoves-blanes.blogspot.com.es\/search\/label\/Bibliovacances%202015\" target=\"_blank\" rel=\"noopener noreferrer\"><img loading=\"lazy\" decoding=\"async\" class=\"aligncenter\" src=\"https:\/\/2.bp.blogspot.com\/-qx9JbNqdLtY\/WVTO0pd9DjI\/AAAAAAAALBo\/ydGqBn70clYCEmvkBrzLtjaW46-f3g9xgCEwYBhgL\/s200\/2015.png\" alt=\"Bibliovacances\" width=\"160\" height=\"151\" \/><\/a><\/p>\n<\/p>\n\n","protected":false},"excerpt":{"rendered":"<p>Bibliovacances \u00e9s una proposta que fem cada estiu per fomentar la lectura durant els mesos de les vacances escolars. \u00c9s\u00a0\u00a0una activitat no dirigida que vol fomentar la lectura i la comprensi\u00f3 lectora proposant diferents lectures. Aquestes son novel\u2022les juvenils recomanades<\/p>\n","protected":false},"author":4,"featured_media":235,"parent":0,"menu_order":0,"comment_status":"closed","ping_status":"closed","template":"","meta":{"sfsi_plus_gutenberg_text_before_share":"","sfsi_plus_gutenberg_show_text_before_share":"","sfsi_plus_gutenberg_icon_type":"","sfsi_plus_gutenberg_icon_alignemt":"","sfsi_plus_gutenburg_max_per_row":"","footnotes":""},"class_list":["post-230","page","type-page","status-publish","has-post-thumbnail","hentry"],"yoast_head":"<!-- This site is optimized with the Yoast SEO plugin v27.5 - https:\/\/yoast.com\/product\/yoast-seo-wordpress\/ -->\n<title>Bibliovacances \u00e9s una proposta que fem cada estiu per fomentar la lectura durant els mesos de les vacances escolars. \u00c9s una activitat no dirigida que vol fomentar la lectura i la comprensi\u00f3 lectora proposant diferents lectures. Aquestes son novel\u2022les juvenils recomanades per a joves a partir de 12 anys. Els participants s\u2019han de llegir els llibres proposats, que estan disponibles a la biblioteca o en format digital (al blog o a l&#039;eBiblio) , i posteriorment resoldre les preguntes i els passatemps relacionats amb cada lectura.<\/title>\n<meta name=\"description\" content=\"Bibliovacances \u00e9s una proposta que fem cada estiu per fomentar la lectura durant els mesos de les vacances escolars.\" \/>\n<meta name=\"robots\" content=\"index, follow, max-snippet:-1, max-image-preview:large, max-video-preview:-1\" \/>\n<link rel=\"canonical\" href=\"https:\/\/biblioteca.blanes.cat\/salajove\/bibliovacances\/\" \/>\n<meta property=\"og:locale\" content=\"ca_ES\" \/>\n<meta property=\"og:type\" content=\"article\" \/>\n<meta property=\"og:title\" content=\"Bibliovacances \u00e9s una proposta que fem cada estiu per fomentar la lectura durant els mesos de les vacances escolars. \u00c9s una activitat no dirigida que vol fomentar la lectura i la comprensi\u00f3 lectora proposant diferents lectures. Aquestes son novel\u2022les juvenils recomanades per a joves a partir de 12 anys. Els participants s\u2019han de llegir els llibres proposats, que estan disponibles a la biblioteca o en format digital (al blog o a l&#039;eBiblio) , i posteriorment resoldre les preguntes i els passatemps relacionats amb cada lectura.\" \/>\n<meta property=\"og:description\" content=\"Bibliovacances \u00e9s una proposta que fem cada estiu per fomentar la lectura durant els mesos de les vacances escolars.\" \/>\n<meta property=\"og:url\" content=\"https:\/\/biblioteca.blanes.cat\/salajove\/bibliovacances\/\" \/>\n<meta property=\"og:site_name\" content=\"Sala Jove\" \/>\n<meta property=\"article:publisher\" content=\"https:\/\/www.facebook.com\/BilbiotecaComarcaldeBlanes\/\" \/>\n<meta property=\"article:modified_time\" content=\"2025-07-11T14:31:15+00:00\" \/>\n<meta property=\"og:image\" content=\"https:\/\/biblioteca.blanes.cat\/salajove\/wp-content\/uploads\/sites\/3\/2017\/10\/Bibliovacances.png\" \/>\n\t<meta property=\"og:image:width\" content=\"1481\" \/>\n\t<meta property=\"og:image:height\" content=\"900\" \/>\n\t<meta property=\"og:image:type\" content=\"image\/png\" \/>\n<meta name=\"twitter:card\" content=\"summary_large_image\" \/>\n<meta name=\"twitter:site\" content=\"@BiblioBlanes\" \/>\n<meta name=\"twitter:label1\" content=\"Temps estimat de lectura\" \/>\n\t<meta name=\"twitter:data1\" content=\"4 minuts\" \/>\n<script type=\"application\/ld+json\" class=\"yoast-schema-graph\">{\"@context\":\"https:\\\/\\\/schema.org\",\"@graph\":[{\"@type\":\"WebPage\",\"@id\":\"https:\\\/\\\/biblioteca.blanes.cat\\\/salajove\\\/bibliovacances\\\/\",\"url\":\"https:\\\/\\\/biblioteca.blanes.cat\\\/salajove\\\/bibliovacances\\\/\",\"name\":\"Bibliovacances \u00e9s una proposta que fem cada estiu per fomentar la lectura durant els mesos de les vacances escolars. \u00c9s una activitat no dirigida que vol fomentar la lectura i la comprensi\u00f3 lectora proposant diferents lectures. Aquestes son novel\u2022les juvenils recomanades per a joves a partir de 12 anys. Els participants s\u2019han de llegir els llibres proposats, que estan disponibles a la biblioteca o en format digital (al blog o a l'eBiblio) , i posteriorment resoldre les preguntes i els passatemps relacionats amb cada lectura.\",\"isPartOf\":{\"@id\":\"https:\\\/\\\/biblioteca.blanes.cat\\\/salajove\\\/#website\"},\"primaryImageOfPage\":{\"@id\":\"https:\\\/\\\/biblioteca.blanes.cat\\\/salajove\\\/bibliovacances\\\/#primaryimage\"},\"image\":{\"@id\":\"https:\\\/\\\/biblioteca.blanes.cat\\\/salajove\\\/bibliovacances\\\/#primaryimage\"},\"thumbnailUrl\":\"https:\\\/\\\/biblioteca.blanes.cat\\\/salajove\\\/wp-content\\\/uploads\\\/sites\\\/3\\\/2017\\\/10\\\/Bibliovacances.png\",\"datePublished\":\"2017-10-10T13:53:13+00:00\",\"dateModified\":\"2025-07-11T14:31:15+00:00\",\"description\":\"Bibliovacances \u00e9s una proposta que fem cada estiu per fomentar la lectura durant els mesos de les vacances escolars.\",\"breadcrumb\":{\"@id\":\"https:\\\/\\\/biblioteca.blanes.cat\\\/salajove\\\/bibliovacances\\\/#breadcrumb\"},\"inLanguage\":\"ca\",\"potentialAction\":[{\"@type\":\"ReadAction\",\"target\":[\"https:\\\/\\\/biblioteca.blanes.cat\\\/salajove\\\/bibliovacances\\\/\"]}]},{\"@type\":\"ImageObject\",\"inLanguage\":\"ca\",\"@id\":\"https:\\\/\\\/biblioteca.blanes.cat\\\/salajove\\\/bibliovacances\\\/#primaryimage\",\"url\":\"https:\\\/\\\/biblioteca.blanes.cat\\\/salajove\\\/wp-content\\\/uploads\\\/sites\\\/3\\\/2017\\\/10\\\/Bibliovacances.png\",\"contentUrl\":\"https:\\\/\\\/biblioteca.blanes.cat\\\/salajove\\\/wp-content\\\/uploads\\\/sites\\\/3\\\/2017\\\/10\\\/Bibliovacances.png\",\"width\":1481,\"height\":900},{\"@type\":\"BreadcrumbList\",\"@id\":\"https:\\\/\\\/biblioteca.blanes.cat\\\/salajove\\\/bibliovacances\\\/#breadcrumb\",\"itemListElement\":[{\"@type\":\"ListItem\",\"position\":1,\"name\":\"Inici\",\"item\":\"https:\\\/\\\/biblioteca.blanes.cat\\\/salajove\\\/\"},{\"@type\":\"ListItem\",\"position\":2,\"name\":\"BIBLIOVACANCES\"}]},{\"@type\":\"WebSite\",\"@id\":\"https:\\\/\\\/biblioteca.blanes.cat\\\/salajove\\\/#website\",\"url\":\"https:\\\/\\\/biblioteca.blanes.cat\\\/salajove\\\/\",\"name\":\"Sala Jove\",\"description\":\"Biblioteca Comarcal de Blanes\",\"publisher\":{\"@id\":\"https:\\\/\\\/biblioteca.blanes.cat\\\/salajove\\\/#organization\"},\"potentialAction\":[{\"@type\":\"SearchAction\",\"target\":{\"@type\":\"EntryPoint\",\"urlTemplate\":\"https:\\\/\\\/biblioteca.blanes.cat\\\/salajove\\\/?s={search_term_string}\"},\"query-input\":{\"@type\":\"PropertyValueSpecification\",\"valueRequired\":true,\"valueName\":\"search_term_string\"}}],\"inLanguage\":\"ca\"},{\"@type\":\"Organization\",\"@id\":\"https:\\\/\\\/biblioteca.blanes.cat\\\/salajove\\\/#organization\",\"name\":\"Biblioteca Comarcal de Blanes\",\"url\":\"https:\\\/\\\/biblioteca.blanes.cat\\\/salajove\\\/\",\"logo\":{\"@type\":\"ImageObject\",\"inLanguage\":\"ca\",\"@id\":\"https:\\\/\\\/biblioteca.blanes.cat\\\/salajove\\\/#\\\/schema\\\/logo\\\/image\\\/\",\"url\":\"https:\\\/\\\/biblioteca.blanes.cat\\\/salajove\\\/wp-content\\\/uploads\\\/sites\\\/3\\\/2017\\\/09\\\/cropped-Bib-blau-e1518869380535.png\",\"contentUrl\":\"https:\\\/\\\/biblioteca.blanes.cat\\\/salajove\\\/wp-content\\\/uploads\\\/sites\\\/3\\\/2017\\\/09\\\/cropped-Bib-blau-e1518869380535.png\",\"width\":166,\"height\":166,\"caption\":\"Biblioteca Comarcal de Blanes\"},\"image\":{\"@id\":\"https:\\\/\\\/biblioteca.blanes.cat\\\/salajove\\\/#\\\/schema\\\/logo\\\/image\\\/\"},\"sameAs\":[\"https:\\\/\\\/www.facebook.com\\\/BilbiotecaComarcaldeBlanes\\\/\",\"https:\\\/\\\/x.com\\\/BiblioBlanes\",\"https:\\\/\\\/www.instagram.com\\\/biblioblanes\\\/\",\"https:\\\/\\\/www.pinterest.es\\\/bblanes\\\/\",\"https:\\\/\\\/www.youtube.com\\\/c\\\/BibliotecaComarcalBlanes\"]}]}<\/script>\n<!-- \/ Yoast SEO plugin. -->","yoast_head_json":{"title":"Bibliovacances \u00e9s una proposta que fem cada estiu per fomentar la lectura durant els mesos de les vacances escolars. \u00c9s una activitat no dirigida que vol fomentar la lectura i la comprensi\u00f3 lectora proposant diferents lectures. Aquestes son novel\u2022les juvenils recomanades per a joves a partir de 12 anys. Els participants s\u2019han de llegir els llibres proposats, que estan disponibles a la biblioteca o en format digital (al blog o a l'eBiblio) , i posteriorment resoldre les preguntes i els passatemps relacionats amb cada lectura.","description":"Bibliovacances \u00e9s una proposta que fem cada estiu per fomentar la lectura durant els mesos de les vacances escolars.","robots":{"index":"index","follow":"follow","max-snippet":"max-snippet:-1","max-image-preview":"max-image-preview:large","max-video-preview":"max-video-preview:-1"},"canonical":"https:\/\/biblioteca.blanes.cat\/salajove\/bibliovacances\/","og_locale":"ca_ES","og_type":"article","og_title":"Bibliovacances \u00e9s una proposta que fem cada estiu per fomentar la lectura durant els mesos de les vacances escolars. \u00c9s una activitat no dirigida que vol fomentar la lectura i la comprensi\u00f3 lectora proposant diferents lectures. Aquestes son novel\u2022les juvenils recomanades per a joves a partir de 12 anys. Els participants s\u2019han de llegir els llibres proposats, que estan disponibles a la biblioteca o en format digital (al blog o a l'eBiblio) , i posteriorment resoldre les preguntes i els passatemps relacionats amb cada lectura.","og_description":"Bibliovacances \u00e9s una proposta que fem cada estiu per fomentar la lectura durant els mesos de les vacances escolars.","og_url":"https:\/\/biblioteca.blanes.cat\/salajove\/bibliovacances\/","og_site_name":"Sala Jove","article_publisher":"https:\/\/www.facebook.com\/BilbiotecaComarcaldeBlanes\/","article_modified_time":"2025-07-11T14:31:15+00:00","og_image":[{"width":1481,"height":900,"url":"https:\/\/biblioteca.blanes.cat\/salajove\/wp-content\/uploads\/sites\/3\/2017\/10\/Bibliovacances.png","type":"image\/png"}],"twitter_card":"summary_large_image","twitter_site":"@BiblioBlanes","twitter_misc":{"Temps estimat de lectura":"4 minuts"},"schema":{"@context":"https:\/\/schema.org","@graph":[{"@type":"WebPage","@id":"https:\/\/biblioteca.blanes.cat\/salajove\/bibliovacances\/","url":"https:\/\/biblioteca.blanes.cat\/salajove\/bibliovacances\/","name":"Bibliovacances \u00e9s una proposta que fem cada estiu per fomentar la lectura durant els mesos de les vacances escolars. \u00c9s una activitat no dirigida que vol fomentar la lectura i la comprensi\u00f3 lectora proposant diferents lectures. Aquestes son novel\u2022les juvenils recomanades per a joves a partir de 12 anys. Els participants s\u2019han de llegir els llibres proposats, que estan disponibles a la biblioteca o en format digital (al blog o a l'eBiblio) , i posteriorment resoldre les preguntes i els passatemps relacionats amb cada lectura.","isPartOf":{"@id":"https:\/\/biblioteca.blanes.cat\/salajove\/#website"},"primaryImageOfPage":{"@id":"https:\/\/biblioteca.blanes.cat\/salajove\/bibliovacances\/#primaryimage"},"image":{"@id":"https:\/\/biblioteca.blanes.cat\/salajove\/bibliovacances\/#primaryimage"},"thumbnailUrl":"https:\/\/biblioteca.blanes.cat\/salajove\/wp-content\/uploads\/sites\/3\/2017\/10\/Bibliovacances.png","datePublished":"2017-10-10T13:53:13+00:00","dateModified":"2025-07-11T14:31:15+00:00","description":"Bibliovacances \u00e9s una proposta que fem cada estiu per fomentar la lectura durant els mesos de les vacances escolars.","breadcrumb":{"@id":"https:\/\/biblioteca.blanes.cat\/salajove\/bibliovacances\/#breadcrumb"},"inLanguage":"ca","potentialAction":[{"@type":"ReadAction","target":["https:\/\/biblioteca.blanes.cat\/salajove\/bibliovacances\/"]}]},{"@type":"ImageObject","inLanguage":"ca","@id":"https:\/\/biblioteca.blanes.cat\/salajove\/bibliovacances\/#primaryimage","url":"https:\/\/biblioteca.blanes.cat\/salajove\/wp-content\/uploads\/sites\/3\/2017\/10\/Bibliovacances.png","contentUrl":"https:\/\/biblioteca.blanes.cat\/salajove\/wp-content\/uploads\/sites\/3\/2017\/10\/Bibliovacances.png","width":1481,"height":900},{"@type":"BreadcrumbList","@id":"https:\/\/biblioteca.blanes.cat\/salajove\/bibliovacances\/#breadcrumb","itemListElement":[{"@type":"ListItem","position":1,"name":"Inici","item":"https:\/\/biblioteca.blanes.cat\/salajove\/"},{"@type":"ListItem","position":2,"name":"BIBLIOVACANCES"}]},{"@type":"WebSite","@id":"https:\/\/biblioteca.blanes.cat\/salajove\/#website","url":"https:\/\/biblioteca.blanes.cat\/salajove\/","name":"Sala Jove","description":"Biblioteca Comarcal de Blanes","publisher":{"@id":"https:\/\/biblioteca.blanes.cat\/salajove\/#organization"},"potentialAction":[{"@type":"SearchAction","target":{"@type":"EntryPoint","urlTemplate":"https:\/\/biblioteca.blanes.cat\/salajove\/?s={search_term_string}"},"query-input":{"@type":"PropertyValueSpecification","valueRequired":true,"valueName":"search_term_string"}}],"inLanguage":"ca"},{"@type":"Organization","@id":"https:\/\/biblioteca.blanes.cat\/salajove\/#organization","name":"Biblioteca Comarcal de Blanes","url":"https:\/\/biblioteca.blanes.cat\/salajove\/","logo":{"@type":"ImageObject","inLanguage":"ca","@id":"https:\/\/biblioteca.blanes.cat\/salajove\/#\/schema\/logo\/image\/","url":"https:\/\/biblioteca.blanes.cat\/salajove\/wp-content\/uploads\/sites\/3\/2017\/09\/cropped-Bib-blau-e1518869380535.png","contentUrl":"https:\/\/biblioteca.blanes.cat\/salajove\/wp-content\/uploads\/sites\/3\/2017\/09\/cropped-Bib-blau-e1518869380535.png","width":166,"height":166,"caption":"Biblioteca Comarcal de Blanes"},"image":{"@id":"https:\/\/biblioteca.blanes.cat\/salajove\/#\/schema\/logo\/image\/"},"sameAs":["https:\/\/www.facebook.com\/BilbiotecaComarcaldeBlanes\/","https:\/\/x.com\/BiblioBlanes","https:\/\/www.instagram.com\/biblioblanes\/","https:\/\/www.pinterest.es\/bblanes\/","https:\/\/www.youtube.com\/c\/BibliotecaComarcalBlanes"]}]}},"_links":{"self":[{"href":"https:\/\/biblioteca.blanes.cat\/salajove\/wp-json\/wp\/v2\/pages\/230","targetHints":{"allow":["GET"]}}],"collection":[{"href":"https:\/\/biblioteca.blanes.cat\/salajove\/wp-json\/wp\/v2\/pages"}],"about":[{"href":"https:\/\/biblioteca.blanes.cat\/salajove\/wp-json\/wp\/v2\/types\/page"}],"author":[{"embeddable":true,"href":"https:\/\/biblioteca.blanes.cat\/salajove\/wp-json\/wp\/v2\/users\/4"}],"replies":[{"embeddable":true,"href":"https:\/\/biblioteca.blanes.cat\/salajove\/wp-json\/wp\/v2\/comments?post=230"}],"version-history":[{"count":29,"href":"https:\/\/biblioteca.blanes.cat\/salajove\/wp-json\/wp\/v2\/pages\/230\/revisions"}],"predecessor-version":[{"id":9948,"href":"https:\/\/biblioteca.blanes.cat\/salajove\/wp-json\/wp\/v2\/pages\/230\/revisions\/9948"}],"wp:featuredmedia":[{"embeddable":true,"href":"https:\/\/biblioteca.blanes.cat\/salajove\/wp-json\/wp\/v2\/media\/235"}],"wp:attachment":[{"href":"https:\/\/biblioteca.blanes.cat\/salajove\/wp-json\/wp\/v2\/media?parent=230"}],"curies":[{"name":"wp","href":"https:\/\/api.w.org\/{rel}","templated":true}]}}