{"id":156,"date":"2017-10-05T13:45:07","date_gmt":"2017-10-05T12:45:07","guid":{"rendered":"https:\/\/biblioteca.blanes.cat\/salajove\/?page_id=156"},"modified":"2024-02-06T09:35:32","modified_gmt":"2024-02-06T08:35:32","slug":"raco-de-la-paula","status":"publish","type":"page","link":"https:\/\/biblioteca.blanes.cat\/salajove\/raco-de-la-paula\/","title":{"rendered":"Rac\u00f3 de la Paula"},"content":{"rendered":"<div dir=\"ltr\" style=\"text-align: left;\">\n<h1 class=\"MsoNormal\" style=\"line-height: 150%; text-align: center;\"><span style=\"color: #4f81bd; font-family: 'freestyle script'; font-size: 30.0pt; line-height: 115%;\">Mons paral\u00b7lels<\/span><\/h1>\n<p><span style=\"font-family: 'comic sans ms'; font-size: 12pt; font-weight: normal; line-height: 150%;\">Benvingut\/da al Rac\u00f3 de la Paula!<\/span><\/p>\n<div class=\"MsoNormal\" style=\"line-height: 150%;\">\n<div class=\"separator\" style=\"clear: both; text-align: center;\"><a style=\"clear: right; float: right; margin-bottom: 1em; margin-left: 1em;\" href=\"https:\/\/2.bp.blogspot.com\/-F9H8BLPi_j8\/WYMQLBtlwkI\/AAAAAAAALeM\/sXU1zUz2h6IegvKv0JKw5xImjJP9uq_fgCLcBGAs\/s1600\/DSC_0105%2B-%2Bcopia.JPG\"><img decoding=\"async\" src=\"https:\/\/2.bp.blogspot.com\/-F9H8BLPi_j8\/WYMQLBtlwkI\/AAAAAAAALeM\/sXU1zUz2h6IegvKv0JKw5xImjJP9uq_fgCLcBGAs\/s200\/DSC_0105%2B-%2Bcopia.JPG\" width=\"200\" height=\"185\" border=\"0\" data-original-height=\"1384\" data-original-width=\"1482\" \/><\/a><\/div>\n<p style=\"text-align: justify;\"><span style=\"font-family: 'comic sans ms'; font-size: 12pt; font-weight: normal; line-height: 150%;\">Despr\u00e9s d\u2019una proposta de la Biblioteca, el 2017 la Paula va comen\u00e7ar aquesta aventura apassionant amb l\u2019objectiu de llegir molt i sobretot de fer llegir molt.\u00a0<\/span><\/p>\n<\/div>\n<div class=\"MsoNormal\" style=\"line-height: 150%; text-align: justify;\"><span style=\"font-family: 'comic sans ms'; font-size: 12pt; font-weight: normal; line-height: 150%;\">La Paula viu en dos mons, un \u00e9s el m\u00f3n dels llibres. Ha viatjat en el vaixell de Moby Dick, ha acompanyat la Marina pels carrers de Barcelona, s\u2019ha amagat amb l\u2019Anna Frank fugint d\u2019una cruel guerra, ha lluitat contra el pr\u00edncep de la boira, ha anat on l\u2019ha portat el cor, un monstre l\u2019ha vingut a veure, ha ballat amb el Sr. Darcy, ha treballat d&#8217;institutriu a Thorfield Hall, ha guardat els secrets de l\u2019Emmaline, ha viatjat en l&#8217;Orient Express, ha passejat per <em>Cims borrascosos<\/em> i s\u2019ha llan\u00e7at a volar amb un parell d\u2019ales\u2026<\/span><\/div>\n<div><\/div>\n<\/div>\n<div><\/div>\n<div dir=\"ltr\" style=\"text-align: left;\">\n<div class=\"MsoNormal\" style=\"line-height: 150%; text-align: justify;\"><span style=\"font-family: 'comic sans ms'; font-size: 12pt; font-weight: normal; line-height: 150%;\">Un m\u00f3n apassionant. <\/span><span style=\"font-family: 'comic sans ms'; font-size: 12.0pt; line-height: 150%;\"><span style=\"font-weight: normal;\">Per\u00f2 el seu altre m\u00f3n tamb\u00e9 l\u2019omple molt. Els personatges s\u00f3n molt m\u00e9s reals, de carn i os, amb els seus defectes i virtuts. I sovint els llibres l\u2019ajuden a entendre\u2019ls. Intenta sempre quedar-se amb les coses bones de les persones que l\u2019envolten, estimar i deixar-se estimar, i gaudir de cada experi\u00e8ncia perqu\u00e8 la vida \u00e9s meravellosa i val la pena viure-la.<br \/>\n<\/span><\/span><\/div>\n<div><\/div>\n<\/div>\n<div><\/div>\n<div dir=\"ltr\" style=\"text-align: left;\">\n<div class=\"MsoNormal\" style=\"line-height: 150%; text-align: justify;\"><span style=\"font-family: 'comic sans ms'; font-size: 12.0pt; line-height: 150%;\"><span style=\"font-weight: normal;\">Ja fa uns anys, la Paula va emprendre un nou cam\u00ed, un que no li va deixar gaires hores lliures per continuar treballant al seu Rac\u00f3. <\/span><\/span><span style=\"font-family: 'comic sans ms'; font-size: 12.0pt; line-height: 150%;\"><span style=\"font-weight: normal;\">No obstant, sabem que molts de vosaltres seguiu aquest espai, i per aix\u00f2, des de la Biblioteca de Blanes volem deixar oberta la porta perqu\u00e8 tothom qui vulgui pugui llegir les recomanacions liter\u00e0ries de la Paula i, a la vegada, fer-nos arribar les seves ressenyes, que de ben segur que s\u00f3n molt interessants.<\/span><\/span><\/div>\n<div><\/div>\n<\/div>\n<div><\/div>\n<div dir=\"ltr\" style=\"text-align: left;\">\n<div class=\"MsoNormal\" style=\"text-align: justify;\"><span style=\"font-family: 'comic sans ms'; font-size: 12.0pt; line-height: 150%;\"><span style=\"font-weight: normal;\">Val <\/span><\/span><span style=\"font-family: 'comic sans ms'; font-size: 12.0pt; line-height: 150%;\"><span style=\"font-weight: normal;\">la pena fer-hi una ullada.<\/span><\/span><\/div>\n<div class=\"MsoNormal\" style=\"text-align: justify;\"><span style=\"font-family: 'comic sans ms'; font-size: 12.0pt; line-height: 150%;\"><span style=\"font-weight: normal;\">Gr\u00e0cies per tant, Paula.<\/span><\/span><\/div>\n<div class=\"MsoNormal\" style=\"text-align: justify;\">\n<p><a href=\"https:\/\/biblioteca.blanes.cat\/salajove\/category\/raco-de-la-paula\/novetat\/\" target=\"_blank\" rel=\"noopener\"><img decoding=\"async\" class=\"alignnone wp-image-159\" src=\"https:\/\/biblioteca.blanes.cat\/salajove\/wp-content\/uploads\/sites\/3\/2017\/10\/Novetats-1-300x94.png\" alt=\"\" width=\"200\" height=\"63\" srcset=\"https:\/\/biblioteca.blanes.cat\/salajove\/wp-content\/uploads\/sites\/3\/2017\/10\/Novetats-1-300x94.png 300w, https:\/\/biblioteca.blanes.cat\/salajove\/wp-content\/uploads\/sites\/3\/2017\/10\/Novetats-1-768x240.png 768w, https:\/\/biblioteca.blanes.cat\/salajove\/wp-content\/uploads\/sites\/3\/2017\/10\/Novetats-1-1024x320.png 1024w, https:\/\/biblioteca.blanes.cat\/salajove\/wp-content\/uploads\/sites\/3\/2017\/10\/Novetats-1.png 1282w\" sizes=\"(max-width: 200px) 100vw, 200px\" \/><\/a><a href=\"https:\/\/biblioteca.blanes.cat\/salajove\/category\/raco-de-la-paula\/classic\/\"><img decoding=\"async\" class=\"alignnone wp-image-158\" src=\"https:\/\/biblioteca.blanes.cat\/salajove\/wp-content\/uploads\/sites\/3\/2017\/10\/Classics-300x94.png\" alt=\"\" width=\"200\" height=\"63\" srcset=\"https:\/\/biblioteca.blanes.cat\/salajove\/wp-content\/uploads\/sites\/3\/2017\/10\/Classics-300x94.png 300w, https:\/\/biblioteca.blanes.cat\/salajove\/wp-content\/uploads\/sites\/3\/2017\/10\/Classics-768x240.png 768w, https:\/\/biblioteca.blanes.cat\/salajove\/wp-content\/uploads\/sites\/3\/2017\/10\/Classics-1024x320.png 1024w, https:\/\/biblioteca.blanes.cat\/salajove\/wp-content\/uploads\/sites\/3\/2017\/10\/Classics.png 1282w\" sizes=\"(max-width: 200px) 100vw, 200px\" \/><\/a><a href=\"https:\/\/biblioteca.blanes.cat\/salajove\/category\/raco-de-la-paula\/popular\/\"><img loading=\"lazy\" decoding=\"async\" class=\"alignnone wp-image-157\" src=\"https:\/\/biblioteca.blanes.cat\/salajove\/wp-content\/uploads\/sites\/3\/2017\/10\/Populars-300x94.png\" alt=\"\" width=\"200\" height=\"63\" srcset=\"https:\/\/biblioteca.blanes.cat\/salajove\/wp-content\/uploads\/sites\/3\/2017\/10\/Populars-300x94.png 300w, https:\/\/biblioteca.blanes.cat\/salajove\/wp-content\/uploads\/sites\/3\/2017\/10\/Populars-768x240.png 768w, https:\/\/biblioteca.blanes.cat\/salajove\/wp-content\/uploads\/sites\/3\/2017\/10\/Populars-1024x320.png 1024w, https:\/\/biblioteca.blanes.cat\/salajove\/wp-content\/uploads\/sites\/3\/2017\/10\/Populars.png 1282w\" sizes=\"(max-width: 200px) 100vw, 200px\" \/><\/a><\/p>\n<div style=\"text-align: center;\"><a href=\"https:\/\/4.bp.blogspot.com\/-B0A2URgwCgk\/WYCV4pHIfJI\/AAAAAAAALco\/vWcrDszwUCA3to38c90lTebvfBPs6KG3QCPcBGAYYCw\/s1600\/biblioblanes_RP_01.png\"><img loading=\"lazy\" decoding=\"async\" src=\"https:\/\/4.bp.blogspot.com\/-B0A2URgwCgk\/WYCV4pHIfJI\/AAAAAAAALco\/vWcrDszwUCA3to38c90lTebvfBPs6KG3QCPcBGAYYCw\/s320\/biblioblanes_RP_01.png\" width=\"320\" height=\"212\" border=\"0\" data-original-height=\"1065\" data-original-width=\"1600\" \/><\/a><\/div>\n<div dir=\"ltr\" style=\"text-align: left;\"><\/div>\n<\/div>\n<\/div>\n","protected":false},"excerpt":{"rendered":"<p>Mons paral\u00b7lels Benvingut\/da al Rac\u00f3 de la Paula! Despr\u00e9s d\u2019una proposta de la Biblioteca, el 2017 la Paula va comen\u00e7ar aquesta aventura apassionant amb l\u2019objectiu de llegir molt i sobretot de fer llegir molt.\u00a0 La Paula viu en dos mons,<\/p>\n","protected":false},"author":4,"featured_media":1802,"parent":0,"menu_order":0,"comment_status":"closed","ping_status":"closed","template":"","meta":{"sfsi_plus_gutenberg_text_before_share":"","sfsi_plus_gutenberg_show_text_before_share":"","sfsi_plus_gutenberg_icon_type":"","sfsi_plus_gutenberg_icon_alignemt":"","sfsi_plus_gutenburg_max_per_row":"","footnotes":""},"class_list":["post-156","page","type-page","status-publish","has-post-thumbnail","hentry"],"yoast_head":"<!-- This site is optimized with the Yoast SEO plugin v27.5 - https:\/\/yoast.com\/product\/yoast-seo-wordpress\/ -->\n<title>Rac\u00f3 de la Paula - Sala Jove<\/title>\n<meta name=\"robots\" content=\"index, follow, max-snippet:-1, max-image-preview:large, max-video-preview:-1\" \/>\n<link rel=\"canonical\" href=\"https:\/\/biblioteca.blanes.cat\/salajove\/raco-de-la-paula\/\" \/>\n<meta property=\"og:locale\" content=\"ca_ES\" \/>\n<meta property=\"og:type\" content=\"article\" \/>\n<meta property=\"og:title\" content=\"Rac\u00f3 de la Paula - Sala Jove\" \/>\n<meta property=\"og:description\" content=\"Mons paral\u00b7lels Benvingut\/da al Rac\u00f3 de la Paula! Despr\u00e9s d\u2019una proposta de la Biblioteca, el 2017 la Paula va comen\u00e7ar aquesta aventura apassionant amb l\u2019objectiu de llegir molt i sobretot de fer llegir molt.\u00a0 La Paula viu en dos mons,\" \/>\n<meta property=\"og:url\" content=\"https:\/\/biblioteca.blanes.cat\/salajove\/raco-de-la-paula\/\" \/>\n<meta property=\"og:site_name\" content=\"Sala Jove\" \/>\n<meta property=\"article:publisher\" content=\"https:\/\/www.facebook.com\/BilbiotecaComarcaldeBlanes\/\" \/>\n<meta property=\"article:modified_time\" content=\"2024-02-06T08:35:32+00:00\" \/>\n<meta property=\"og:image\" content=\"https:\/\/biblioteca.blanes.cat\/salajove\/wp-content\/uploads\/sites\/3\/2017\/10\/elrac\u00f3delapaula_.png\" \/>\n\t<meta property=\"og:image:width\" content=\"3719\" \/>\n\t<meta property=\"og:image:height\" content=\"3719\" \/>\n\t<meta property=\"og:image:type\" content=\"image\/png\" \/>\n<meta name=\"twitter:card\" content=\"summary_large_image\" \/>\n<meta name=\"twitter:site\" content=\"@BiblioBlanes\" \/>\n<meta name=\"twitter:label1\" content=\"Temps estimat de lectura\" \/>\n\t<meta name=\"twitter:data1\" content=\"3 minuts\" \/>\n<script type=\"application\/ld+json\" class=\"yoast-schema-graph\">{\"@context\":\"https:\\\/\\\/schema.org\",\"@graph\":[{\"@type\":\"WebPage\",\"@id\":\"https:\\\/\\\/biblioteca.blanes.cat\\\/salajove\\\/raco-de-la-paula\\\/\",\"url\":\"https:\\\/\\\/biblioteca.blanes.cat\\\/salajove\\\/raco-de-la-paula\\\/\",\"name\":\"Rac\u00f3 de la Paula - Sala Jove\",\"isPartOf\":{\"@id\":\"https:\\\/\\\/biblioteca.blanes.cat\\\/salajove\\\/#website\"},\"primaryImageOfPage\":{\"@id\":\"https:\\\/\\\/biblioteca.blanes.cat\\\/salajove\\\/raco-de-la-paula\\\/#primaryimage\"},\"image\":{\"@id\":\"https:\\\/\\\/biblioteca.blanes.cat\\\/salajove\\\/raco-de-la-paula\\\/#primaryimage\"},\"thumbnailUrl\":\"https:\\\/\\\/biblioteca.blanes.cat\\\/salajove\\\/wp-content\\\/uploads\\\/sites\\\/3\\\/2017\\\/10\\\/elrac\u00f3delapaula_.png\",\"datePublished\":\"2017-10-05T12:45:07+00:00\",\"dateModified\":\"2024-02-06T08:35:32+00:00\",\"breadcrumb\":{\"@id\":\"https:\\\/\\\/biblioteca.blanes.cat\\\/salajove\\\/raco-de-la-paula\\\/#breadcrumb\"},\"inLanguage\":\"ca\",\"potentialAction\":[{\"@type\":\"ReadAction\",\"target\":[\"https:\\\/\\\/biblioteca.blanes.cat\\\/salajove\\\/raco-de-la-paula\\\/\"]}]},{\"@type\":\"ImageObject\",\"inLanguage\":\"ca\",\"@id\":\"https:\\\/\\\/biblioteca.blanes.cat\\\/salajove\\\/raco-de-la-paula\\\/#primaryimage\",\"url\":\"https:\\\/\\\/biblioteca.blanes.cat\\\/salajove\\\/wp-content\\\/uploads\\\/sites\\\/3\\\/2017\\\/10\\\/elrac\u00f3delapaula_.png\",\"contentUrl\":\"https:\\\/\\\/biblioteca.blanes.cat\\\/salajove\\\/wp-content\\\/uploads\\\/sites\\\/3\\\/2017\\\/10\\\/elrac\u00f3delapaula_.png\",\"width\":3719,\"height\":3719},{\"@type\":\"BreadcrumbList\",\"@id\":\"https:\\\/\\\/biblioteca.blanes.cat\\\/salajove\\\/raco-de-la-paula\\\/#breadcrumb\",\"itemListElement\":[{\"@type\":\"ListItem\",\"position\":1,\"name\":\"Inici\",\"item\":\"https:\\\/\\\/biblioteca.blanes.cat\\\/salajove\\\/\"},{\"@type\":\"ListItem\",\"position\":2,\"name\":\"Rac\u00f3 de la Paula\"}]},{\"@type\":\"WebSite\",\"@id\":\"https:\\\/\\\/biblioteca.blanes.cat\\\/salajove\\\/#website\",\"url\":\"https:\\\/\\\/biblioteca.blanes.cat\\\/salajove\\\/\",\"name\":\"Sala Jove\",\"description\":\"Biblioteca Comarcal de Blanes\",\"publisher\":{\"@id\":\"https:\\\/\\\/biblioteca.blanes.cat\\\/salajove\\\/#organization\"},\"potentialAction\":[{\"@type\":\"SearchAction\",\"target\":{\"@type\":\"EntryPoint\",\"urlTemplate\":\"https:\\\/\\\/biblioteca.blanes.cat\\\/salajove\\\/?s={search_term_string}\"},\"query-input\":{\"@type\":\"PropertyValueSpecification\",\"valueRequired\":true,\"valueName\":\"search_term_string\"}}],\"inLanguage\":\"ca\"},{\"@type\":\"Organization\",\"@id\":\"https:\\\/\\\/biblioteca.blanes.cat\\\/salajove\\\/#organization\",\"name\":\"Biblioteca Comarcal de Blanes\",\"url\":\"https:\\\/\\\/biblioteca.blanes.cat\\\/salajove\\\/\",\"logo\":{\"@type\":\"ImageObject\",\"inLanguage\":\"ca\",\"@id\":\"https:\\\/\\\/biblioteca.blanes.cat\\\/salajove\\\/#\\\/schema\\\/logo\\\/image\\\/\",\"url\":\"https:\\\/\\\/biblioteca.blanes.cat\\\/salajove\\\/wp-content\\\/uploads\\\/sites\\\/3\\\/2017\\\/09\\\/cropped-Bib-blau-e1518869380535.png\",\"contentUrl\":\"https:\\\/\\\/biblioteca.blanes.cat\\\/salajove\\\/wp-content\\\/uploads\\\/sites\\\/3\\\/2017\\\/09\\\/cropped-Bib-blau-e1518869380535.png\",\"width\":166,\"height\":166,\"caption\":\"Biblioteca Comarcal de Blanes\"},\"image\":{\"@id\":\"https:\\\/\\\/biblioteca.blanes.cat\\\/salajove\\\/#\\\/schema\\\/logo\\\/image\\\/\"},\"sameAs\":[\"https:\\\/\\\/www.facebook.com\\\/BilbiotecaComarcaldeBlanes\\\/\",\"https:\\\/\\\/x.com\\\/BiblioBlanes\",\"https:\\\/\\\/www.instagram.com\\\/biblioblanes\\\/\",\"https:\\\/\\\/www.pinterest.es\\\/bblanes\\\/\",\"https:\\\/\\\/www.youtube.com\\\/c\\\/BibliotecaComarcalBlanes\"]}]}<\/script>\n<!-- \/ Yoast SEO plugin. -->","yoast_head_json":{"title":"Rac\u00f3 de la Paula - Sala Jove","robots":{"index":"index","follow":"follow","max-snippet":"max-snippet:-1","max-image-preview":"max-image-preview:large","max-video-preview":"max-video-preview:-1"},"canonical":"https:\/\/biblioteca.blanes.cat\/salajove\/raco-de-la-paula\/","og_locale":"ca_ES","og_type":"article","og_title":"Rac\u00f3 de la Paula - Sala Jove","og_description":"Mons paral\u00b7lels Benvingut\/da al Rac\u00f3 de la Paula! Despr\u00e9s d\u2019una proposta de la Biblioteca, el 2017 la Paula va comen\u00e7ar aquesta aventura apassionant amb l\u2019objectiu de llegir molt i sobretot de fer llegir molt.\u00a0 La Paula viu en dos mons,","og_url":"https:\/\/biblioteca.blanes.cat\/salajove\/raco-de-la-paula\/","og_site_name":"Sala Jove","article_publisher":"https:\/\/www.facebook.com\/BilbiotecaComarcaldeBlanes\/","article_modified_time":"2024-02-06T08:35:32+00:00","og_image":[{"width":3719,"height":3719,"url":"https:\/\/biblioteca.blanes.cat\/salajove\/wp-content\/uploads\/sites\/3\/2017\/10\/elrac\u00f3delapaula_.png","type":"image\/png"}],"twitter_card":"summary_large_image","twitter_site":"@BiblioBlanes","twitter_misc":{"Temps estimat de lectura":"3 minuts"},"schema":{"@context":"https:\/\/schema.org","@graph":[{"@type":"WebPage","@id":"https:\/\/biblioteca.blanes.cat\/salajove\/raco-de-la-paula\/","url":"https:\/\/biblioteca.blanes.cat\/salajove\/raco-de-la-paula\/","name":"Rac\u00f3 de la Paula - Sala Jove","isPartOf":{"@id":"https:\/\/biblioteca.blanes.cat\/salajove\/#website"},"primaryImageOfPage":{"@id":"https:\/\/biblioteca.blanes.cat\/salajove\/raco-de-la-paula\/#primaryimage"},"image":{"@id":"https:\/\/biblioteca.blanes.cat\/salajove\/raco-de-la-paula\/#primaryimage"},"thumbnailUrl":"https:\/\/biblioteca.blanes.cat\/salajove\/wp-content\/uploads\/sites\/3\/2017\/10\/elrac\u00f3delapaula_.png","datePublished":"2017-10-05T12:45:07+00:00","dateModified":"2024-02-06T08:35:32+00:00","breadcrumb":{"@id":"https:\/\/biblioteca.blanes.cat\/salajove\/raco-de-la-paula\/#breadcrumb"},"inLanguage":"ca","potentialAction":[{"@type":"ReadAction","target":["https:\/\/biblioteca.blanes.cat\/salajove\/raco-de-la-paula\/"]}]},{"@type":"ImageObject","inLanguage":"ca","@id":"https:\/\/biblioteca.blanes.cat\/salajove\/raco-de-la-paula\/#primaryimage","url":"https:\/\/biblioteca.blanes.cat\/salajove\/wp-content\/uploads\/sites\/3\/2017\/10\/elrac\u00f3delapaula_.png","contentUrl":"https:\/\/biblioteca.blanes.cat\/salajove\/wp-content\/uploads\/sites\/3\/2017\/10\/elrac\u00f3delapaula_.png","width":3719,"height":3719},{"@type":"BreadcrumbList","@id":"https:\/\/biblioteca.blanes.cat\/salajove\/raco-de-la-paula\/#breadcrumb","itemListElement":[{"@type":"ListItem","position":1,"name":"Inici","item":"https:\/\/biblioteca.blanes.cat\/salajove\/"},{"@type":"ListItem","position":2,"name":"Rac\u00f3 de la Paula"}]},{"@type":"WebSite","@id":"https:\/\/biblioteca.blanes.cat\/salajove\/#website","url":"https:\/\/biblioteca.blanes.cat\/salajove\/","name":"Sala Jove","description":"Biblioteca Comarcal de Blanes","publisher":{"@id":"https:\/\/biblioteca.blanes.cat\/salajove\/#organization"},"potentialAction":[{"@type":"SearchAction","target":{"@type":"EntryPoint","urlTemplate":"https:\/\/biblioteca.blanes.cat\/salajove\/?s={search_term_string}"},"query-input":{"@type":"PropertyValueSpecification","valueRequired":true,"valueName":"search_term_string"}}],"inLanguage":"ca"},{"@type":"Organization","@id":"https:\/\/biblioteca.blanes.cat\/salajove\/#organization","name":"Biblioteca Comarcal de Blanes","url":"https:\/\/biblioteca.blanes.cat\/salajove\/","logo":{"@type":"ImageObject","inLanguage":"ca","@id":"https:\/\/biblioteca.blanes.cat\/salajove\/#\/schema\/logo\/image\/","url":"https:\/\/biblioteca.blanes.cat\/salajove\/wp-content\/uploads\/sites\/3\/2017\/09\/cropped-Bib-blau-e1518869380535.png","contentUrl":"https:\/\/biblioteca.blanes.cat\/salajove\/wp-content\/uploads\/sites\/3\/2017\/09\/cropped-Bib-blau-e1518869380535.png","width":166,"height":166,"caption":"Biblioteca Comarcal de Blanes"},"image":{"@id":"https:\/\/biblioteca.blanes.cat\/salajove\/#\/schema\/logo\/image\/"},"sameAs":["https:\/\/www.facebook.com\/BilbiotecaComarcaldeBlanes\/","https:\/\/x.com\/BiblioBlanes","https:\/\/www.instagram.com\/biblioblanes\/","https:\/\/www.pinterest.es\/bblanes\/","https:\/\/www.youtube.com\/c\/BibliotecaComarcalBlanes"]}]}},"_links":{"self":[{"href":"https:\/\/biblioteca.blanes.cat\/salajove\/wp-json\/wp\/v2\/pages\/156","targetHints":{"allow":["GET"]}}],"collection":[{"href":"https:\/\/biblioteca.blanes.cat\/salajove\/wp-json\/wp\/v2\/pages"}],"about":[{"href":"https:\/\/biblioteca.blanes.cat\/salajove\/wp-json\/wp\/v2\/types\/page"}],"author":[{"embeddable":true,"href":"https:\/\/biblioteca.blanes.cat\/salajove\/wp-json\/wp\/v2\/users\/4"}],"replies":[{"embeddable":true,"href":"https:\/\/biblioteca.blanes.cat\/salajove\/wp-json\/wp\/v2\/comments?post=156"}],"version-history":[{"count":13,"href":"https:\/\/biblioteca.blanes.cat\/salajove\/wp-json\/wp\/v2\/pages\/156\/revisions"}],"predecessor-version":[{"id":8506,"href":"https:\/\/biblioteca.blanes.cat\/salajove\/wp-json\/wp\/v2\/pages\/156\/revisions\/8506"}],"wp:featuredmedia":[{"embeddable":true,"href":"https:\/\/biblioteca.blanes.cat\/salajove\/wp-json\/wp\/v2\/media\/1802"}],"wp:attachment":[{"href":"https:\/\/biblioteca.blanes.cat\/salajove\/wp-json\/wp\/v2\/media?parent=156"}],"curies":[{"name":"wp","href":"https:\/\/api.w.org\/{rel}","templated":true}]}}