{"id":14,"date":"2017-09-27T17:08:47","date_gmt":"2017-09-27T16:08:47","guid":{"rendered":"https:\/\/biblioteca.blanes.cat\/salajove\/?page_id=14"},"modified":"2024-01-31T19:08:54","modified_gmt":"2024-01-31T18:08:54","slug":"treballs-en-grup","status":"publish","type":"page","link":"https:\/\/biblioteca.blanes.cat\/salajove\/treballs-en-grup\/","title":{"rendered":"TREBALLS EN GRUP"},"content":{"rendered":"<p class=\"separator\" data-blogger-escaped-style=\"clear: both; text-align: center;\"><img decoding=\"async\" class=\"aligncenter\" title=\"TREBALLS EN GRUP\" src=\"https:\/\/1.bp.blogspot.com\/-l39ojIE8CRs\/VBcTLS9PUgI\/AAAAAAAAD9Y\/78PXYAdGGps\/s1600\/Reserva%2Bsala.png\" alt=\"TREBALLS EN GRUP\" width=\"320\" height=\"61\" border=\"0\" \/><\/p>\n<div style=\"text-align: justify;\" data-blogger-escaped-style=\"text-align: justify;\">\n<p>La Biblioteca Jove t\u00e9 una sala disponible per a fer treballs en grup que cal reservar. Ho pots fer demanant-ho a la biblioteca, per tel\u00e8fon o per correu electr\u00f2nic. Et demanarem el nom i cognoms, tel\u00e8fon i adre\u00e7a de correu-e.<\/p>\n<p>Depenent del nombre de\u00a0sol\u00b7licituds que tingui aquesta\u00a0sala el m\u00e0xim d\u2019hores reservades per una mateixa persona ser\u00e0 de 2 hores.<\/p>\n<p>Recordeu qu\u00e8 es podr\u00e0 parlar amb un to de veu moderat, sempre que no es molesti les persones que hi pugui haver estudiant a la resta de la Biblioteca Jove.<\/p>\n<\/div>\n<p style=\"text-align: center; color: #aa3b8b; line-height: 10px;\"><span style=\"text-decoration: underline;\"><strong>CONTACTA AMB NOSALTRES<\/strong><\/span><\/p>\n<p style=\"text-align: center; color: #aa3b8b; line-height: 10px;\">972.358.033<\/p>\n<p style=\"text-align: center; color: #aa3b8b; line-height: 10px;\"><a href=\"mailto:biblioteca@blanes.cat\">biblioteca@blanes.cat<\/a><\/p>\n<div style=\"text-align: justify;\" data-blogger-escaped-style=\"text-align: justify;\">\n<div id='gallery-1' class='gallery galleryid-14 gallery-columns-2 gallery-size-full'><figure class='gallery-item'>\n\t\t\t<div class='gallery-icon landscape'>\n\t\t\t\t<a href='https:\/\/biblioteca.blanes.cat\/salajove\/treballs-en-grup\/03_treballs-en-grup_002\/'><img decoding=\"async\" width=\"200\" height=\"200\" src=\"https:\/\/biblioteca.blanes.cat\/salajove\/wp-content\/uploads\/sites\/3\/2017\/09\/03_Treballs-en-grup_002.jpg\" class=\"attachment-full size-full\" alt=\"\" srcset=\"https:\/\/biblioteca.blanes.cat\/salajove\/wp-content\/uploads\/sites\/3\/2017\/09\/03_Treballs-en-grup_002.jpg 200w, https:\/\/biblioteca.blanes.cat\/salajove\/wp-content\/uploads\/sites\/3\/2017\/09\/03_Treballs-en-grup_002-150x150.jpg 150w\" sizes=\"(max-width: 200px) 100vw, 200px\" \/><\/a>\n\t\t\t<\/div><\/figure><figure class='gallery-item'>\n\t\t\t<div class='gallery-icon landscape'>\n\t\t\t\t<a href='https:\/\/biblioteca.blanes.cat\/salajove\/treballs-en-grup\/03_treballs-en-grup_001\/'><img decoding=\"async\" width=\"200\" height=\"200\" src=\"https:\/\/biblioteca.blanes.cat\/salajove\/wp-content\/uploads\/sites\/3\/2017\/09\/03_Treballs-en-grup_001.jpg\" class=\"attachment-full size-full\" alt=\"\" srcset=\"https:\/\/biblioteca.blanes.cat\/salajove\/wp-content\/uploads\/sites\/3\/2017\/09\/03_Treballs-en-grup_001.jpg 200w, https:\/\/biblioteca.blanes.cat\/salajove\/wp-content\/uploads\/sites\/3\/2017\/09\/03_Treballs-en-grup_001-150x150.jpg 150w\" sizes=\"(max-width: 200px) 100vw, 200px\" \/><\/a>\n\t\t\t<\/div><\/figure>\n\t\t<\/div>\n\n<\/div>\n","protected":false},"excerpt":{"rendered":"<p>La Biblioteca Jove t\u00e9 una sala disponible per a fer treballs en grup que cal reservar. Ho pots fer demanant-ho a la biblioteca, per tel\u00e8fon o per correu electr\u00f2nic. Et demanarem el nom i cognoms, tel\u00e8fon i adre\u00e7a de correu-e.<\/p>\n","protected":false},"author":4,"featured_media":0,"parent":0,"menu_order":0,"comment_status":"closed","ping_status":"closed","template":"","meta":{"sfsi_plus_gutenberg_text_before_share":"","sfsi_plus_gutenberg_show_text_before_share":"","sfsi_plus_gutenberg_icon_type":"","sfsi_plus_gutenberg_icon_alignemt":"","sfsi_plus_gutenburg_max_per_row":"","footnotes":""},"class_list":["post-14","page","type-page","status-publish","hentry"],"yoast_head":"<!-- This site is optimized with the Yoast SEO plugin v27.5 - https:\/\/yoast.com\/product\/yoast-seo-wordpress\/ -->\n<title>La biblioteca jove t\u00e9 una sala disponible per a fer treballs en grup<\/title>\n<meta name=\"description\" content=\"TREBALLS EN GRUP - Sala Jove\" \/>\n<meta name=\"robots\" content=\"index, follow, max-snippet:-1, max-image-preview:large, max-video-preview:-1\" \/>\n<link rel=\"canonical\" href=\"https:\/\/biblioteca.blanes.cat\/salajove\/treballs-en-grup\/\" \/>\n<meta property=\"og:locale\" content=\"ca_ES\" \/>\n<meta property=\"og:type\" content=\"article\" \/>\n<meta property=\"og:title\" content=\"La biblioteca jove t\u00e9 una sala disponible per a fer treballs en grup\" \/>\n<meta property=\"og:description\" content=\"TREBALLS EN GRUP - Sala Jove\" \/>\n<meta property=\"og:url\" content=\"https:\/\/biblioteca.blanes.cat\/salajove\/treballs-en-grup\/\" \/>\n<meta property=\"og:site_name\" content=\"Sala Jove\" \/>\n<meta property=\"article:publisher\" content=\"https:\/\/www.facebook.com\/BilbiotecaComarcaldeBlanes\/\" \/>\n<meta property=\"article:modified_time\" content=\"2024-01-31T18:08:54+00:00\" \/>\n<meta property=\"og:image\" content=\"https:\/\/biblioteca.blanes.cat\/salajove\/wp-content\/uploads\/sites\/3\/2017\/09\/03_Treballs-en-grup_002.jpg\" \/>\n<meta name=\"twitter:card\" content=\"summary_large_image\" \/>\n<meta name=\"twitter:site\" content=\"@BiblioBlanes\" \/>\n<meta name=\"twitter:label1\" content=\"Temps estimat de lectura\" \/>\n\t<meta name=\"twitter:data1\" content=\"1 minut\" \/>\n<script type=\"application\/ld+json\" class=\"yoast-schema-graph\">{\"@context\":\"https:\\\/\\\/schema.org\",\"@graph\":[{\"@type\":\"WebPage\",\"@id\":\"https:\\\/\\\/biblioteca.blanes.cat\\\/salajove\\\/treballs-en-grup\\\/\",\"url\":\"https:\\\/\\\/biblioteca.blanes.cat\\\/salajove\\\/treballs-en-grup\\\/\",\"name\":\"La biblioteca jove t\u00e9 una sala disponible per a fer treballs en grup\",\"isPartOf\":{\"@id\":\"https:\\\/\\\/biblioteca.blanes.cat\\\/salajove\\\/#website\"},\"primaryImageOfPage\":{\"@id\":\"https:\\\/\\\/biblioteca.blanes.cat\\\/salajove\\\/treballs-en-grup\\\/#primaryimage\"},\"image\":{\"@id\":\"https:\\\/\\\/biblioteca.blanes.cat\\\/salajove\\\/treballs-en-grup\\\/#primaryimage\"},\"thumbnailUrl\":\"https:\\\/\\\/1.bp.blogspot.com\\\/-l39ojIE8CRs\\\/VBcTLS9PUgI\\\/AAAAAAAAD9Y\\\/78PXYAdGGps\\\/s1600\\\/Reserva%2Bsala.png\",\"datePublished\":\"2017-09-27T16:08:47+00:00\",\"dateModified\":\"2024-01-31T18:08:54+00:00\",\"description\":\"TREBALLS EN GRUP - Sala Jove\",\"breadcrumb\":{\"@id\":\"https:\\\/\\\/biblioteca.blanes.cat\\\/salajove\\\/treballs-en-grup\\\/#breadcrumb\"},\"inLanguage\":\"ca\",\"potentialAction\":[{\"@type\":\"ReadAction\",\"target\":[\"https:\\\/\\\/biblioteca.blanes.cat\\\/salajove\\\/treballs-en-grup\\\/\"]}]},{\"@type\":\"ImageObject\",\"inLanguage\":\"ca\",\"@id\":\"https:\\\/\\\/biblioteca.blanes.cat\\\/salajove\\\/treballs-en-grup\\\/#primaryimage\",\"url\":\"https:\\\/\\\/1.bp.blogspot.com\\\/-l39ojIE8CRs\\\/VBcTLS9PUgI\\\/AAAAAAAAD9Y\\\/78PXYAdGGps\\\/s1600\\\/Reserva%2Bsala.png\",\"contentUrl\":\"https:\\\/\\\/1.bp.blogspot.com\\\/-l39ojIE8CRs\\\/VBcTLS9PUgI\\\/AAAAAAAAD9Y\\\/78PXYAdGGps\\\/s1600\\\/Reserva%2Bsala.png\"},{\"@type\":\"BreadcrumbList\",\"@id\":\"https:\\\/\\\/biblioteca.blanes.cat\\\/salajove\\\/treballs-en-grup\\\/#breadcrumb\",\"itemListElement\":[{\"@type\":\"ListItem\",\"position\":1,\"name\":\"Inici\",\"item\":\"https:\\\/\\\/biblioteca.blanes.cat\\\/salajove\\\/\"},{\"@type\":\"ListItem\",\"position\":2,\"name\":\"TREBALLS EN GRUP\"}]},{\"@type\":\"WebSite\",\"@id\":\"https:\\\/\\\/biblioteca.blanes.cat\\\/salajove\\\/#website\",\"url\":\"https:\\\/\\\/biblioteca.blanes.cat\\\/salajove\\\/\",\"name\":\"Sala Jove\",\"description\":\"Biblioteca Comarcal de Blanes\",\"publisher\":{\"@id\":\"https:\\\/\\\/biblioteca.blanes.cat\\\/salajove\\\/#organization\"},\"potentialAction\":[{\"@type\":\"SearchAction\",\"target\":{\"@type\":\"EntryPoint\",\"urlTemplate\":\"https:\\\/\\\/biblioteca.blanes.cat\\\/salajove\\\/?s={search_term_string}\"},\"query-input\":{\"@type\":\"PropertyValueSpecification\",\"valueRequired\":true,\"valueName\":\"search_term_string\"}}],\"inLanguage\":\"ca\"},{\"@type\":\"Organization\",\"@id\":\"https:\\\/\\\/biblioteca.blanes.cat\\\/salajove\\\/#organization\",\"name\":\"Biblioteca Comarcal de Blanes\",\"url\":\"https:\\\/\\\/biblioteca.blanes.cat\\\/salajove\\\/\",\"logo\":{\"@type\":\"ImageObject\",\"inLanguage\":\"ca\",\"@id\":\"https:\\\/\\\/biblioteca.blanes.cat\\\/salajove\\\/#\\\/schema\\\/logo\\\/image\\\/\",\"url\":\"https:\\\/\\\/biblioteca.blanes.cat\\\/salajove\\\/wp-content\\\/uploads\\\/sites\\\/3\\\/2017\\\/09\\\/cropped-Bib-blau-e1518869380535.png\",\"contentUrl\":\"https:\\\/\\\/biblioteca.blanes.cat\\\/salajove\\\/wp-content\\\/uploads\\\/sites\\\/3\\\/2017\\\/09\\\/cropped-Bib-blau-e1518869380535.png\",\"width\":166,\"height\":166,\"caption\":\"Biblioteca Comarcal de Blanes\"},\"image\":{\"@id\":\"https:\\\/\\\/biblioteca.blanes.cat\\\/salajove\\\/#\\\/schema\\\/logo\\\/image\\\/\"},\"sameAs\":[\"https:\\\/\\\/www.facebook.com\\\/BilbiotecaComarcaldeBlanes\\\/\",\"https:\\\/\\\/x.com\\\/BiblioBlanes\",\"https:\\\/\\\/www.instagram.com\\\/biblioblanes\\\/\",\"https:\\\/\\\/www.pinterest.es\\\/bblanes\\\/\",\"https:\\\/\\\/www.youtube.com\\\/c\\\/BibliotecaComarcalBlanes\"]}]}<\/script>\n<!-- \/ Yoast SEO plugin. -->","yoast_head_json":{"title":"La biblioteca jove t\u00e9 una sala disponible per a fer treballs en grup","description":"TREBALLS EN GRUP - Sala Jove","robots":{"index":"index","follow":"follow","max-snippet":"max-snippet:-1","max-image-preview":"max-image-preview:large","max-video-preview":"max-video-preview:-1"},"canonical":"https:\/\/biblioteca.blanes.cat\/salajove\/treballs-en-grup\/","og_locale":"ca_ES","og_type":"article","og_title":"La biblioteca jove t\u00e9 una sala disponible per a fer treballs en grup","og_description":"TREBALLS EN GRUP - Sala Jove","og_url":"https:\/\/biblioteca.blanes.cat\/salajove\/treballs-en-grup\/","og_site_name":"Sala Jove","article_publisher":"https:\/\/www.facebook.com\/BilbiotecaComarcaldeBlanes\/","article_modified_time":"2024-01-31T18:08:54+00:00","og_image":[{"url":"https:\/\/biblioteca.blanes.cat\/salajove\/wp-content\/uploads\/sites\/3\/2017\/09\/03_Treballs-en-grup_002.jpg","type":"","width":"","height":""}],"twitter_card":"summary_large_image","twitter_site":"@BiblioBlanes","twitter_misc":{"Temps estimat de lectura":"1 minut"},"schema":{"@context":"https:\/\/schema.org","@graph":[{"@type":"WebPage","@id":"https:\/\/biblioteca.blanes.cat\/salajove\/treballs-en-grup\/","url":"https:\/\/biblioteca.blanes.cat\/salajove\/treballs-en-grup\/","name":"La biblioteca jove t\u00e9 una sala disponible per a fer treballs en grup","isPartOf":{"@id":"https:\/\/biblioteca.blanes.cat\/salajove\/#website"},"primaryImageOfPage":{"@id":"https:\/\/biblioteca.blanes.cat\/salajove\/treballs-en-grup\/#primaryimage"},"image":{"@id":"https:\/\/biblioteca.blanes.cat\/salajove\/treballs-en-grup\/#primaryimage"},"thumbnailUrl":"https:\/\/1.bp.blogspot.com\/-l39ojIE8CRs\/VBcTLS9PUgI\/AAAAAAAAD9Y\/78PXYAdGGps\/s1600\/Reserva%2Bsala.png","datePublished":"2017-09-27T16:08:47+00:00","dateModified":"2024-01-31T18:08:54+00:00","description":"TREBALLS EN GRUP - Sala Jove","breadcrumb":{"@id":"https:\/\/biblioteca.blanes.cat\/salajove\/treballs-en-grup\/#breadcrumb"},"inLanguage":"ca","potentialAction":[{"@type":"ReadAction","target":["https:\/\/biblioteca.blanes.cat\/salajove\/treballs-en-grup\/"]}]},{"@type":"ImageObject","inLanguage":"ca","@id":"https:\/\/biblioteca.blanes.cat\/salajove\/treballs-en-grup\/#primaryimage","url":"https:\/\/1.bp.blogspot.com\/-l39ojIE8CRs\/VBcTLS9PUgI\/AAAAAAAAD9Y\/78PXYAdGGps\/s1600\/Reserva%2Bsala.png","contentUrl":"https:\/\/1.bp.blogspot.com\/-l39ojIE8CRs\/VBcTLS9PUgI\/AAAAAAAAD9Y\/78PXYAdGGps\/s1600\/Reserva%2Bsala.png"},{"@type":"BreadcrumbList","@id":"https:\/\/biblioteca.blanes.cat\/salajove\/treballs-en-grup\/#breadcrumb","itemListElement":[{"@type":"ListItem","position":1,"name":"Inici","item":"https:\/\/biblioteca.blanes.cat\/salajove\/"},{"@type":"ListItem","position":2,"name":"TREBALLS EN GRUP"}]},{"@type":"WebSite","@id":"https:\/\/biblioteca.blanes.cat\/salajove\/#website","url":"https:\/\/biblioteca.blanes.cat\/salajove\/","name":"Sala Jove","description":"Biblioteca Comarcal de Blanes","publisher":{"@id":"https:\/\/biblioteca.blanes.cat\/salajove\/#organization"},"potentialAction":[{"@type":"SearchAction","target":{"@type":"EntryPoint","urlTemplate":"https:\/\/biblioteca.blanes.cat\/salajove\/?s={search_term_string}"},"query-input":{"@type":"PropertyValueSpecification","valueRequired":true,"valueName":"search_term_string"}}],"inLanguage":"ca"},{"@type":"Organization","@id":"https:\/\/biblioteca.blanes.cat\/salajove\/#organization","name":"Biblioteca Comarcal de Blanes","url":"https:\/\/biblioteca.blanes.cat\/salajove\/","logo":{"@type":"ImageObject","inLanguage":"ca","@id":"https:\/\/biblioteca.blanes.cat\/salajove\/#\/schema\/logo\/image\/","url":"https:\/\/biblioteca.blanes.cat\/salajove\/wp-content\/uploads\/sites\/3\/2017\/09\/cropped-Bib-blau-e1518869380535.png","contentUrl":"https:\/\/biblioteca.blanes.cat\/salajove\/wp-content\/uploads\/sites\/3\/2017\/09\/cropped-Bib-blau-e1518869380535.png","width":166,"height":166,"caption":"Biblioteca Comarcal de Blanes"},"image":{"@id":"https:\/\/biblioteca.blanes.cat\/salajove\/#\/schema\/logo\/image\/"},"sameAs":["https:\/\/www.facebook.com\/BilbiotecaComarcaldeBlanes\/","https:\/\/x.com\/BiblioBlanes","https:\/\/www.instagram.com\/biblioblanes\/","https:\/\/www.pinterest.es\/bblanes\/","https:\/\/www.youtube.com\/c\/BibliotecaComarcalBlanes"]}]}},"_links":{"self":[{"href":"https:\/\/biblioteca.blanes.cat\/salajove\/wp-json\/wp\/v2\/pages\/14","targetHints":{"allow":["GET"]}}],"collection":[{"href":"https:\/\/biblioteca.blanes.cat\/salajove\/wp-json\/wp\/v2\/pages"}],"about":[{"href":"https:\/\/biblioteca.blanes.cat\/salajove\/wp-json\/wp\/v2\/types\/page"}],"author":[{"embeddable":true,"href":"https:\/\/biblioteca.blanes.cat\/salajove\/wp-json\/wp\/v2\/users\/4"}],"replies":[{"embeddable":true,"href":"https:\/\/biblioteca.blanes.cat\/salajove\/wp-json\/wp\/v2\/comments?post=14"}],"version-history":[{"count":14,"href":"https:\/\/biblioteca.blanes.cat\/salajove\/wp-json\/wp\/v2\/pages\/14\/revisions"}],"predecessor-version":[{"id":8382,"href":"https:\/\/biblioteca.blanes.cat\/salajove\/wp-json\/wp\/v2\/pages\/14\/revisions\/8382"}],"wp:attachment":[{"href":"https:\/\/biblioteca.blanes.cat\/salajove\/wp-json\/wp\/v2\/media?parent=14"}],"curies":[{"name":"wp","href":"https:\/\/api.w.org\/{rel}","templated":true}]}}