{"id":12,"date":"2017-09-27T16:42:50","date_gmt":"2017-09-27T15:42:50","guid":{"rendered":"https:\/\/biblioteca.blanes.cat\/salajove\/?page_id=12"},"modified":"2025-09-24T19:27:54","modified_gmt":"2025-09-24T18:27:54","slug":"normativa","status":"publish","type":"page","link":"https:\/\/biblioteca.blanes.cat\/salajove\/normativa\/","title":{"rendered":"NORMATIVA"},"content":{"rendered":"<h2 style=\"text-align: justify;\">La Biblioteca Jove est\u00e0 sotmesa a la normativa general de la Biblioteca Roberto Bola\u00f1o de Blanes<\/h2>\n<p style=\"text-align: justify;\">La normativa de la Biblioteca Jove est\u00e0 pensada per a joves d&#8217;entre 15 i 25 anys, per\u00f2 es pot flexibilitzar l\u2019edat d\u2019entrada sempre que els usuaris es comportin correctament. Els menors de 12 anys en cap cas podran fer \u00fas d\u2019aquesta sala. Pel que fa als majors de 25, se\u2019ls aconsellar\u00e0 utilitzar l\u2019altell o el primer pis.<\/p>\n<ul>\n<li>La Biblioteca Jove est\u00e0 pensada per estudiar i treballar. Cal que hi hagi un clima que permeti el treball i l\u2019estudi. El personal que hi hagi al taulell de pr\u00e9stec i el personal de consergeria seran els responsables que aix\u00ed sigui.<\/li>\n<li>Es mantindr\u00e0 una actitud correcta mantenint el silenci i es respectar\u00e0 el personal de la biblioteca.<\/li>\n<li>Hi ha una sala disponible per a fer treballs en grup. En aquesta sala, quan s\u2019hagi reservat a aquest efecte, es podr\u00e0 parlar amb un to de veu moderat, sempre que no es molesti les persones que hi pugui haver estudiant a la resta de la Biblioteca Jove.<\/li>\n<li>En acabar la consulta d\u2019un document es deixar\u00e0 en un dels llocs destinats a aquest \u00fas.<\/li>\n<li>Els usuaris s\u2019hauran d\u2019abstenir de:<\/li>\n<\/ul>\n<ul>\n<li style=\"list-style-type: none;\">\n<ul style=\"list-style-type: circle;\">\n<li>menjar, beure o fumar; nom\u00e9s est\u00e0 perm\u00e8s beure aigua<\/li>\n<li>escriure o fer senyals en cap document<\/li>\n<li>reservar punts de lectura<\/li>\n<li>malmetre o maltractar qualsevol dels b\u00e9ns mobles i immobles que integren el conjunt de la biblioteca<\/li>\n<li>canviar de lloc el mobiliari i els equipaments de la biblioteca<\/li>\n<li>realitzar activitats que puguin molestar altres usuaris o entorpir el funcionament normal de la biblioteca<\/li>\n<li>connectar els tel\u00e8fons m\u00f2bils sense mode silenciat i contestar les trucades dins les instal\u00b7lacions<\/li>\n<\/ul>\n<\/li>\n<\/ul>\n<h2><img fetchpriority=\"high\" decoding=\"async\" class=\"alignright wp-image-56 size-medium\" title=\"Normativa\" src=\"https:\/\/biblioteca.blanes.cat\/salajove\/wp-content\/uploads\/sites\/3\/2017\/09\/02_-Normativa-300x200.png\" alt=\"Normativa\" width=\"300\" height=\"200\" srcset=\"https:\/\/biblioteca.blanes.cat\/salajove\/wp-content\/uploads\/sites\/3\/2017\/09\/02_-Normativa-300x200.png 300w, https:\/\/biblioteca.blanes.cat\/salajove\/wp-content\/uploads\/sites\/3\/2017\/09\/02_-Normativa-768x512.png 768w, https:\/\/biblioteca.blanes.cat\/salajove\/wp-content\/uploads\/sites\/3\/2017\/09\/02_-Normativa-1024x683.png 1024w\" sizes=\"(max-width: 300px) 100vw, 300px\" \/><\/h2>\n","protected":false},"excerpt":{"rendered":"<p>La Biblioteca Jove est\u00e0 sotmesa a la normativa general de la Biblioteca Roberto Bola\u00f1o de Blanes La normativa de la Biblioteca Jove est\u00e0 pensada per a joves d&#8217;entre 15 i 25 anys, per\u00f2 es pot flexibilitzar l\u2019edat d\u2019entrada sempre que<\/p>\n","protected":false},"author":4,"featured_media":0,"parent":0,"menu_order":0,"comment_status":"closed","ping_status":"closed","template":"","meta":{"sfsi_plus_gutenberg_text_before_share":"","sfsi_plus_gutenberg_show_text_before_share":"","sfsi_plus_gutenberg_icon_type":"","sfsi_plus_gutenberg_icon_alignemt":"","sfsi_plus_gutenburg_max_per_row":"","footnotes":""},"class_list":["post-12","page","type-page","status-publish","hentry"],"yoast_head":"<!-- This site is optimized with the Yoast SEO plugin v27.5 - https:\/\/yoast.com\/product\/yoast-seo-wordpress\/ -->\n<title>La biblioteca Jove est\u00e0 sotmesa a la normativa general de la Biblioteca<\/title>\n<meta name=\"description\" content=\"La biblioteca Jove est\u00e0 sotmesa a la normativa general de la Biblioteca Comarcal de Blanes. Est\u00e0 pensada per a joves entre 15 i 25 anys...\" \/>\n<meta name=\"robots\" content=\"index, follow, max-snippet:-1, max-image-preview:large, max-video-preview:-1\" \/>\n<link rel=\"canonical\" href=\"https:\/\/biblioteca.blanes.cat\/salajove\/normativa\/\" \/>\n<meta property=\"og:locale\" content=\"ca_ES\" \/>\n<meta property=\"og:type\" content=\"article\" \/>\n<meta property=\"og:title\" content=\"La biblioteca Jove est\u00e0 sotmesa a la normativa general de la Biblioteca\" \/>\n<meta property=\"og:description\" content=\"La biblioteca Jove est\u00e0 sotmesa a la normativa general de la Biblioteca Comarcal de Blanes. Est\u00e0 pensada per a joves entre 15 i 25 anys...\" \/>\n<meta property=\"og:url\" content=\"https:\/\/biblioteca.blanes.cat\/salajove\/normativa\/\" \/>\n<meta property=\"og:site_name\" content=\"Sala Jove\" \/>\n<meta property=\"article:publisher\" content=\"https:\/\/www.facebook.com\/BilbiotecaComarcaldeBlanes\/\" \/>\n<meta property=\"article:modified_time\" content=\"2025-09-24T18:27:54+00:00\" \/>\n<meta property=\"og:image\" content=\"https:\/\/biblioteca.blanes.cat\/salajove\/wp-content\/uploads\/sites\/3\/2017\/09\/02_-Normativa-300x200.png\" \/>\n<meta name=\"twitter:card\" content=\"summary_large_image\" \/>\n<meta name=\"twitter:site\" content=\"@BiblioBlanes\" \/>\n<meta name=\"twitter:label1\" content=\"Temps estimat de lectura\" \/>\n\t<meta name=\"twitter:data1\" content=\"2 minuts\" \/>\n<script type=\"application\/ld+json\" class=\"yoast-schema-graph\">{\"@context\":\"https:\\\/\\\/schema.org\",\"@graph\":[{\"@type\":\"WebPage\",\"@id\":\"https:\\\/\\\/biblioteca.blanes.cat\\\/salajove\\\/normativa\\\/\",\"url\":\"https:\\\/\\\/biblioteca.blanes.cat\\\/salajove\\\/normativa\\\/\",\"name\":\"La biblioteca Jove est\u00e0 sotmesa a la normativa general de la Biblioteca\",\"isPartOf\":{\"@id\":\"https:\\\/\\\/biblioteca.blanes.cat\\\/salajove\\\/#website\"},\"primaryImageOfPage\":{\"@id\":\"https:\\\/\\\/biblioteca.blanes.cat\\\/salajove\\\/normativa\\\/#primaryimage\"},\"image\":{\"@id\":\"https:\\\/\\\/biblioteca.blanes.cat\\\/salajove\\\/normativa\\\/#primaryimage\"},\"thumbnailUrl\":\"https:\\\/\\\/biblioteca.blanes.cat\\\/salajove\\\/wp-content\\\/uploads\\\/sites\\\/3\\\/2017\\\/09\\\/02_-Normativa-300x200.png\",\"datePublished\":\"2017-09-27T15:42:50+00:00\",\"dateModified\":\"2025-09-24T18:27:54+00:00\",\"description\":\"La biblioteca Jove est\u00e0 sotmesa a la normativa general de la Biblioteca Comarcal de Blanes. Est\u00e0 pensada per a joves entre 15 i 25 anys...\",\"breadcrumb\":{\"@id\":\"https:\\\/\\\/biblioteca.blanes.cat\\\/salajove\\\/normativa\\\/#breadcrumb\"},\"inLanguage\":\"ca\",\"potentialAction\":[{\"@type\":\"ReadAction\",\"target\":[\"https:\\\/\\\/biblioteca.blanes.cat\\\/salajove\\\/normativa\\\/\"]}]},{\"@type\":\"ImageObject\",\"inLanguage\":\"ca\",\"@id\":\"https:\\\/\\\/biblioteca.blanes.cat\\\/salajove\\\/normativa\\\/#primaryimage\",\"url\":\"https:\\\/\\\/biblioteca.blanes.cat\\\/salajove\\\/wp-content\\\/uploads\\\/sites\\\/3\\\/2017\\\/09\\\/02_-Normativa.png\",\"contentUrl\":\"https:\\\/\\\/biblioteca.blanes.cat\\\/salajove\\\/wp-content\\\/uploads\\\/sites\\\/3\\\/2017\\\/09\\\/02_-Normativa.png\",\"width\":2667,\"height\":1778},{\"@type\":\"BreadcrumbList\",\"@id\":\"https:\\\/\\\/biblioteca.blanes.cat\\\/salajove\\\/normativa\\\/#breadcrumb\",\"itemListElement\":[{\"@type\":\"ListItem\",\"position\":1,\"name\":\"Inici\",\"item\":\"https:\\\/\\\/biblioteca.blanes.cat\\\/salajove\\\/\"},{\"@type\":\"ListItem\",\"position\":2,\"name\":\"NORMATIVA\"}]},{\"@type\":\"WebSite\",\"@id\":\"https:\\\/\\\/biblioteca.blanes.cat\\\/salajove\\\/#website\",\"url\":\"https:\\\/\\\/biblioteca.blanes.cat\\\/salajove\\\/\",\"name\":\"Sala Jove\",\"description\":\"Biblioteca Comarcal de Blanes\",\"publisher\":{\"@id\":\"https:\\\/\\\/biblioteca.blanes.cat\\\/salajove\\\/#organization\"},\"potentialAction\":[{\"@type\":\"SearchAction\",\"target\":{\"@type\":\"EntryPoint\",\"urlTemplate\":\"https:\\\/\\\/biblioteca.blanes.cat\\\/salajove\\\/?s={search_term_string}\"},\"query-input\":{\"@type\":\"PropertyValueSpecification\",\"valueRequired\":true,\"valueName\":\"search_term_string\"}}],\"inLanguage\":\"ca\"},{\"@type\":\"Organization\",\"@id\":\"https:\\\/\\\/biblioteca.blanes.cat\\\/salajove\\\/#organization\",\"name\":\"Biblioteca Comarcal de Blanes\",\"url\":\"https:\\\/\\\/biblioteca.blanes.cat\\\/salajove\\\/\",\"logo\":{\"@type\":\"ImageObject\",\"inLanguage\":\"ca\",\"@id\":\"https:\\\/\\\/biblioteca.blanes.cat\\\/salajove\\\/#\\\/schema\\\/logo\\\/image\\\/\",\"url\":\"https:\\\/\\\/biblioteca.blanes.cat\\\/salajove\\\/wp-content\\\/uploads\\\/sites\\\/3\\\/2017\\\/09\\\/cropped-Bib-blau-e1518869380535.png\",\"contentUrl\":\"https:\\\/\\\/biblioteca.blanes.cat\\\/salajove\\\/wp-content\\\/uploads\\\/sites\\\/3\\\/2017\\\/09\\\/cropped-Bib-blau-e1518869380535.png\",\"width\":166,\"height\":166,\"caption\":\"Biblioteca Comarcal de Blanes\"},\"image\":{\"@id\":\"https:\\\/\\\/biblioteca.blanes.cat\\\/salajove\\\/#\\\/schema\\\/logo\\\/image\\\/\"},\"sameAs\":[\"https:\\\/\\\/www.facebook.com\\\/BilbiotecaComarcaldeBlanes\\\/\",\"https:\\\/\\\/x.com\\\/BiblioBlanes\",\"https:\\\/\\\/www.instagram.com\\\/biblioblanes\\\/\",\"https:\\\/\\\/www.pinterest.es\\\/bblanes\\\/\",\"https:\\\/\\\/www.youtube.com\\\/c\\\/BibliotecaComarcalBlanes\"]}]}<\/script>\n<!-- \/ Yoast SEO plugin. -->","yoast_head_json":{"title":"La biblioteca Jove est\u00e0 sotmesa a la normativa general de la Biblioteca","description":"La biblioteca Jove est\u00e0 sotmesa a la normativa general de la Biblioteca Comarcal de Blanes. Est\u00e0 pensada per a joves entre 15 i 25 anys...","robots":{"index":"index","follow":"follow","max-snippet":"max-snippet:-1","max-image-preview":"max-image-preview:large","max-video-preview":"max-video-preview:-1"},"canonical":"https:\/\/biblioteca.blanes.cat\/salajove\/normativa\/","og_locale":"ca_ES","og_type":"article","og_title":"La biblioteca Jove est\u00e0 sotmesa a la normativa general de la Biblioteca","og_description":"La biblioteca Jove est\u00e0 sotmesa a la normativa general de la Biblioteca Comarcal de Blanes. Est\u00e0 pensada per a joves entre 15 i 25 anys...","og_url":"https:\/\/biblioteca.blanes.cat\/salajove\/normativa\/","og_site_name":"Sala Jove","article_publisher":"https:\/\/www.facebook.com\/BilbiotecaComarcaldeBlanes\/","article_modified_time":"2025-09-24T18:27:54+00:00","og_image":[{"url":"https:\/\/biblioteca.blanes.cat\/salajove\/wp-content\/uploads\/sites\/3\/2017\/09\/02_-Normativa-300x200.png","type":"","width":"","height":""}],"twitter_card":"summary_large_image","twitter_site":"@BiblioBlanes","twitter_misc":{"Temps estimat de lectura":"2 minuts"},"schema":{"@context":"https:\/\/schema.org","@graph":[{"@type":"WebPage","@id":"https:\/\/biblioteca.blanes.cat\/salajove\/normativa\/","url":"https:\/\/biblioteca.blanes.cat\/salajove\/normativa\/","name":"La biblioteca Jove est\u00e0 sotmesa a la normativa general de la Biblioteca","isPartOf":{"@id":"https:\/\/biblioteca.blanes.cat\/salajove\/#website"},"primaryImageOfPage":{"@id":"https:\/\/biblioteca.blanes.cat\/salajove\/normativa\/#primaryimage"},"image":{"@id":"https:\/\/biblioteca.blanes.cat\/salajove\/normativa\/#primaryimage"},"thumbnailUrl":"https:\/\/biblioteca.blanes.cat\/salajove\/wp-content\/uploads\/sites\/3\/2017\/09\/02_-Normativa-300x200.png","datePublished":"2017-09-27T15:42:50+00:00","dateModified":"2025-09-24T18:27:54+00:00","description":"La biblioteca Jove est\u00e0 sotmesa a la normativa general de la Biblioteca Comarcal de Blanes. Est\u00e0 pensada per a joves entre 15 i 25 anys...","breadcrumb":{"@id":"https:\/\/biblioteca.blanes.cat\/salajove\/normativa\/#breadcrumb"},"inLanguage":"ca","potentialAction":[{"@type":"ReadAction","target":["https:\/\/biblioteca.blanes.cat\/salajove\/normativa\/"]}]},{"@type":"ImageObject","inLanguage":"ca","@id":"https:\/\/biblioteca.blanes.cat\/salajove\/normativa\/#primaryimage","url":"https:\/\/biblioteca.blanes.cat\/salajove\/wp-content\/uploads\/sites\/3\/2017\/09\/02_-Normativa.png","contentUrl":"https:\/\/biblioteca.blanes.cat\/salajove\/wp-content\/uploads\/sites\/3\/2017\/09\/02_-Normativa.png","width":2667,"height":1778},{"@type":"BreadcrumbList","@id":"https:\/\/biblioteca.blanes.cat\/salajove\/normativa\/#breadcrumb","itemListElement":[{"@type":"ListItem","position":1,"name":"Inici","item":"https:\/\/biblioteca.blanes.cat\/salajove\/"},{"@type":"ListItem","position":2,"name":"NORMATIVA"}]},{"@type":"WebSite","@id":"https:\/\/biblioteca.blanes.cat\/salajove\/#website","url":"https:\/\/biblioteca.blanes.cat\/salajove\/","name":"Sala Jove","description":"Biblioteca Comarcal de Blanes","publisher":{"@id":"https:\/\/biblioteca.blanes.cat\/salajove\/#organization"},"potentialAction":[{"@type":"SearchAction","target":{"@type":"EntryPoint","urlTemplate":"https:\/\/biblioteca.blanes.cat\/salajove\/?s={search_term_string}"},"query-input":{"@type":"PropertyValueSpecification","valueRequired":true,"valueName":"search_term_string"}}],"inLanguage":"ca"},{"@type":"Organization","@id":"https:\/\/biblioteca.blanes.cat\/salajove\/#organization","name":"Biblioteca Comarcal de Blanes","url":"https:\/\/biblioteca.blanes.cat\/salajove\/","logo":{"@type":"ImageObject","inLanguage":"ca","@id":"https:\/\/biblioteca.blanes.cat\/salajove\/#\/schema\/logo\/image\/","url":"https:\/\/biblioteca.blanes.cat\/salajove\/wp-content\/uploads\/sites\/3\/2017\/09\/cropped-Bib-blau-e1518869380535.png","contentUrl":"https:\/\/biblioteca.blanes.cat\/salajove\/wp-content\/uploads\/sites\/3\/2017\/09\/cropped-Bib-blau-e1518869380535.png","width":166,"height":166,"caption":"Biblioteca Comarcal de Blanes"},"image":{"@id":"https:\/\/biblioteca.blanes.cat\/salajove\/#\/schema\/logo\/image\/"},"sameAs":["https:\/\/www.facebook.com\/BilbiotecaComarcaldeBlanes\/","https:\/\/x.com\/BiblioBlanes","https:\/\/www.instagram.com\/biblioblanes\/","https:\/\/www.pinterest.es\/bblanes\/","https:\/\/www.youtube.com\/c\/BibliotecaComarcalBlanes"]}]}},"_links":{"self":[{"href":"https:\/\/biblioteca.blanes.cat\/salajove\/wp-json\/wp\/v2\/pages\/12","targetHints":{"allow":["GET"]}}],"collection":[{"href":"https:\/\/biblioteca.blanes.cat\/salajove\/wp-json\/wp\/v2\/pages"}],"about":[{"href":"https:\/\/biblioteca.blanes.cat\/salajove\/wp-json\/wp\/v2\/types\/page"}],"author":[{"embeddable":true,"href":"https:\/\/biblioteca.blanes.cat\/salajove\/wp-json\/wp\/v2\/users\/4"}],"replies":[{"embeddable":true,"href":"https:\/\/biblioteca.blanes.cat\/salajove\/wp-json\/wp\/v2\/comments?post=12"}],"version-history":[{"count":17,"href":"https:\/\/biblioteca.blanes.cat\/salajove\/wp-json\/wp\/v2\/pages\/12\/revisions"}],"predecessor-version":[{"id":10075,"href":"https:\/\/biblioteca.blanes.cat\/salajove\/wp-json\/wp\/v2\/pages\/12\/revisions\/10075"}],"wp:attachment":[{"href":"https:\/\/biblioteca.blanes.cat\/salajove\/wp-json\/wp\/v2\/media?parent=12"}],"curies":[{"name":"wp","href":"https:\/\/api.w.org\/{rel}","templated":true}]}}