{"id":10,"date":"2017-09-26T19:12:46","date_gmt":"2017-09-26T18:12:46","guid":{"rendered":"https:\/\/biblioteca.blanes.cat\/salajove\/?page_id=10"},"modified":"2021-01-20T20:38:00","modified_gmt":"2021-01-20T19:38:00","slug":"biblioteca-jove-presentacio","status":"publish","type":"page","link":"https:\/\/biblioteca.blanes.cat\/salajove\/biblioteca-jove-presentacio\/","title":{"rendered":"PRESENTACI\u00d3"},"content":{"rendered":"<div dir=\"ltr\" style=\"text-align: left;\">\n<div class=\"MsoNormal\" style=\"text-align: justify;\">\n<div style=\"text-align: justify;\">\n<p class=\"MsoNormal\" style=\"text-align: justify;\">La biblioteca jove \u00e9s un espai de la biblioteca comarcal, inaugurat el mes de gener del 2014, pensat per el p\u00fablic entre 12 i 18 anys.<\/p>\n<p>En aquest espai s\u2019hi pot trobar la novel\u00b7la juvenil (amb una secci\u00f3 especial de cl\u00e0ssics), juntament amb una selecci\u00f3 de c\u00f2mics, llibres de refer\u00e8ncia i\u00a0 monogr\u00e0fics que poden ser d\u2019inter\u00e8s per a un p\u00fablic jove.<\/p>\n<p>L\u2019espai consta de dues sales de treball i estudi amb 27 punts de lectura. Aquestes poden reservar-se per a fer treballs en grup.<\/p>\n<p>Cada trimestre es programen al menys dues activitats adre\u00e7ades al p\u00fablic jove.<\/p>\n<p><img fetchpriority=\"high\" decoding=\"async\" class=\"size-medium wp-image-21 aligncenter\" src=\"https:\/\/biblioteca.blanes.cat\/salajove\/wp-content\/uploads\/sites\/3\/2017\/09\/01_-Presentaci\u00f3001-300x210.jpg\" alt=\"\" width=\"300\" height=\"210\" srcset=\"https:\/\/biblioteca.blanes.cat\/salajove\/wp-content\/uploads\/sites\/3\/2017\/09\/01_-Presentaci\u00f3001-300x210.jpg 300w, https:\/\/biblioteca.blanes.cat\/salajove\/wp-content\/uploads\/sites\/3\/2017\/09\/01_-Presentaci\u00f3001.jpg 400w\" sizes=\"(max-width: 300px) 100vw, 300px\" \/><\/p>\n<p>La nostra biblioteca ha estat distingida amb el Premi Teresa Rovira a la Innovaci\u00f3 en Biblioteca P\u00fablica. La \u00a0millor manera per celebrar l\u2019 any de les biblioteques.<\/p>\n<\/div>\n<div><\/div>\n<div style=\"text-align: justify;\">Aqu\u00ed podreu mirar el v\u00eddeo. Gaudiu-lo!<\/div>\n<\/p>\n<div align=\"center\"><iframe src=\"https:\/\/www.youtube.com\/embed\/sZ_SuHHh5nc\" width=\"320\" height=\"266\" frameborder=\"0\" allowfullscreen=\"allowfullscreen\"><\/iframe><\/div>\n<\/div>\n<\/div>\n","protected":false},"excerpt":{"rendered":"<p>La biblioteca jove \u00e9s un espai de la biblioteca comarcal, inaugurat el mes de gener del 2014, pensat per el p\u00fablic entre 12 i 18 anys. En aquest espai s\u2019hi pot trobar la novel\u00b7la juvenil (amb una secci\u00f3 especial de<\/p>\n","protected":false},"author":4,"featured_media":0,"parent":0,"menu_order":0,"comment_status":"closed","ping_status":"closed","template":"","meta":{"sfsi_plus_gutenberg_text_before_share":"","sfsi_plus_gutenberg_show_text_before_share":"","sfsi_plus_gutenberg_icon_type":"","sfsi_plus_gutenberg_icon_alignemt":"","sfsi_plus_gutenburg_max_per_row":"","footnotes":""},"class_list":["post-10","page","type-page","status-publish","hentry"],"yoast_head":"<!-- This site is optimized with the Yoast SEO plugin v27.5 - https:\/\/yoast.com\/product\/yoast-seo-wordpress\/ -->\n<title>La biblioteca jove \u00e9s un espai de la biblioteca comarcal,<\/title>\n<meta name=\"description\" content=\"La biblioteca jove \u00e9s un espai de la biblioteca comarcal, inaugurat el mes de gener del 2014, pensat per el p\u00fablic entre 15 i 25 anys.\" \/>\n<meta name=\"robots\" content=\"index, follow, max-snippet:-1, max-image-preview:large, max-video-preview:-1\" \/>\n<link rel=\"canonical\" href=\"https:\/\/biblioteca.blanes.cat\/salajove\/biblioteca-jove-presentacio\/\" \/>\n<meta property=\"og:locale\" content=\"ca_ES\" \/>\n<meta property=\"og:type\" content=\"article\" \/>\n<meta property=\"og:title\" content=\"La biblioteca jove \u00e9s un espai de la biblioteca comarcal,\" \/>\n<meta property=\"og:description\" content=\"La biblioteca jove \u00e9s un espai de la biblioteca comarcal, inaugurat el mes de gener del 2014, pensat per el p\u00fablic entre 15 i 25 anys.\" \/>\n<meta property=\"og:url\" content=\"https:\/\/biblioteca.blanes.cat\/salajove\/biblioteca-jove-presentacio\/\" \/>\n<meta property=\"og:site_name\" content=\"Sala Jove\" \/>\n<meta property=\"article:publisher\" content=\"https:\/\/www.facebook.com\/BilbiotecaComarcaldeBlanes\/\" \/>\n<meta property=\"article:modified_time\" content=\"2021-01-20T19:38:00+00:00\" \/>\n<meta name=\"twitter:card\" content=\"summary_large_image\" \/>\n<meta name=\"twitter:site\" content=\"@BiblioBlanes\" \/>\n<meta name=\"twitter:label1\" content=\"Temps estimat de lectura\" \/>\n\t<meta name=\"twitter:data1\" content=\"1 minut\" \/>\n<script type=\"application\/ld+json\" class=\"yoast-schema-graph\">{\"@context\":\"https:\\\/\\\/schema.org\",\"@graph\":[{\"@type\":\"WebPage\",\"@id\":\"https:\\\/\\\/biblioteca.blanes.cat\\\/salajove\\\/biblioteca-jove-presentacio\\\/\",\"url\":\"https:\\\/\\\/biblioteca.blanes.cat\\\/salajove\\\/biblioteca-jove-presentacio\\\/\",\"name\":\"La biblioteca jove \u00e9s un espai de la biblioteca comarcal,\",\"isPartOf\":{\"@id\":\"https:\\\/\\\/biblioteca.blanes.cat\\\/salajove\\\/#website\"},\"datePublished\":\"2017-09-26T18:12:46+00:00\",\"dateModified\":\"2021-01-20T19:38:00+00:00\",\"description\":\"La biblioteca jove \u00e9s un espai de la biblioteca comarcal, inaugurat el mes de gener del 2014, pensat per el p\u00fablic entre 15 i 25 anys.\",\"breadcrumb\":{\"@id\":\"https:\\\/\\\/biblioteca.blanes.cat\\\/salajove\\\/biblioteca-jove-presentacio\\\/#breadcrumb\"},\"inLanguage\":\"ca\",\"potentialAction\":[{\"@type\":\"ReadAction\",\"target\":[\"https:\\\/\\\/biblioteca.blanes.cat\\\/salajove\\\/biblioteca-jove-presentacio\\\/\"]}]},{\"@type\":\"BreadcrumbList\",\"@id\":\"https:\\\/\\\/biblioteca.blanes.cat\\\/salajove\\\/biblioteca-jove-presentacio\\\/#breadcrumb\",\"itemListElement\":[{\"@type\":\"ListItem\",\"position\":1,\"name\":\"Inici\",\"item\":\"https:\\\/\\\/biblioteca.blanes.cat\\\/salajove\\\/\"},{\"@type\":\"ListItem\",\"position\":2,\"name\":\"PRESENTACI\u00d3\"}]},{\"@type\":\"WebSite\",\"@id\":\"https:\\\/\\\/biblioteca.blanes.cat\\\/salajove\\\/#website\",\"url\":\"https:\\\/\\\/biblioteca.blanes.cat\\\/salajove\\\/\",\"name\":\"Sala Jove\",\"description\":\"Biblioteca Comarcal de Blanes\",\"publisher\":{\"@id\":\"https:\\\/\\\/biblioteca.blanes.cat\\\/salajove\\\/#organization\"},\"potentialAction\":[{\"@type\":\"SearchAction\",\"target\":{\"@type\":\"EntryPoint\",\"urlTemplate\":\"https:\\\/\\\/biblioteca.blanes.cat\\\/salajove\\\/?s={search_term_string}\"},\"query-input\":{\"@type\":\"PropertyValueSpecification\",\"valueRequired\":true,\"valueName\":\"search_term_string\"}}],\"inLanguage\":\"ca\"},{\"@type\":\"Organization\",\"@id\":\"https:\\\/\\\/biblioteca.blanes.cat\\\/salajove\\\/#organization\",\"name\":\"Biblioteca Comarcal de Blanes\",\"url\":\"https:\\\/\\\/biblioteca.blanes.cat\\\/salajove\\\/\",\"logo\":{\"@type\":\"ImageObject\",\"inLanguage\":\"ca\",\"@id\":\"https:\\\/\\\/biblioteca.blanes.cat\\\/salajove\\\/#\\\/schema\\\/logo\\\/image\\\/\",\"url\":\"https:\\\/\\\/biblioteca.blanes.cat\\\/salajove\\\/wp-content\\\/uploads\\\/sites\\\/3\\\/2017\\\/09\\\/cropped-Bib-blau-e1518869380535.png\",\"contentUrl\":\"https:\\\/\\\/biblioteca.blanes.cat\\\/salajove\\\/wp-content\\\/uploads\\\/sites\\\/3\\\/2017\\\/09\\\/cropped-Bib-blau-e1518869380535.png\",\"width\":166,\"height\":166,\"caption\":\"Biblioteca Comarcal de Blanes\"},\"image\":{\"@id\":\"https:\\\/\\\/biblioteca.blanes.cat\\\/salajove\\\/#\\\/schema\\\/logo\\\/image\\\/\"},\"sameAs\":[\"https:\\\/\\\/www.facebook.com\\\/BilbiotecaComarcaldeBlanes\\\/\",\"https:\\\/\\\/x.com\\\/BiblioBlanes\",\"https:\\\/\\\/www.instagram.com\\\/biblioblanes\\\/\",\"https:\\\/\\\/www.pinterest.es\\\/bblanes\\\/\",\"https:\\\/\\\/www.youtube.com\\\/c\\\/BibliotecaComarcalBlanes\"]}]}<\/script>\n<!-- \/ Yoast SEO plugin. -->","yoast_head_json":{"title":"La biblioteca jove \u00e9s un espai de la biblioteca comarcal,","description":"La biblioteca jove \u00e9s un espai de la biblioteca comarcal, inaugurat el mes de gener del 2014, pensat per el p\u00fablic entre 15 i 25 anys.","robots":{"index":"index","follow":"follow","max-snippet":"max-snippet:-1","max-image-preview":"max-image-preview:large","max-video-preview":"max-video-preview:-1"},"canonical":"https:\/\/biblioteca.blanes.cat\/salajove\/biblioteca-jove-presentacio\/","og_locale":"ca_ES","og_type":"article","og_title":"La biblioteca jove \u00e9s un espai de la biblioteca comarcal,","og_description":"La biblioteca jove \u00e9s un espai de la biblioteca comarcal, inaugurat el mes de gener del 2014, pensat per el p\u00fablic entre 15 i 25 anys.","og_url":"https:\/\/biblioteca.blanes.cat\/salajove\/biblioteca-jove-presentacio\/","og_site_name":"Sala Jove","article_publisher":"https:\/\/www.facebook.com\/BilbiotecaComarcaldeBlanes\/","article_modified_time":"2021-01-20T19:38:00+00:00","twitter_card":"summary_large_image","twitter_site":"@BiblioBlanes","twitter_misc":{"Temps estimat de lectura":"1 minut"},"schema":{"@context":"https:\/\/schema.org","@graph":[{"@type":"WebPage","@id":"https:\/\/biblioteca.blanes.cat\/salajove\/biblioteca-jove-presentacio\/","url":"https:\/\/biblioteca.blanes.cat\/salajove\/biblioteca-jove-presentacio\/","name":"La biblioteca jove \u00e9s un espai de la biblioteca comarcal,","isPartOf":{"@id":"https:\/\/biblioteca.blanes.cat\/salajove\/#website"},"datePublished":"2017-09-26T18:12:46+00:00","dateModified":"2021-01-20T19:38:00+00:00","description":"La biblioteca jove \u00e9s un espai de la biblioteca comarcal, inaugurat el mes de gener del 2014, pensat per el p\u00fablic entre 15 i 25 anys.","breadcrumb":{"@id":"https:\/\/biblioteca.blanes.cat\/salajove\/biblioteca-jove-presentacio\/#breadcrumb"},"inLanguage":"ca","potentialAction":[{"@type":"ReadAction","target":["https:\/\/biblioteca.blanes.cat\/salajove\/biblioteca-jove-presentacio\/"]}]},{"@type":"BreadcrumbList","@id":"https:\/\/biblioteca.blanes.cat\/salajove\/biblioteca-jove-presentacio\/#breadcrumb","itemListElement":[{"@type":"ListItem","position":1,"name":"Inici","item":"https:\/\/biblioteca.blanes.cat\/salajove\/"},{"@type":"ListItem","position":2,"name":"PRESENTACI\u00d3"}]},{"@type":"WebSite","@id":"https:\/\/biblioteca.blanes.cat\/salajove\/#website","url":"https:\/\/biblioteca.blanes.cat\/salajove\/","name":"Sala Jove","description":"Biblioteca Comarcal de Blanes","publisher":{"@id":"https:\/\/biblioteca.blanes.cat\/salajove\/#organization"},"potentialAction":[{"@type":"SearchAction","target":{"@type":"EntryPoint","urlTemplate":"https:\/\/biblioteca.blanes.cat\/salajove\/?s={search_term_string}"},"query-input":{"@type":"PropertyValueSpecification","valueRequired":true,"valueName":"search_term_string"}}],"inLanguage":"ca"},{"@type":"Organization","@id":"https:\/\/biblioteca.blanes.cat\/salajove\/#organization","name":"Biblioteca Comarcal de Blanes","url":"https:\/\/biblioteca.blanes.cat\/salajove\/","logo":{"@type":"ImageObject","inLanguage":"ca","@id":"https:\/\/biblioteca.blanes.cat\/salajove\/#\/schema\/logo\/image\/","url":"https:\/\/biblioteca.blanes.cat\/salajove\/wp-content\/uploads\/sites\/3\/2017\/09\/cropped-Bib-blau-e1518869380535.png","contentUrl":"https:\/\/biblioteca.blanes.cat\/salajove\/wp-content\/uploads\/sites\/3\/2017\/09\/cropped-Bib-blau-e1518869380535.png","width":166,"height":166,"caption":"Biblioteca Comarcal de Blanes"},"image":{"@id":"https:\/\/biblioteca.blanes.cat\/salajove\/#\/schema\/logo\/image\/"},"sameAs":["https:\/\/www.facebook.com\/BilbiotecaComarcaldeBlanes\/","https:\/\/x.com\/BiblioBlanes","https:\/\/www.instagram.com\/biblioblanes\/","https:\/\/www.pinterest.es\/bblanes\/","https:\/\/www.youtube.com\/c\/BibliotecaComarcalBlanes"]}]}},"_links":{"self":[{"href":"https:\/\/biblioteca.blanes.cat\/salajove\/wp-json\/wp\/v2\/pages\/10","targetHints":{"allow":["GET"]}}],"collection":[{"href":"https:\/\/biblioteca.blanes.cat\/salajove\/wp-json\/wp\/v2\/pages"}],"about":[{"href":"https:\/\/biblioteca.blanes.cat\/salajove\/wp-json\/wp\/v2\/types\/page"}],"author":[{"embeddable":true,"href":"https:\/\/biblioteca.blanes.cat\/salajove\/wp-json\/wp\/v2\/users\/4"}],"replies":[{"embeddable":true,"href":"https:\/\/biblioteca.blanes.cat\/salajove\/wp-json\/wp\/v2\/comments?post=10"}],"version-history":[{"count":7,"href":"https:\/\/biblioteca.blanes.cat\/salajove\/wp-json\/wp\/v2\/pages\/10\/revisions"}],"predecessor-version":[{"id":4985,"href":"https:\/\/biblioteca.blanes.cat\/salajove\/wp-json\/wp\/v2\/pages\/10\/revisions\/4985"}],"wp:attachment":[{"href":"https:\/\/biblioteca.blanes.cat\/salajove\/wp-json\/wp\/v2\/media?parent=10"}],"curies":[{"name":"wp","href":"https:\/\/api.w.org\/{rel}","templated":true}]}}