{"version":"1.0","provider_name":"Sala Jove","provider_url":"https:\/\/biblioteca.blanes.cat\/salajove","author_name":"biblioblanes","author_url":"https:\/\/biblioteca.blanes.cat\/salajove\/author\/biblioblanes\/","title":"17a edici\u00f3 del concurs de relats breus BOLLER\u00c9 - Sala Jove","type":"rich","width":600,"height":338,"html":"<blockquote class=\"wp-embedded-content\" data-secret=\"umN6bMqVse\"><a href=\"https:\/\/biblioteca.blanes.cat\/salajove\/2026\/02\/06\/17a-edicio-del-concurs-de-relats-breus-bollere\/\">17a edici\u00f3 del concurs de relats breus BOLLER\u00c9<\/a><\/blockquote><iframe sandbox=\"allow-scripts\" security=\"restricted\" src=\"https:\/\/biblioteca.blanes.cat\/salajove\/2026\/02\/06\/17a-edicio-del-concurs-de-relats-breus-bollere\/embed\/#?secret=umN6bMqVse\" width=\"600\" height=\"338\" title=\"&#8220;17a edici\u00f3 del concurs de relats breus BOLLER\u00c9&#8221; &#8212; Sala Jove\" data-secret=\"umN6bMqVse\" frameborder=\"0\" marginwidth=\"0\" marginheight=\"0\" scrolling=\"no\" class=\"wp-embedded-content\"><\/iframe><script type=\"text\/javascript\">\n\/* <![CDATA[ *\/\n\/*! This file is auto-generated *\/\n!function(d,l){\"use strict\";l.querySelector&&d.addEventListener&&\"undefined\"!=typeof URL&&(d.wp=d.wp||{},d.wp.receiveEmbedMessage||(d.wp.receiveEmbedMessage=function(e){var t=e.data;if((t||t.secret||t.message||t.value)&&!\/[^a-zA-Z0-9]\/.test(t.secret)){for(var s,r,n,a=l.querySelectorAll('iframe[data-secret=\"'+t.secret+'\"]'),o=l.querySelectorAll('blockquote[data-secret=\"'+t.secret+'\"]'),c=new RegExp(\"^https?:$\",\"i\"),i=0;i<o.length;i++)o[i].style.display=\"none\";for(i=0;i<a.length;i++)s=a[i],e.source===s.contentWindow&&(s.removeAttribute(\"style\"),\"height\"===t.message?(1e3<(r=parseInt(t.value,10))?r=1e3:~~r<200&&(r=200),s.height=r):\"link\"===t.message&&(r=new URL(s.getAttribute(\"src\")),n=new URL(t.value),c.test(n.protocol))&&n.host===r.host&&l.activeElement===s&&(d.top.location.href=t.value))}},d.addEventListener(\"message\",d.wp.receiveEmbedMessage,!1),l.addEventListener(\"DOMContentLoaded\",function(){for(var e,t,s=l.querySelectorAll(\"iframe.wp-embedded-content\"),r=0;r<s.length;r++)(t=(e=s[r]).getAttribute(\"data-secret\"))||(t=Math.random().toString(36).substring(2,12),e.src+=\"#?secret=\"+t,e.setAttribute(\"data-secret\",t)),e.contentWindow.postMessage({message:\"ready\",secret:t},\"*\")},!1)))}(window,document);\n\/\/# sourceURL=https:\/\/biblioteca.blanes.cat\/salajove\/wp-includes\/js\/wp-embed.min.js\n\/* ]]> *\/\n<\/script>\n","thumbnail_url":"https:\/\/biblioteca.blanes.cat\/salajove\/wp-content\/uploads\/sites\/3\/2026\/02\/Bollere-2026-_-anunci-web.jpg","thumbnail_width":1410,"thumbnail_height":2000,"description":"L\u2019any 2006, es va iniciar el concurs de relats breus\u00a0Boller\u00e9, uns premis que\u00a0han estat molt ben rebuts\u00a0entre la poblaci\u00f3 jove amb vocaci\u00f3 liter\u00e0ria,\u00a0 ja que \u00e9s una oportunitat per poder donar a con\u00e8ixer els seus escrits.\u00a0 La finalitat del concurs"}