{"version":"1.0","provider_name":"Sala Jove","provider_url":"https:\/\/biblioteca.blanes.cat\/salajove","author_name":"biblioblanes","author_url":"https:\/\/biblioteca.blanes.cat\/salajove\/author\/biblioblanes\/","title":"LAS M\u00daLTIPLES CARAS DEL ACOSO ESCOLAR O BULLING: \u00bfQu\u00e9 les sucede a los protagonistas? Aquesta xerrada que organitza la Biblioteca Comarcal de Blanes t\u00e9 com a objectiu sensibilitzar a les fam\u00edlies, mestres i professors, aix\u00ed com oferir estrat\u00e8gies de com actuar en els casos que es detecti aquest acosament a l'escola. Un col\u00b7loqui dirigit per Andrea P\u00e9rez Orue, llicenciada en Psicologia, Psicologa Sanit\u00e0ria y Psicopedagoga, que ens convidi a reflexionar sobre l'actuaci\u00f3 dels protagonistes. Bullying \u00e9s un terme angl\u00e8s que fa refer\u00e8ncia a l\u2019assetjament escolar. L\u2019assetjament escolar \u00e9s...","type":"rich","width":600,"height":338,"html":"<blockquote class=\"wp-embedded-content\" data-secret=\"m0VbKDj0DI\"><a href=\"https:\/\/biblioteca.blanes.cat\/salajove\/2017\/10\/13\/bulling\/\">XERRADA: Las m\u00faltiples caras del acoso escolar o bulling<\/a><\/blockquote><iframe sandbox=\"allow-scripts\" security=\"restricted\" src=\"https:\/\/biblioteca.blanes.cat\/salajove\/2017\/10\/13\/bulling\/embed\/#?secret=m0VbKDj0DI\" width=\"600\" height=\"338\" title=\"&#8220;XERRADA: Las m\u00faltiples caras del acoso escolar o bulling&#8221; &#8212; Sala Jove\" data-secret=\"m0VbKDj0DI\" frameborder=\"0\" marginwidth=\"0\" marginheight=\"0\" scrolling=\"no\" class=\"wp-embedded-content\"><\/iframe><script type=\"text\/javascript\">\n\/* <![CDATA[ *\/\n\/*! This file is auto-generated *\/\n!function(d,l){\"use strict\";l.querySelector&&d.addEventListener&&\"undefined\"!=typeof URL&&(d.wp=d.wp||{},d.wp.receiveEmbedMessage||(d.wp.receiveEmbedMessage=function(e){var t=e.data;if((t||t.secret||t.message||t.value)&&!\/[^a-zA-Z0-9]\/.test(t.secret)){for(var s,r,n,a=l.querySelectorAll('iframe[data-secret=\"'+t.secret+'\"]'),o=l.querySelectorAll('blockquote[data-secret=\"'+t.secret+'\"]'),c=new RegExp(\"^https?:$\",\"i\"),i=0;i<o.length;i++)o[i].style.display=\"none\";for(i=0;i<a.length;i++)s=a[i],e.source===s.contentWindow&&(s.removeAttribute(\"style\"),\"height\"===t.message?(1e3<(r=parseInt(t.value,10))?r=1e3:~~r<200&&(r=200),s.height=r):\"link\"===t.message&&(r=new URL(s.getAttribute(\"src\")),n=new URL(t.value),c.test(n.protocol))&&n.host===r.host&&l.activeElement===s&&(d.top.location.href=t.value))}},d.addEventListener(\"message\",d.wp.receiveEmbedMessage,!1),l.addEventListener(\"DOMContentLoaded\",function(){for(var e,t,s=l.querySelectorAll(\"iframe.wp-embedded-content\"),r=0;r<s.length;r++)(t=(e=s[r]).getAttribute(\"data-secret\"))||(t=Math.random().toString(36).substring(2,12),e.src+=\"#?secret=\"+t,e.setAttribute(\"data-secret\",t)),e.contentWindow.postMessage({message:\"ready\",secret:t},\"*\")},!1)))}(window,document);\n\/\/# sourceURL=https:\/\/biblioteca.blanes.cat\/salajove\/wp-includes\/js\/wp-embed.min.js\n\/* ]]> *\/\n<\/script>\n","thumbnail_url":"https:\/\/biblioteca.blanes.cat\/salajove\/wp-content\/uploads\/sites\/3\/2017\/10\/640_1399118886bullying.jpg","thumbnail_width":640,"thumbnail_height":244,"description":"bulling: LAS M\u00daLTIPLES CARAS DEL ACOSO ESCOLAR O BULLING: \u00bfQu\u00e9 les sucede a los protagonistas? La xerrada tindr\u00e0 lloc el 20 d'octubre a les 19.00h"}