{"id":189,"date":"2018-09-06T15:25:17","date_gmt":"2018-09-06T14:25:17","guid":{"rendered":"https:\/\/biblioteca.blanes.cat\/salainfantil\/?page_id=189"},"modified":"2025-11-24T13:38:09","modified_gmt":"2025-11-24T12:38:09","slug":"sala-infantil-2","status":"publish","type":"page","link":"https:\/\/biblioteca.blanes.cat\/salainfantil\/sala-infantil-2\/","title":{"rendered":"SALA INFANTIL"},"content":{"rendered":"\t\t<div data-elementor-type=\"wp-page\" data-elementor-id=\"189\" class=\"elementor elementor-189\" data-elementor-post-type=\"page\">\n\t\t\t\t\t\t<section class=\"elementor-section elementor-top-section elementor-element elementor-element-527b10ca elementor-section-boxed elementor-section-height-default elementor-section-height-default\" data-id=\"527b10ca\" data-element_type=\"section\" data-e-type=\"section\">\n\t\t\t\t\t\t<div class=\"elementor-container elementor-column-gap-default\">\n\t\t\t\t\t<div class=\"elementor-column elementor-col-100 elementor-top-column elementor-element elementor-element-10803951\" data-id=\"10803951\" data-element_type=\"column\" data-e-type=\"column\">\n\t\t\t<div class=\"elementor-widget-wrap elementor-element-populated\">\n\t\t\t\t\t\t<div class=\"elementor-element elementor-element-77df91ad elementor-widget elementor-widget-text-editor\" data-id=\"77df91ad\" data-element_type=\"widget\" data-e-type=\"widget\" data-widget_type=\"text-editor.default\">\n\t\t\t\t<div class=\"elementor-widget-container\">\n\t\t\t\t\t\t\t\t\t<h1 style=\"text-align: center;\"><span style=\"font-size: 60px; color: #147c8f;\"><span style=\"font-family: Barrio;\">BENVINGUTS<\/span><\/span><\/h1><div id=\"post-body-3786865523469320179\" class=\"post-body entry-content\"><div dir=\"ltr\"><div><div><div class=\"separator\"><span style=\"font-family: Lato;\"><img fetchpriority=\"high\" decoding=\"async\" class=\" wp-image-94 aligncenter\" src=\"https:\/\/biblioteca.blanes.cat\/salainfantil\/wp-content\/uploads\/sites\/2\/2018\/08\/portada_nens-biblio-300x200.png\" alt=\"\" width=\"338\" height=\"225\" srcset=\"https:\/\/biblioteca.blanes.cat\/salainfantil\/wp-content\/uploads\/sites\/2\/2018\/08\/portada_nens-biblio-300x200.png 300w, https:\/\/biblioteca.blanes.cat\/salainfantil\/wp-content\/uploads\/sites\/2\/2018\/08\/portada_nens-biblio.png 699w\" sizes=\"(max-width: 338px) 100vw, 338px\" \/><\/span><\/div><div class=\"separator\"><span style=\"font-family: Lato;\">\u00a0<\/span><\/div><p><span style=\"font-family: Lato; font-size: 20px;\">Benvinguts al blog de la sala infantil!!<\/span><\/p><p><span style=\"font-family: Lato; font-size: 20px;\">A trav\u00e9s d&#8217;aquest mitj\u00e0 volem acostar-vos una mica m\u00e9s a la lectura i per aix\u00f2 us convidem a con\u00e8ixer la<span style=\"text-decoration: underline; color: #3f0c7d;\"><strong> SALA INFANTIL <\/strong><\/span>de la Biblioteca Comarcal de Blanes.<\/span><\/p><\/div><div><span style=\"font-family: Lato; font-size: 20px;\">Si remeneu una mica, podreu trobar tot el que passa a la sala infantil:<\/span><\/div><div><span style=\"font-family: Lato; font-size: 20px;\">des dels m\u00e9s petits amb el <strong><span style=\"color: #991299;\">Nascuts per llegir<\/span><\/strong>, passejant per les <strong><span style=\"color: #9e1835;\">hores del conte<\/span><\/strong>, o les <span style=\"color: #1a6a99;\"><strong>visites escolars.<\/strong><\/span><\/span><\/div><div><span style=\"font-family: Lato; font-size: 20px;\">\u00a0<\/span><\/div><div><span style=\"font-family: Lato; font-size: 20px;\">Per\u00f2&#8230; la biblioteca no tanca quasi mai! aix\u00ed que durant tot l&#8217;any tenim guies de lectura i un munt d&#8217;activitats que podreu descobrir venint a veure&#8217;ns o a trav\u00e9s d&#8217;aquest blog.<\/span><\/div><div><span style=\"font-family: Lato; font-size: 20px;\">\u00a0<\/span><\/div><div style=\"text-align: center;\"><span style=\"font-family: Lato; font-size: 20px; color: #a2bd59;\"><em>&#8220;El que m\u00e9s ens agrada \u00e9s llegir llibres: obrir les tapes, olorar les lletres, llegir la historia que ens expliquen, i gaudir una estona deixant volar la imaginaci\u00f3&#8230;&#8221;<\/em><\/span><\/div><div><span style=\"font-family: Lato; font-size: 20px;\">\u00a0<\/span><\/div><p><span style=\"font-family: Lato; font-size: 20px;\">La Sala Infantil \u00e9s un espai dins de la Biblioteca Comarcal de Blanes destinat als nens de 0 a 12 anys (els menors de 10 anys han d\u2019anar acompanyats d\u2019un adult).<\/span><\/p><p><span style=\"font-family: Lato; font-size: 20px;\"><img decoding=\"async\" class=\" wp-image-96 aligncenter\" src=\"https:\/\/biblioteca.blanes.cat\/salainfantil\/wp-content\/uploads\/sites\/2\/2018\/08\/images.jpg\" alt=\"\" width=\"200\" height=\"150\" \/><\/span><\/p><p><span style=\"font-family: Lato; font-size: 20px;\">Respectant les normes de conviv\u00e8ncia entre les persones, i tenint cura dels materials fent un bon \u00fas, a la biblioteca podem:<\/span><\/p><\/div><div style=\"text-align: center;\"><span style=\"font-family: Lato; font-size: 20px; color: #e36a36;\"><strong>llegir contes, <\/strong><\/span><\/div><div style=\"text-align: center;\"><span style=\"font-family: Lato; font-size: 20px; color: #e36a36;\"><strong>buscar informaci\u00f3, <\/strong><\/span><\/div><div style=\"text-align: center;\"><span style=\"font-family: Lato; font-size: 20px; color: #e36a36;\"><strong>fer treballs a l&#8217;ordinador, <\/strong><\/span><\/div><div style=\"text-align: center;\"><span style=\"font-family: Lato; font-size: 20px; color: #e36a36;\"><strong>escoltar m\u00fasica, <\/strong><\/span><\/div><div style=\"text-align: center;\"><span style=\"font-family: Lato; font-size: 20px; color: #e36a36;\"><strong>veure documentals\u00a0 <\/strong><\/span><\/div><div style=\"text-align: center;\"><span style=\"font-family: Lato; font-size: 20px; color: #e36a36;\"><strong>i escoltar contes.<\/strong><\/span><\/div><div><span style=\"font-family: Lato; font-size: 20px;\">\u00a0<\/span><\/div><div class=\"separator\"><div class=\"separator\"><span style=\"font-family: Lato; font-size: 20px;\"><img decoding=\"async\" class=\"wp-image-95 aligncenter\" src=\"https:\/\/biblioteca.blanes.cat\/salainfantil\/wp-content\/uploads\/sites\/2\/2018\/08\/ratoli-1-243x300.png\" alt=\"\" width=\"88\" height=\"108\" srcset=\"https:\/\/biblioteca.blanes.cat\/salainfantil\/wp-content\/uploads\/sites\/2\/2018\/08\/ratoli-1-243x300.png 243w, https:\/\/biblioteca.blanes.cat\/salainfantil\/wp-content\/uploads\/sites\/2\/2018\/08\/ratoli-1.png 684w\" sizes=\"(max-width: 88px) 100vw, 88px\" \/><\/span><\/div><div><span style=\"font-family: Lato; font-size: 20px;\">\u00a0<\/span><\/div><\/div><\/div><\/div><div><span style=\"font-family: Lato; font-size: 20px;\">A la Sala Infantil hi podem trobar diferents espais i racons on podreu trobar i llegir les lectures que m\u00e9s us agradin.<\/span><\/div><div>\u00a0<\/div><ul><li><span style=\"font-family: Delius; font-size: 20px;\">\u00c0rea Nascuts per llegir<\/span><\/li><li><span style=\"font-family: Delius; font-size: 20px;\">Primeres lectures<\/span><\/li><li><span style=\"font-family: Delius; font-size: 20px;\">M&#8217;agrada llegir 1<\/span><\/li><li><span style=\"font-family: Delius; font-size: 20px;\">M&#8217;agrada llegir 2<\/span><\/li><li><span style=\"font-family: Delius; font-size: 20px;\">Rac\u00f3 de pares i mares<\/span><\/li><li><span style=\"font-family: Delius; font-size: 20px;\">Revistes<\/span><\/li><li><span style=\"font-family: Delius; font-size: 20px;\">Centres d&#8217;Inter\u00e9s<\/span><\/li><li><span style=\"font-family: Delius; font-size: 20px;\">C\u00f2mics<\/span><\/li><li><span style=\"font-family: Delius; font-size: 20px;\">Coneixements<\/span><\/li><li><span style=\"font-family: Delius; font-size: 20px;\">Dvd&#8217;s<\/span><\/li><li><span style=\"font-family: Delius; font-size: 20px;\">M\u00fasica<\/span><\/li><li><span style=\"font-family: Delius; font-size: 20px;\">Videojocs<\/span><\/li><li><span style=\"font-family: Delius; font-size: 20px;\">Jocs de Taula<\/span><\/li><li><span style=\"font-family: Delius; font-size: 20px;\">Enciclop\u00e8dies i diccionaris<\/span><\/li><li><span style=\"font-family: Delius; font-size: 20px;\">Zona Internet<\/span><\/li><\/ul><p><span style=\"font-family: Lato; font-size: 20px;\">Els documents de la biblioteca els pots llegir i consultar a la sala o a casa. <\/span><\/p><p><span style=\"font-family: Lato; font-size: 20px;\">Nom\u00e9s necessites <strong><span style=\"color: #ff0000;\">el carnet de la biblioteca<\/span><\/strong>, que \u00e9s personal i intransferible. Aquest carnet el pots aconseguir omplint una sol\u00b7licitud a la biblioteca <\/span><span style=\"font-family: Lato; font-size: 20px;\">(si ets menor de 14 anys has de venir acompanyat pel teu pare\/mare o tutor).<\/span><\/p><p style=\"text-align: center;\"><span style=\"font-size: 24px; color: #2c5424;\"><em><strong><span style=\"font-family: Lato;\">I no oblideu que la majoria de serveis s\u00f3n gratu\u00efts!!<\/span><\/strong><\/em><\/span><\/p>\t\t\t\t\t\t\t\t<\/div>\n\t\t\t\t<\/div>\n\t\t\t\t\t<\/div>\n\t\t<\/div>\n\t\t\t\t\t<\/div>\n\t\t<\/section>\n\t\t\t\t<section class=\"elementor-section elementor-top-section elementor-element elementor-element-3620c1a elementor-section-boxed elementor-section-height-default elementor-section-height-default\" data-id=\"3620c1a\" data-element_type=\"section\" data-e-type=\"section\">\n\t\t\t\t\t\t<div class=\"elementor-container elementor-column-gap-default\">\n\t\t\t\t\t<div class=\"elementor-column elementor-col-100 elementor-top-column elementor-element elementor-element-0bbc1ab\" data-id=\"0bbc1ab\" data-element_type=\"column\" data-e-type=\"column\">\n\t\t\t<div class=\"elementor-widget-wrap elementor-element-populated\">\n\t\t\t\t\t\t<div class=\"elementor-element elementor-element-bbe898c elementor-widget elementor-widget-text-editor\" data-id=\"bbe898c\" data-element_type=\"widget\" data-e-type=\"widget\" data-widget_type=\"text-editor.default\">\n\t\t\t\t<div class=\"elementor-widget-container\">\n\t\t\t\t\t\t\t\t\t<p>Lorem ipsum dolor sit amet, consectetur adipiscing elit. Ut elit tellus, luctus nec ullamcorper mattis, pulvinar dapibus leo.<\/p>\t\t\t\t\t\t\t\t<\/div>\n\t\t\t\t<\/div>\n\t\t\t\t\t<\/div>\n\t\t<\/div>\n\t\t\t\t\t<\/div>\n\t\t<\/section>\n\t\t\t\t<\/div>\n\t\t","protected":false},"excerpt":{"rendered":"<p>BENVINGUTS \u00a0 Benvinguts al blog de la sala infantil!! A trav\u00e9s d&#8217;aquest mitj\u00e0 volem acostar-vos una mica m\u00e9s a la lectura i per aix\u00f2 us convidem a con\u00e8ixer la SALA INFANTIL de la Biblioteca Comarcal de Blanes. Si remeneu una<\/p>\n","protected":false},"author":4,"featured_media":0,"parent":0,"menu_order":0,"comment_status":"closed","ping_status":"closed","template":"","meta":{"sfsi_plus_gutenberg_text_before_share":"","sfsi_plus_gutenberg_show_text_before_share":"","sfsi_plus_gutenberg_icon_type":"","sfsi_plus_gutenberg_icon_alignemt":"","sfsi_plus_gutenburg_max_per_row":"","footnotes":""},"class_list":["post-189","page","type-page","status-publish","hentry"],"yoast_head":"<!-- This site is optimized with the Yoast SEO plugin v27.5 - https:\/\/yoast.com\/product\/yoast-seo-wordpress\/ -->\n<title>SALA INFANTIL - SALA INFANTIL<\/title>\n<meta name=\"robots\" content=\"index, follow, max-snippet:-1, max-image-preview:large, max-video-preview:-1\" \/>\n<link rel=\"canonical\" href=\"https:\/\/biblioteca.blanes.cat\/salainfantil\/sala-infantil-2\/\" \/>\n<meta property=\"og:locale\" content=\"ca_ES\" \/>\n<meta property=\"og:type\" content=\"article\" \/>\n<meta property=\"og:title\" content=\"SALA INFANTIL - SALA INFANTIL\" \/>\n<meta property=\"og:description\" content=\"BENVINGUTS \u00a0 Benvinguts al blog de la sala infantil!! A trav\u00e9s d&#8217;aquest mitj\u00e0 volem acostar-vos una mica m\u00e9s a la lectura i per aix\u00f2 us convidem a con\u00e8ixer la SALA INFANTIL de la Biblioteca Comarcal de Blanes. Si remeneu una\" \/>\n<meta property=\"og:url\" content=\"https:\/\/biblioteca.blanes.cat\/salainfantil\/sala-infantil-2\/\" \/>\n<meta property=\"og:site_name\" content=\"SALA INFANTIL\" \/>\n<meta property=\"article:modified_time\" content=\"2025-11-24T12:38:09+00:00\" \/>\n<meta property=\"og:image\" content=\"https:\/\/biblioteca.blanes.cat\/salainfantil\/wp-content\/uploads\/sites\/2\/2018\/08\/portada_nens-biblio-300x200.png\" \/>\n<meta name=\"twitter:card\" content=\"summary_large_image\" \/>\n<meta name=\"twitter:label1\" content=\"Temps estimat de lectura\" \/>\n\t<meta name=\"twitter:data1\" content=\"3 minuts\" \/>\n<script type=\"application\/ld+json\" class=\"yoast-schema-graph\">{\"@context\":\"https:\\\/\\\/schema.org\",\"@graph\":[{\"@type\":\"WebPage\",\"@id\":\"https:\\\/\\\/biblioteca.blanes.cat\\\/salainfantil\\\/sala-infantil-2\\\/\",\"url\":\"https:\\\/\\\/biblioteca.blanes.cat\\\/salainfantil\\\/sala-infantil-2\\\/\",\"name\":\"SALA INFANTIL - SALA INFANTIL\",\"isPartOf\":{\"@id\":\"https:\\\/\\\/biblioteca.blanes.cat\\\/salainfantil\\\/#website\"},\"primaryImageOfPage\":{\"@id\":\"https:\\\/\\\/biblioteca.blanes.cat\\\/salainfantil\\\/sala-infantil-2\\\/#primaryimage\"},\"image\":{\"@id\":\"https:\\\/\\\/biblioteca.blanes.cat\\\/salainfantil\\\/sala-infantil-2\\\/#primaryimage\"},\"thumbnailUrl\":\"https:\\\/\\\/biblioteca.blanes.cat\\\/salainfantil\\\/wp-content\\\/uploads\\\/sites\\\/2\\\/2018\\\/08\\\/portada_nens-biblio-300x200.png\",\"datePublished\":\"2018-09-06T14:25:17+00:00\",\"dateModified\":\"2025-11-24T12:38:09+00:00\",\"breadcrumb\":{\"@id\":\"https:\\\/\\\/biblioteca.blanes.cat\\\/salainfantil\\\/sala-infantil-2\\\/#breadcrumb\"},\"inLanguage\":\"ca\",\"potentialAction\":[{\"@type\":\"ReadAction\",\"target\":[\"https:\\\/\\\/biblioteca.blanes.cat\\\/salainfantil\\\/sala-infantil-2\\\/\"]}]},{\"@type\":\"ImageObject\",\"inLanguage\":\"ca\",\"@id\":\"https:\\\/\\\/biblioteca.blanes.cat\\\/salainfantil\\\/sala-infantil-2\\\/#primaryimage\",\"url\":\"https:\\\/\\\/biblioteca.blanes.cat\\\/salainfantil\\\/wp-content\\\/uploads\\\/sites\\\/2\\\/2018\\\/08\\\/portada_nens-biblio.png\",\"contentUrl\":\"https:\\\/\\\/biblioteca.blanes.cat\\\/salainfantil\\\/wp-content\\\/uploads\\\/sites\\\/2\\\/2018\\\/08\\\/portada_nens-biblio.png\",\"width\":699,\"height\":465},{\"@type\":\"BreadcrumbList\",\"@id\":\"https:\\\/\\\/biblioteca.blanes.cat\\\/salainfantil\\\/sala-infantil-2\\\/#breadcrumb\",\"itemListElement\":[{\"@type\":\"ListItem\",\"position\":1,\"name\":\"Inici\",\"item\":\"https:\\\/\\\/biblioteca.blanes.cat\\\/salainfantil\\\/\"},{\"@type\":\"ListItem\",\"position\":2,\"name\":\"SALA INFANTIL\"}]},{\"@type\":\"WebSite\",\"@id\":\"https:\\\/\\\/biblioteca.blanes.cat\\\/salainfantil\\\/#website\",\"url\":\"https:\\\/\\\/biblioteca.blanes.cat\\\/salainfantil\\\/\",\"name\":\"SALA INFANTIL\",\"description\":\"Biblioteca Roberto Bola\u00f1o\",\"potentialAction\":[{\"@type\":\"SearchAction\",\"target\":{\"@type\":\"EntryPoint\",\"urlTemplate\":\"https:\\\/\\\/biblioteca.blanes.cat\\\/salainfantil\\\/?s={search_term_string}\"},\"query-input\":{\"@type\":\"PropertyValueSpecification\",\"valueRequired\":true,\"valueName\":\"search_term_string\"}}],\"inLanguage\":\"ca\"}]}<\/script>\n<!-- \/ Yoast SEO plugin. -->","yoast_head_json":{"title":"SALA INFANTIL - SALA INFANTIL","robots":{"index":"index","follow":"follow","max-snippet":"max-snippet:-1","max-image-preview":"max-image-preview:large","max-video-preview":"max-video-preview:-1"},"canonical":"https:\/\/biblioteca.blanes.cat\/salainfantil\/sala-infantil-2\/","og_locale":"ca_ES","og_type":"article","og_title":"SALA INFANTIL - SALA INFANTIL","og_description":"BENVINGUTS \u00a0 Benvinguts al blog de la sala infantil!! A trav\u00e9s d&#8217;aquest mitj\u00e0 volem acostar-vos una mica m\u00e9s a la lectura i per aix\u00f2 us convidem a con\u00e8ixer la SALA INFANTIL de la Biblioteca Comarcal de Blanes. Si remeneu una","og_url":"https:\/\/biblioteca.blanes.cat\/salainfantil\/sala-infantil-2\/","og_site_name":"SALA INFANTIL","article_modified_time":"2025-11-24T12:38:09+00:00","og_image":[{"url":"https:\/\/biblioteca.blanes.cat\/salainfantil\/wp-content\/uploads\/sites\/2\/2018\/08\/portada_nens-biblio-300x200.png","type":"","width":"","height":""}],"twitter_card":"summary_large_image","twitter_misc":{"Temps estimat de lectura":"3 minuts"},"schema":{"@context":"https:\/\/schema.org","@graph":[{"@type":"WebPage","@id":"https:\/\/biblioteca.blanes.cat\/salainfantil\/sala-infantil-2\/","url":"https:\/\/biblioteca.blanes.cat\/salainfantil\/sala-infantil-2\/","name":"SALA INFANTIL - SALA INFANTIL","isPartOf":{"@id":"https:\/\/biblioteca.blanes.cat\/salainfantil\/#website"},"primaryImageOfPage":{"@id":"https:\/\/biblioteca.blanes.cat\/salainfantil\/sala-infantil-2\/#primaryimage"},"image":{"@id":"https:\/\/biblioteca.blanes.cat\/salainfantil\/sala-infantil-2\/#primaryimage"},"thumbnailUrl":"https:\/\/biblioteca.blanes.cat\/salainfantil\/wp-content\/uploads\/sites\/2\/2018\/08\/portada_nens-biblio-300x200.png","datePublished":"2018-09-06T14:25:17+00:00","dateModified":"2025-11-24T12:38:09+00:00","breadcrumb":{"@id":"https:\/\/biblioteca.blanes.cat\/salainfantil\/sala-infantil-2\/#breadcrumb"},"inLanguage":"ca","potentialAction":[{"@type":"ReadAction","target":["https:\/\/biblioteca.blanes.cat\/salainfantil\/sala-infantil-2\/"]}]},{"@type":"ImageObject","inLanguage":"ca","@id":"https:\/\/biblioteca.blanes.cat\/salainfantil\/sala-infantil-2\/#primaryimage","url":"https:\/\/biblioteca.blanes.cat\/salainfantil\/wp-content\/uploads\/sites\/2\/2018\/08\/portada_nens-biblio.png","contentUrl":"https:\/\/biblioteca.blanes.cat\/salainfantil\/wp-content\/uploads\/sites\/2\/2018\/08\/portada_nens-biblio.png","width":699,"height":465},{"@type":"BreadcrumbList","@id":"https:\/\/biblioteca.blanes.cat\/salainfantil\/sala-infantil-2\/#breadcrumb","itemListElement":[{"@type":"ListItem","position":1,"name":"Inici","item":"https:\/\/biblioteca.blanes.cat\/salainfantil\/"},{"@type":"ListItem","position":2,"name":"SALA INFANTIL"}]},{"@type":"WebSite","@id":"https:\/\/biblioteca.blanes.cat\/salainfantil\/#website","url":"https:\/\/biblioteca.blanes.cat\/salainfantil\/","name":"SALA INFANTIL","description":"Biblioteca Roberto Bola\u00f1o","potentialAction":[{"@type":"SearchAction","target":{"@type":"EntryPoint","urlTemplate":"https:\/\/biblioteca.blanes.cat\/salainfantil\/?s={search_term_string}"},"query-input":{"@type":"PropertyValueSpecification","valueRequired":true,"valueName":"search_term_string"}}],"inLanguage":"ca"}]}},"_links":{"self":[{"href":"https:\/\/biblioteca.blanes.cat\/salainfantil\/wp-json\/wp\/v2\/pages\/189","targetHints":{"allow":["GET"]}}],"collection":[{"href":"https:\/\/biblioteca.blanes.cat\/salainfantil\/wp-json\/wp\/v2\/pages"}],"about":[{"href":"https:\/\/biblioteca.blanes.cat\/salainfantil\/wp-json\/wp\/v2\/types\/page"}],"author":[{"embeddable":true,"href":"https:\/\/biblioteca.blanes.cat\/salainfantil\/wp-json\/wp\/v2\/users\/4"}],"replies":[{"embeddable":true,"href":"https:\/\/biblioteca.blanes.cat\/salainfantil\/wp-json\/wp\/v2\/comments?post=189"}],"version-history":[{"count":11,"href":"https:\/\/biblioteca.blanes.cat\/salainfantil\/wp-json\/wp\/v2\/pages\/189\/revisions"}],"predecessor-version":[{"id":11932,"href":"https:\/\/biblioteca.blanes.cat\/salainfantil\/wp-json\/wp\/v2\/pages\/189\/revisions\/11932"}],"wp:attachment":[{"href":"https:\/\/biblioteca.blanes.cat\/salainfantil\/wp-json\/wp\/v2\/media?parent=189"}],"curies":[{"name":"wp","href":"https:\/\/api.w.org\/{rel}","templated":true}]}}