{"id":1598,"date":"2019-06-27T10:36:18","date_gmt":"2019-06-27T09:36:18","guid":{"rendered":"https:\/\/biblioteca.blanes.cat\/salainfantil\/?page_id=1598"},"modified":"2025-07-03T15:44:48","modified_gmt":"2025-07-03T14:44:48","slug":"bibliovacances","status":"publish","type":"page","link":"https:\/\/biblioteca.blanes.cat\/salainfantil\/bibliovacances\/","title":{"rendered":"BIBLIOVACANCES"},"content":{"rendered":"<p style=\"text-align: center;\"><span style=\"font-family: Lato; font-size: 24px;\"><strong>BIBLIOVACANCES<\/strong><\/span><\/p>\n<h6>El Bibliovacances \u00e9s un projecte de foment de la lectura que es duu a terme durant els mesos d&#8217;estiu. Consisteix en qu\u00e8 els infants i joves de la biblioteca realitzin diferents itineraris lectors adaptats al seu nivell de comprensi\u00f3. S&#8217;organitza al voltant d&#8217;una tem\u00e0tica interessant i\/o actual que serveix de fil conductor i es materialitza amb una din\u00e0mica d&#8217;animaci\u00f3.<\/h6>\n<h6>Cada participant ha de fer tres lectures i realitzar una activitat de comprensi\u00f3. Finalitzades les lectures, els infants realitzaran un treball manual per ajudar-nos a completar la decoraci\u00f3 de la sala d&#8217;actord amb el tema central de l&#8217;activitat.<\/h6>\n<h6>Cada participant podr\u00e0 rebre premis fant\u00e0stics!<\/h6>\n<p style=\"text-align: left;\"><span style=\"font-family: Lato; font-size: 20px;\">Aquesta activitat te tres objectius b\u00e0sics:<\/span><\/p>\n<ul>\n<li style=\"text-align: left;\"><span style=\"font-family: Lato; font-size: 20px;\">Foment de la lectura.<\/span><\/li>\n<li style=\"text-align: left;\"><span style=\"font-family: Lato; font-size: 20px;\">Coneixement del fons bibliogr\u00e0fic.<\/span><\/li>\n<li style=\"text-align: left;\"><span style=\"font-family: Lato; font-size: 20px;\">Dinamitzar la Biblioteca<\/span><\/li>\n<\/ul>\n<p><span style=\"font-family: Lato; font-size: 20px;\">I un objectiu molt important:<\/span><\/p>\n<h3 style=\"text-align: center;\"><strong><span style=\"font-family: Lato; font-size: 20px;\">Aconseguir que els infants gaudeixin llegint a l&#8217;estiu!!!!<\/span><\/strong><\/h3>\n<p><span style=\"font-family: Lato; font-size: 20px;\">Aquesta activitat es divideix en 3 nivells lectors diferents:<\/span><\/p>\n<ul>\n<li><span style=\"font-family: Lato; font-size: 20px;\">Primeres lectures &#8211; I5 i 1r curs finalitzat<\/span><\/li>\n<li><span style=\"font-family: Lato; font-size: 20px;\">M&#8217;agrada llegir 1 &#8211; 2n i 3r curs finalitzat<\/span><\/li>\n<li><span style=\"font-family: Lato; font-size: 20px;\">M&#8217;agrada llegir 2 &#8211; 4rt, 5\u00e8 i 6\u00e8 curs finalitzat<\/span><\/li>\n<\/ul>\n\n\n<p><a href=\"https:\/\/biblioteca.blanes.cat\/salainfantil\/biblioglacons-lectures-refrescants\/\" target=\"_blank\" rel=\"attachment noopener wp-att-11226\"><img fetchpriority=\"high\" decoding=\"async\" class=\"aligncenter wp-image-11226 size-medium\" src=\"https:\/\/biblioteca.blanes.cat\/salainfantil\/wp-content\/uploads\/sites\/2\/2025\/07\/BLOC-242x300.png\" alt=\"\" width=\"242\" height=\"300\" srcset=\"https:\/\/biblioteca.blanes.cat\/salainfantil\/wp-content\/uploads\/sites\/2\/2025\/07\/BLOC-242x300.png 242w, https:\/\/biblioteca.blanes.cat\/salainfantil\/wp-content\/uploads\/sites\/2\/2025\/07\/BLOC-827x1024.png 827w, https:\/\/biblioteca.blanes.cat\/salainfantil\/wp-content\/uploads\/sites\/2\/2025\/07\/BLOC-768x950.png 768w, https:\/\/biblioteca.blanes.cat\/salainfantil\/wp-content\/uploads\/sites\/2\/2025\/07\/BLOC-1241x1536.png 1241w, https:\/\/biblioteca.blanes.cat\/salainfantil\/wp-content\/uploads\/sites\/2\/2025\/07\/BLOC.png 1587w\" sizes=\"(max-width: 242px) 100vw, 242px\" \/><\/a><\/p>\n\n\n\n<figure class=\"wp-block-image aligncenter size-full is-resized\"><a href=\"https:\/\/biblioteca.blanes.cat\/salainfantil\/bibliovacances-2024\/\"><img decoding=\"async\" width=\"500\" height=\"500\" src=\"https:\/\/biblioteca.blanes.cat\/salainfantil\/wp-content\/uploads\/sites\/2\/2024\/07\/Logo-normal.png\" alt=\"\" class=\"wp-image-9287\" style=\"width:214px;height:auto\" srcset=\"https:\/\/biblioteca.blanes.cat\/salainfantil\/wp-content\/uploads\/sites\/2\/2024\/07\/Logo-normal.png 500w, https:\/\/biblioteca.blanes.cat\/salainfantil\/wp-content\/uploads\/sites\/2\/2024\/07\/Logo-normal-300x300.png 300w, https:\/\/biblioteca.blanes.cat\/salainfantil\/wp-content\/uploads\/sites\/2\/2024\/07\/Logo-normal-150x150.png 150w, https:\/\/biblioteca.blanes.cat\/salainfantil\/wp-content\/uploads\/sites\/2\/2024\/07\/Logo-normal-270x270.png 270w, https:\/\/biblioteca.blanes.cat\/salainfantil\/wp-content\/uploads\/sites\/2\/2024\/07\/Logo-normal-230x230.png 230w\" sizes=\"(max-width: 500px) 100vw, 500px\" \/><\/a><\/figure>\n\n\n\n<p><a href=\"https:\/\/biblioteca.blanes.cat\/salainfantil\/bibliovacances-2023-happy-book-day-estem-daniversari\/\"><img decoding=\"async\" class=\"aligncenter wp-image-7538\" src=\"https:\/\/biblioteca.blanes.cat\/salainfantil\/wp-content\/uploads\/sites\/2\/2023\/07\/Blau-300x300.jpg\" alt=\"\" width=\"200\" height=\"200\" srcset=\"https:\/\/biblioteca.blanes.cat\/salainfantil\/wp-content\/uploads\/sites\/2\/2023\/07\/Blau-300x300.jpg 300w, https:\/\/biblioteca.blanes.cat\/salainfantil\/wp-content\/uploads\/sites\/2\/2023\/07\/Blau-150x150.jpg 150w, https:\/\/biblioteca.blanes.cat\/salainfantil\/wp-content\/uploads\/sites\/2\/2023\/07\/Blau-270x270.jpg 270w, https:\/\/biblioteca.blanes.cat\/salainfantil\/wp-content\/uploads\/sites\/2\/2023\/07\/Blau-230x230.jpg 230w, https:\/\/biblioteca.blanes.cat\/salainfantil\/wp-content\/uploads\/sites\/2\/2023\/07\/Blau.jpg 500w\" sizes=\"(max-width: 200px) 100vw, 200px\" \/><\/a><\/p>\n\n\n\n<p><a href=\"https:\/\/biblioteca.blanes.cat\/salainfantil\/bibliovacances-2022-la-volta-al-mon-en-3658-llibres\/\"><img loading=\"lazy\" decoding=\"async\" class=\"aligncenter wp-image-6155\" src=\"https:\/\/biblioteca.blanes.cat\/salainfantil\/wp-content\/uploads\/sites\/2\/2022\/06\/Bibliovacances-300x163.png\" alt=\"\" width=\"240\" height=\"130\" srcset=\"https:\/\/biblioteca.blanes.cat\/salainfantil\/wp-content\/uploads\/sites\/2\/2022\/06\/Bibliovacances-300x163.png 300w, https:\/\/biblioteca.blanes.cat\/salainfantil\/wp-content\/uploads\/sites\/2\/2022\/06\/Bibliovacances-1024x556.png 1024w, https:\/\/biblioteca.blanes.cat\/salainfantil\/wp-content\/uploads\/sites\/2\/2022\/06\/Bibliovacances-768x417.png 768w, https:\/\/biblioteca.blanes.cat\/salainfantil\/wp-content\/uploads\/sites\/2\/2022\/06\/Bibliovacances.png 1519w\" sizes=\"(max-width: 240px) 100vw, 240px\" \/><\/a><\/p>\n\n\n\n<p><a href=\"https:\/\/biblioteca.blanes.cat\/salainfantil\/bibliovacances-2021\/\"><img loading=\"lazy\" decoding=\"async\" class=\"aligncenter wp-image-4713\" src=\"https:\/\/biblioteca.blanes.cat\/salainfantil\/wp-content\/uploads\/sites\/2\/2021\/06\/Bibliovacances-300x169.png\" alt=\"\" width=\"240\" height=\"135\" srcset=\"https:\/\/biblioteca.blanes.cat\/salainfantil\/wp-content\/uploads\/sites\/2\/2021\/06\/Bibliovacances-300x169.png 300w, https:\/\/biblioteca.blanes.cat\/salainfantil\/wp-content\/uploads\/sites\/2\/2021\/06\/Bibliovacances-1024x576.png 1024w, https:\/\/biblioteca.blanes.cat\/salainfantil\/wp-content\/uploads\/sites\/2\/2021\/06\/Bibliovacances-768x432.png 768w, https:\/\/biblioteca.blanes.cat\/salainfantil\/wp-content\/uploads\/sites\/2\/2021\/06\/Bibliovacances-1536x864.png 1536w, https:\/\/biblioteca.blanes.cat\/salainfantil\/wp-content\/uploads\/sites\/2\/2021\/06\/Bibliovacances-2048x1152.png 2048w\" sizes=\"(max-width: 240px) 100vw, 240px\" \/><\/a><\/p>\n\n\n\n<figure class=\"wp-block-image aligncenter size-large is-resized\"><a href=\"https:\/\/biblioteca.blanes.cat\/salainfantil\/?p=3291&amp;preview=true&amp;_thumbnail_id=3299\"><img loading=\"lazy\" decoding=\"async\" width=\"681\" height=\"387\" src=\"https:\/\/biblioteca.blanes.cat\/salainfantil\/wp-content\/uploads\/sites\/2\/2020\/07\/bibliovacances-2020-destecat.png\" alt=\"\" class=\"wp-image-3301\" style=\"width:214px;height:123px\" srcset=\"https:\/\/biblioteca.blanes.cat\/salainfantil\/wp-content\/uploads\/sites\/2\/2020\/07\/bibliovacances-2020-destecat.png 681w, https:\/\/biblioteca.blanes.cat\/salainfantil\/wp-content\/uploads\/sites\/2\/2020\/07\/bibliovacances-2020-destecat-300x170.png 300w\" sizes=\"(max-width: 681px) 100vw, 681px\" \/><\/a><\/figure>\n\n\n\n<p><a href=\"https:\/\/biblioteca.blanes.cat\/salainfantil\/bibliovacances-2019\/\" target=\"_blank\" rel=\"noopener noreferrer\"><img loading=\"lazy\" decoding=\"async\" class=\"aligncenter wp-image-1594 size-full\" src=\"https:\/\/biblioteca.blanes.cat\/salainfantil\/wp-content\/uploads\/sites\/2\/2019\/06\/enlla\u00e7bibliovacances.png\" alt=\"\" width=\"210\" height=\"121\" \/><\/a><\/p>\n\n\n","protected":false},"excerpt":{"rendered":"<p>BIBLIOVACANCES El Bibliovacances \u00e9s un projecte de foment de la lectura que es duu a terme durant els mesos d&#8217;estiu. Consisteix en qu\u00e8 els infants i joves de la biblioteca realitzin diferents itineraris lectors adaptats al seu nivell de comprensi\u00f3.<\/p>\n","protected":false},"author":4,"featured_media":0,"parent":0,"menu_order":0,"comment_status":"closed","ping_status":"closed","template":"","meta":{"sfsi_plus_gutenberg_text_before_share":"","sfsi_plus_gutenberg_show_text_before_share":"","sfsi_plus_gutenberg_icon_type":"","sfsi_plus_gutenberg_icon_alignemt":"","sfsi_plus_gutenburg_max_per_row":"","footnotes":""},"class_list":["post-1598","page","type-page","status-publish","hentry"],"yoast_head":"<!-- This site is optimized with the Yoast SEO plugin v27.5 - https:\/\/yoast.com\/product\/yoast-seo-wordpress\/ -->\n<title>BIBLIOVACANCES - SALA INFANTIL<\/title>\n<meta name=\"robots\" content=\"index, follow, max-snippet:-1, max-image-preview:large, max-video-preview:-1\" \/>\n<link rel=\"canonical\" href=\"https:\/\/biblioteca.blanes.cat\/salainfantil\/bibliovacances\/\" \/>\n<meta property=\"og:locale\" content=\"ca_ES\" \/>\n<meta property=\"og:type\" content=\"article\" \/>\n<meta property=\"og:title\" content=\"BIBLIOVACANCES - SALA INFANTIL\" \/>\n<meta property=\"og:description\" content=\"BIBLIOVACANCES El Bibliovacances \u00e9s un projecte de foment de la lectura que es duu a terme durant els mesos d&#8217;estiu. Consisteix en qu\u00e8 els infants i joves de la biblioteca realitzin diferents itineraris lectors adaptats al seu nivell de comprensi\u00f3.\" \/>\n<meta property=\"og:url\" content=\"https:\/\/biblioteca.blanes.cat\/salainfantil\/bibliovacances\/\" \/>\n<meta property=\"og:site_name\" content=\"SALA INFANTIL\" \/>\n<meta property=\"article:modified_time\" content=\"2025-07-03T14:44:48+00:00\" \/>\n<meta property=\"og:image\" content=\"https:\/\/biblioteca.blanes.cat\/salainfantil\/wp-content\/uploads\/sites\/2\/2025\/07\/BLOC-242x300.png\" \/>\n<meta name=\"twitter:card\" content=\"summary_large_image\" \/>\n<meta name=\"twitter:label1\" content=\"Temps estimat de lectura\" \/>\n\t<meta name=\"twitter:data1\" content=\"3 minuts\" \/>\n<script type=\"application\/ld+json\" class=\"yoast-schema-graph\">{\"@context\":\"https:\\\/\\\/schema.org\",\"@graph\":[{\"@type\":\"WebPage\",\"@id\":\"https:\\\/\\\/biblioteca.blanes.cat\\\/salainfantil\\\/bibliovacances\\\/\",\"url\":\"https:\\\/\\\/biblioteca.blanes.cat\\\/salainfantil\\\/bibliovacances\\\/\",\"name\":\"BIBLIOVACANCES - SALA INFANTIL\",\"isPartOf\":{\"@id\":\"https:\\\/\\\/biblioteca.blanes.cat\\\/salainfantil\\\/#website\"},\"primaryImageOfPage\":{\"@id\":\"https:\\\/\\\/biblioteca.blanes.cat\\\/salainfantil\\\/bibliovacances\\\/#primaryimage\"},\"image\":{\"@id\":\"https:\\\/\\\/biblioteca.blanes.cat\\\/salainfantil\\\/bibliovacances\\\/#primaryimage\"},\"thumbnailUrl\":\"https:\\\/\\\/biblioteca.blanes.cat\\\/salainfantil\\\/wp-content\\\/uploads\\\/sites\\\/2\\\/2025\\\/07\\\/BLOC-242x300.png\",\"datePublished\":\"2019-06-27T09:36:18+00:00\",\"dateModified\":\"2025-07-03T14:44:48+00:00\",\"breadcrumb\":{\"@id\":\"https:\\\/\\\/biblioteca.blanes.cat\\\/salainfantil\\\/bibliovacances\\\/#breadcrumb\"},\"inLanguage\":\"ca\",\"potentialAction\":[{\"@type\":\"ReadAction\",\"target\":[\"https:\\\/\\\/biblioteca.blanes.cat\\\/salainfantil\\\/bibliovacances\\\/\"]}]},{\"@type\":\"ImageObject\",\"inLanguage\":\"ca\",\"@id\":\"https:\\\/\\\/biblioteca.blanes.cat\\\/salainfantil\\\/bibliovacances\\\/#primaryimage\",\"url\":\"https:\\\/\\\/biblioteca.blanes.cat\\\/salainfantil\\\/wp-content\\\/uploads\\\/sites\\\/2\\\/2025\\\/07\\\/BLOC.png\",\"contentUrl\":\"https:\\\/\\\/biblioteca.blanes.cat\\\/salainfantil\\\/wp-content\\\/uploads\\\/sites\\\/2\\\/2025\\\/07\\\/BLOC.png\",\"width\":1587,\"height\":1964},{\"@type\":\"BreadcrumbList\",\"@id\":\"https:\\\/\\\/biblioteca.blanes.cat\\\/salainfantil\\\/bibliovacances\\\/#breadcrumb\",\"itemListElement\":[{\"@type\":\"ListItem\",\"position\":1,\"name\":\"Inici\",\"item\":\"https:\\\/\\\/biblioteca.blanes.cat\\\/salainfantil\\\/\"},{\"@type\":\"ListItem\",\"position\":2,\"name\":\"BIBLIOVACANCES\"}]},{\"@type\":\"WebSite\",\"@id\":\"https:\\\/\\\/biblioteca.blanes.cat\\\/salainfantil\\\/#website\",\"url\":\"https:\\\/\\\/biblioteca.blanes.cat\\\/salainfantil\\\/\",\"name\":\"SALA INFANTIL\",\"description\":\"Biblioteca Roberto Bola\u00f1o\",\"potentialAction\":[{\"@type\":\"SearchAction\",\"target\":{\"@type\":\"EntryPoint\",\"urlTemplate\":\"https:\\\/\\\/biblioteca.blanes.cat\\\/salainfantil\\\/?s={search_term_string}\"},\"query-input\":{\"@type\":\"PropertyValueSpecification\",\"valueRequired\":true,\"valueName\":\"search_term_string\"}}],\"inLanguage\":\"ca\"}]}<\/script>\n<!-- \/ Yoast SEO plugin. -->","yoast_head_json":{"title":"BIBLIOVACANCES - SALA INFANTIL","robots":{"index":"index","follow":"follow","max-snippet":"max-snippet:-1","max-image-preview":"max-image-preview:large","max-video-preview":"max-video-preview:-1"},"canonical":"https:\/\/biblioteca.blanes.cat\/salainfantil\/bibliovacances\/","og_locale":"ca_ES","og_type":"article","og_title":"BIBLIOVACANCES - SALA INFANTIL","og_description":"BIBLIOVACANCES El Bibliovacances \u00e9s un projecte de foment de la lectura que es duu a terme durant els mesos d&#8217;estiu. Consisteix en qu\u00e8 els infants i joves de la biblioteca realitzin diferents itineraris lectors adaptats al seu nivell de comprensi\u00f3.","og_url":"https:\/\/biblioteca.blanes.cat\/salainfantil\/bibliovacances\/","og_site_name":"SALA INFANTIL","article_modified_time":"2025-07-03T14:44:48+00:00","og_image":[{"url":"https:\/\/biblioteca.blanes.cat\/salainfantil\/wp-content\/uploads\/sites\/2\/2025\/07\/BLOC-242x300.png","type":"","width":"","height":""}],"twitter_card":"summary_large_image","twitter_misc":{"Temps estimat de lectura":"3 minuts"},"schema":{"@context":"https:\/\/schema.org","@graph":[{"@type":"WebPage","@id":"https:\/\/biblioteca.blanes.cat\/salainfantil\/bibliovacances\/","url":"https:\/\/biblioteca.blanes.cat\/salainfantil\/bibliovacances\/","name":"BIBLIOVACANCES - SALA INFANTIL","isPartOf":{"@id":"https:\/\/biblioteca.blanes.cat\/salainfantil\/#website"},"primaryImageOfPage":{"@id":"https:\/\/biblioteca.blanes.cat\/salainfantil\/bibliovacances\/#primaryimage"},"image":{"@id":"https:\/\/biblioteca.blanes.cat\/salainfantil\/bibliovacances\/#primaryimage"},"thumbnailUrl":"https:\/\/biblioteca.blanes.cat\/salainfantil\/wp-content\/uploads\/sites\/2\/2025\/07\/BLOC-242x300.png","datePublished":"2019-06-27T09:36:18+00:00","dateModified":"2025-07-03T14:44:48+00:00","breadcrumb":{"@id":"https:\/\/biblioteca.blanes.cat\/salainfantil\/bibliovacances\/#breadcrumb"},"inLanguage":"ca","potentialAction":[{"@type":"ReadAction","target":["https:\/\/biblioteca.blanes.cat\/salainfantil\/bibliovacances\/"]}]},{"@type":"ImageObject","inLanguage":"ca","@id":"https:\/\/biblioteca.blanes.cat\/salainfantil\/bibliovacances\/#primaryimage","url":"https:\/\/biblioteca.blanes.cat\/salainfantil\/wp-content\/uploads\/sites\/2\/2025\/07\/BLOC.png","contentUrl":"https:\/\/biblioteca.blanes.cat\/salainfantil\/wp-content\/uploads\/sites\/2\/2025\/07\/BLOC.png","width":1587,"height":1964},{"@type":"BreadcrumbList","@id":"https:\/\/biblioteca.blanes.cat\/salainfantil\/bibliovacances\/#breadcrumb","itemListElement":[{"@type":"ListItem","position":1,"name":"Inici","item":"https:\/\/biblioteca.blanes.cat\/salainfantil\/"},{"@type":"ListItem","position":2,"name":"BIBLIOVACANCES"}]},{"@type":"WebSite","@id":"https:\/\/biblioteca.blanes.cat\/salainfantil\/#website","url":"https:\/\/biblioteca.blanes.cat\/salainfantil\/","name":"SALA INFANTIL","description":"Biblioteca Roberto Bola\u00f1o","potentialAction":[{"@type":"SearchAction","target":{"@type":"EntryPoint","urlTemplate":"https:\/\/biblioteca.blanes.cat\/salainfantil\/?s={search_term_string}"},"query-input":{"@type":"PropertyValueSpecification","valueRequired":true,"valueName":"search_term_string"}}],"inLanguage":"ca"}]}},"_links":{"self":[{"href":"https:\/\/biblioteca.blanes.cat\/salainfantil\/wp-json\/wp\/v2\/pages\/1598","targetHints":{"allow":["GET"]}}],"collection":[{"href":"https:\/\/biblioteca.blanes.cat\/salainfantil\/wp-json\/wp\/v2\/pages"}],"about":[{"href":"https:\/\/biblioteca.blanes.cat\/salainfantil\/wp-json\/wp\/v2\/types\/page"}],"author":[{"embeddable":true,"href":"https:\/\/biblioteca.blanes.cat\/salainfantil\/wp-json\/wp\/v2\/users\/4"}],"replies":[{"embeddable":true,"href":"https:\/\/biblioteca.blanes.cat\/salainfantil\/wp-json\/wp\/v2\/comments?post=1598"}],"version-history":[{"count":17,"href":"https:\/\/biblioteca.blanes.cat\/salainfantil\/wp-json\/wp\/v2\/pages\/1598\/revisions"}],"predecessor-version":[{"id":11228,"href":"https:\/\/biblioteca.blanes.cat\/salainfantil\/wp-json\/wp\/v2\/pages\/1598\/revisions\/11228"}],"wp:attachment":[{"href":"https:\/\/biblioteca.blanes.cat\/salainfantil\/wp-json\/wp\/v2\/media?parent=1598"}],"curies":[{"name":"wp","href":"https:\/\/api.w.org\/{rel}","templated":true}]}}