{"id":105,"date":"2018-08-23T16:03:26","date_gmt":"2018-08-23T15:03:26","guid":{"rendered":"https:\/\/biblioteca.blanes.cat\/salainfantil\/?page_id=105"},"modified":"2025-10-28T15:50:56","modified_gmt":"2025-10-28T14:50:56","slug":"club-de-lectura-infantil","status":"publish","type":"page","link":"https:\/\/biblioteca.blanes.cat\/salainfantil\/club-de-lectura-infantil\/","title":{"rendered":"Club de lectura infantil"},"content":{"rendered":"<h5 style=\"text-align: center;\"><strong><span style=\"color: #ff0000;\">Creus que llegir \u00e9s avorrit?<\/span><\/strong><\/h5>\n<p><!--more--><\/p>\n<h5 style=\"text-align: center;\"><strong><span style=\"color: #ff0000;\">Penses que perds el temps cada cop que obres un llibre?<\/span><\/strong><\/h5>\n<h5 style=\"text-align: center;\"><strong><span style=\"color: #ff0000;\">Llegir no est\u00e0 dins de les coses que m\u00e9s t\u2019agrada fer?<\/span><\/strong><\/h5>\n<h5 style=\"text-align: center;\"><strong><span style=\"color: #ff0000;\">No trobes cap tema que t\u2019interessi?<\/span><\/strong><\/h5>\n<h1 style=\"text-align: center;\"><span style=\"color: #ff0000;\"><strong>PROU!!!!<\/strong><\/span><\/h1>\n<h4 style=\"text-align: center;\">A LA BIBLIOTECA TENIM LA SOLUCI\u00d3 A TOTS ELS TEUS PROBLEMES LECTORS!!<\/h4>\n<p>Aix\u00ed que et convidem a que passis a veure\u2019ns i vinguis a formar part del club de lectura infantil.<\/p>\n<p><img fetchpriority=\"high\" decoding=\"async\" class=\"aligncenter wp-image-11249 size-large\" src=\"https:\/\/biblioteca.blanes.cat\/salainfantil\/wp-content\/uploads\/sites\/2\/2025\/07\/IMG_7749-1024x768.jpeg\" alt=\"\" width=\"750\" height=\"563\" srcset=\"https:\/\/biblioteca.blanes.cat\/salainfantil\/wp-content\/uploads\/sites\/2\/2025\/07\/IMG_7749-1024x768.jpeg 1024w, https:\/\/biblioteca.blanes.cat\/salainfantil\/wp-content\/uploads\/sites\/2\/2025\/07\/IMG_7749-300x225.jpeg 300w, https:\/\/biblioteca.blanes.cat\/salainfantil\/wp-content\/uploads\/sites\/2\/2025\/07\/IMG_7749-768x576.jpeg 768w, https:\/\/biblioteca.blanes.cat\/salainfantil\/wp-content\/uploads\/sites\/2\/2025\/07\/IMG_7749-1536x1152.jpeg 1536w, https:\/\/biblioteca.blanes.cat\/salainfantil\/wp-content\/uploads\/sites\/2\/2025\/07\/IMG_7749.jpeg 2048w\" sizes=\"(max-width: 750px) 100vw, 750px\" \/><\/p>\n<p>Perqu\u00e8 si hi ha una cosa que ens apassiona a la biblioteca \u00e9s la lectura i tot el que ella ens proporciona:<\/p>\n<ul>\n<li>\u00a0Augmenta la curiositat i el coneixement sobre tots els temes que ens interessen.<\/li>\n<li>\u00a0Ens ajuda a augmentar la nostra mem\u00f2ria.<\/li>\n<li>\u00a0Fa que millorem la confian\u00e7a amb nosaltres mateixos a l\u2019hora de parlar en p\u00fablic.<\/li>\n<li>\u00a0\u00c9s un passatemps fant\u00e0stic i la millor soluci\u00f3 contra l\u2019avorriment.<\/li>\n<li>\u00a0Ens transporta a nous mons i millora la nostra imaginaci\u00f3.<\/li>\n<li>\u00a0Crea vincles i ajuda a connectar amb altres persones amb els mateixos gustos lectors.<\/li>\n<li>\u00a0Sempre t\u2019acompanya i fa que no et sentis sol, siguis on siguis.<\/li>\n<\/ul>\n<p>Nosaltres et podem oferir tot aix\u00f2 i nom\u00e9s et demanem una cosa&#8230; tenir entre 8 i 11 anys! Perqu\u00e8 si tens aquesta edat pots formar part d\u2019un dels dos clubs de lectura infantils.<\/p>\n<h6 style=\"text-align: center;\">8 i 9 anys \u2013 <strong>Club de Lectura Benjam\u00ed<\/strong><\/h6>\n<h6 style=\"text-align: center;\">10 i 11 anys \u2013 <strong>Club de Lectura Alev\u00ed<\/strong><\/h6>\n<h6><\/h6>\n<p style=\"text-align: center;\">Tenim un munt de lectures preparades per tu i de ben segur que en trobar\u00e0s alguna que t\u2019agradar\u00e0<\/p>\n<p style=\"text-align: center;\">i podr\u00e0s compartir amb la resta de petits-grans lectors.<\/p>\n<div style=\"text-align: left;\"><\/div>\n<div style=\"text-align: left;\"><\/div>\n<div style=\"text-align: left;\">\n<p style=\"text-align: center;\"><span style=\"font-family: Lato; font-size: 24px;\">Aix\u00ed doncs, us oferim una manera diferent de gaudir de la lectura i de forma totalment gratu\u00efta.<\/span><\/p>\n<div><\/div>\n<div>\n<div id='gallery-1' class='gallery galleryid-105 gallery-columns-3 gallery-size-large'><figure class='gallery-item'>\n\t\t\t<div class='gallery-icon landscape'>\n\t\t\t\t<img decoding=\"async\" width=\"750\" height=\"563\" src=\"https:\/\/biblioteca.blanes.cat\/salainfantil\/wp-content\/uploads\/sites\/2\/2025\/07\/20250218_180016-1024x768.jpg\" class=\"attachment-large size-large\" alt=\"\" srcset=\"https:\/\/biblioteca.blanes.cat\/salainfantil\/wp-content\/uploads\/sites\/2\/2025\/07\/20250218_180016-1024x768.jpg 1024w, https:\/\/biblioteca.blanes.cat\/salainfantil\/wp-content\/uploads\/sites\/2\/2025\/07\/20250218_180016-300x225.jpg 300w, https:\/\/biblioteca.blanes.cat\/salainfantil\/wp-content\/uploads\/sites\/2\/2025\/07\/20250218_180016-768x576.jpg 768w, https:\/\/biblioteca.blanes.cat\/salainfantil\/wp-content\/uploads\/sites\/2\/2025\/07\/20250218_180016-1536x1152.jpg 1536w, https:\/\/biblioteca.blanes.cat\/salainfantil\/wp-content\/uploads\/sites\/2\/2025\/07\/20250218_180016-2048x1536.jpg 2048w\" sizes=\"(max-width: 750px) 100vw, 750px\" \/>\n\t\t\t<\/div><\/figure><figure class='gallery-item'>\n\t\t\t<div class='gallery-icon landscape'>\n\t\t\t\t<img decoding=\"async\" width=\"750\" height=\"563\" src=\"https:\/\/biblioteca.blanes.cat\/salainfantil\/wp-content\/uploads\/sites\/2\/2025\/07\/CLB_Gener-44-1024x768.jpg\" class=\"attachment-large size-large\" alt=\"\" srcset=\"https:\/\/biblioteca.blanes.cat\/salainfantil\/wp-content\/uploads\/sites\/2\/2025\/07\/CLB_Gener-44-1024x768.jpg 1024w, https:\/\/biblioteca.blanes.cat\/salainfantil\/wp-content\/uploads\/sites\/2\/2025\/07\/CLB_Gener-44-300x225.jpg 300w, https:\/\/biblioteca.blanes.cat\/salainfantil\/wp-content\/uploads\/sites\/2\/2025\/07\/CLB_Gener-44-768x576.jpg 768w, https:\/\/biblioteca.blanes.cat\/salainfantil\/wp-content\/uploads\/sites\/2\/2025\/07\/CLB_Gener-44-1536x1152.jpg 1536w, https:\/\/biblioteca.blanes.cat\/salainfantil\/wp-content\/uploads\/sites\/2\/2025\/07\/CLB_Gener-44-2048x1536.jpg 2048w\" sizes=\"(max-width: 750px) 100vw, 750px\" \/>\n\t\t\t<\/div><\/figure><figure class='gallery-item'>\n\t\t\t<div class='gallery-icon landscape'>\n\t\t\t\t<img loading=\"lazy\" decoding=\"async\" width=\"750\" height=\"563\" src=\"https:\/\/biblioteca.blanes.cat\/salainfantil\/wp-content\/uploads\/sites\/2\/2025\/07\/IMG_7611-1024x768.jpeg\" class=\"attachment-large size-large\" alt=\"\" srcset=\"https:\/\/biblioteca.blanes.cat\/salainfantil\/wp-content\/uploads\/sites\/2\/2025\/07\/IMG_7611-1024x768.jpeg 1024w, https:\/\/biblioteca.blanes.cat\/salainfantil\/wp-content\/uploads\/sites\/2\/2025\/07\/IMG_7611-300x225.jpeg 300w, https:\/\/biblioteca.blanes.cat\/salainfantil\/wp-content\/uploads\/sites\/2\/2025\/07\/IMG_7611-768x576.jpeg 768w, https:\/\/biblioteca.blanes.cat\/salainfantil\/wp-content\/uploads\/sites\/2\/2025\/07\/IMG_7611-1536x1152.jpeg 1536w, https:\/\/biblioteca.blanes.cat\/salainfantil\/wp-content\/uploads\/sites\/2\/2025\/07\/IMG_7611.jpeg 2048w\" sizes=\"(max-width: 750px) 100vw, 750px\" \/>\n\t\t\t<\/div><\/figure><figure class='gallery-item'>\n\t\t\t<div class='gallery-icon landscape'>\n\t\t\t\t<img loading=\"lazy\" decoding=\"async\" width=\"750\" height=\"563\" src=\"https:\/\/biblioteca.blanes.cat\/salainfantil\/wp-content\/uploads\/sites\/2\/2025\/07\/IMG_7655-1024x768.jpeg\" class=\"attachment-large size-large\" alt=\"\" srcset=\"https:\/\/biblioteca.blanes.cat\/salainfantil\/wp-content\/uploads\/sites\/2\/2025\/07\/IMG_7655-1024x768.jpeg 1024w, https:\/\/biblioteca.blanes.cat\/salainfantil\/wp-content\/uploads\/sites\/2\/2025\/07\/IMG_7655-300x225.jpeg 300w, https:\/\/biblioteca.blanes.cat\/salainfantil\/wp-content\/uploads\/sites\/2\/2025\/07\/IMG_7655-768x576.jpeg 768w, https:\/\/biblioteca.blanes.cat\/salainfantil\/wp-content\/uploads\/sites\/2\/2025\/07\/IMG_7655-1536x1152.jpeg 1536w, https:\/\/biblioteca.blanes.cat\/salainfantil\/wp-content\/uploads\/sites\/2\/2025\/07\/IMG_7655.jpeg 2048w\" sizes=\"(max-width: 750px) 100vw, 750px\" \/>\n\t\t\t<\/div><\/figure>\n\t\t<\/div>\n\n<\/div>\n<\/div>\n<div style=\"text-align: left;\"><\/div>\n<div style=\"text-align: center;\"><span style=\"font-size: 24px; color: #9c1e1e; font-family: Lato;\">Si voleu m\u00e9s informaci\u00f3 us podeu adre\u00e7ar a nosaltres a trav\u00e9s <\/span><span style=\"font-size: 24px; color: #9c1e1e; font-family: Lato;\">del <\/span><\/div>\n<div style=\"text-align: center;\"><span style=\"font-size: 24px; color: #9c1e1e; font-family: Lato;\">tel\u00e8fon 972.358.033<\/span><\/div>\n<div style=\"text-align: center;\"><span style=\"font-size: 24px; color: #9c1e1e; font-family: Lato;\">per\u00a0<a href=\"mailto:biblioteca@blanes.cat\" target=\"_blank\" rel=\"noopener noreferrer\">correu-e<\/a>\u00a0<\/span><\/div>\n<div style=\"text-align: center;\"><span style=\"font-size: 24px; color: #9c1e1e; font-family: Lato;\">o a trav\u00e9s de les xarxes socials.<\/span><\/div>\n<div style=\"text-align: left;\"><span style=\"font-size: 20px; font-family: Lato;\">\u00a0<\/span><\/div>\n<div><span style=\"font-size: 20px; font-family: Lato;\">\u00a0<\/span><\/div>\n<div style=\"text-align: center;\"><span style=\"font-family: Lato; font-size: 24px;\"><span style=\"font-family: Lato; font-size: 24px;\">\u00a0Aqu\u00ed podr\u00e0s fer un cop d&#8217;ull a les lectures d&#8217;aquest curs 2025-2026 i a les trobades que anem fent cada mes:<\/span><\/span><\/div>\n<div><\/div>\n<p><a href=\"https:\/\/biblioteca.blanes.cat\/salainfantil\/club-de-lectura-alevi-curs-2024-2025\/\" target=\"_blank\" rel=\"noopener noreferrer\"><img loading=\"lazy\" decoding=\"async\" class=\"aligncenter wp-image-7729 size-medium\" src=\"https:\/\/biblioteca.blanes.cat\/salainfantil\/wp-content\/uploads\/sites\/2\/2023\/09\/Destacat-Lectures-1-e1761663031313-300x210.png\" alt=\"\" width=\"300\" height=\"210\" srcset=\"https:\/\/biblioteca.blanes.cat\/salainfantil\/wp-content\/uploads\/sites\/2\/2023\/09\/Destacat-Lectures-1-e1761663031313-300x210.png 300w, https:\/\/biblioteca.blanes.cat\/salainfantil\/wp-content\/uploads\/sites\/2\/2023\/09\/Destacat-Lectures-1-e1761663031313.png 514w\" sizes=\"(max-width: 300px) 100vw, 300px\" \/><\/a><\/p>\n<div>\n<p><a href=\"https:\/\/biblioteca.blanes.cat\/salainfantil\/category\/trobades-CLI\/\" target=\"_blank\" rel=\"noopener noreferrer\"><img loading=\"lazy\" decoding=\"async\" class=\"aligncenter wp-image-7728 size-medium\" src=\"https:\/\/biblioteca.blanes.cat\/salainfantil\/wp-content\/uploads\/sites\/2\/2023\/09\/Destacat-Trobades-e1761663046320-300x208.png\" alt=\"\" width=\"300\" height=\"208\" srcset=\"https:\/\/biblioteca.blanes.cat\/salainfantil\/wp-content\/uploads\/sites\/2\/2023\/09\/Destacat-Trobades-e1761663046320-300x208.png 300w, https:\/\/biblioteca.blanes.cat\/salainfantil\/wp-content\/uploads\/sites\/2\/2023\/09\/Destacat-Trobades-e1761663046320.png 515w\" sizes=\"(max-width: 300px) 100vw, 300px\" \/><\/a><\/p>\n<\/div>\n","protected":false},"excerpt":{"rendered":"<p>Creus que llegir \u00e9s avorrit?<\/p>\n","protected":false},"author":4,"featured_media":0,"parent":0,"menu_order":0,"comment_status":"closed","ping_status":"closed","template":"","meta":{"sfsi_plus_gutenberg_text_before_share":"","sfsi_plus_gutenberg_show_text_before_share":"","sfsi_plus_gutenberg_icon_type":"","sfsi_plus_gutenberg_icon_alignemt":"","sfsi_plus_gutenburg_max_per_row":"","footnotes":""},"class_list":["post-105","page","type-page","status-publish","hentry"],"yoast_head":"<!-- This site is optimized with the Yoast SEO plugin v27.5 - https:\/\/yoast.com\/product\/yoast-seo-wordpress\/ -->\n<title>CLUB DE LECTURA INFANTIL BIBLIOTECA BLANES<\/title>\n<meta name=\"description\" content=\"Aquest any, de nou, el club de lectura infantil obre les seves portes a tots aquells que volgueu passar una bona estona comentant llibres i molt m\u00e9s.\" \/>\n<meta name=\"robots\" content=\"index, follow, max-snippet:-1, max-image-preview:large, max-video-preview:-1\" \/>\n<link rel=\"canonical\" href=\"https:\/\/biblioteca.blanes.cat\/salainfantil\/club-de-lectura-infantil\/\" \/>\n<meta property=\"og:locale\" content=\"ca_ES\" \/>\n<meta property=\"og:type\" content=\"article\" \/>\n<meta property=\"og:title\" content=\"CLUB DE LECTURA INFANTIL BIBLIOTECA BLANES\" \/>\n<meta property=\"og:description\" content=\"Aquest any, de nou, el club de lectura infantil obre les seves portes a tots aquells que volgueu passar una bona estona comentant llibres i molt m\u00e9s.\" \/>\n<meta property=\"og:url\" content=\"https:\/\/biblioteca.blanes.cat\/salainfantil\/club-de-lectura-infantil\/\" \/>\n<meta property=\"og:site_name\" content=\"SALA INFANTIL\" \/>\n<meta property=\"article:modified_time\" content=\"2025-10-28T14:50:56+00:00\" \/>\n<meta property=\"og:image\" content=\"https:\/\/biblioteca.blanes.cat\/salainfantil\/wp-content\/uploads\/sites\/2\/2025\/07\/20250218_180016-1024x768.jpg\" \/>\n<meta name=\"twitter:card\" content=\"summary_large_image\" \/>\n<meta name=\"twitter:label1\" content=\"Temps estimat de lectura\" \/>\n\t<meta name=\"twitter:data1\" content=\"3 minuts\" \/>\n<script type=\"application\/ld+json\" class=\"yoast-schema-graph\">{\"@context\":\"https:\\\/\\\/schema.org\",\"@graph\":[{\"@type\":\"WebPage\",\"@id\":\"https:\\\/\\\/biblioteca.blanes.cat\\\/salainfantil\\\/club-de-lectura-infantil\\\/\",\"url\":\"https:\\\/\\\/biblioteca.blanes.cat\\\/salainfantil\\\/club-de-lectura-infantil\\\/\",\"name\":\"CLUB DE LECTURA INFANTIL BIBLIOTECA BLANES\",\"isPartOf\":{\"@id\":\"https:\\\/\\\/biblioteca.blanes.cat\\\/salainfantil\\\/#website\"},\"primaryImageOfPage\":{\"@id\":\"https:\\\/\\\/biblioteca.blanes.cat\\\/salainfantil\\\/club-de-lectura-infantil\\\/#primaryimage\"},\"image\":{\"@id\":\"https:\\\/\\\/biblioteca.blanes.cat\\\/salainfantil\\\/club-de-lectura-infantil\\\/#primaryimage\"},\"thumbnailUrl\":\"https:\\\/\\\/biblioteca.blanes.cat\\\/salainfantil\\\/wp-content\\\/uploads\\\/sites\\\/2\\\/2025\\\/07\\\/IMG_7749-1024x768.jpeg\",\"datePublished\":\"2018-08-23T15:03:26+00:00\",\"dateModified\":\"2025-10-28T14:50:56+00:00\",\"description\":\"Aquest any, de nou, el club de lectura infantil obre les seves portes a tots aquells que volgueu passar una bona estona comentant llibres i molt m\u00e9s.\",\"breadcrumb\":{\"@id\":\"https:\\\/\\\/biblioteca.blanes.cat\\\/salainfantil\\\/club-de-lectura-infantil\\\/#breadcrumb\"},\"inLanguage\":\"ca\",\"potentialAction\":[{\"@type\":\"ReadAction\",\"target\":[\"https:\\\/\\\/biblioteca.blanes.cat\\\/salainfantil\\\/club-de-lectura-infantil\\\/\"]}]},{\"@type\":\"ImageObject\",\"inLanguage\":\"ca\",\"@id\":\"https:\\\/\\\/biblioteca.blanes.cat\\\/salainfantil\\\/club-de-lectura-infantil\\\/#primaryimage\",\"url\":\"https:\\\/\\\/biblioteca.blanes.cat\\\/salainfantil\\\/wp-content\\\/uploads\\\/sites\\\/2\\\/2025\\\/07\\\/IMG_7749.jpeg\",\"contentUrl\":\"https:\\\/\\\/biblioteca.blanes.cat\\\/salainfantil\\\/wp-content\\\/uploads\\\/sites\\\/2\\\/2025\\\/07\\\/IMG_7749.jpeg\",\"width\":2048,\"height\":1536},{\"@type\":\"BreadcrumbList\",\"@id\":\"https:\\\/\\\/biblioteca.blanes.cat\\\/salainfantil\\\/club-de-lectura-infantil\\\/#breadcrumb\",\"itemListElement\":[{\"@type\":\"ListItem\",\"position\":1,\"name\":\"Inici\",\"item\":\"https:\\\/\\\/biblioteca.blanes.cat\\\/salainfantil\\\/\"},{\"@type\":\"ListItem\",\"position\":2,\"name\":\"Club de lectura infantil\"}]},{\"@type\":\"WebSite\",\"@id\":\"https:\\\/\\\/biblioteca.blanes.cat\\\/salainfantil\\\/#website\",\"url\":\"https:\\\/\\\/biblioteca.blanes.cat\\\/salainfantil\\\/\",\"name\":\"SALA INFANTIL\",\"description\":\"Biblioteca Roberto Bola\u00f1o\",\"potentialAction\":[{\"@type\":\"SearchAction\",\"target\":{\"@type\":\"EntryPoint\",\"urlTemplate\":\"https:\\\/\\\/biblioteca.blanes.cat\\\/salainfantil\\\/?s={search_term_string}\"},\"query-input\":{\"@type\":\"PropertyValueSpecification\",\"valueRequired\":true,\"valueName\":\"search_term_string\"}}],\"inLanguage\":\"ca\"}]}<\/script>\n<!-- \/ Yoast SEO plugin. -->","yoast_head_json":{"title":"CLUB DE LECTURA INFANTIL BIBLIOTECA BLANES","description":"Aquest any, de nou, el club de lectura infantil obre les seves portes a tots aquells que volgueu passar una bona estona comentant llibres i molt m\u00e9s.","robots":{"index":"index","follow":"follow","max-snippet":"max-snippet:-1","max-image-preview":"max-image-preview:large","max-video-preview":"max-video-preview:-1"},"canonical":"https:\/\/biblioteca.blanes.cat\/salainfantil\/club-de-lectura-infantil\/","og_locale":"ca_ES","og_type":"article","og_title":"CLUB DE LECTURA INFANTIL BIBLIOTECA BLANES","og_description":"Aquest any, de nou, el club de lectura infantil obre les seves portes a tots aquells que volgueu passar una bona estona comentant llibres i molt m\u00e9s.","og_url":"https:\/\/biblioteca.blanes.cat\/salainfantil\/club-de-lectura-infantil\/","og_site_name":"SALA INFANTIL","article_modified_time":"2025-10-28T14:50:56+00:00","og_image":[{"url":"https:\/\/biblioteca.blanes.cat\/salainfantil\/wp-content\/uploads\/sites\/2\/2025\/07\/20250218_180016-1024x768.jpg","type":"","width":"","height":""}],"twitter_card":"summary_large_image","twitter_misc":{"Temps estimat de lectura":"3 minuts"},"schema":{"@context":"https:\/\/schema.org","@graph":[{"@type":"WebPage","@id":"https:\/\/biblioteca.blanes.cat\/salainfantil\/club-de-lectura-infantil\/","url":"https:\/\/biblioteca.blanes.cat\/salainfantil\/club-de-lectura-infantil\/","name":"CLUB DE LECTURA INFANTIL BIBLIOTECA BLANES","isPartOf":{"@id":"https:\/\/biblioteca.blanes.cat\/salainfantil\/#website"},"primaryImageOfPage":{"@id":"https:\/\/biblioteca.blanes.cat\/salainfantil\/club-de-lectura-infantil\/#primaryimage"},"image":{"@id":"https:\/\/biblioteca.blanes.cat\/salainfantil\/club-de-lectura-infantil\/#primaryimage"},"thumbnailUrl":"https:\/\/biblioteca.blanes.cat\/salainfantil\/wp-content\/uploads\/sites\/2\/2025\/07\/IMG_7749-1024x768.jpeg","datePublished":"2018-08-23T15:03:26+00:00","dateModified":"2025-10-28T14:50:56+00:00","description":"Aquest any, de nou, el club de lectura infantil obre les seves portes a tots aquells que volgueu passar una bona estona comentant llibres i molt m\u00e9s.","breadcrumb":{"@id":"https:\/\/biblioteca.blanes.cat\/salainfantil\/club-de-lectura-infantil\/#breadcrumb"},"inLanguage":"ca","potentialAction":[{"@type":"ReadAction","target":["https:\/\/biblioteca.blanes.cat\/salainfantil\/club-de-lectura-infantil\/"]}]},{"@type":"ImageObject","inLanguage":"ca","@id":"https:\/\/biblioteca.blanes.cat\/salainfantil\/club-de-lectura-infantil\/#primaryimage","url":"https:\/\/biblioteca.blanes.cat\/salainfantil\/wp-content\/uploads\/sites\/2\/2025\/07\/IMG_7749.jpeg","contentUrl":"https:\/\/biblioteca.blanes.cat\/salainfantil\/wp-content\/uploads\/sites\/2\/2025\/07\/IMG_7749.jpeg","width":2048,"height":1536},{"@type":"BreadcrumbList","@id":"https:\/\/biblioteca.blanes.cat\/salainfantil\/club-de-lectura-infantil\/#breadcrumb","itemListElement":[{"@type":"ListItem","position":1,"name":"Inici","item":"https:\/\/biblioteca.blanes.cat\/salainfantil\/"},{"@type":"ListItem","position":2,"name":"Club de lectura infantil"}]},{"@type":"WebSite","@id":"https:\/\/biblioteca.blanes.cat\/salainfantil\/#website","url":"https:\/\/biblioteca.blanes.cat\/salainfantil\/","name":"SALA INFANTIL","description":"Biblioteca Roberto Bola\u00f1o","potentialAction":[{"@type":"SearchAction","target":{"@type":"EntryPoint","urlTemplate":"https:\/\/biblioteca.blanes.cat\/salainfantil\/?s={search_term_string}"},"query-input":{"@type":"PropertyValueSpecification","valueRequired":true,"valueName":"search_term_string"}}],"inLanguage":"ca"}]}},"_links":{"self":[{"href":"https:\/\/biblioteca.blanes.cat\/salainfantil\/wp-json\/wp\/v2\/pages\/105","targetHints":{"allow":["GET"]}}],"collection":[{"href":"https:\/\/biblioteca.blanes.cat\/salainfantil\/wp-json\/wp\/v2\/pages"}],"about":[{"href":"https:\/\/biblioteca.blanes.cat\/salainfantil\/wp-json\/wp\/v2\/types\/page"}],"author":[{"embeddable":true,"href":"https:\/\/biblioteca.blanes.cat\/salainfantil\/wp-json\/wp\/v2\/users\/4"}],"replies":[{"embeddable":true,"href":"https:\/\/biblioteca.blanes.cat\/salainfantil\/wp-json\/wp\/v2\/comments?post=105"}],"version-history":[{"count":62,"href":"https:\/\/biblioteca.blanes.cat\/salainfantil\/wp-json\/wp\/v2\/pages\/105\/revisions"}],"predecessor-version":[{"id":11747,"href":"https:\/\/biblioteca.blanes.cat\/salainfantil\/wp-json\/wp\/v2\/pages\/105\/revisions\/11747"}],"wp:attachment":[{"href":"https:\/\/biblioteca.blanes.cat\/salainfantil\/wp-json\/wp\/v2\/media?parent=105"}],"curies":[{"name":"wp","href":"https:\/\/api.w.org\/{rel}","templated":true}]}}