{"id":9349,"date":"2024-08-29T08:53:18","date_gmt":"2024-08-29T07:53:18","guid":{"rendered":"https:\/\/biblioteca.blanes.cat\/salainfantil\/wp-content\/uploads\/sites\/2\/2024\/08\/LABRANA-Carlos.-Mambru-volvio-de-la-guerra.jpg"},"modified":"2024-08-29T08:53:18","modified_gmt":"2024-08-29T07:53:18","slug":"labrana-carlos-mambru-volvio-de-la-guerra","status":"inherit","type":"attachment","link":"https:\/\/biblioteca.blanes.cat\/salainfantil\/novetats-setembre-2024\/labrana-carlos-mambru-volvio-de-la-guerra\/","title":{"rendered":"LABRA\u00d1A, Carlos. Mambr\u00fa volvi\u00f3 de la guerra"},"author":4,"featured_media":0,"comment_status":"open","ping_status":"closed","template":"","meta":{"sfsi_plus_gutenberg_text_before_share":"","sfsi_plus_gutenberg_show_text_before_share":"","sfsi_plus_gutenberg_icon_type":"","sfsi_plus_gutenberg_icon_alignemt":"","sfsi_plus_gutenburg_max_per_row":""},"class_list":["post-9349","attachment","type-attachment","status-inherit","hentry"],"yoast_head":"<!-- This site is optimized with the Yoast SEO plugin v27.5 - https:\/\/yoast.com\/product\/yoast-seo-wordpress\/ -->\n<title>LABRA\u00d1A, Carlos. Mambr\u00fa volvi\u00f3 de la guerra - SALA INFANTIL<\/title>\n<meta name=\"robots\" content=\"index, follow, max-snippet:-1, max-image-preview:large, max-video-preview:-1\" \/>\n<link rel=\"canonical\" href=\"https:\/\/biblioteca.blanes.cat\/salainfantil\/wp-content\/uploads\/sites\/2\/2024\/08\/LABRANA-Carlos.-Mambru-volvio-de-la-guerra.jpg\" \/>\n<meta property=\"og:locale\" content=\"ca_ES\" \/>\n<meta property=\"og:type\" content=\"article\" \/>\n<meta property=\"og:title\" content=\"LABRA\u00d1A, Carlos. Mambr\u00fa volvi\u00f3 de la guerra - SALA INFANTIL\" \/>\n<meta property=\"og:url\" content=\"https:\/\/biblioteca.blanes.cat\/salainfantil\/wp-content\/uploads\/sites\/2\/2024\/08\/LABRANA-Carlos.-Mambru-volvio-de-la-guerra.jpg\" \/>\n<meta property=\"og:site_name\" content=\"SALA INFANTIL\" \/>\n<meta property=\"og:image\" content=\"https:\/\/biblioteca.blanes.cat\/salainfantil\/wp-content\/uploads\/sites\/2\/2024\/08\/LABRANA-Carlos.-Mambru-volvio-de-la-guerra.jpg\" \/>\n\t<meta property=\"og:image:width\" content=\"1691\" \/>\n\t<meta property=\"og:image:height\" content=\"2560\" \/>\n\t<meta property=\"og:image:type\" content=\"image\/jpeg\" \/>\n<meta name=\"twitter:card\" content=\"summary_large_image\" \/>\n<script type=\"application\/ld+json\" class=\"yoast-schema-graph\">{\"@context\":\"https:\\\/\\\/schema.org\",\"@graph\":[{\"@type\":\"WebPage\",\"@id\":\"https:\\\/\\\/biblioteca.blanes.cat\\\/salainfantil\\\/wp-content\\\/uploads\\\/sites\\\/2\\\/2024\\\/08\\\/LABRANA-Carlos.-Mambru-volvio-de-la-guerra.jpg\",\"url\":\"https:\\\/\\\/biblioteca.blanes.cat\\\/salainfantil\\\/wp-content\\\/uploads\\\/sites\\\/2\\\/2024\\\/08\\\/LABRANA-Carlos.-Mambru-volvio-de-la-guerra.jpg\",\"name\":\"LABRA\u00d1A, Carlos. Mambr\u00fa volvi\u00f3 de la guerra - SALA INFANTIL\",\"isPartOf\":{\"@id\":\"https:\\\/\\\/biblioteca.blanes.cat\\\/salainfantil\\\/#website\"},\"datePublished\":\"2024-08-29T07:53:18+00:00\",\"breadcrumb\":{\"@id\":\"https:\\\/\\\/biblioteca.blanes.cat\\\/salainfantil\\\/wp-content\\\/uploads\\\/sites\\\/2\\\/2024\\\/08\\\/LABRANA-Carlos.-Mambru-volvio-de-la-guerra.jpg#breadcrumb\"},\"inLanguage\":\"ca\",\"potentialAction\":[{\"@type\":\"ReadAction\",\"target\":[\"https:\\\/\\\/biblioteca.blanes.cat\\\/salainfantil\\\/wp-content\\\/uploads\\\/sites\\\/2\\\/2024\\\/08\\\/LABRANA-Carlos.-Mambru-volvio-de-la-guerra.jpg\"]}]},{\"@type\":\"BreadcrumbList\",\"@id\":\"https:\\\/\\\/biblioteca.blanes.cat\\\/salainfantil\\\/wp-content\\\/uploads\\\/sites\\\/2\\\/2024\\\/08\\\/LABRANA-Carlos.-Mambru-volvio-de-la-guerra.jpg#breadcrumb\",\"itemListElement\":[{\"@type\":\"ListItem\",\"position\":1,\"name\":\"Inici\",\"item\":\"https:\\\/\\\/biblioteca.blanes.cat\\\/salainfantil\\\/\"},{\"@type\":\"ListItem\",\"position\":2,\"name\":\"LABRA\u00d1A, Carlos. Mambr\u00fa volvi\u00f3 de la guerra\"}]},{\"@type\":\"WebSite\",\"@id\":\"https:\\\/\\\/biblioteca.blanes.cat\\\/salainfantil\\\/#website\",\"url\":\"https:\\\/\\\/biblioteca.blanes.cat\\\/salainfantil\\\/\",\"name\":\"SALA INFANTIL\",\"description\":\"Biblioteca Roberto Bola\u00f1o\",\"potentialAction\":[{\"@type\":\"SearchAction\",\"target\":{\"@type\":\"EntryPoint\",\"urlTemplate\":\"https:\\\/\\\/biblioteca.blanes.cat\\\/salainfantil\\\/?s={search_term_string}\"},\"query-input\":{\"@type\":\"PropertyValueSpecification\",\"valueRequired\":true,\"valueName\":\"search_term_string\"}}],\"inLanguage\":\"ca\"}]}<\/script>\n<!-- \/ Yoast SEO plugin. -->","yoast_head_json":{"title":"LABRA\u00d1A, Carlos. Mambr\u00fa volvi\u00f3 de la guerra - SALA INFANTIL","robots":{"index":"index","follow":"follow","max-snippet":"max-snippet:-1","max-image-preview":"max-image-preview:large","max-video-preview":"max-video-preview:-1"},"canonical":"https:\/\/biblioteca.blanes.cat\/salainfantil\/wp-content\/uploads\/sites\/2\/2024\/08\/LABRANA-Carlos.-Mambru-volvio-de-la-guerra.jpg","og_locale":"ca_ES","og_type":"article","og_title":"LABRA\u00d1A, Carlos. Mambr\u00fa volvi\u00f3 de la guerra - SALA INFANTIL","og_url":"https:\/\/biblioteca.blanes.cat\/salainfantil\/wp-content\/uploads\/sites\/2\/2024\/08\/LABRANA-Carlos.-Mambru-volvio-de-la-guerra.jpg","og_site_name":"SALA INFANTIL","og_image":[{"width":1691,"height":2560,"url":"https:\/\/biblioteca.blanes.cat\/salainfantil\/wp-content\/uploads\/sites\/2\/2024\/08\/LABRANA-Carlos.-Mambru-volvio-de-la-guerra.jpg","type":"image\/jpeg"}],"twitter_card":"summary_large_image","schema":{"@context":"https:\/\/schema.org","@graph":[{"@type":"WebPage","@id":"https:\/\/biblioteca.blanes.cat\/salainfantil\/wp-content\/uploads\/sites\/2\/2024\/08\/LABRANA-Carlos.-Mambru-volvio-de-la-guerra.jpg","url":"https:\/\/biblioteca.blanes.cat\/salainfantil\/wp-content\/uploads\/sites\/2\/2024\/08\/LABRANA-Carlos.-Mambru-volvio-de-la-guerra.jpg","name":"LABRA\u00d1A, Carlos. Mambr\u00fa volvi\u00f3 de la guerra - SALA INFANTIL","isPartOf":{"@id":"https:\/\/biblioteca.blanes.cat\/salainfantil\/#website"},"datePublished":"2024-08-29T07:53:18+00:00","breadcrumb":{"@id":"https:\/\/biblioteca.blanes.cat\/salainfantil\/wp-content\/uploads\/sites\/2\/2024\/08\/LABRANA-Carlos.-Mambru-volvio-de-la-guerra.jpg#breadcrumb"},"inLanguage":"ca","potentialAction":[{"@type":"ReadAction","target":["https:\/\/biblioteca.blanes.cat\/salainfantil\/wp-content\/uploads\/sites\/2\/2024\/08\/LABRANA-Carlos.-Mambru-volvio-de-la-guerra.jpg"]}]},{"@type":"BreadcrumbList","@id":"https:\/\/biblioteca.blanes.cat\/salainfantil\/wp-content\/uploads\/sites\/2\/2024\/08\/LABRANA-Carlos.-Mambru-volvio-de-la-guerra.jpg#breadcrumb","itemListElement":[{"@type":"ListItem","position":1,"name":"Inici","item":"https:\/\/biblioteca.blanes.cat\/salainfantil\/"},{"@type":"ListItem","position":2,"name":"LABRA\u00d1A, Carlos. Mambr\u00fa volvi\u00f3 de la guerra"}]},{"@type":"WebSite","@id":"https:\/\/biblioteca.blanes.cat\/salainfantil\/#website","url":"https:\/\/biblioteca.blanes.cat\/salainfantil\/","name":"SALA INFANTIL","description":"Biblioteca Roberto Bola\u00f1o","potentialAction":[{"@type":"SearchAction","target":{"@type":"EntryPoint","urlTemplate":"https:\/\/biblioteca.blanes.cat\/salainfantil\/?s={search_term_string}"},"query-input":{"@type":"PropertyValueSpecification","valueRequired":true,"valueName":"search_term_string"}}],"inLanguage":"ca"}]}},"description":{"rendered":"<p class=\"attachment\"><a href='https:\/\/biblioteca.blanes.cat\/salainfantil\/wp-content\/uploads\/sites\/2\/2024\/08\/LABRANA-Carlos.-Mambru-volvio-de-la-guerra.jpg'><img fetchpriority=\"high\" decoding=\"async\" width=\"198\" height=\"300\" src=\"https:\/\/biblioteca.blanes.cat\/salainfantil\/wp-content\/uploads\/sites\/2\/2024\/08\/LABRANA-Carlos.-Mambru-volvio-de-la-guerra-198x300.jpg\" class=\"attachment-medium size-medium\" alt=\"\" srcset=\"https:\/\/biblioteca.blanes.cat\/salainfantil\/wp-content\/uploads\/sites\/2\/2024\/08\/LABRANA-Carlos.-Mambru-volvio-de-la-guerra-198x300.jpg 198w, https:\/\/biblioteca.blanes.cat\/salainfantil\/wp-content\/uploads\/sites\/2\/2024\/08\/LABRANA-Carlos.-Mambru-volvio-de-la-guerra-676x1024.jpg 676w, https:\/\/biblioteca.blanes.cat\/salainfantil\/wp-content\/uploads\/sites\/2\/2024\/08\/LABRANA-Carlos.-Mambru-volvio-de-la-guerra-768x1163.jpg 768w, https:\/\/biblioteca.blanes.cat\/salainfantil\/wp-content\/uploads\/sites\/2\/2024\/08\/LABRANA-Carlos.-Mambru-volvio-de-la-guerra-1015x1536.jpg 1015w, https:\/\/biblioteca.blanes.cat\/salainfantil\/wp-content\/uploads\/sites\/2\/2024\/08\/LABRANA-Carlos.-Mambru-volvio-de-la-guerra-1353x2048.jpg 1353w, https:\/\/biblioteca.blanes.cat\/salainfantil\/wp-content\/uploads\/sites\/2\/2024\/08\/LABRANA-Carlos.-Mambru-volvio-de-la-guerra.jpg 1691w\" sizes=\"(max-width: 198px) 100vw, 198px\" \/><\/a><\/p>\n"},"caption":{"rendered":""},"alt_text":"","media_type":"image","mime_type":"image\/jpeg","media_details":{"width":1691,"height":2560,"file":"2024\/08\/LABRANA-Carlos.-Mambru-volvio-de-la-guerra.jpg","filesize":425840,"sizes":{"medium":{"file":"LABRANA-Carlos.-Mambru-volvio-de-la-guerra-198x300.jpg","width":198,"height":300,"filesize":19843,"mime_type":"image\/jpeg","source_url":"https:\/\/biblioteca.blanes.cat\/salainfantil\/wp-content\/uploads\/sites\/2\/2024\/08\/LABRANA-Carlos.-Mambru-volvio-de-la-guerra-198x300.jpg"},"large":{"file":"LABRANA-Carlos.-Mambru-volvio-de-la-guerra-676x1024.jpg","width":676,"height":1024,"filesize":150642,"mime_type":"image\/jpeg","source_url":"https:\/\/biblioteca.blanes.cat\/salainfantil\/wp-content\/uploads\/sites\/2\/2024\/08\/LABRANA-Carlos.-Mambru-volvio-de-la-guerra-676x1024.jpg"},"thumbnail":{"file":"LABRANA-Carlos.-Mambru-volvio-de-la-guerra-150x150.jpg","width":150,"height":150,"filesize":8961,"mime_type":"image\/jpeg","source_url":"https:\/\/biblioteca.blanes.cat\/salainfantil\/wp-content\/uploads\/sites\/2\/2024\/08\/LABRANA-Carlos.-Mambru-volvio-de-la-guerra-150x150.jpg"},"medium_large":{"file":"LABRANA-Carlos.-Mambru-volvio-de-la-guerra-768x1163.jpg","width":768,"height":1163,"filesize":185191,"mime_type":"image\/jpeg","source_url":"https:\/\/biblioteca.blanes.cat\/salainfantil\/wp-content\/uploads\/sites\/2\/2024\/08\/LABRANA-Carlos.-Mambru-volvio-de-la-guerra-768x1163.jpg"},"1536x1536":{"file":"LABRANA-Carlos.-Mambru-volvio-de-la-guerra-1015x1536.jpg","width":1015,"height":1536,"filesize":289236,"mime_type":"image\/jpeg","source_url":"https:\/\/biblioteca.blanes.cat\/salainfantil\/wp-content\/uploads\/sites\/2\/2024\/08\/LABRANA-Carlos.-Mambru-volvio-de-la-guerra-1015x1536.jpg"},"2048x2048":{"file":"LABRANA-Carlos.-Mambru-volvio-de-la-guerra-1353x2048.jpg","width":1353,"height":2048,"filesize":448252,"mime_type":"image\/jpeg","source_url":"https:\/\/biblioteca.blanes.cat\/salainfantil\/wp-content\/uploads\/sites\/2\/2024\/08\/LABRANA-Carlos.-Mambru-volvio-de-la-guerra-1353x2048.jpg"},"featured-blog-large":{"file":"LABRANA-Carlos.-Mambru-volvio-de-la-guerra-750x350.jpg","width":750,"height":350,"filesize":57299,"mime_type":"image\/jpeg","source_url":"https:\/\/biblioteca.blanes.cat\/salainfantil\/wp-content\/uploads\/sites\/2\/2024\/08\/LABRANA-Carlos.-Mambru-volvio-de-la-guerra-750x350.jpg"},"featured-blog-medium":{"file":"LABRANA-Carlos.-Mambru-volvio-de-la-guerra-270x270.jpg","width":270,"height":270,"filesize":23808,"mime_type":"image\/jpeg","source_url":"https:\/\/biblioteca.blanes.cat\/salainfantil\/wp-content\/uploads\/sites\/2\/2024\/08\/LABRANA-Carlos.-Mambru-volvio-de-la-guerra-270x270.jpg"},"featured":{"file":"LABRANA-Carlos.-Mambru-volvio-de-la-guerra-642x300.jpg","width":642,"height":300,"filesize":45640,"mime_type":"image\/jpeg","source_url":"https:\/\/biblioteca.blanes.cat\/salainfantil\/wp-content\/uploads\/sites\/2\/2024\/08\/LABRANA-Carlos.-Mambru-volvio-de-la-guerra-642x300.jpg"},"featured-blog-medium-small":{"file":"LABRANA-Carlos.-Mambru-volvio-de-la-guerra-230x230.jpg","width":230,"height":230,"filesize":18300,"mime_type":"image\/jpeg","source_url":"https:\/\/biblioteca.blanes.cat\/salainfantil\/wp-content\/uploads\/sites\/2\/2024\/08\/LABRANA-Carlos.-Mambru-volvio-de-la-guerra-230x230.jpg"},"full":{"file":"LABRANA-Carlos.-Mambru-volvio-de-la-guerra.jpg","width":1691,"height":2560,"mime_type":"image\/jpeg","source_url":"https:\/\/biblioteca.blanes.cat\/salainfantil\/wp-content\/uploads\/sites\/2\/2024\/08\/LABRANA-Carlos.-Mambru-volvio-de-la-guerra.jpg"}},"image_meta":{"aperture":"0","credit":"","camera":"","caption":"","created_timestamp":"0","copyright":"","focal_length":"0","iso":"0","shutter_speed":"0","title":"","orientation":"0","keywords":[]}},"post":9297,"source_url":"https:\/\/biblioteca.blanes.cat\/salainfantil\/wp-content\/uploads\/sites\/2\/2024\/08\/LABRANA-Carlos.-Mambru-volvio-de-la-guerra.jpg","_links":{"self":[{"href":"https:\/\/biblioteca.blanes.cat\/salainfantil\/wp-json\/wp\/v2\/media\/9349","targetHints":{"allow":["GET"]}}],"collection":[{"href":"https:\/\/biblioteca.blanes.cat\/salainfantil\/wp-json\/wp\/v2\/media"}],"about":[{"href":"https:\/\/biblioteca.blanes.cat\/salainfantil\/wp-json\/wp\/v2\/types\/attachment"}],"author":[{"embeddable":true,"href":"https:\/\/biblioteca.blanes.cat\/salainfantil\/wp-json\/wp\/v2\/users\/4"}],"replies":[{"embeddable":true,"href":"https:\/\/biblioteca.blanes.cat\/salainfantil\/wp-json\/wp\/v2\/comments?post=9349"}],"wp:attached-to":[{"embeddable":true,"post_type":"post","id":9297,"href":"https:\/\/biblioteca.blanes.cat\/salainfantil\/wp-json\/wp\/v2\/posts\/9297"}],"curies":[{"name":"wp","href":"https:\/\/api.w.org\/{rel}","templated":true}]}}