{"version":"1.0","provider_name":"SALA INFANTIL","provider_url":"https:\/\/biblioteca.blanes.cat\/salainfantil","author_name":"biblioblanes","author_url":"https:\/\/biblioteca.blanes.cat\/salainfantil\/author\/biblioblanes\/","title":"Club de Lectura Benjam\u00ed. Febrer - SALA INFANTIL","type":"rich","width":600,"height":338,"html":"<blockquote class=\"wp-embedded-content\" data-secret=\"zsZaro4uKd\"><a href=\"https:\/\/biblioteca.blanes.cat\/salainfantil\/club-de-lectura-benjami-febrer\/\">Club de Lectura Benjam\u00ed. Febrer<\/a><\/blockquote><iframe sandbox=\"allow-scripts\" security=\"restricted\" src=\"https:\/\/biblioteca.blanes.cat\/salainfantil\/club-de-lectura-benjami-febrer\/embed\/#?secret=zsZaro4uKd\" width=\"600\" height=\"338\" title=\"&#8220;Club de Lectura Benjam\u00ed. Febrer&#8221; &#8212; SALA INFANTIL\" data-secret=\"zsZaro4uKd\" frameborder=\"0\" marginwidth=\"0\" marginheight=\"0\" scrolling=\"no\" class=\"wp-embedded-content\"><\/iframe><script type=\"text\/javascript\">\n\/* <![CDATA[ *\/\n\/*! This file is auto-generated *\/\n!function(d,l){\"use strict\";l.querySelector&&d.addEventListener&&\"undefined\"!=typeof URL&&(d.wp=d.wp||{},d.wp.receiveEmbedMessage||(d.wp.receiveEmbedMessage=function(e){var t=e.data;if((t||t.secret||t.message||t.value)&&!\/[^a-zA-Z0-9]\/.test(t.secret)){for(var s,r,n,a=l.querySelectorAll('iframe[data-secret=\"'+t.secret+'\"]'),o=l.querySelectorAll('blockquote[data-secret=\"'+t.secret+'\"]'),c=new RegExp(\"^https?:$\",\"i\"),i=0;i<o.length;i++)o[i].style.display=\"none\";for(i=0;i<a.length;i++)s=a[i],e.source===s.contentWindow&&(s.removeAttribute(\"style\"),\"height\"===t.message?(1e3<(r=parseInt(t.value,10))?r=1e3:~~r<200&&(r=200),s.height=r):\"link\"===t.message&&(r=new URL(s.getAttribute(\"src\")),n=new URL(t.value),c.test(n.protocol))&&n.host===r.host&&l.activeElement===s&&(d.top.location.href=t.value))}},d.addEventListener(\"message\",d.wp.receiveEmbedMessage,!1),l.addEventListener(\"DOMContentLoaded\",function(){for(var e,t,s=l.querySelectorAll(\"iframe.wp-embedded-content\"),r=0;r<s.length;r++)(t=(e=s[r]).getAttribute(\"data-secret\"))||(t=Math.random().toString(36).substring(2,12),e.src+=\"#?secret=\"+t,e.setAttribute(\"data-secret\",t)),e.contentWindow.postMessage({message:\"ready\",secret:t},\"*\")},!1)))}(window,document);\n\/\/# sourceURL=https:\/\/biblioteca.blanes.cat\/salainfantil\/wp-includes\/js\/wp-embed.min.js\n\/* ]]> *\/\n<\/script>\n","thumbnail_url":"https:\/\/biblioteca.blanes.cat\/salainfantil\/wp-content\/uploads\/sites\/2\/2023\/11\/Destacat-Benjami.png","thumbnail_width":270,"thumbnail_height":270,"description":"Aquest mes, el Club de Lectura Benjam\u00ed ha comentat el llibre Siempre Dr\u00e1cula de Cl\u00e9ment Lef\u00e8vre. Un c\u00f2mic que ens narra l\u2019assetjament escolar que pateix el fam\u00f3s personatge literari quan \u00e9s petit. En Dr\u00e1cula \u00e9s un alumne exemplar, per\u00f2 sempre"}